{"id":32564,"date":"2026-03-10T12:00:43","date_gmt":"2026-03-10T10:00:43","guid":{"rendered":"https:\/\/agpograf.com\/portfolio_page\/50-anys-grup-vila-vila\/"},"modified":"2026-03-10T17:30:21","modified_gmt":"2026-03-10T15:30:21","slug":"50-anys-grup-vila-vila","status":"publish","type":"portfolio_page","link":"https:\/\/agpograf.com\/fr\/portfolio_page\/50-anys-grup-vila-vila\/","title":{"rendered":"50 Ans &#8211; Grup Vil\u00e0 Vila"},"content":{"rendered":"<div class=\"wpb-content-wrapper\"><p>[vc_row css_animation=\u00a0\u00bb\u00a0\u00bb row_type=\u00a0\u00bbrow\u00a0\u00bb use_row_as_full_screen_section=\u00a0\u00bbno\u00a0\u00bb type=\u00a0\u00bbfull_width\u00a0\u00bb angled_section=\u00a0\u00bbno\u00a0\u00bb text_align=\u00a0\u00bbleft\u00a0\u00bb background_image_as_pattern=\u00a0\u00bbwithout_pattern\u00a0\u00bb][vc_column][vc_column_text]<\/p>\n<h2>50 Ans<\/h2>\n<p>[\/vc_column_text][vc_empty_space height=\u00a0\u00bb10px\u00a0\u00bb][vc_column_text]<\/p>\n<h3><span style=\"color: #f05b40;\">Grup Vil\u00e0 Vila<\/span><\/h3>\n<p>[\/vc_column_text][vc_empty_space height=\u00a0\u00bb30px\u00a0\u00bb][vc_empty_space height=\u00a0\u00bb20px\u00a0\u00bb][vc_column_text]<\/p>\n<div class=\"wpb_text_column wpb_content_element \">\n<div class=\"wpb_wrapper\">\n<div class=\"wpb_text_column wpb_content_element \">\n<div class=\"wpb_wrapper\">\n<div class=\"wpb_text_column wpb_content_element \">\n<div class=\"wpb_wrapper\">\n<p><strong>Grup Vil\u00e0 Vila<\/strong> est un groupe familial bas\u00e9 dans la r\u00e9gion de Bages, sp\u00e9cialis\u00e9 dans la construction, le terrassement, la d\u00e9molition et la gestion des d\u00e9chets. Fond\u00e9e en 1975, l\u2019entreprise a progressivement \u00e9tendu ses activit\u00e9s et s\u2019est impos\u00e9e comme un acteur important dans les services li\u00e9s aux travaux de g\u00e9nie civil.<\/p>\n<p>\u00c0 l\u2019occasion de son 50e anniversaire, le groupe publie un livre comm\u00e9moratif retra\u00e7ant son parcours sur cinq d\u00e9cennies. La publication, \u00e9dit\u00e9e sous la coordination de <strong>Ignasi Torras<\/strong>, combine textes et mat\u00e9riel graphique documentant l\u2019histoire du projet entrepreneurial et de son \u00e9quipe.<\/p>\n<p>Le catalogue se compose de 240 pages imprim\u00e9es sur papier Arena Extra White Smooth avec des pages de garde en Sirio Vermiglione de <strong>Fedrigoni Paper<\/strong>. La production combine deux technologies d\u2019impression \u2014<strong>offset traditionnel<\/strong> et <strong>offset LED UV<\/strong>\u2014 et la reliure est une <strong>reliure cartonn\u00e9e rembourr\u00e9e<\/strong> avec <strong>couvres-t\u00eates<\/strong>. Le film de couverture, imprim\u00e9 sur papier couch\u00e9 semi-mat, comporte un <strong>marquage \u00e0 chaud transparent<\/strong>, et la publication est compl\u00e9t\u00e9e par une <strong>bandelette plastifi\u00e9e<\/strong>.<\/p>\n<p>[\/vc_column_text][vc_empty_space height=\u00a0\u00bb40px\u00a0\u00bb][\/vc_column][\/vc_row][vc_row css_animation=\u00a0\u00bb\u00a0\u00bb row_type=\u00a0\u00bbrow\u00a0\u00bb use_row_as_full_screen_section=\u00a0\u00bbno\u00a0\u00bb type=\u00a0\u00bbfull_width\u00a0\u00bb angled_section=\u00a0\u00bbno\u00a0\u00bb text_align=\u00a0\u00bbleft\u00a0\u00bb background_image_as_pattern=\u00a0\u00bbwithout_pattern\u00a0\u00bb][vc_column][vc_empty_space height=\u00a0\u00bb20px\u00a0\u00bb][vc_column_text]<strong>Sp\u00e9cifications<\/strong>[\/vc_column_text][\/vc_column][\/vc_row][vc_row css_animation=\u00a0\u00bb\u00a0\u00bb row_type=\u00a0\u00bbrow\u00a0\u00bb use_row_as_full_screen_section=\u00a0\u00bbno\u00a0\u00bb type=\u00a0\u00bbfull_width\u00a0\u00bb angled_section=\u00a0\u00bbno\u00a0\u00bb text_align=\u00a0\u00bbleft\u00a0\u00bb background_image_as_pattern=\u00a0\u00bbwithout_pattern\u00a0\u00bb][vc_column][vc_empty_space height=\u00a0\u00bb20px\u00a0\u00bb][vc_column_text]<strong>Format<\/strong><\/p>\n<p>17 x 24 cm<\/p>\n<p>&nbsp;<\/p>\n<p><strong>Papier<\/strong><\/p>\n<p>Int\u00e9rieur (240 pages) : Arena Extra White Smooth 140 g de <strong>Fedrigoni Paper<\/strong><\/p>\n<p>Pages de garde : Sirio Vermiglione de <strong>Fedrigoni Paper<\/strong><\/p>\n<p>Film de couverture et bandelette : Papier couch\u00e9 semi-mat<\/p>\n<p>&nbsp;<\/p>\n<p><strong>Impression<\/strong><\/p>\n<p>Offset traditionnel et offset LED UV<\/p>\n<p>&nbsp;<\/p>\n<p><strong>Reliure<\/strong><\/p>\n<p>Reliure cartonn\u00e9e rembourr\u00e9e avec couvres-t\u00eates<\/p>\n<p>&nbsp;<\/p>\n<p><strong>Finitions<\/strong><\/p>\n<p>Marquage \u00e0 chaud transparent sur le film de couverture<\/p>\n<p>Bandelette plastifi\u00e9e<\/p>\n<\/div>\n<div class=\"wpb_wrapper\">\n<p>[\/vc_column_text][\/vc_column][\/vc_row][vc_row css_animation=\u00a0\u00bb\u00a0\u00bb row_type=\u00a0\u00bbrow\u00a0\u00bb use_row_as_full_screen_section=\u00a0\u00bbno\u00a0\u00bb type=\u00a0\u00bbfull_width\u00a0\u00bb angled_section=\u00a0\u00bbno\u00a0\u00bb text_align=\u00a0\u00bbleft\u00a0\u00bb background_image_as_pattern=\u00a0\u00bbwithout_pattern\u00a0\u00bb][vc_column][vc_empty_space height=\u00a0\u00bb50px\u00a0\u00bb][\/vc_column][\/vc_row]<\/p>\n<\/div>\n<\/div>\n<\/div>\n<\/div>\n<\/div>\n<\/div>\n<\/div>","protected":false},"excerpt":{"rendered":"<p>Grup Vil\u00e0 Vila est un groupe familial bas\u00e9 dans la r\u00e9gion de Bages, sp\u00e9cialis\u00e9 dans la construction, le terrassement, la d\u00e9molition et la gestion des d\u00e9chets. Fond\u00e9e en 1975, l\u2019entreprise a progressivement \u00e9tendu ses activit\u00e9s et s\u2019est impos\u00e9e comme un acteur important dans les services li\u00e9s aux travaux de g\u00e9nie civil.<\/p>\n","protected":false},"author":1,"featured_media":32561,"menu_order":5,"comment_status":"closed","ping_status":"closed","template":"","portfolio_category":[743],"portfolio_tag":[911,862,794,776,760],"class_list":["post-32564","portfolio_page","type-portfolio_page","status-publish","has-post-thumbnail","hentry","portfolio_category-catalogue-commemoratif","portfolio_tag-tapa-dura-fr","portfolio_tag-capcades-fr","portfolio_tag-offset-convencional-fr","portfolio_tag-estampacio-fr","portfolio_tag-led-uv-fr-2"],"yoast_head":"<!-- This site is optimized with the Yoast SEO plugin v27.4 - https:\/\/yoast.com\/product\/yoast-seo-wordpress\/ -->\n<title>50 Ans - Grup Vil\u00e0 Vila &#8211; Agpograf Impressors<\/title>\n<meta name=\"description\" content=\"Grup Vil\u00e0 Vila est un groupe familial bas\u00e9 dans la r\u00e9gion de Bages, sp\u00e9cialis\u00e9 dans la construction, le terrassement, la d\u00e9molition et la gestion des d\u00e9chets. Fond\u00e9e en 1975, l\u2019entreprise a progressivement \u00e9tendu ses activit\u00e9s et s\u2019est impos\u00e9e comme un acteur important dans les services li\u00e9s aux travaux de g\u00e9nie civil. Grup Vil\u00e0 Vila est un groupe familial bas\u00e9 dans la r\u00e9gion de Bages, sp\u00e9cialis\u00e9 dans la construction, le terrassement, la d\u00e9molition et la gestion des d\u00e9chets. Fond\u00e9e en 1975, l\u2019entreprise a progressivement \u00e9tendu ses activit\u00e9s et s\u2019est impos\u00e9e comme un acteur important dans les services li\u00e9s aux travaux de g\u00e9nie civil.\" \/>\n<meta name=\"robots\" content=\"index, follow, max-snippet:-1, max-image-preview:large, max-video-preview:-1\" \/>\n<link rel=\"canonical\" href=\"https:\/\/agpograf.com\/fr\/portfolio_page\/50-anys-grup-vila-vila\/\" \/>\n<meta property=\"og:locale\" content=\"fr_FR\" \/>\n<meta property=\"og:type\" content=\"article\" \/>\n<meta property=\"og:title\" content=\"50 Ans - Grup Vil\u00e0 Vila &#8211; Agpograf Impressors\" \/>\n<meta property=\"og:description\" content=\"Grup Vil\u00e0 Vila est un groupe familial bas\u00e9 dans la r\u00e9gion de Bages, sp\u00e9cialis\u00e9 dans la construction, le terrassement, la d\u00e9molition et la gestion des d\u00e9chets. Fond\u00e9e en 1975, l\u2019entreprise a progressivement \u00e9tendu ses activit\u00e9s et s\u2019est impos\u00e9e comme un acteur important dans les services li\u00e9s aux travaux de g\u00e9nie civil. Grup Vil\u00e0 Vila est un groupe familial bas\u00e9 dans la r\u00e9gion de Bages, sp\u00e9cialis\u00e9 dans la construction, le terrassement, la d\u00e9molition et la gestion des d\u00e9chets. Fond\u00e9e en 1975, l\u2019entreprise a progressivement \u00e9tendu ses activit\u00e9s et s\u2019est impos\u00e9e comme un acteur important dans les services li\u00e9s aux travaux de g\u00e9nie civil.\" \/>\n<meta property=\"og:url\" content=\"https:\/\/agpograf.com\/fr\/portfolio_page\/50-anys-grup-vila-vila\/\" \/>\n<meta property=\"og:site_name\" content=\"Agpograf Impressors\" \/>\n<meta property=\"article:publisher\" content=\"https:\/\/www.facebook.com\/Agpograf\" \/>\n<meta property=\"article:modified_time\" content=\"2026-03-10T15:30:21+00:00\" \/>\n<meta property=\"og:image\" content=\"https:\/\/agpograf.com\/wp-content\/uploads\/2026\/03\/Grup-Vila-Vila-Llibre-commemoratiu-50-anys_1000x1000.jpg\" \/>\n\t<meta property=\"og:image:width\" content=\"1000\" \/>\n\t<meta property=\"og:image:height\" content=\"1000\" \/>\n\t<meta property=\"og:image:type\" content=\"image\/jpeg\" \/>\n<meta name=\"twitter:card\" content=\"summary_large_image\" \/>\n<meta name=\"twitter:label1\" content=\"Dur\u00e9e de lecture estim\u00e9e\" \/>\n\t<meta name=\"twitter:data1\" content=\"2 minutes\" \/>\n<script type=\"application\/ld+json\" class=\"yoast-schema-graph\">{\"@context\":\"https:\\\/\\\/schema.org\",\"@graph\":[{\"@type\":\"WebPage\",\"@id\":\"https:\\\/\\\/agpograf.com\\\/fr\\\/portfolio_page\\\/50-anys-grup-vila-vila\\\/\",\"url\":\"https:\\\/\\\/agpograf.com\\\/fr\\\/portfolio_page\\\/50-anys-grup-vila-vila\\\/\",\"name\":\"50 Ans - Grup Vil\u00e0 Vila &#8211; Agpograf Impressors\",\"isPartOf\":{\"@id\":\"https:\\\/\\\/agpograf.com\\\/fr\\\/#website\"},\"primaryImageOfPage\":{\"@id\":\"https:\\\/\\\/agpograf.com\\\/fr\\\/portfolio_page\\\/50-anys-grup-vila-vila\\\/#primaryimage\"},\"image\":{\"@id\":\"https:\\\/\\\/agpograf.com\\\/fr\\\/portfolio_page\\\/50-anys-grup-vila-vila\\\/#primaryimage\"},\"thumbnailUrl\":\"https:\\\/\\\/agpograf.com\\\/wp-content\\\/uploads\\\/2026\\\/03\\\/Grup-Vila-Vila-Llibre-commemoratiu-50-anys_1000x1000.jpg\",\"datePublished\":\"2026-03-10T10:00:43+00:00\",\"dateModified\":\"2026-03-10T15:30:21+00:00\",\"description\":\"Grup Vil\u00e0 Vila est un groupe familial bas\u00e9 dans la r\u00e9gion de Bages, sp\u00e9cialis\u00e9 dans la construction, le terrassement, la d\u00e9molition et la gestion des d\u00e9chets. Fond\u00e9e en 1975, l\u2019entreprise a progressivement \u00e9tendu ses activit\u00e9s et s\u2019est impos\u00e9e comme un acteur important dans les services li\u00e9s aux travaux de g\u00e9nie civil. Grup Vil\u00e0 Vila est un groupe familial bas\u00e9 dans la r\u00e9gion de Bages, sp\u00e9cialis\u00e9 dans la construction, le terrassement, la d\u00e9molition et la gestion des d\u00e9chets. Fond\u00e9e en 1975, l\u2019entreprise a progressivement \u00e9tendu ses activit\u00e9s et s\u2019est impos\u00e9e comme un acteur important dans les services li\u00e9s aux travaux de g\u00e9nie civil.\",\"breadcrumb\":{\"@id\":\"https:\\\/\\\/agpograf.com\\\/fr\\\/portfolio_page\\\/50-anys-grup-vila-vila\\\/#breadcrumb\"},\"inLanguage\":\"fr-FR\",\"potentialAction\":[{\"@type\":\"ReadAction\",\"target\":[\"https:\\\/\\\/agpograf.com\\\/fr\\\/portfolio_page\\\/50-anys-grup-vila-vila\\\/\"]}]},{\"@type\":\"ImageObject\",\"inLanguage\":\"fr-FR\",\"@id\":\"https:\\\/\\\/agpograf.com\\\/fr\\\/portfolio_page\\\/50-anys-grup-vila-vila\\\/#primaryimage\",\"url\":\"https:\\\/\\\/agpograf.com\\\/wp-content\\\/uploads\\\/2026\\\/03\\\/Grup-Vila-Vila-Llibre-commemoratiu-50-anys_1000x1000.jpg\",\"contentUrl\":\"https:\\\/\\\/agpograf.com\\\/wp-content\\\/uploads\\\/2026\\\/03\\\/Grup-Vila-Vila-Llibre-commemoratiu-50-anys_1000x1000.jpg\",\"width\":1000,\"height\":1000,\"caption\":\"Grup Vil\u00e0 Vila cat\u00e0leg commemoratiu 50 anys\"},{\"@type\":\"BreadcrumbList\",\"@id\":\"https:\\\/\\\/agpograf.com\\\/fr\\\/portfolio_page\\\/50-anys-grup-vila-vila\\\/#breadcrumb\",\"itemListElement\":[{\"@type\":\"ListItem\",\"position\":1,\"name\":\"Inici\",\"item\":\"https:\\\/\\\/agpograf.com\\\/fr\\\/\"},{\"@type\":\"ListItem\",\"position\":2,\"name\":\"Portfolio\",\"item\":\"https:\\\/\\\/agpograf.com\\\/fr\\\/portfolio_page\\\/\"},{\"@type\":\"ListItem\",\"position\":3,\"name\":\"50 Ans &#8211; Grup Vil\u00e0 Vila\"}]},{\"@type\":\"WebSite\",\"@id\":\"https:\\\/\\\/agpograf.com\\\/fr\\\/#website\",\"url\":\"https:\\\/\\\/agpograf.com\\\/fr\\\/\",\"name\":\"Agpograf Impressors\",\"description\":\"Printing your dreams\",\"publisher\":{\"@id\":\"https:\\\/\\\/agpograf.com\\\/fr\\\/#organization\"},\"potentialAction\":[{\"@type\":\"SearchAction\",\"target\":{\"@type\":\"EntryPoint\",\"urlTemplate\":\"https:\\\/\\\/agpograf.com\\\/fr\\\/?s={search_term_string}\"},\"query-input\":{\"@type\":\"PropertyValueSpecification\",\"valueRequired\":true,\"valueName\":\"search_term_string\"}}],\"inLanguage\":\"fr-FR\"},{\"@type\":\"Organization\",\"@id\":\"https:\\\/\\\/agpograf.com\\\/fr\\\/#organization\",\"name\":\"Agpograf Impressors\",\"url\":\"https:\\\/\\\/agpograf.com\\\/fr\\\/\",\"logo\":{\"@type\":\"ImageObject\",\"inLanguage\":\"fr-FR\",\"@id\":\"https:\\\/\\\/agpograf.com\\\/fr\\\/#\\\/schema\\\/logo\\\/image\\\/\",\"url\":\"https:\\\/\\\/www.agpograf.com\\\/wp-content\\\/uploads\\\/2020\\\/01\\\/Agpgoraf-Impressors-logo.png\",\"contentUrl\":\"https:\\\/\\\/www.agpograf.com\\\/wp-content\\\/uploads\\\/2020\\\/01\\\/Agpgoraf-Impressors-logo.png\",\"width\":601,\"height\":477,\"caption\":\"Agpograf Impressors\"},\"image\":{\"@id\":\"https:\\\/\\\/agpograf.com\\\/fr\\\/#\\\/schema\\\/logo\\\/image\\\/\"},\"sameAs\":[\"https:\\\/\\\/www.facebook.com\\\/Agpograf\",\"https:\\\/\\\/www.instagram.com\\\/agpograf_impressors\\\/\",\"https:\\\/\\\/www.linkedin.com\\\/company\\\/agpograf-impressors\\\/about\\\/\",\"https:\\\/\\\/www.youtube.com\\\/channel\\\/UC1vXUlhI2NeafCFLhfnrQXw\",\"https:\\\/\\\/www.behance.net\\\/agpografimpressors\"]}]}<\/script>\n<!-- \/ Yoast SEO plugin. -->","yoast_head_json":{"title":"50 Ans - Grup Vil\u00e0 Vila &#8211; Agpograf Impressors","description":"Grup Vil\u00e0 Vila est un groupe familial bas\u00e9 dans la r\u00e9gion de Bages, sp\u00e9cialis\u00e9 dans la construction, le terrassement, la d\u00e9molition et la gestion des d\u00e9chets. Fond\u00e9e en 1975, l\u2019entreprise a progressivement \u00e9tendu ses activit\u00e9s et s\u2019est impos\u00e9e comme un acteur important dans les services li\u00e9s aux travaux de g\u00e9nie civil. Grup Vil\u00e0 Vila est un groupe familial bas\u00e9 dans la r\u00e9gion de Bages, sp\u00e9cialis\u00e9 dans la construction, le terrassement, la d\u00e9molition et la gestion des d\u00e9chets. Fond\u00e9e en 1975, l\u2019entreprise a progressivement \u00e9tendu ses activit\u00e9s et s\u2019est impos\u00e9e comme un acteur important dans les services li\u00e9s aux travaux de g\u00e9nie civil.","robots":{"index":"index","follow":"follow","max-snippet":"max-snippet:-1","max-image-preview":"max-image-preview:large","max-video-preview":"max-video-preview:-1"},"canonical":"https:\/\/agpograf.com\/fr\/portfolio_page\/50-anys-grup-vila-vila\/","og_locale":"fr_FR","og_type":"article","og_title":"50 Ans - Grup Vil\u00e0 Vila &#8211; Agpograf Impressors","og_description":"Grup Vil\u00e0 Vila est un groupe familial bas\u00e9 dans la r\u00e9gion de Bages, sp\u00e9cialis\u00e9 dans la construction, le terrassement, la d\u00e9molition et la gestion des d\u00e9chets. Fond\u00e9e en 1975, l\u2019entreprise a progressivement \u00e9tendu ses activit\u00e9s et s\u2019est impos\u00e9e comme un acteur important dans les services li\u00e9s aux travaux de g\u00e9nie civil. Grup Vil\u00e0 Vila est un groupe familial bas\u00e9 dans la r\u00e9gion de Bages, sp\u00e9cialis\u00e9 dans la construction, le terrassement, la d\u00e9molition et la gestion des d\u00e9chets. Fond\u00e9e en 1975, l\u2019entreprise a progressivement \u00e9tendu ses activit\u00e9s et s\u2019est impos\u00e9e comme un acteur important dans les services li\u00e9s aux travaux de g\u00e9nie civil.","og_url":"https:\/\/agpograf.com\/fr\/portfolio_page\/50-anys-grup-vila-vila\/","og_site_name":"Agpograf Impressors","article_publisher":"https:\/\/www.facebook.com\/Agpograf","article_modified_time":"2026-03-10T15:30:21+00:00","og_image":[{"width":1000,"height":1000,"url":"https:\/\/agpograf.com\/wp-content\/uploads\/2026\/03\/Grup-Vila-Vila-Llibre-commemoratiu-50-anys_1000x1000.jpg","type":"image\/jpeg"}],"twitter_card":"summary_large_image","twitter_misc":{"Dur\u00e9e de lecture estim\u00e9e":"2 minutes"},"schema":{"@context":"https:\/\/schema.org","@graph":[{"@type":"WebPage","@id":"https:\/\/agpograf.com\/fr\/portfolio_page\/50-anys-grup-vila-vila\/","url":"https:\/\/agpograf.com\/fr\/portfolio_page\/50-anys-grup-vila-vila\/","name":"50 Ans - Grup Vil\u00e0 Vila &#8211; Agpograf Impressors","isPartOf":{"@id":"https:\/\/agpograf.com\/fr\/#website"},"primaryImageOfPage":{"@id":"https:\/\/agpograf.com\/fr\/portfolio_page\/50-anys-grup-vila-vila\/#primaryimage"},"image":{"@id":"https:\/\/agpograf.com\/fr\/portfolio_page\/50-anys-grup-vila-vila\/#primaryimage"},"thumbnailUrl":"https:\/\/agpograf.com\/wp-content\/uploads\/2026\/03\/Grup-Vila-Vila-Llibre-commemoratiu-50-anys_1000x1000.jpg","datePublished":"2026-03-10T10:00:43+00:00","dateModified":"2026-03-10T15:30:21+00:00","description":"Grup Vil\u00e0 Vila est un groupe familial bas\u00e9 dans la r\u00e9gion de Bages, sp\u00e9cialis\u00e9 dans la construction, le terrassement, la d\u00e9molition et la gestion des d\u00e9chets. Fond\u00e9e en 1975, l\u2019entreprise a progressivement \u00e9tendu ses activit\u00e9s et s\u2019est impos\u00e9e comme un acteur important dans les services li\u00e9s aux travaux de g\u00e9nie civil. Grup Vil\u00e0 Vila est un groupe familial bas\u00e9 dans la r\u00e9gion de Bages, sp\u00e9cialis\u00e9 dans la construction, le terrassement, la d\u00e9molition et la gestion des d\u00e9chets. Fond\u00e9e en 1975, l\u2019entreprise a progressivement \u00e9tendu ses activit\u00e9s et s\u2019est impos\u00e9e comme un acteur important dans les services li\u00e9s aux travaux de g\u00e9nie civil.","breadcrumb":{"@id":"https:\/\/agpograf.com\/fr\/portfolio_page\/50-anys-grup-vila-vila\/#breadcrumb"},"inLanguage":"fr-FR","potentialAction":[{"@type":"ReadAction","target":["https:\/\/agpograf.com\/fr\/portfolio_page\/50-anys-grup-vila-vila\/"]}]},{"@type":"ImageObject","inLanguage":"fr-FR","@id":"https:\/\/agpograf.com\/fr\/portfolio_page\/50-anys-grup-vila-vila\/#primaryimage","url":"https:\/\/agpograf.com\/wp-content\/uploads\/2026\/03\/Grup-Vila-Vila-Llibre-commemoratiu-50-anys_1000x1000.jpg","contentUrl":"https:\/\/agpograf.com\/wp-content\/uploads\/2026\/03\/Grup-Vila-Vila-Llibre-commemoratiu-50-anys_1000x1000.jpg","width":1000,"height":1000,"caption":"Grup Vil\u00e0 Vila cat\u00e0leg commemoratiu 50 anys"},{"@type":"BreadcrumbList","@id":"https:\/\/agpograf.com\/fr\/portfolio_page\/50-anys-grup-vila-vila\/#breadcrumb","itemListElement":[{"@type":"ListItem","position":1,"name":"Inici","item":"https:\/\/agpograf.com\/fr\/"},{"@type":"ListItem","position":2,"name":"Portfolio","item":"https:\/\/agpograf.com\/fr\/portfolio_page\/"},{"@type":"ListItem","position":3,"name":"50 Ans &#8211; Grup Vil\u00e0 Vila"}]},{"@type":"WebSite","@id":"https:\/\/agpograf.com\/fr\/#website","url":"https:\/\/agpograf.com\/fr\/","name":"Agpograf Impressors","description":"Printing your dreams","publisher":{"@id":"https:\/\/agpograf.com\/fr\/#organization"},"potentialAction":[{"@type":"SearchAction","target":{"@type":"EntryPoint","urlTemplate":"https:\/\/agpograf.com\/fr\/?s={search_term_string}"},"query-input":{"@type":"PropertyValueSpecification","valueRequired":true,"valueName":"search_term_string"}}],"inLanguage":"fr-FR"},{"@type":"Organization","@id":"https:\/\/agpograf.com\/fr\/#organization","name":"Agpograf Impressors","url":"https:\/\/agpograf.com\/fr\/","logo":{"@type":"ImageObject","inLanguage":"fr-FR","@id":"https:\/\/agpograf.com\/fr\/#\/schema\/logo\/image\/","url":"https:\/\/www.agpograf.com\/wp-content\/uploads\/2020\/01\/Agpgoraf-Impressors-logo.png","contentUrl":"https:\/\/www.agpograf.com\/wp-content\/uploads\/2020\/01\/Agpgoraf-Impressors-logo.png","width":601,"height":477,"caption":"Agpograf Impressors"},"image":{"@id":"https:\/\/agpograf.com\/fr\/#\/schema\/logo\/image\/"},"sameAs":["https:\/\/www.facebook.com\/Agpograf","https:\/\/www.instagram.com\/agpograf_impressors\/","https:\/\/www.linkedin.com\/company\/agpograf-impressors\/about\/","https:\/\/www.youtube.com\/channel\/UC1vXUlhI2NeafCFLhfnrQXw","https:\/\/www.behance.net\/agpografimpressors"]}]}},"_links":{"self":[{"href":"https:\/\/agpograf.com\/fr\/wp-json\/wp\/v2\/portfolio_page\/32564","targetHints":{"allow":["GET"]}}],"collection":[{"href":"https:\/\/agpograf.com\/fr\/wp-json\/wp\/v2\/portfolio_page"}],"about":[{"href":"https:\/\/agpograf.com\/fr\/wp-json\/wp\/v2\/types\/portfolio_page"}],"author":[{"embeddable":true,"href":"https:\/\/agpograf.com\/fr\/wp-json\/wp\/v2\/users\/1"}],"replies":[{"embeddable":true,"href":"https:\/\/agpograf.com\/fr\/wp-json\/wp\/v2\/comments?post=32564"}],"wp:featuredmedia":[{"embeddable":true,"href":"https:\/\/agpograf.com\/fr\/wp-json\/wp\/v2\/media\/32561"}],"wp:attachment":[{"href":"https:\/\/agpograf.com\/fr\/wp-json\/wp\/v2\/media?parent=32564"}],"wp:term":[{"taxonomy":"portfolio_category","embeddable":true,"href":"https:\/\/agpograf.com\/fr\/wp-json\/wp\/v2\/portfolio_category?post=32564"},{"taxonomy":"portfolio_tag","embeddable":true,"href":"https:\/\/agpograf.com\/fr\/wp-json\/wp\/v2\/portfolio_tag?post=32564"}],"curies":[{"name":"wp","href":"https:\/\/api.w.org\/{rel}","templated":true}]}}