{"id":30145,"date":"2025-10-28T13:30:03","date_gmt":"2025-10-28T11:30:03","guid":{"rendered":"https:\/\/agpograf.com\/portfolio_page\/la-historia-dun-mar-doportunitats-fundacio-cares\/"},"modified":"2025-10-28T14:10:15","modified_gmt":"2025-10-28T12:10:15","slug":"la-historia-dun-mar-doportunitats-fundacio-cares","status":"publish","type":"portfolio_page","link":"https:\/\/agpograf.com\/fr\/portfolio_page\/la-historia-dun-mar-doportunitats-fundacio-cares\/","title":{"rendered":"L\u2019histoire d\u2019une mer d\u2019opportunit\u00e9s &#8211; Fondation CARES"},"content":{"rendered":"<div class=\"wpb-content-wrapper\"><p>[vc_row css_animation=\u00a0\u00bb\u00a0\u00bb row_type=\u00a0\u00bbrow\u00a0\u00bb use_row_as_full_screen_section=\u00a0\u00bbno\u00a0\u00bb type=\u00a0\u00bbfull_width\u00a0\u00bb angled_section=\u00a0\u00bbno\u00a0\u00bb text_align=\u00a0\u00bbleft\u00a0\u00bb background_image_as_pattern=\u00a0\u00bbwithout_pattern\u00a0\u00bb][vc_column][vc_column_text]<\/p>\n<h2><strong>L\u2019histoire d\u2019une mer d\u2019opportunit\u00e9s<\/strong><\/h2>\n<p>[\/vc_column_text][vc_empty_space height=\u00a0\u00bb10px\u00a0\u00bb][vc_column_text]<\/p>\n<h3><span style=\"color: #f05b40;\">Fondation CARES<\/span><\/h3>\n<p>[\/vc_column_text][vc_empty_space height=\u00a0\u00bb30px\u00a0\u00bb][vc_empty_space height=\u00a0\u00bb20px\u00a0\u00bb][vc_column_text]<\/p>\n<div class=\"wpb_text_column wpb_content_element \">\n<div class=\"wpb_wrapper\">\n<div class=\"wpb_text_column wpb_content_element \">\n<div class=\"wpb_wrapper\">\n<div class=\"wpb_text_column wpb_content_element \">\n<div class=\"wpb_wrapper\">\n<p>Depuis sa cr\u00e9ation en 1998, la <strong>Fondation CARES<\/strong> \u0153uvre pour offrir des opportunit\u00e9s d\u2019emploi aux personnes en situation de handicap et d\u2019exclusion sociale. Actuellement, elle procure un emploi digne \u00e0 plus de 700 personnes.<\/p>\n<p>&nbsp;<\/p>\n<p>\u00c0 l\u2019occasion de son 25\u1d49 anniversaire, la fondation publie <em>L\u2019histoire d\u2019une mer d\u2019opportunit\u00e9s<\/em>, un <strong>catalogue comm\u00e9moratif<\/strong> retra\u00e7ant son parcours, ses moments cl\u00e9s et l\u2019impact social atteint au fil des ann\u00e9es. La conception de cet ouvrage a \u00e9t\u00e9 confi\u00e9e \u00e0 l\u2019<strong>Agence Singularity<\/strong>, qui a su cr\u00e9er un produit \u00e9ditorial institutionnel tout en refl\u00e9tant la sensibilit\u00e9 humaine du projet.<\/p>\n<p>&nbsp;<\/p>\n<p>Le r\u00e9sultat est un livre de grande pr\u00e9sence, dot\u00e9 d\u2019une reliure tr\u00e8s singuli\u00e8re. L\u2019ouvrage pr\u00e9sente deux panneaux en carton gris non contrecoll\u00e9, reli\u00e9s par une <strong>reliure <em>bodonienne<\/em><\/strong>. Un <strong>gaufrage \u00e0 sec<\/strong> combin\u00e9 \u00e0 un <strong>vernis s\u00e9lectif UV<\/strong> orne les panneaux. La couverture est munie d\u2019une <strong>ceinture<\/strong> en papier Rives Design Extra Blanc et les <strong>gardes<\/strong> sont en <strong>Kraft Liner<\/strong>, deux papiers provenant de <strong>Antalis<\/strong>. \u00c0 l\u2019int\u00e9rieur, 180 pages de papier couch\u00e9 brillant sont imprim\u00e9es en noir et blanc avec la technologie <strong>offset LED UV<\/strong>.<\/p>\n<p>[\/vc_column_text][vc_empty_space height=\u00a0\u00bb40px\u00a0\u00bb][\/vc_column][\/vc_row][vc_row css_animation=\u00a0\u00bb\u00a0\u00bb row_type=\u00a0\u00bbrow\u00a0\u00bb use_row_as_full_screen_section=\u00a0\u00bbno\u00a0\u00bb type=\u00a0\u00bbfull_width\u00a0\u00bb angled_section=\u00a0\u00bbno\u00a0\u00bb text_align=\u00a0\u00bbleft\u00a0\u00bb background_image_as_pattern=\u00a0\u00bbwithout_pattern\u00a0\u00bb][vc_column][vc_empty_space height=\u00a0\u00bb20px\u00a0\u00bb][vc_column_text]<strong>Sp\u00e9cifications<\/strong>[\/vc_column_text][\/vc_column][\/vc_row][vc_row css_animation=\u00a0\u00bb\u00a0\u00bb row_type=\u00a0\u00bbrow\u00a0\u00bb use_row_as_full_screen_section=\u00a0\u00bbno\u00a0\u00bb type=\u00a0\u00bbfull_width\u00a0\u00bb angled_section=\u00a0\u00bbno\u00a0\u00bb text_align=\u00a0\u00bbleft\u00a0\u00bb background_image_as_pattern=\u00a0\u00bbwithout_pattern\u00a0\u00bb][vc_column][vc_empty_space height=\u00a0\u00bb20px\u00a0\u00bb][vc_column_text]<strong>Format<\/strong><\/p>\n<p>21 x 28 cm<\/p>\n<p>&nbsp;<\/p>\n<p><strong>Papier<\/strong><\/p>\n<p>Couverture : carton gris 3,25 mm non contrecoll\u00e9 avec dos<\/p>\n<p>Ceinture : Rives Design Extra Blanc gaufr\u00e9 170 g de <strong>Antalis<\/strong><\/p>\n<p>Gardes : Kraft Liner 200 g de <strong>Antalis<\/strong><\/p>\n<p>Int\u00e9rieur (180 pages) : couch\u00e9 brillant 170 g<\/p>\n<p>&nbsp;<\/p>\n<p><strong>Impression<\/strong><\/p>\n<p>Offset LED UV<\/p>\n<p>&nbsp;<\/p>\n<p><strong>Reliure<\/strong><\/p>\n<p>Bodonienne<\/p>\n<p>&nbsp;<\/p>\n<p><strong>Finitions<\/strong><\/p>\n<p>S\u00e9rigraphie une couleur<\/p>\n<p>Vernis UV s\u00e9lectif\/en r\u00e9serve<\/p>\n<p>Gaufrage \u00e0 sec<\/p>\n<\/div>\n<div class=\"wpb_wrapper\">\n<p>[\/vc_column_text][\/vc_column][\/vc_row][vc_row css_animation=\u00a0\u00bb\u00a0\u00bb row_type=\u00a0\u00bbrow\u00a0\u00bb use_row_as_full_screen_section=\u00a0\u00bbno\u00a0\u00bb type=\u00a0\u00bbfull_width\u00a0\u00bb angled_section=\u00a0\u00bbno\u00a0\u00bb text_align=\u00a0\u00bbleft\u00a0\u00bb background_image_as_pattern=\u00a0\u00bbwithout_pattern\u00a0\u00bb][vc_column][vc_empty_space height=\u00a0\u00bb50px\u00a0\u00bb][\/vc_column][\/vc_row]<\/p>\n<\/div>\n<\/div>\n<\/div>\n<\/div>\n<\/div>\n<\/div>\n<\/div>","protected":false},"excerpt":{"rendered":"<p>\u00c0 l\u2019occasion de son 25\u1d49 anniversaire, la fondation publie L\u2019histoire d\u2019une mer d\u2019opportunit\u00e9s, un catalogue comm\u00e9moratif retra\u00e7ant son parcours, ses moments cl\u00e9s et l\u2019impact social atteint au fil des ann\u00e9es. La conception de cet ouvrage a \u00e9t\u00e9 confi\u00e9e \u00e0 l\u2019Agence Singularity, qui a su cr\u00e9er un produit \u00e9ditorial institutionnel tout en refl\u00e9tant la sensibilit\u00e9 humaine du projet.<\/p>\n","protected":false},"author":1,"featured_media":30142,"menu_order":55,"comment_status":"closed","ping_status":"closed","template":"","portfolio_category":[743],"portfolio_tag":[979,836,822,759,760],"class_list":["post-30145","portfolio_page","type-portfolio_page","status-publish","has-post-thumbnail","hentry","portfolio_category-catalogue-commemoratif","portfolio_tag-uvi-brillante-fr","portfolio_tag-enquadernacio-bodonienne-fr","portfolio_tag-serigrafia-fr","portfolio_tag-relleu-sec-fr","portfolio_tag-led-uv-fr-2"],"yoast_head":"<!-- This site is optimized with the Yoast SEO plugin v27.4 - https:\/\/yoast.com\/product\/yoast-seo-wordpress\/ -->\n<title>L\u2019histoire d\u2019une mer d\u2019opportunit\u00e9s - Fondation CARES &#8211; Agpograf Impressors<\/title>\n<meta name=\"description\" content=\"\u00c0 l\u2019occasion de son 25\u1d49 anniversaire, la fondation publie L\u2019histoire d\u2019une mer d\u2019opportunit\u00e9s, un catalogue comm\u00e9moratif retra\u00e7ant son parcours, ses moments cl\u00e9s et l\u2019impact social atteint au fil des ann\u00e9es. La conception de cet ouvrage a \u00e9t\u00e9 confi\u00e9e \u00e0 l\u2019Agence Singularity, qui a su cr\u00e9er un produit \u00e9ditorial institutionnel tout en refl\u00e9tant la sensibilit\u00e9 humaine du projet. \u00c0 l\u2019occasion de son 25\u1d49 anniversaire, la fondation publie L\u2019histoire d\u2019une mer d\u2019opportunit\u00e9s, un catalogue comm\u00e9moratif retra\u00e7ant son parcours, ses moments cl\u00e9s et l\u2019impact social atteint au fil des ann\u00e9es. La conception de cet ouvrage a \u00e9t\u00e9 confi\u00e9e \u00e0 l\u2019Agence Singularity, qui a su cr\u00e9er un produit \u00e9ditorial institutionnel tout en refl\u00e9tant la sensibilit\u00e9 humaine du projet.\" \/>\n<meta name=\"robots\" content=\"index, follow, max-snippet:-1, max-image-preview:large, max-video-preview:-1\" \/>\n<link rel=\"canonical\" href=\"https:\/\/agpograf.com\/fr\/portfolio_page\/la-historia-dun-mar-doportunitats-fundacio-cares\/\" \/>\n<meta property=\"og:locale\" content=\"fr_FR\" \/>\n<meta property=\"og:type\" content=\"article\" \/>\n<meta property=\"og:title\" content=\"L\u2019histoire d\u2019une mer d\u2019opportunit\u00e9s - Fondation CARES &#8211; Agpograf Impressors\" \/>\n<meta property=\"og:description\" content=\"\u00c0 l\u2019occasion de son 25\u1d49 anniversaire, la fondation publie L\u2019histoire d\u2019une mer d\u2019opportunit\u00e9s, un catalogue comm\u00e9moratif retra\u00e7ant son parcours, ses moments cl\u00e9s et l\u2019impact social atteint au fil des ann\u00e9es. La conception de cet ouvrage a \u00e9t\u00e9 confi\u00e9e \u00e0 l\u2019Agence Singularity, qui a su cr\u00e9er un produit \u00e9ditorial institutionnel tout en refl\u00e9tant la sensibilit\u00e9 humaine du projet. \u00c0 l\u2019occasion de son 25\u1d49 anniversaire, la fondation publie L\u2019histoire d\u2019une mer d\u2019opportunit\u00e9s, un catalogue comm\u00e9moratif retra\u00e7ant son parcours, ses moments cl\u00e9s et l\u2019impact social atteint au fil des ann\u00e9es. La conception de cet ouvrage a \u00e9t\u00e9 confi\u00e9e \u00e0 l\u2019Agence Singularity, qui a su cr\u00e9er un produit \u00e9ditorial institutionnel tout en refl\u00e9tant la sensibilit\u00e9 humaine du projet.\" \/>\n<meta property=\"og:url\" content=\"https:\/\/agpograf.com\/fr\/portfolio_page\/la-historia-dun-mar-doportunitats-fundacio-cares\/\" \/>\n<meta property=\"og:site_name\" content=\"Agpograf Impressors\" \/>\n<meta property=\"article:publisher\" content=\"https:\/\/www.facebook.com\/Agpograf\" \/>\n<meta property=\"article:modified_time\" content=\"2025-10-28T12:10:15+00:00\" \/>\n<meta property=\"og:image\" content=\"https:\/\/agpograf.com\/wp-content\/uploads\/2025\/10\/Fundacio-Cares-Llibre-25-aniversari_1000x1000.jpg\" \/>\n\t<meta property=\"og:image:width\" content=\"1000\" \/>\n\t<meta property=\"og:image:height\" content=\"1000\" \/>\n\t<meta property=\"og:image:type\" content=\"image\/jpeg\" \/>\n<meta name=\"twitter:card\" content=\"summary_large_image\" \/>\n<meta name=\"twitter:label1\" content=\"Dur\u00e9e de lecture estim\u00e9e\" \/>\n\t<meta name=\"twitter:data1\" content=\"2 minutes\" \/>\n<script type=\"application\/ld+json\" class=\"yoast-schema-graph\">{\"@context\":\"https:\\\/\\\/schema.org\",\"@graph\":[{\"@type\":\"WebPage\",\"@id\":\"https:\\\/\\\/agpograf.com\\\/fr\\\/portfolio_page\\\/la-historia-dun-mar-doportunitats-fundacio-cares\\\/\",\"url\":\"https:\\\/\\\/agpograf.com\\\/fr\\\/portfolio_page\\\/la-historia-dun-mar-doportunitats-fundacio-cares\\\/\",\"name\":\"L\u2019histoire d\u2019une mer d\u2019opportunit\u00e9s - Fondation CARES &#8211; Agpograf Impressors\",\"isPartOf\":{\"@id\":\"https:\\\/\\\/agpograf.com\\\/fr\\\/#website\"},\"primaryImageOfPage\":{\"@id\":\"https:\\\/\\\/agpograf.com\\\/fr\\\/portfolio_page\\\/la-historia-dun-mar-doportunitats-fundacio-cares\\\/#primaryimage\"},\"image\":{\"@id\":\"https:\\\/\\\/agpograf.com\\\/fr\\\/portfolio_page\\\/la-historia-dun-mar-doportunitats-fundacio-cares\\\/#primaryimage\"},\"thumbnailUrl\":\"https:\\\/\\\/agpograf.com\\\/wp-content\\\/uploads\\\/2025\\\/10\\\/Fundacio-Cares-Llibre-25-aniversari_1000x1000.jpg\",\"datePublished\":\"2025-10-28T11:30:03+00:00\",\"dateModified\":\"2025-10-28T12:10:15+00:00\",\"description\":\"\u00c0 l\u2019occasion de son 25\u1d49 anniversaire, la fondation publie L\u2019histoire d\u2019une mer d\u2019opportunit\u00e9s, un catalogue comm\u00e9moratif retra\u00e7ant son parcours, ses moments cl\u00e9s et l\u2019impact social atteint au fil des ann\u00e9es. La conception de cet ouvrage a \u00e9t\u00e9 confi\u00e9e \u00e0 l\u2019Agence Singularity, qui a su cr\u00e9er un produit \u00e9ditorial institutionnel tout en refl\u00e9tant la sensibilit\u00e9 humaine du projet. \u00c0 l\u2019occasion de son 25\u1d49 anniversaire, la fondation publie L\u2019histoire d\u2019une mer d\u2019opportunit\u00e9s, un catalogue comm\u00e9moratif retra\u00e7ant son parcours, ses moments cl\u00e9s et l\u2019impact social atteint au fil des ann\u00e9es. La conception de cet ouvrage a \u00e9t\u00e9 confi\u00e9e \u00e0 l\u2019Agence Singularity, qui a su cr\u00e9er un produit \u00e9ditorial institutionnel tout en refl\u00e9tant la sensibilit\u00e9 humaine du projet.\",\"breadcrumb\":{\"@id\":\"https:\\\/\\\/agpograf.com\\\/fr\\\/portfolio_page\\\/la-historia-dun-mar-doportunitats-fundacio-cares\\\/#breadcrumb\"},\"inLanguage\":\"fr-FR\",\"potentialAction\":[{\"@type\":\"ReadAction\",\"target\":[\"https:\\\/\\\/agpograf.com\\\/fr\\\/portfolio_page\\\/la-historia-dun-mar-doportunitats-fundacio-cares\\\/\"]}]},{\"@type\":\"ImageObject\",\"inLanguage\":\"fr-FR\",\"@id\":\"https:\\\/\\\/agpograf.com\\\/fr\\\/portfolio_page\\\/la-historia-dun-mar-doportunitats-fundacio-cares\\\/#primaryimage\",\"url\":\"https:\\\/\\\/agpograf.com\\\/wp-content\\\/uploads\\\/2025\\\/10\\\/Fundacio-Cares-Llibre-25-aniversari_1000x1000.jpg\",\"contentUrl\":\"https:\\\/\\\/agpograf.com\\\/wp-content\\\/uploads\\\/2025\\\/10\\\/Fundacio-Cares-Llibre-25-aniversari_1000x1000.jpg\",\"width\":1000,\"height\":1000,\"caption\":\"Fundaci\u00f3 Cares Llibre 25 anys\"},{\"@type\":\"BreadcrumbList\",\"@id\":\"https:\\\/\\\/agpograf.com\\\/fr\\\/portfolio_page\\\/la-historia-dun-mar-doportunitats-fundacio-cares\\\/#breadcrumb\",\"itemListElement\":[{\"@type\":\"ListItem\",\"position\":1,\"name\":\"Inici\",\"item\":\"https:\\\/\\\/agpograf.com\\\/fr\\\/\"},{\"@type\":\"ListItem\",\"position\":2,\"name\":\"Portfolio\",\"item\":\"https:\\\/\\\/agpograf.com\\\/fr\\\/portfolio_page\\\/\"},{\"@type\":\"ListItem\",\"position\":3,\"name\":\"L\u2019histoire d\u2019une mer d\u2019opportunit\u00e9s &#8211; Fondation CARES\"}]},{\"@type\":\"WebSite\",\"@id\":\"https:\\\/\\\/agpograf.com\\\/fr\\\/#website\",\"url\":\"https:\\\/\\\/agpograf.com\\\/fr\\\/\",\"name\":\"Agpograf Impressors\",\"description\":\"Printing your dreams\",\"publisher\":{\"@id\":\"https:\\\/\\\/agpograf.com\\\/fr\\\/#organization\"},\"potentialAction\":[{\"@type\":\"SearchAction\",\"target\":{\"@type\":\"EntryPoint\",\"urlTemplate\":\"https:\\\/\\\/agpograf.com\\\/fr\\\/?s={search_term_string}\"},\"query-input\":{\"@type\":\"PropertyValueSpecification\",\"valueRequired\":true,\"valueName\":\"search_term_string\"}}],\"inLanguage\":\"fr-FR\"},{\"@type\":\"Organization\",\"@id\":\"https:\\\/\\\/agpograf.com\\\/fr\\\/#organization\",\"name\":\"Agpograf Impressors\",\"url\":\"https:\\\/\\\/agpograf.com\\\/fr\\\/\",\"logo\":{\"@type\":\"ImageObject\",\"inLanguage\":\"fr-FR\",\"@id\":\"https:\\\/\\\/agpograf.com\\\/fr\\\/#\\\/schema\\\/logo\\\/image\\\/\",\"url\":\"https:\\\/\\\/www.agpograf.com\\\/wp-content\\\/uploads\\\/2020\\\/01\\\/Agpgoraf-Impressors-logo.png\",\"contentUrl\":\"https:\\\/\\\/www.agpograf.com\\\/wp-content\\\/uploads\\\/2020\\\/01\\\/Agpgoraf-Impressors-logo.png\",\"width\":601,\"height\":477,\"caption\":\"Agpograf Impressors\"},\"image\":{\"@id\":\"https:\\\/\\\/agpograf.com\\\/fr\\\/#\\\/schema\\\/logo\\\/image\\\/\"},\"sameAs\":[\"https:\\\/\\\/www.facebook.com\\\/Agpograf\",\"https:\\\/\\\/www.instagram.com\\\/agpograf_impressors\\\/\",\"https:\\\/\\\/www.linkedin.com\\\/company\\\/agpograf-impressors\\\/about\\\/\",\"https:\\\/\\\/www.youtube.com\\\/channel\\\/UC1vXUlhI2NeafCFLhfnrQXw\",\"https:\\\/\\\/www.behance.net\\\/agpografimpressors\"]}]}<\/script>\n<!-- \/ Yoast SEO plugin. -->","yoast_head_json":{"title":"L\u2019histoire d\u2019une mer d\u2019opportunit\u00e9s - Fondation CARES &#8211; Agpograf Impressors","description":"\u00c0 l\u2019occasion de son 25\u1d49 anniversaire, la fondation publie L\u2019histoire d\u2019une mer d\u2019opportunit\u00e9s, un catalogue comm\u00e9moratif retra\u00e7ant son parcours, ses moments cl\u00e9s et l\u2019impact social atteint au fil des ann\u00e9es. La conception de cet ouvrage a \u00e9t\u00e9 confi\u00e9e \u00e0 l\u2019Agence Singularity, qui a su cr\u00e9er un produit \u00e9ditorial institutionnel tout en refl\u00e9tant la sensibilit\u00e9 humaine du projet. \u00c0 l\u2019occasion de son 25\u1d49 anniversaire, la fondation publie L\u2019histoire d\u2019une mer d\u2019opportunit\u00e9s, un catalogue comm\u00e9moratif retra\u00e7ant son parcours, ses moments cl\u00e9s et l\u2019impact social atteint au fil des ann\u00e9es. La conception de cet ouvrage a \u00e9t\u00e9 confi\u00e9e \u00e0 l\u2019Agence Singularity, qui a su cr\u00e9er un produit \u00e9ditorial institutionnel tout en refl\u00e9tant la sensibilit\u00e9 humaine du projet.","robots":{"index":"index","follow":"follow","max-snippet":"max-snippet:-1","max-image-preview":"max-image-preview:large","max-video-preview":"max-video-preview:-1"},"canonical":"https:\/\/agpograf.com\/fr\/portfolio_page\/la-historia-dun-mar-doportunitats-fundacio-cares\/","og_locale":"fr_FR","og_type":"article","og_title":"L\u2019histoire d\u2019une mer d\u2019opportunit\u00e9s - Fondation CARES &#8211; Agpograf Impressors","og_description":"\u00c0 l\u2019occasion de son 25\u1d49 anniversaire, la fondation publie L\u2019histoire d\u2019une mer d\u2019opportunit\u00e9s, un catalogue comm\u00e9moratif retra\u00e7ant son parcours, ses moments cl\u00e9s et l\u2019impact social atteint au fil des ann\u00e9es. La conception de cet ouvrage a \u00e9t\u00e9 confi\u00e9e \u00e0 l\u2019Agence Singularity, qui a su cr\u00e9er un produit \u00e9ditorial institutionnel tout en refl\u00e9tant la sensibilit\u00e9 humaine du projet. \u00c0 l\u2019occasion de son 25\u1d49 anniversaire, la fondation publie L\u2019histoire d\u2019une mer d\u2019opportunit\u00e9s, un catalogue comm\u00e9moratif retra\u00e7ant son parcours, ses moments cl\u00e9s et l\u2019impact social atteint au fil des ann\u00e9es. La conception de cet ouvrage a \u00e9t\u00e9 confi\u00e9e \u00e0 l\u2019Agence Singularity, qui a su cr\u00e9er un produit \u00e9ditorial institutionnel tout en refl\u00e9tant la sensibilit\u00e9 humaine du projet.","og_url":"https:\/\/agpograf.com\/fr\/portfolio_page\/la-historia-dun-mar-doportunitats-fundacio-cares\/","og_site_name":"Agpograf Impressors","article_publisher":"https:\/\/www.facebook.com\/Agpograf","article_modified_time":"2025-10-28T12:10:15+00:00","og_image":[{"width":1000,"height":1000,"url":"https:\/\/agpograf.com\/wp-content\/uploads\/2025\/10\/Fundacio-Cares-Llibre-25-aniversari_1000x1000.jpg","type":"image\/jpeg"}],"twitter_card":"summary_large_image","twitter_misc":{"Dur\u00e9e de lecture estim\u00e9e":"2 minutes"},"schema":{"@context":"https:\/\/schema.org","@graph":[{"@type":"WebPage","@id":"https:\/\/agpograf.com\/fr\/portfolio_page\/la-historia-dun-mar-doportunitats-fundacio-cares\/","url":"https:\/\/agpograf.com\/fr\/portfolio_page\/la-historia-dun-mar-doportunitats-fundacio-cares\/","name":"L\u2019histoire d\u2019une mer d\u2019opportunit\u00e9s - Fondation CARES &#8211; Agpograf Impressors","isPartOf":{"@id":"https:\/\/agpograf.com\/fr\/#website"},"primaryImageOfPage":{"@id":"https:\/\/agpograf.com\/fr\/portfolio_page\/la-historia-dun-mar-doportunitats-fundacio-cares\/#primaryimage"},"image":{"@id":"https:\/\/agpograf.com\/fr\/portfolio_page\/la-historia-dun-mar-doportunitats-fundacio-cares\/#primaryimage"},"thumbnailUrl":"https:\/\/agpograf.com\/wp-content\/uploads\/2025\/10\/Fundacio-Cares-Llibre-25-aniversari_1000x1000.jpg","datePublished":"2025-10-28T11:30:03+00:00","dateModified":"2025-10-28T12:10:15+00:00","description":"\u00c0 l\u2019occasion de son 25\u1d49 anniversaire, la fondation publie L\u2019histoire d\u2019une mer d\u2019opportunit\u00e9s, un catalogue comm\u00e9moratif retra\u00e7ant son parcours, ses moments cl\u00e9s et l\u2019impact social atteint au fil des ann\u00e9es. La conception de cet ouvrage a \u00e9t\u00e9 confi\u00e9e \u00e0 l\u2019Agence Singularity, qui a su cr\u00e9er un produit \u00e9ditorial institutionnel tout en refl\u00e9tant la sensibilit\u00e9 humaine du projet. \u00c0 l\u2019occasion de son 25\u1d49 anniversaire, la fondation publie L\u2019histoire d\u2019une mer d\u2019opportunit\u00e9s, un catalogue comm\u00e9moratif retra\u00e7ant son parcours, ses moments cl\u00e9s et l\u2019impact social atteint au fil des ann\u00e9es. La conception de cet ouvrage a \u00e9t\u00e9 confi\u00e9e \u00e0 l\u2019Agence Singularity, qui a su cr\u00e9er un produit \u00e9ditorial institutionnel tout en refl\u00e9tant la sensibilit\u00e9 humaine du projet.","breadcrumb":{"@id":"https:\/\/agpograf.com\/fr\/portfolio_page\/la-historia-dun-mar-doportunitats-fundacio-cares\/#breadcrumb"},"inLanguage":"fr-FR","potentialAction":[{"@type":"ReadAction","target":["https:\/\/agpograf.com\/fr\/portfolio_page\/la-historia-dun-mar-doportunitats-fundacio-cares\/"]}]},{"@type":"ImageObject","inLanguage":"fr-FR","@id":"https:\/\/agpograf.com\/fr\/portfolio_page\/la-historia-dun-mar-doportunitats-fundacio-cares\/#primaryimage","url":"https:\/\/agpograf.com\/wp-content\/uploads\/2025\/10\/Fundacio-Cares-Llibre-25-aniversari_1000x1000.jpg","contentUrl":"https:\/\/agpograf.com\/wp-content\/uploads\/2025\/10\/Fundacio-Cares-Llibre-25-aniversari_1000x1000.jpg","width":1000,"height":1000,"caption":"Fundaci\u00f3 Cares Llibre 25 anys"},{"@type":"BreadcrumbList","@id":"https:\/\/agpograf.com\/fr\/portfolio_page\/la-historia-dun-mar-doportunitats-fundacio-cares\/#breadcrumb","itemListElement":[{"@type":"ListItem","position":1,"name":"Inici","item":"https:\/\/agpograf.com\/fr\/"},{"@type":"ListItem","position":2,"name":"Portfolio","item":"https:\/\/agpograf.com\/fr\/portfolio_page\/"},{"@type":"ListItem","position":3,"name":"L\u2019histoire d\u2019une mer d\u2019opportunit\u00e9s &#8211; Fondation CARES"}]},{"@type":"WebSite","@id":"https:\/\/agpograf.com\/fr\/#website","url":"https:\/\/agpograf.com\/fr\/","name":"Agpograf Impressors","description":"Printing your dreams","publisher":{"@id":"https:\/\/agpograf.com\/fr\/#organization"},"potentialAction":[{"@type":"SearchAction","target":{"@type":"EntryPoint","urlTemplate":"https:\/\/agpograf.com\/fr\/?s={search_term_string}"},"query-input":{"@type":"PropertyValueSpecification","valueRequired":true,"valueName":"search_term_string"}}],"inLanguage":"fr-FR"},{"@type":"Organization","@id":"https:\/\/agpograf.com\/fr\/#organization","name":"Agpograf Impressors","url":"https:\/\/agpograf.com\/fr\/","logo":{"@type":"ImageObject","inLanguage":"fr-FR","@id":"https:\/\/agpograf.com\/fr\/#\/schema\/logo\/image\/","url":"https:\/\/www.agpograf.com\/wp-content\/uploads\/2020\/01\/Agpgoraf-Impressors-logo.png","contentUrl":"https:\/\/www.agpograf.com\/wp-content\/uploads\/2020\/01\/Agpgoraf-Impressors-logo.png","width":601,"height":477,"caption":"Agpograf Impressors"},"image":{"@id":"https:\/\/agpograf.com\/fr\/#\/schema\/logo\/image\/"},"sameAs":["https:\/\/www.facebook.com\/Agpograf","https:\/\/www.instagram.com\/agpograf_impressors\/","https:\/\/www.linkedin.com\/company\/agpograf-impressors\/about\/","https:\/\/www.youtube.com\/channel\/UC1vXUlhI2NeafCFLhfnrQXw","https:\/\/www.behance.net\/agpografimpressors"]}]}},"_links":{"self":[{"href":"https:\/\/agpograf.com\/fr\/wp-json\/wp\/v2\/portfolio_page\/30145","targetHints":{"allow":["GET"]}}],"collection":[{"href":"https:\/\/agpograf.com\/fr\/wp-json\/wp\/v2\/portfolio_page"}],"about":[{"href":"https:\/\/agpograf.com\/fr\/wp-json\/wp\/v2\/types\/portfolio_page"}],"author":[{"embeddable":true,"href":"https:\/\/agpograf.com\/fr\/wp-json\/wp\/v2\/users\/1"}],"replies":[{"embeddable":true,"href":"https:\/\/agpograf.com\/fr\/wp-json\/wp\/v2\/comments?post=30145"}],"wp:featuredmedia":[{"embeddable":true,"href":"https:\/\/agpograf.com\/fr\/wp-json\/wp\/v2\/media\/30142"}],"wp:attachment":[{"href":"https:\/\/agpograf.com\/fr\/wp-json\/wp\/v2\/media?parent=30145"}],"wp:term":[{"taxonomy":"portfolio_category","embeddable":true,"href":"https:\/\/agpograf.com\/fr\/wp-json\/wp\/v2\/portfolio_category?post=30145"},{"taxonomy":"portfolio_tag","embeddable":true,"href":"https:\/\/agpograf.com\/fr\/wp-json\/wp\/v2\/portfolio_tag?post=30145"}],"curies":[{"name":"wp","href":"https:\/\/api.w.org\/{rel}","templated":true}]}}