{"id":29917,"date":"2025-10-14T13:30:24","date_gmt":"2025-10-14T11:30:24","guid":{"rendered":"https:\/\/agpograf.com\/?post_type=portfolio_page&#038;p=29917"},"modified":"2025-11-17T13:48:43","modified_gmt":"2025-11-17T11:48:43","slug":"editorial-archive-2024-mango","status":"publish","type":"portfolio_page","link":"https:\/\/agpograf.com\/fr\/portfolio_page\/editorial-archive-2024-mango\/","title":{"rendered":"Editorial Archive 2024 &#8211; Mango"},"content":{"rendered":"<div class=\"wpb-content-wrapper\"><p>[vc_row css_animation=\u00a0\u00bb\u00a0\u00bb row_type=\u00a0\u00bbrow\u00a0\u00bb use_row_as_full_screen_section=\u00a0\u00bbno\u00a0\u00bb type=\u00a0\u00bbfull_width\u00a0\u00bb angled_section=\u00a0\u00bbno\u00a0\u00bb text_align=\u00a0\u00bbleft\u00a0\u00bb background_image_as_pattern=\u00a0\u00bbwithout_pattern\u00a0\u00bb][vc_column][vc_column_text]<\/p>\n<h2><strong>Editorial Archive 2024<\/strong><\/h2>\n<p>[\/vc_column_text][vc_empty_space height=\u00a0\u00bb10px\u00a0\u00bb][vc_column_text]<\/p>\n<h3><span style=\"color: #f05b40;\">Mango<\/span><\/h3>\n<p>[\/vc_column_text][vc_empty_space height=\u00a0\u00bb30px\u00a0\u00bb][vc_empty_space height=\u00a0\u00bb20px\u00a0\u00bb][vc_column_text]<\/p>\n<div class=\"wpb_text_column wpb_content_element \">\n<div class=\"wpb_wrapper\">\n<div class=\"wpb_text_column wpb_content_element \">\n<div class=\"wpb_wrapper\">\n<div class=\"wpb_text_column wpb_content_element \">\n<div class=\"wpb_wrapper\">\n<p><strong>Mango<\/strong> est une marque de mode catalane qui, depuis son si\u00e8ge \u00e0 Barcelone, g\u00e8re la conception, la production et la distribution mondiale de ses collections. L\u2019ann\u00e9e 2024 a \u00e9t\u00e9 d\u00e9terminante pour la marque. En plus de ses succ\u00e8s commerciaux, elle a consolid\u00e9 une image plus sophistiqu\u00e9e et contemporaine que jamais.<\/p>\n<p>&nbsp;<\/p>\n<p>Le catalogue <strong><em>Editorial Archive 2024<\/em><\/strong> a \u00e9t\u00e9 con\u00e7u par <strong>Mariana Mart\u00edn<\/strong>, directrice cr\u00e9ative du d\u00e9partement image de Mango. Parmi le mat\u00e9riel visuel figurent des campagnes mettant en sc\u00e8ne <strong>Victoria Beckham<\/strong> et <strong>Mica Arga\u00f1araz<\/strong>, photographi\u00e9es par <strong>David Sims<\/strong> et <strong>Tim El Ka\u00efm<\/strong>.<\/p>\n<p>&nbsp;<\/p>\n<p>La publication dispose d\u2019une couverture singuli\u00e8re, doubl\u00e9e de Brillianta Calandr\u00e9 de <strong>Van Heek Textiles<\/strong> et finie avec un <strong>relief \u00e0 sec<\/strong> et un <strong>stamping noir.<\/strong> L\u2019int\u00e9rieur alterne des feuilles de Magno Satin de <strong>Sappi Papers<\/strong> avec des feuilles de Materica Terra Rossa de <strong>Fedrigoni Paper<\/strong>, papier \u00e9galement utilis\u00e9 pour les <strong>gardes<\/strong>. Pour obtenir la plus haute fid\u00e9lit\u00e9 dans la reproduction des images, la technologie d\u2019<strong>impression<\/strong> <strong>LED UV offset<\/strong> est utilis\u00e9e. Le livre est reli\u00e9 en <strong>r\u00fastique cousue<\/strong> avec <strong>couverture rigide<\/strong>, dos droit, <strong>t\u00eates de cahier<\/strong> et <strong>ruban marque-page<\/strong>.<\/p>\n<p>[\/vc_column_text][vc_empty_space height=\u00a0\u00bb40px\u00a0\u00bb][\/vc_column][\/vc_row][vc_row css_animation=\u00a0\u00bb\u00a0\u00bb row_type=\u00a0\u00bbrow\u00a0\u00bb use_row_as_full_screen_section=\u00a0\u00bbno\u00a0\u00bb type=\u00a0\u00bbfull_width\u00a0\u00bb angled_section=\u00a0\u00bbno\u00a0\u00bb text_align=\u00a0\u00bbleft\u00a0\u00bb background_image_as_pattern=\u00a0\u00bbwithout_pattern\u00a0\u00bb][vc_column][vc_empty_space height=\u00a0\u00bb20px\u00a0\u00bb][vc_column_text]<strong>Sp\u00e9cifications<\/strong>[\/vc_column_text][\/vc_column][\/vc_row][vc_row css_animation=\u00a0\u00bb\u00a0\u00bb row_type=\u00a0\u00bbrow\u00a0\u00bb use_row_as_full_screen_section=\u00a0\u00bbno\u00a0\u00bb type=\u00a0\u00bbfull_width\u00a0\u00bb angled_section=\u00a0\u00bbno\u00a0\u00bb text_align=\u00a0\u00bbleft\u00a0\u00bb background_image_as_pattern=\u00a0\u00bbwithout_pattern\u00a0\u00bb][vc_column][vc_empty_space height=\u00a0\u00bb20px\u00a0\u00bb][vc_column_text]<strong>Format<\/strong><\/p>\n<p>24,8 x 32,6 cm<\/p>\n<p>&nbsp;<\/p>\n<p><strong>Papier<\/strong><\/p>\n<p>Doublure de couverture : Brillianta Calandr\u00e9 115 g de <strong>Van Heek Textiles<\/strong><\/p>\n<p>Gardes : Materica Terra Rossa 180 g de <strong>Fedrigoni Paper<\/strong><\/p>\n<p>Int\u00e9rieur (212 pages) : Magno Satin 150 g de <strong>Sappi Papers<\/strong><\/p>\n<p>Int\u00e9rieur (10 pages) : Materica Terra Rossa 120 g de <strong>Fedrigoni Paper<\/strong><\/p>\n<p>&nbsp;<\/p>\n<p><strong>Impression<\/strong><\/p>\n<p>LED UV offset<\/p>\n<p>&nbsp;<\/p>\n<p><strong>Reliure<\/strong><\/p>\n<p>R\u00fastique cousue avec couverture rigide, dos droit, t\u00eates de cahier et ruban marque-page<\/p>\n<p>&nbsp;<\/p>\n<p><strong>Finitions<\/strong><\/p>\n<p>Relief \u00e0 sec et stamping noir sur la couverture<\/p>\n<\/div>\n<div class=\"wpb_wrapper\">\n<p>[\/vc_column_text][\/vc_column][\/vc_row][vc_row css_animation=\u00a0\u00bb\u00a0\u00bb row_type=\u00a0\u00bbrow\u00a0\u00bb use_row_as_full_screen_section=\u00a0\u00bbno\u00a0\u00bb type=\u00a0\u00bbfull_width\u00a0\u00bb angled_section=\u00a0\u00bbno\u00a0\u00bb text_align=\u00a0\u00bbleft\u00a0\u00bb background_image_as_pattern=\u00a0\u00bbwithout_pattern\u00a0\u00bb][vc_column][vc_empty_space height=\u00a0\u00bb50px\u00a0\u00bb][\/vc_column][\/vc_row]<\/p>\n<\/div>\n<\/div>\n<\/div>\n<\/div>\n<\/div>\n<\/div>\n<\/div>","protected":false},"excerpt":{"rendered":"<p>Le catalogue Editorial Archive 2024 a \u00e9t\u00e9 con\u00e7u par Mariana Mart\u00edn, directrice cr\u00e9ative du d\u00e9partement image de Mango. Parmi le mat\u00e9riel visuel figurent des campagnes mettant en sc\u00e8ne Victoria Beckham et Mica Arga\u00f1araz, photographi\u00e9es par David Sims et Tim El Ka\u00efm.<\/p>\n","protected":false},"author":1,"featured_media":29914,"menu_order":58,"comment_status":"closed","ping_status":"closed","template":"","portfolio_category":[751],"portfolio_tag":[971,911,862,774,776,759,760],"class_list":["post-29917","portfolio_page","type-portfolio_page","status-publish","has-post-thumbnail","hentry","portfolio_category-catalogue-corporatif","portfolio_tag-cinta-de-punt-fr","portfolio_tag-tapa-dura-fr","portfolio_tag-capcades-fr","portfolio_tag-rustica-cosida-fr","portfolio_tag-estampacio-fr","portfolio_tag-relleu-sec-fr","portfolio_tag-led-uv-fr-2"],"yoast_head":"<!-- This site is optimized with the Yoast SEO plugin v27.4 - https:\/\/yoast.com\/product\/yoast-seo-wordpress\/ -->\n<title>Editorial Archive 2024 - Mango &#8211; Agpograf Impressors<\/title>\n<meta name=\"description\" content=\"Le catalogue Editorial Archive 2024 a \u00e9t\u00e9 con\u00e7u par Mariana Mart\u00edn, directrice cr\u00e9ative du d\u00e9partement image de Mango. Parmi le mat\u00e9riel visuel figurent des campagnes mettant en sc\u00e8ne Victoria Beckham et Mica Arga\u00f1araz, photographi\u00e9es par David Sims et Tim El Ka\u00efm. Le catalogue Editorial Archive 2024 a \u00e9t\u00e9 con\u00e7u par Mariana Mart\u00edn, directrice cr\u00e9ative du d\u00e9partement image de Mango. Parmi le mat\u00e9riel visuel figurent des campagnes mettant en sc\u00e8ne Victoria Beckham et Mica Arga\u00f1araz, photographi\u00e9es par David Sims et Tim El Ka\u00efm.\" \/>\n<meta name=\"robots\" content=\"index, follow, max-snippet:-1, max-image-preview:large, max-video-preview:-1\" \/>\n<link rel=\"canonical\" href=\"https:\/\/agpograf.com\/fr\/portfolio_page\/editorial-archive-2024-mango\/\" \/>\n<meta property=\"og:locale\" content=\"fr_FR\" \/>\n<meta property=\"og:type\" content=\"article\" \/>\n<meta property=\"og:title\" content=\"Editorial Archive 2024 - Mango &#8211; Agpograf Impressors\" \/>\n<meta property=\"og:description\" content=\"Le catalogue Editorial Archive 2024 a \u00e9t\u00e9 con\u00e7u par Mariana Mart\u00edn, directrice cr\u00e9ative du d\u00e9partement image de Mango. Parmi le mat\u00e9riel visuel figurent des campagnes mettant en sc\u00e8ne Victoria Beckham et Mica Arga\u00f1araz, photographi\u00e9es par David Sims et Tim El Ka\u00efm. Le catalogue Editorial Archive 2024 a \u00e9t\u00e9 con\u00e7u par Mariana Mart\u00edn, directrice cr\u00e9ative du d\u00e9partement image de Mango. Parmi le mat\u00e9riel visuel figurent des campagnes mettant en sc\u00e8ne Victoria Beckham et Mica Arga\u00f1araz, photographi\u00e9es par David Sims et Tim El Ka\u00efm.\" \/>\n<meta property=\"og:url\" content=\"https:\/\/agpograf.com\/fr\/portfolio_page\/editorial-archive-2024-mango\/\" \/>\n<meta property=\"og:site_name\" content=\"Agpograf Impressors\" \/>\n<meta property=\"article:publisher\" content=\"https:\/\/www.facebook.com\/Agpograf\" \/>\n<meta property=\"article:modified_time\" content=\"2025-11-17T11:48:43+00:00\" \/>\n<meta property=\"og:image\" content=\"https:\/\/agpograf.com\/wp-content\/uploads\/2025\/10\/Mango-catalog-editorial-archive-2024_1000x1000.jpg\" \/>\n\t<meta property=\"og:image:width\" content=\"1000\" \/>\n\t<meta property=\"og:image:height\" content=\"1000\" \/>\n\t<meta property=\"og:image:type\" content=\"image\/jpeg\" \/>\n<meta name=\"twitter:card\" content=\"summary_large_image\" \/>\n<meta name=\"twitter:label1\" content=\"Dur\u00e9e de lecture estim\u00e9e\" \/>\n\t<meta name=\"twitter:data1\" content=\"2 minutes\" \/>\n<script type=\"application\/ld+json\" class=\"yoast-schema-graph\">{\"@context\":\"https:\\\/\\\/schema.org\",\"@graph\":[{\"@type\":\"WebPage\",\"@id\":\"https:\\\/\\\/agpograf.com\\\/fr\\\/portfolio_page\\\/editorial-archive-2024-mango\\\/\",\"url\":\"https:\\\/\\\/agpograf.com\\\/fr\\\/portfolio_page\\\/editorial-archive-2024-mango\\\/\",\"name\":\"Editorial Archive 2024 - Mango &#8211; Agpograf Impressors\",\"isPartOf\":{\"@id\":\"https:\\\/\\\/agpograf.com\\\/fr\\\/#website\"},\"primaryImageOfPage\":{\"@id\":\"https:\\\/\\\/agpograf.com\\\/fr\\\/portfolio_page\\\/editorial-archive-2024-mango\\\/#primaryimage\"},\"image\":{\"@id\":\"https:\\\/\\\/agpograf.com\\\/fr\\\/portfolio_page\\\/editorial-archive-2024-mango\\\/#primaryimage\"},\"thumbnailUrl\":\"https:\\\/\\\/agpograf.com\\\/wp-content\\\/uploads\\\/2025\\\/10\\\/Mango-catalog-editorial-archive-2024_1000x1000.jpg\",\"datePublished\":\"2025-10-14T11:30:24+00:00\",\"dateModified\":\"2025-11-17T11:48:43+00:00\",\"description\":\"Le catalogue Editorial Archive 2024 a \u00e9t\u00e9 con\u00e7u par Mariana Mart\u00edn, directrice cr\u00e9ative du d\u00e9partement image de Mango. Parmi le mat\u00e9riel visuel figurent des campagnes mettant en sc\u00e8ne Victoria Beckham et Mica Arga\u00f1araz, photographi\u00e9es par David Sims et Tim El Ka\u00efm. Le catalogue Editorial Archive 2024 a \u00e9t\u00e9 con\u00e7u par Mariana Mart\u00edn, directrice cr\u00e9ative du d\u00e9partement image de Mango. Parmi le mat\u00e9riel visuel figurent des campagnes mettant en sc\u00e8ne Victoria Beckham et Mica Arga\u00f1araz, photographi\u00e9es par David Sims et Tim El Ka\u00efm.\",\"breadcrumb\":{\"@id\":\"https:\\\/\\\/agpograf.com\\\/fr\\\/portfolio_page\\\/editorial-archive-2024-mango\\\/#breadcrumb\"},\"inLanguage\":\"fr-FR\",\"potentialAction\":[{\"@type\":\"ReadAction\",\"target\":[\"https:\\\/\\\/agpograf.com\\\/fr\\\/portfolio_page\\\/editorial-archive-2024-mango\\\/\"]}]},{\"@type\":\"ImageObject\",\"inLanguage\":\"fr-FR\",\"@id\":\"https:\\\/\\\/agpograf.com\\\/fr\\\/portfolio_page\\\/editorial-archive-2024-mango\\\/#primaryimage\",\"url\":\"https:\\\/\\\/agpograf.com\\\/wp-content\\\/uploads\\\/2025\\\/10\\\/Mango-catalog-editorial-archive-2024_1000x1000.jpg\",\"contentUrl\":\"https:\\\/\\\/agpograf.com\\\/wp-content\\\/uploads\\\/2025\\\/10\\\/Mango-catalog-editorial-archive-2024_1000x1000.jpg\",\"width\":1000,\"height\":1000,\"caption\":\"Mango cat\u00e1log editorial archive 2024\"},{\"@type\":\"BreadcrumbList\",\"@id\":\"https:\\\/\\\/agpograf.com\\\/fr\\\/portfolio_page\\\/editorial-archive-2024-mango\\\/#breadcrumb\",\"itemListElement\":[{\"@type\":\"ListItem\",\"position\":1,\"name\":\"Inici\",\"item\":\"https:\\\/\\\/agpograf.com\\\/fr\\\/\"},{\"@type\":\"ListItem\",\"position\":2,\"name\":\"Portfolio\",\"item\":\"https:\\\/\\\/agpograf.com\\\/fr\\\/portfolio_page\\\/\"},{\"@type\":\"ListItem\",\"position\":3,\"name\":\"Editorial Archive 2024 &#8211; Mango\"}]},{\"@type\":\"WebSite\",\"@id\":\"https:\\\/\\\/agpograf.com\\\/fr\\\/#website\",\"url\":\"https:\\\/\\\/agpograf.com\\\/fr\\\/\",\"name\":\"Agpograf Impressors\",\"description\":\"Printing your dreams\",\"publisher\":{\"@id\":\"https:\\\/\\\/agpograf.com\\\/fr\\\/#organization\"},\"potentialAction\":[{\"@type\":\"SearchAction\",\"target\":{\"@type\":\"EntryPoint\",\"urlTemplate\":\"https:\\\/\\\/agpograf.com\\\/fr\\\/?s={search_term_string}\"},\"query-input\":{\"@type\":\"PropertyValueSpecification\",\"valueRequired\":true,\"valueName\":\"search_term_string\"}}],\"inLanguage\":\"fr-FR\"},{\"@type\":\"Organization\",\"@id\":\"https:\\\/\\\/agpograf.com\\\/fr\\\/#organization\",\"name\":\"Agpograf Impressors\",\"url\":\"https:\\\/\\\/agpograf.com\\\/fr\\\/\",\"logo\":{\"@type\":\"ImageObject\",\"inLanguage\":\"fr-FR\",\"@id\":\"https:\\\/\\\/agpograf.com\\\/fr\\\/#\\\/schema\\\/logo\\\/image\\\/\",\"url\":\"https:\\\/\\\/www.agpograf.com\\\/wp-content\\\/uploads\\\/2020\\\/01\\\/Agpgoraf-Impressors-logo.png\",\"contentUrl\":\"https:\\\/\\\/www.agpograf.com\\\/wp-content\\\/uploads\\\/2020\\\/01\\\/Agpgoraf-Impressors-logo.png\",\"width\":601,\"height\":477,\"caption\":\"Agpograf Impressors\"},\"image\":{\"@id\":\"https:\\\/\\\/agpograf.com\\\/fr\\\/#\\\/schema\\\/logo\\\/image\\\/\"},\"sameAs\":[\"https:\\\/\\\/www.facebook.com\\\/Agpograf\",\"https:\\\/\\\/www.instagram.com\\\/agpograf_impressors\\\/\",\"https:\\\/\\\/www.linkedin.com\\\/company\\\/agpograf-impressors\\\/about\\\/\",\"https:\\\/\\\/www.youtube.com\\\/channel\\\/UC1vXUlhI2NeafCFLhfnrQXw\",\"https:\\\/\\\/www.behance.net\\\/agpografimpressors\"]}]}<\/script>\n<!-- \/ Yoast SEO plugin. -->","yoast_head_json":{"title":"Editorial Archive 2024 - Mango &#8211; Agpograf Impressors","description":"Le catalogue Editorial Archive 2024 a \u00e9t\u00e9 con\u00e7u par Mariana Mart\u00edn, directrice cr\u00e9ative du d\u00e9partement image de Mango. Parmi le mat\u00e9riel visuel figurent des campagnes mettant en sc\u00e8ne Victoria Beckham et Mica Arga\u00f1araz, photographi\u00e9es par David Sims et Tim El Ka\u00efm. Le catalogue Editorial Archive 2024 a \u00e9t\u00e9 con\u00e7u par Mariana Mart\u00edn, directrice cr\u00e9ative du d\u00e9partement image de Mango. Parmi le mat\u00e9riel visuel figurent des campagnes mettant en sc\u00e8ne Victoria Beckham et Mica Arga\u00f1araz, photographi\u00e9es par David Sims et Tim El Ka\u00efm.","robots":{"index":"index","follow":"follow","max-snippet":"max-snippet:-1","max-image-preview":"max-image-preview:large","max-video-preview":"max-video-preview:-1"},"canonical":"https:\/\/agpograf.com\/fr\/portfolio_page\/editorial-archive-2024-mango\/","og_locale":"fr_FR","og_type":"article","og_title":"Editorial Archive 2024 - Mango &#8211; Agpograf Impressors","og_description":"Le catalogue Editorial Archive 2024 a \u00e9t\u00e9 con\u00e7u par Mariana Mart\u00edn, directrice cr\u00e9ative du d\u00e9partement image de Mango. Parmi le mat\u00e9riel visuel figurent des campagnes mettant en sc\u00e8ne Victoria Beckham et Mica Arga\u00f1araz, photographi\u00e9es par David Sims et Tim El Ka\u00efm. Le catalogue Editorial Archive 2024 a \u00e9t\u00e9 con\u00e7u par Mariana Mart\u00edn, directrice cr\u00e9ative du d\u00e9partement image de Mango. Parmi le mat\u00e9riel visuel figurent des campagnes mettant en sc\u00e8ne Victoria Beckham et Mica Arga\u00f1araz, photographi\u00e9es par David Sims et Tim El Ka\u00efm.","og_url":"https:\/\/agpograf.com\/fr\/portfolio_page\/editorial-archive-2024-mango\/","og_site_name":"Agpograf Impressors","article_publisher":"https:\/\/www.facebook.com\/Agpograf","article_modified_time":"2025-11-17T11:48:43+00:00","og_image":[{"width":1000,"height":1000,"url":"https:\/\/agpograf.com\/wp-content\/uploads\/2025\/10\/Mango-catalog-editorial-archive-2024_1000x1000.jpg","type":"image\/jpeg"}],"twitter_card":"summary_large_image","twitter_misc":{"Dur\u00e9e de lecture estim\u00e9e":"2 minutes"},"schema":{"@context":"https:\/\/schema.org","@graph":[{"@type":"WebPage","@id":"https:\/\/agpograf.com\/fr\/portfolio_page\/editorial-archive-2024-mango\/","url":"https:\/\/agpograf.com\/fr\/portfolio_page\/editorial-archive-2024-mango\/","name":"Editorial Archive 2024 - Mango &#8211; Agpograf Impressors","isPartOf":{"@id":"https:\/\/agpograf.com\/fr\/#website"},"primaryImageOfPage":{"@id":"https:\/\/agpograf.com\/fr\/portfolio_page\/editorial-archive-2024-mango\/#primaryimage"},"image":{"@id":"https:\/\/agpograf.com\/fr\/portfolio_page\/editorial-archive-2024-mango\/#primaryimage"},"thumbnailUrl":"https:\/\/agpograf.com\/wp-content\/uploads\/2025\/10\/Mango-catalog-editorial-archive-2024_1000x1000.jpg","datePublished":"2025-10-14T11:30:24+00:00","dateModified":"2025-11-17T11:48:43+00:00","description":"Le catalogue Editorial Archive 2024 a \u00e9t\u00e9 con\u00e7u par Mariana Mart\u00edn, directrice cr\u00e9ative du d\u00e9partement image de Mango. Parmi le mat\u00e9riel visuel figurent des campagnes mettant en sc\u00e8ne Victoria Beckham et Mica Arga\u00f1araz, photographi\u00e9es par David Sims et Tim El Ka\u00efm. Le catalogue Editorial Archive 2024 a \u00e9t\u00e9 con\u00e7u par Mariana Mart\u00edn, directrice cr\u00e9ative du d\u00e9partement image de Mango. Parmi le mat\u00e9riel visuel figurent des campagnes mettant en sc\u00e8ne Victoria Beckham et Mica Arga\u00f1araz, photographi\u00e9es par David Sims et Tim El Ka\u00efm.","breadcrumb":{"@id":"https:\/\/agpograf.com\/fr\/portfolio_page\/editorial-archive-2024-mango\/#breadcrumb"},"inLanguage":"fr-FR","potentialAction":[{"@type":"ReadAction","target":["https:\/\/agpograf.com\/fr\/portfolio_page\/editorial-archive-2024-mango\/"]}]},{"@type":"ImageObject","inLanguage":"fr-FR","@id":"https:\/\/agpograf.com\/fr\/portfolio_page\/editorial-archive-2024-mango\/#primaryimage","url":"https:\/\/agpograf.com\/wp-content\/uploads\/2025\/10\/Mango-catalog-editorial-archive-2024_1000x1000.jpg","contentUrl":"https:\/\/agpograf.com\/wp-content\/uploads\/2025\/10\/Mango-catalog-editorial-archive-2024_1000x1000.jpg","width":1000,"height":1000,"caption":"Mango cat\u00e1log editorial archive 2024"},{"@type":"BreadcrumbList","@id":"https:\/\/agpograf.com\/fr\/portfolio_page\/editorial-archive-2024-mango\/#breadcrumb","itemListElement":[{"@type":"ListItem","position":1,"name":"Inici","item":"https:\/\/agpograf.com\/fr\/"},{"@type":"ListItem","position":2,"name":"Portfolio","item":"https:\/\/agpograf.com\/fr\/portfolio_page\/"},{"@type":"ListItem","position":3,"name":"Editorial Archive 2024 &#8211; Mango"}]},{"@type":"WebSite","@id":"https:\/\/agpograf.com\/fr\/#website","url":"https:\/\/agpograf.com\/fr\/","name":"Agpograf Impressors","description":"Printing your dreams","publisher":{"@id":"https:\/\/agpograf.com\/fr\/#organization"},"potentialAction":[{"@type":"SearchAction","target":{"@type":"EntryPoint","urlTemplate":"https:\/\/agpograf.com\/fr\/?s={search_term_string}"},"query-input":{"@type":"PropertyValueSpecification","valueRequired":true,"valueName":"search_term_string"}}],"inLanguage":"fr-FR"},{"@type":"Organization","@id":"https:\/\/agpograf.com\/fr\/#organization","name":"Agpograf Impressors","url":"https:\/\/agpograf.com\/fr\/","logo":{"@type":"ImageObject","inLanguage":"fr-FR","@id":"https:\/\/agpograf.com\/fr\/#\/schema\/logo\/image\/","url":"https:\/\/www.agpograf.com\/wp-content\/uploads\/2020\/01\/Agpgoraf-Impressors-logo.png","contentUrl":"https:\/\/www.agpograf.com\/wp-content\/uploads\/2020\/01\/Agpgoraf-Impressors-logo.png","width":601,"height":477,"caption":"Agpograf Impressors"},"image":{"@id":"https:\/\/agpograf.com\/fr\/#\/schema\/logo\/image\/"},"sameAs":["https:\/\/www.facebook.com\/Agpograf","https:\/\/www.instagram.com\/agpograf_impressors\/","https:\/\/www.linkedin.com\/company\/agpograf-impressors\/about\/","https:\/\/www.youtube.com\/channel\/UC1vXUlhI2NeafCFLhfnrQXw","https:\/\/www.behance.net\/agpografimpressors"]}]}},"_links":{"self":[{"href":"https:\/\/agpograf.com\/fr\/wp-json\/wp\/v2\/portfolio_page\/29917","targetHints":{"allow":["GET"]}}],"collection":[{"href":"https:\/\/agpograf.com\/fr\/wp-json\/wp\/v2\/portfolio_page"}],"about":[{"href":"https:\/\/agpograf.com\/fr\/wp-json\/wp\/v2\/types\/portfolio_page"}],"author":[{"embeddable":true,"href":"https:\/\/agpograf.com\/fr\/wp-json\/wp\/v2\/users\/1"}],"replies":[{"embeddable":true,"href":"https:\/\/agpograf.com\/fr\/wp-json\/wp\/v2\/comments?post=29917"}],"wp:featuredmedia":[{"embeddable":true,"href":"https:\/\/agpograf.com\/fr\/wp-json\/wp\/v2\/media\/29914"}],"wp:attachment":[{"href":"https:\/\/agpograf.com\/fr\/wp-json\/wp\/v2\/media?parent=29917"}],"wp:term":[{"taxonomy":"portfolio_category","embeddable":true,"href":"https:\/\/agpograf.com\/fr\/wp-json\/wp\/v2\/portfolio_category?post=29917"},{"taxonomy":"portfolio_tag","embeddable":true,"href":"https:\/\/agpograf.com\/fr\/wp-json\/wp\/v2\/portfolio_tag?post=29917"}],"curies":[{"name":"wp","href":"https:\/\/api.w.org\/{rel}","templated":true}]}}