{"id":29168,"date":"2025-09-16T14:00:42","date_gmt":"2025-09-16T12:00:42","guid":{"rendered":"https:\/\/agpograf.com\/?post_type=portfolio_page&#038;p=29168"},"modified":"2025-09-16T13:59:09","modified_gmt":"2025-09-16T11:59:09","slug":"helene-delprat-fundacio-museu-picasso-barcelona","status":"publish","type":"portfolio_page","link":"https:\/\/agpograf.com\/fr\/portfolio_page\/helene-delprat-fundacio-museu-picasso-barcelona\/","title":{"rendered":"H\u00e9l\u00e8ne Delprat &#8211; Fondation Mus\u00e9e Picasso Barcelona"},"content":{"rendered":"<div class=\"wpb-content-wrapper\"><p>[vc_row css_animation=\u00a0\u00bb\u00a0\u00bb row_type=\u00a0\u00bbrow\u00a0\u00bb use_row_as_full_screen_section=\u00a0\u00bbno\u00a0\u00bb type=\u00a0\u00bbfull_width\u00a0\u00bb angled_section=\u00a0\u00bbno\u00a0\u00bb text_align=\u00a0\u00bbleft\u00a0\u00bb background_image_as_pattern=\u00a0\u00bbwithout_pattern\u00a0\u00bb][vc_column][vc_column_text]<\/p>\n<h2><strong>H\u00e9l\u00e8ne Delprat<\/strong><\/h2>\n<p>[\/vc_column_text][vc_empty_space height=\u00a0\u00bb10px\u00a0\u00bb][vc_column_text]<\/p>\n<h3><span style=\"color: #f05b40;\">Fondation Mus\u00e9e Picasso Barcelone<\/span><\/h3>\n<p>[\/vc_column_text][vc_empty_space height=\u00a0\u00bb30px\u00a0\u00bb][vc_empty_space height=\u00a0\u00bb20px\u00a0\u00bb][vc_column_text]<\/p>\n<div class=\"wpb_text_column wpb_content_element \">\n<div class=\"wpb_wrapper\">\n<div class=\"wpb_text_column wpb_content_element \">\n<div class=\"wpb_wrapper\">\n<div class=\"wpb_text_column wpb_content_element \">\n<div class=\"wpb_wrapper\">\n<p>L\u2019artiste fran\u00e7aise <strong>H\u00e9l\u00e8ne Delprat<\/strong> a pr\u00e9sent\u00e9 <strong><em>Le Souvenir des Batailles Perdues<\/em><\/strong> au <strong>Mus\u00e9e Picasso de Barcelone<\/strong>, dans une exposition qui combine peinture, sculpture, installation, vid\u00e9o et collage pour explorer les th\u00e8mes de la m\u00e9moire, de l\u2019identit\u00e9 et de la guerre.<\/p>\n<p>&nbsp;<\/p>\n<p>La publication \u00e9dit\u00e9e par la <strong>Fondation Mus\u00e9e Picasso<\/strong> accompagne l\u2019exposition, r\u00e9unissant les \u0153uvres pr\u00e9sent\u00e9es, des textes qui expliquent les intentions de l\u2019artiste et les r\u00e9flexions g\u00e9n\u00e9r\u00e9es par le projet d\u2019exposition. La conception du livre a \u00e9t\u00e9 r\u00e9alis\u00e9e par le <strong>Studio Albert Romagosa<\/strong>.<\/p>\n<p>&nbsp;<\/p>\n<p>Le <strong>livre souple<\/strong> a \u00e9t\u00e9 imprim\u00e9 avec la technologie <strong>offset LED UV<\/strong> et reli\u00e9 en <strong>Otabind<\/strong> avec une couverture \u00e0 <strong>rabats complets<\/strong>. La couverture en Colorplan Ebony pr\u00e9sente une <strong>s\u00e9rigraphie<\/strong> avec un <strong>Pantone<\/strong> sur les deux faces et le dos, o\u00f9 la complexit\u00e9 a \u00e9t\u00e9 accrue en raison des dimensions r\u00e9duites du logo. Les 188 pages int\u00e9rieures sont en papier Munken Print White de <strong>Munken Paper (Arctic Paper)<\/strong>. Deux mod\u00e8les du volume ont \u00e9t\u00e9 produits : un en catalan\/anglais avec un tirage de 500 exemplaires, et un autre en espagnol\/fran\u00e7ais \u00e9galement de 500 exemplaires.<\/p>\n<p>[\/vc_column_text][vc_empty_space height=\u00a0\u00bb40px\u00a0\u00bb][\/vc_column][\/vc_row][vc_row css_animation=\u00a0\u00bb\u00a0\u00bb row_type=\u00a0\u00bbrow\u00a0\u00bb use_row_as_full_screen_section=\u00a0\u00bbno\u00a0\u00bb type=\u00a0\u00bbfull_width\u00a0\u00bb angled_section=\u00a0\u00bbno\u00a0\u00bb text_align=\u00a0\u00bbleft\u00a0\u00bb background_image_as_pattern=\u00a0\u00bbwithout_pattern\u00a0\u00bb][vc_column][vc_empty_space height=\u00a0\u00bb20px\u00a0\u00bb][vc_column_text]<strong>Sp\u00e9cifications<\/strong>[\/vc_column_text][\/vc_column][\/vc_row][vc_row css_animation=\u00a0\u00bb\u00a0\u00bb row_type=\u00a0\u00bbrow\u00a0\u00bb use_row_as_full_screen_section=\u00a0\u00bbno\u00a0\u00bb type=\u00a0\u00bbfull_width\u00a0\u00bb angled_section=\u00a0\u00bbno\u00a0\u00bb text_align=\u00a0\u00bbleft\u00a0\u00bb background_image_as_pattern=\u00a0\u00bbwithout_pattern\u00a0\u00bb][vc_column][vc_empty_space height=\u00a0\u00bb20px\u00a0\u00bb][vc_column_text]<strong>Format<\/strong><\/p>\n<p>20 x 28 cm<\/p>\n<p>&nbsp;<\/p>\n<p><strong>Papier<\/strong><\/p>\n<p>Couverture : Colorplan Ebony 175 g<\/p>\n<p>Int\u00e9rieur 188 pages : Munken Print White 1.5 90 g de <strong>Arctic Paper<\/strong><\/p>\n<p>&nbsp;<\/p>\n<p><strong>Impression<\/strong><\/p>\n<p>4+4 Offset LED UVI<\/p>\n<p>&nbsp;<\/p>\n<p><strong>Reliure<\/strong><\/p>\n<p>Otabind avec rabats complets<\/p>\n<p>&nbsp;<\/p>\n<p><strong>Finitions<\/strong><\/p>\n<p>S\u00e9rigraphie Pantone sur le dos et les deux faces de la couverture<\/p>\n<\/div>\n<div class=\"wpb_wrapper\">\n<p>[\/vc_column_text][\/vc_column][\/vc_row][vc_row css_animation=\u00a0\u00bb\u00a0\u00bb row_type=\u00a0\u00bbrow\u00a0\u00bb use_row_as_full_screen_section=\u00a0\u00bbno\u00a0\u00bb type=\u00a0\u00bbfull_width\u00a0\u00bb angled_section=\u00a0\u00bbno\u00a0\u00bb text_align=\u00a0\u00bbleft\u00a0\u00bb background_image_as_pattern=\u00a0\u00bbwithout_pattern\u00a0\u00bb][vc_column][vc_empty_space height=\u00a0\u00bb50px\u00a0\u00bb][\/vc_column][\/vc_row]<\/p>\n<\/div>\n<\/div>\n<\/div>\n<\/div>\n<\/div>\n<\/div>\n<\/div>","protected":false},"excerpt":{"rendered":"<p>L\u2019artiste fran\u00e7aise H\u00e9l\u00e8ne Delprat a pr\u00e9sent\u00e9 Le Souvenir des Batailles Perdues au Mus\u00e9e Picasso de Barcelone, dans une exposition qui combine peinture, sculpture, installation, vid\u00e9o et collage pour explorer les th\u00e8mes de la m\u00e9moire, de l\u2019identit\u00e9 et de la guerre.<\/p>\n","protected":false},"author":1,"featured_media":29165,"menu_order":70,"comment_status":"closed","ping_status":"closed","template":"","portfolio_category":[748],"portfolio_tag":[927,822,804,792,760],"class_list":["post-29168","portfolio_page","type-portfolio_page","status-publish","has-post-thumbnail","hentry","portfolio_category-catalogue-dexposition","portfolio_tag-otabind-fr-fr","portfolio_tag-serigrafia-fr","portfolio_tag-solapes-fr","portfolio_tag-tintes-pantone-fr","portfolio_tag-led-uv-fr-2"],"yoast_head":"<!-- This site is optimized with the Yoast SEO plugin v27.4 - https:\/\/yoast.com\/product\/yoast-seo-wordpress\/ -->\n<title>H\u00e9l\u00e8ne Delprat - Fondation Mus\u00e9e Picasso Barcelona &#8211; Agpograf Impressors<\/title>\n<meta name=\"description\" content=\"L\u2019artiste fran\u00e7aise H\u00e9l\u00e8ne Delprat a pr\u00e9sent\u00e9 Le Souvenir des Batailles Perdues au Mus\u00e9e Picasso de Barcelone, dans une exposition qui combine peinture, sculpture, installation, vid\u00e9o et collage pour explorer les th\u00e8mes de la m\u00e9moire, de l\u2019identit\u00e9 et de la guerre. L\u2019artiste fran\u00e7aise H\u00e9l\u00e8ne Delprat a pr\u00e9sent\u00e9 Le Souvenir des Batailles Perdues au Mus\u00e9e Picasso de Barcelone, dans une exposition qui combine peinture, sculpture, installation, vid\u00e9o et collage pour explorer les th\u00e8mes de la m\u00e9moire, de l\u2019identit\u00e9 et de la guerre.\" \/>\n<meta name=\"robots\" content=\"index, follow, max-snippet:-1, max-image-preview:large, max-video-preview:-1\" \/>\n<link rel=\"canonical\" href=\"https:\/\/agpograf.com\/fr\/portfolio_page\/helene-delprat-fundacio-museu-picasso-barcelona\/\" \/>\n<meta property=\"og:locale\" content=\"fr_FR\" \/>\n<meta property=\"og:type\" content=\"article\" \/>\n<meta property=\"og:title\" content=\"H\u00e9l\u00e8ne Delprat - Fondation Mus\u00e9e Picasso Barcelona &#8211; Agpograf Impressors\" \/>\n<meta property=\"og:description\" content=\"L\u2019artiste fran\u00e7aise H\u00e9l\u00e8ne Delprat a pr\u00e9sent\u00e9 Le Souvenir des Batailles Perdues au Mus\u00e9e Picasso de Barcelone, dans une exposition qui combine peinture, sculpture, installation, vid\u00e9o et collage pour explorer les th\u00e8mes de la m\u00e9moire, de l\u2019identit\u00e9 et de la guerre. L\u2019artiste fran\u00e7aise H\u00e9l\u00e8ne Delprat a pr\u00e9sent\u00e9 Le Souvenir des Batailles Perdues au Mus\u00e9e Picasso de Barcelone, dans une exposition qui combine peinture, sculpture, installation, vid\u00e9o et collage pour explorer les th\u00e8mes de la m\u00e9moire, de l\u2019identit\u00e9 et de la guerre.\" \/>\n<meta property=\"og:url\" content=\"https:\/\/agpograf.com\/fr\/portfolio_page\/helene-delprat-fundacio-museu-picasso-barcelona\/\" \/>\n<meta property=\"og:site_name\" content=\"Agpograf Impressors\" \/>\n<meta property=\"article:publisher\" content=\"https:\/\/www.facebook.com\/Agpograf\" \/>\n<meta property=\"og:image\" content=\"https:\/\/agpograf.com\/wp-content\/uploads\/2025\/09\/Fundacio-Museu-Picasso-El-souvenir-de-les-batalles-perdudes_1000x1000.jpg\" \/>\n\t<meta property=\"og:image:width\" content=\"1000\" \/>\n\t<meta property=\"og:image:height\" content=\"1000\" \/>\n\t<meta property=\"og:image:type\" content=\"image\/jpeg\" \/>\n<meta name=\"twitter:card\" content=\"summary_large_image\" \/>\n<meta name=\"twitter:label1\" content=\"Dur\u00e9e de lecture estim\u00e9e\" \/>\n\t<meta name=\"twitter:data1\" content=\"2 minutes\" \/>\n<script type=\"application\/ld+json\" class=\"yoast-schema-graph\">{\"@context\":\"https:\\\/\\\/schema.org\",\"@graph\":[{\"@type\":\"WebPage\",\"@id\":\"https:\\\/\\\/agpograf.com\\\/fr\\\/portfolio_page\\\/helene-delprat-fundacio-museu-picasso-barcelona\\\/\",\"url\":\"https:\\\/\\\/agpograf.com\\\/fr\\\/portfolio_page\\\/helene-delprat-fundacio-museu-picasso-barcelona\\\/\",\"name\":\"H\u00e9l\u00e8ne Delprat - Fondation Mus\u00e9e Picasso Barcelona &#8211; Agpograf Impressors\",\"isPartOf\":{\"@id\":\"https:\\\/\\\/agpograf.com\\\/fr\\\/#website\"},\"primaryImageOfPage\":{\"@id\":\"https:\\\/\\\/agpograf.com\\\/fr\\\/portfolio_page\\\/helene-delprat-fundacio-museu-picasso-barcelona\\\/#primaryimage\"},\"image\":{\"@id\":\"https:\\\/\\\/agpograf.com\\\/fr\\\/portfolio_page\\\/helene-delprat-fundacio-museu-picasso-barcelona\\\/#primaryimage\"},\"thumbnailUrl\":\"https:\\\/\\\/agpograf.com\\\/wp-content\\\/uploads\\\/2025\\\/09\\\/Fundacio-Museu-Picasso-El-souvenir-de-les-batalles-perdudes_1000x1000.jpg\",\"datePublished\":\"2025-09-16T12:00:42+00:00\",\"description\":\"L\u2019artiste fran\u00e7aise H\u00e9l\u00e8ne Delprat a pr\u00e9sent\u00e9 Le Souvenir des Batailles Perdues au Mus\u00e9e Picasso de Barcelone, dans une exposition qui combine peinture, sculpture, installation, vid\u00e9o et collage pour explorer les th\u00e8mes de la m\u00e9moire, de l\u2019identit\u00e9 et de la guerre. L\u2019artiste fran\u00e7aise H\u00e9l\u00e8ne Delprat a pr\u00e9sent\u00e9 Le Souvenir des Batailles Perdues au Mus\u00e9e Picasso de Barcelone, dans une exposition qui combine peinture, sculpture, installation, vid\u00e9o et collage pour explorer les th\u00e8mes de la m\u00e9moire, de l\u2019identit\u00e9 et de la guerre.\",\"breadcrumb\":{\"@id\":\"https:\\\/\\\/agpograf.com\\\/fr\\\/portfolio_page\\\/helene-delprat-fundacio-museu-picasso-barcelona\\\/#breadcrumb\"},\"inLanguage\":\"fr-FR\",\"potentialAction\":[{\"@type\":\"ReadAction\",\"target\":[\"https:\\\/\\\/agpograf.com\\\/fr\\\/portfolio_page\\\/helene-delprat-fundacio-museu-picasso-barcelona\\\/\"]}]},{\"@type\":\"ImageObject\",\"inLanguage\":\"fr-FR\",\"@id\":\"https:\\\/\\\/agpograf.com\\\/fr\\\/portfolio_page\\\/helene-delprat-fundacio-museu-picasso-barcelona\\\/#primaryimage\",\"url\":\"https:\\\/\\\/agpograf.com\\\/wp-content\\\/uploads\\\/2025\\\/09\\\/Fundacio-Museu-Picasso-El-souvenir-de-les-batalles-perdudes_1000x1000.jpg\",\"contentUrl\":\"https:\\\/\\\/agpograf.com\\\/wp-content\\\/uploads\\\/2025\\\/09\\\/Fundacio-Museu-Picasso-El-souvenir-de-les-batalles-perdudes_1000x1000.jpg\",\"width\":1000,\"height\":1000,\"caption\":\"Fundacio Museu Picasso Helene Delprat El souvenir de les batalles perdudes\"},{\"@type\":\"BreadcrumbList\",\"@id\":\"https:\\\/\\\/agpograf.com\\\/fr\\\/portfolio_page\\\/helene-delprat-fundacio-museu-picasso-barcelona\\\/#breadcrumb\",\"itemListElement\":[{\"@type\":\"ListItem\",\"position\":1,\"name\":\"Inici\",\"item\":\"https:\\\/\\\/agpograf.com\\\/fr\\\/\"},{\"@type\":\"ListItem\",\"position\":2,\"name\":\"Portfolio\",\"item\":\"https:\\\/\\\/agpograf.com\\\/fr\\\/portfolio_page\\\/\"},{\"@type\":\"ListItem\",\"position\":3,\"name\":\"H\u00e9l\u00e8ne Delprat &#8211; Fondation Mus\u00e9e Picasso Barcelona\"}]},{\"@type\":\"WebSite\",\"@id\":\"https:\\\/\\\/agpograf.com\\\/fr\\\/#website\",\"url\":\"https:\\\/\\\/agpograf.com\\\/fr\\\/\",\"name\":\"Agpograf Impressors\",\"description\":\"Printing your dreams\",\"publisher\":{\"@id\":\"https:\\\/\\\/agpograf.com\\\/fr\\\/#organization\"},\"potentialAction\":[{\"@type\":\"SearchAction\",\"target\":{\"@type\":\"EntryPoint\",\"urlTemplate\":\"https:\\\/\\\/agpograf.com\\\/fr\\\/?s={search_term_string}\"},\"query-input\":{\"@type\":\"PropertyValueSpecification\",\"valueRequired\":true,\"valueName\":\"search_term_string\"}}],\"inLanguage\":\"fr-FR\"},{\"@type\":\"Organization\",\"@id\":\"https:\\\/\\\/agpograf.com\\\/fr\\\/#organization\",\"name\":\"Agpograf Impressors\",\"url\":\"https:\\\/\\\/agpograf.com\\\/fr\\\/\",\"logo\":{\"@type\":\"ImageObject\",\"inLanguage\":\"fr-FR\",\"@id\":\"https:\\\/\\\/agpograf.com\\\/fr\\\/#\\\/schema\\\/logo\\\/image\\\/\",\"url\":\"https:\\\/\\\/www.agpograf.com\\\/wp-content\\\/uploads\\\/2020\\\/01\\\/Agpgoraf-Impressors-logo.png\",\"contentUrl\":\"https:\\\/\\\/www.agpograf.com\\\/wp-content\\\/uploads\\\/2020\\\/01\\\/Agpgoraf-Impressors-logo.png\",\"width\":601,\"height\":477,\"caption\":\"Agpograf Impressors\"},\"image\":{\"@id\":\"https:\\\/\\\/agpograf.com\\\/fr\\\/#\\\/schema\\\/logo\\\/image\\\/\"},\"sameAs\":[\"https:\\\/\\\/www.facebook.com\\\/Agpograf\",\"https:\\\/\\\/www.instagram.com\\\/agpograf_impressors\\\/\",\"https:\\\/\\\/www.linkedin.com\\\/company\\\/agpograf-impressors\\\/about\\\/\",\"https:\\\/\\\/www.youtube.com\\\/channel\\\/UC1vXUlhI2NeafCFLhfnrQXw\",\"https:\\\/\\\/www.behance.net\\\/agpografimpressors\"]}]}<\/script>\n<!-- \/ Yoast SEO plugin. -->","yoast_head_json":{"title":"H\u00e9l\u00e8ne Delprat - Fondation Mus\u00e9e Picasso Barcelona &#8211; Agpograf Impressors","description":"L\u2019artiste fran\u00e7aise H\u00e9l\u00e8ne Delprat a pr\u00e9sent\u00e9 Le Souvenir des Batailles Perdues au Mus\u00e9e Picasso de Barcelone, dans une exposition qui combine peinture, sculpture, installation, vid\u00e9o et collage pour explorer les th\u00e8mes de la m\u00e9moire, de l\u2019identit\u00e9 et de la guerre. L\u2019artiste fran\u00e7aise H\u00e9l\u00e8ne Delprat a pr\u00e9sent\u00e9 Le Souvenir des Batailles Perdues au Mus\u00e9e Picasso de Barcelone, dans une exposition qui combine peinture, sculpture, installation, vid\u00e9o et collage pour explorer les th\u00e8mes de la m\u00e9moire, de l\u2019identit\u00e9 et de la guerre.","robots":{"index":"index","follow":"follow","max-snippet":"max-snippet:-1","max-image-preview":"max-image-preview:large","max-video-preview":"max-video-preview:-1"},"canonical":"https:\/\/agpograf.com\/fr\/portfolio_page\/helene-delprat-fundacio-museu-picasso-barcelona\/","og_locale":"fr_FR","og_type":"article","og_title":"H\u00e9l\u00e8ne Delprat - Fondation Mus\u00e9e Picasso Barcelona &#8211; Agpograf Impressors","og_description":"L\u2019artiste fran\u00e7aise H\u00e9l\u00e8ne Delprat a pr\u00e9sent\u00e9 Le Souvenir des Batailles Perdues au Mus\u00e9e Picasso de Barcelone, dans une exposition qui combine peinture, sculpture, installation, vid\u00e9o et collage pour explorer les th\u00e8mes de la m\u00e9moire, de l\u2019identit\u00e9 et de la guerre. L\u2019artiste fran\u00e7aise H\u00e9l\u00e8ne Delprat a pr\u00e9sent\u00e9 Le Souvenir des Batailles Perdues au Mus\u00e9e Picasso de Barcelone, dans une exposition qui combine peinture, sculpture, installation, vid\u00e9o et collage pour explorer les th\u00e8mes de la m\u00e9moire, de l\u2019identit\u00e9 et de la guerre.","og_url":"https:\/\/agpograf.com\/fr\/portfolio_page\/helene-delprat-fundacio-museu-picasso-barcelona\/","og_site_name":"Agpograf Impressors","article_publisher":"https:\/\/www.facebook.com\/Agpograf","og_image":[{"width":1000,"height":1000,"url":"https:\/\/agpograf.com\/wp-content\/uploads\/2025\/09\/Fundacio-Museu-Picasso-El-souvenir-de-les-batalles-perdudes_1000x1000.jpg","type":"image\/jpeg"}],"twitter_card":"summary_large_image","twitter_misc":{"Dur\u00e9e de lecture estim\u00e9e":"2 minutes"},"schema":{"@context":"https:\/\/schema.org","@graph":[{"@type":"WebPage","@id":"https:\/\/agpograf.com\/fr\/portfolio_page\/helene-delprat-fundacio-museu-picasso-barcelona\/","url":"https:\/\/agpograf.com\/fr\/portfolio_page\/helene-delprat-fundacio-museu-picasso-barcelona\/","name":"H\u00e9l\u00e8ne Delprat - Fondation Mus\u00e9e Picasso Barcelona &#8211; Agpograf Impressors","isPartOf":{"@id":"https:\/\/agpograf.com\/fr\/#website"},"primaryImageOfPage":{"@id":"https:\/\/agpograf.com\/fr\/portfolio_page\/helene-delprat-fundacio-museu-picasso-barcelona\/#primaryimage"},"image":{"@id":"https:\/\/agpograf.com\/fr\/portfolio_page\/helene-delprat-fundacio-museu-picasso-barcelona\/#primaryimage"},"thumbnailUrl":"https:\/\/agpograf.com\/wp-content\/uploads\/2025\/09\/Fundacio-Museu-Picasso-El-souvenir-de-les-batalles-perdudes_1000x1000.jpg","datePublished":"2025-09-16T12:00:42+00:00","description":"L\u2019artiste fran\u00e7aise H\u00e9l\u00e8ne Delprat a pr\u00e9sent\u00e9 Le Souvenir des Batailles Perdues au Mus\u00e9e Picasso de Barcelone, dans une exposition qui combine peinture, sculpture, installation, vid\u00e9o et collage pour explorer les th\u00e8mes de la m\u00e9moire, de l\u2019identit\u00e9 et de la guerre. L\u2019artiste fran\u00e7aise H\u00e9l\u00e8ne Delprat a pr\u00e9sent\u00e9 Le Souvenir des Batailles Perdues au Mus\u00e9e Picasso de Barcelone, dans une exposition qui combine peinture, sculpture, installation, vid\u00e9o et collage pour explorer les th\u00e8mes de la m\u00e9moire, de l\u2019identit\u00e9 et de la guerre.","breadcrumb":{"@id":"https:\/\/agpograf.com\/fr\/portfolio_page\/helene-delprat-fundacio-museu-picasso-barcelona\/#breadcrumb"},"inLanguage":"fr-FR","potentialAction":[{"@type":"ReadAction","target":["https:\/\/agpograf.com\/fr\/portfolio_page\/helene-delprat-fundacio-museu-picasso-barcelona\/"]}]},{"@type":"ImageObject","inLanguage":"fr-FR","@id":"https:\/\/agpograf.com\/fr\/portfolio_page\/helene-delprat-fundacio-museu-picasso-barcelona\/#primaryimage","url":"https:\/\/agpograf.com\/wp-content\/uploads\/2025\/09\/Fundacio-Museu-Picasso-El-souvenir-de-les-batalles-perdudes_1000x1000.jpg","contentUrl":"https:\/\/agpograf.com\/wp-content\/uploads\/2025\/09\/Fundacio-Museu-Picasso-El-souvenir-de-les-batalles-perdudes_1000x1000.jpg","width":1000,"height":1000,"caption":"Fundacio Museu Picasso Helene Delprat El souvenir de les batalles perdudes"},{"@type":"BreadcrumbList","@id":"https:\/\/agpograf.com\/fr\/portfolio_page\/helene-delprat-fundacio-museu-picasso-barcelona\/#breadcrumb","itemListElement":[{"@type":"ListItem","position":1,"name":"Inici","item":"https:\/\/agpograf.com\/fr\/"},{"@type":"ListItem","position":2,"name":"Portfolio","item":"https:\/\/agpograf.com\/fr\/portfolio_page\/"},{"@type":"ListItem","position":3,"name":"H\u00e9l\u00e8ne Delprat &#8211; Fondation Mus\u00e9e Picasso Barcelona"}]},{"@type":"WebSite","@id":"https:\/\/agpograf.com\/fr\/#website","url":"https:\/\/agpograf.com\/fr\/","name":"Agpograf Impressors","description":"Printing your dreams","publisher":{"@id":"https:\/\/agpograf.com\/fr\/#organization"},"potentialAction":[{"@type":"SearchAction","target":{"@type":"EntryPoint","urlTemplate":"https:\/\/agpograf.com\/fr\/?s={search_term_string}"},"query-input":{"@type":"PropertyValueSpecification","valueRequired":true,"valueName":"search_term_string"}}],"inLanguage":"fr-FR"},{"@type":"Organization","@id":"https:\/\/agpograf.com\/fr\/#organization","name":"Agpograf Impressors","url":"https:\/\/agpograf.com\/fr\/","logo":{"@type":"ImageObject","inLanguage":"fr-FR","@id":"https:\/\/agpograf.com\/fr\/#\/schema\/logo\/image\/","url":"https:\/\/www.agpograf.com\/wp-content\/uploads\/2020\/01\/Agpgoraf-Impressors-logo.png","contentUrl":"https:\/\/www.agpograf.com\/wp-content\/uploads\/2020\/01\/Agpgoraf-Impressors-logo.png","width":601,"height":477,"caption":"Agpograf Impressors"},"image":{"@id":"https:\/\/agpograf.com\/fr\/#\/schema\/logo\/image\/"},"sameAs":["https:\/\/www.facebook.com\/Agpograf","https:\/\/www.instagram.com\/agpograf_impressors\/","https:\/\/www.linkedin.com\/company\/agpograf-impressors\/about\/","https:\/\/www.youtube.com\/channel\/UC1vXUlhI2NeafCFLhfnrQXw","https:\/\/www.behance.net\/agpografimpressors"]}]}},"_links":{"self":[{"href":"https:\/\/agpograf.com\/fr\/wp-json\/wp\/v2\/portfolio_page\/29168","targetHints":{"allow":["GET"]}}],"collection":[{"href":"https:\/\/agpograf.com\/fr\/wp-json\/wp\/v2\/portfolio_page"}],"about":[{"href":"https:\/\/agpograf.com\/fr\/wp-json\/wp\/v2\/types\/portfolio_page"}],"author":[{"embeddable":true,"href":"https:\/\/agpograf.com\/fr\/wp-json\/wp\/v2\/users\/1"}],"replies":[{"embeddable":true,"href":"https:\/\/agpograf.com\/fr\/wp-json\/wp\/v2\/comments?post=29168"}],"wp:featuredmedia":[{"embeddable":true,"href":"https:\/\/agpograf.com\/fr\/wp-json\/wp\/v2\/media\/29165"}],"wp:attachment":[{"href":"https:\/\/agpograf.com\/fr\/wp-json\/wp\/v2\/media?parent=29168"}],"wp:term":[{"taxonomy":"portfolio_category","embeddable":true,"href":"https:\/\/agpograf.com\/fr\/wp-json\/wp\/v2\/portfolio_category?post=29168"},{"taxonomy":"portfolio_tag","embeddable":true,"href":"https:\/\/agpograf.com\/fr\/wp-json\/wp\/v2\/portfolio_tag?post=29168"}],"curies":[{"name":"wp","href":"https:\/\/api.w.org\/{rel}","templated":true}]}}