{"id":18807,"date":"2025-01-24T10:00:26","date_gmt":"2025-01-24T08:00:26","guid":{"rendered":"https:\/\/agpograf.com\/?post_type=portfolio_page&#038;p=18807"},"modified":"2025-01-24T10:38:25","modified_gmt":"2025-01-24T08:38:25","slug":"100-anys-democions-centre-excursionista-montserrat","status":"publish","type":"portfolio_page","link":"https:\/\/agpograf.com\/fr\/portfolio_page\/100-anys-democions-centre-excursionista-montserrat\/","title":{"rendered":"100 ans d&rsquo;\u00e9motions &#8211; Centre Excursionista Montserrat"},"content":{"rendered":"<div class=\"wpb-content-wrapper\"><p>[vc_row css_animation=\u00a0\u00bb\u00a0\u00bb row_type=\u00a0\u00bbrow\u00a0\u00bb use_row_as_full_screen_section=\u00a0\u00bbno\u00a0\u00bb type=\u00a0\u00bbfull_width\u00a0\u00bb angled_section=\u00a0\u00bbno\u00a0\u00bb text_align=\u00a0\u00bbleft\u00a0\u00bb background_image_as_pattern=\u00a0\u00bbwithout_pattern\u00a0\u00bb][vc_column][vc_column_text]<\/p>\n<h2>100 ans d&rsquo;\u00e9motions<\/h2>\n<p>[\/vc_column_text][vc_empty_space height=\u00a0\u00bb10px\u00a0\u00bb][vc_column_text]<\/p>\n<h3><span style=\"color: #f05b40;\">Centre Excursionista Montserrat<\/span><\/h3>\n<p>[\/vc_column_text][vc_empty_space height=\u00a0\u00bb30px\u00a0\u00bb][vc_empty_space height=\u00a0\u00bb20px\u00a0\u00bb][vc_column_text]<\/p>\n<div class=\"wpb_text_column wpb_content_element \">\n<div class=\"wpb_wrapper\">\n<div class=\"wpb_text_column wpb_content_element \">\n<div class=\"wpb_wrapper\">\n<div class=\"wpb_text_column wpb_content_element \">\n<div class=\"wpb_wrapper\">\n<p>Le <strong>Centre Excursionniste Montserrat (CEM)<\/strong> c\u00e9l\u00e8bre ses 100 ans depuis sa fondation (1922-2022). \u00c0 l\u2019occasion de son centenaire, l\u2019entit\u00e9 souhaite rassembler la m\u00e9moire de ses activit\u00e9s en montagne et dans le pays dans un <strong>livre comm\u00e9moratif<\/strong>. Un livre qui retrace l\u2019histoire du Centre Excursionniste Montserrat, r\u00e9dig\u00e9 principalement par <strong>Francesc Roma i Casanovas<\/strong>, historien sp\u00e9cialis\u00e9 dans le mouvement excursionniste du pays.<\/p>\n<p><strong>Centre Excursionniste Montserrat : 100 ans d\u2019\u00e9motions<\/strong> raconte l\u2019histoire de l\u2019entit\u00e9, fruit des recherches de son auteur. Le contenu du livre est compl\u00e9t\u00e9 par une collection photographique des moments les plus marquants ainsi que par des t\u00e9moignages d\u2019exp\u00e9riences et d\u2019\u00e9v\u00e9nements cl\u00e9s de l\u2019\u00e9poque r\u00e9cente de l\u2019entit\u00e9.<\/p>\n<p><strong>Ignasi Torras<\/strong> est charg\u00e9 de la conception et de la production \u00e9ditoriale de la publication, tandis que l\u2019<strong>Office 200BIS<\/strong> s\u2019occupe de la gestion du projet. L\u2019impression du livre combine l\u2019<strong>offset num\u00e9rique<\/strong>, utilisant notre <strong>HP Indigo<\/strong>, avec l\u2019<strong>offset conventionnel<\/strong>. Il est reli\u00e9 en <strong>couverture rigide cousue<\/strong>, avec une jaquette recouverte d\u2019un papier couch\u00e9 semi-mat avec un film <strong>PP anti-rayures<\/strong> sur une face. Le livre compte 280 pages, et les pages de garde sont r\u00e9alis\u00e9es en papier Coral Book White de <strong>Torras Papel<\/strong>.<\/p>\n<p>[\/vc_column_text][vc_empty_space height=\u00a0\u00bb40px\u00a0\u00bb][\/vc_column][\/vc_row][vc_row css_animation=\u00a0\u00bb\u00a0\u00bb row_type=\u00a0\u00bbrow\u00a0\u00bb use_row_as_full_screen_section=\u00a0\u00bbno\u00a0\u00bb type=\u00a0\u00bbfull_width\u00a0\u00bb angled_section=\u00a0\u00bbno\u00a0\u00bb text_align=\u00a0\u00bbleft\u00a0\u00bb background_image_as_pattern=\u00a0\u00bbwithout_pattern\u00a0\u00bb][vc_column][vc_empty_space height=\u00a0\u00bb20px\u00a0\u00bb][vc_column_text]<strong>Sp\u00e9cifications<\/strong>[\/vc_column_text][\/vc_column][\/vc_row][vc_row css_animation=\u00a0\u00bb\u00a0\u00bb row_type=\u00a0\u00bbrow\u00a0\u00bb use_row_as_full_screen_section=\u00a0\u00bbno\u00a0\u00bb type=\u00a0\u00bbfull_width\u00a0\u00bb angled_section=\u00a0\u00bbno\u00a0\u00bb text_align=\u00a0\u00bbleft\u00a0\u00bb background_image_as_pattern=\u00a0\u00bbwithout_pattern\u00a0\u00bb][vc_column][vc_empty_space height=\u00a0\u00bb20px\u00a0\u00bb][vc_column_text]<strong>Format<\/strong><\/p>\n<p>21 x 21 cm<\/p>\n<p>&nbsp;<\/p>\n<p><strong>Papier<\/strong><\/p>\n<p>Couverture : Couch\u00e9 semi-mat 150 g de <strong>Torras Papel<\/strong><\/p>\n<p>Pages de garde : Coral Book White 160 g de <strong>Torras Papel<\/strong><\/p>\n<p>Int\u00e9rieur (280 pages) : Coral Book White 160 g de <strong>Torras Papel<\/strong><\/p>\n<p>&nbsp;<\/p>\n<p><strong>Impression<\/strong><\/p>\n<p>Offset num\u00e9rique (<strong>HP Indigo<\/strong>) + Offset conventionnel<\/p>\n<p>&nbsp;<\/p>\n<p><strong>Reliure<\/strong><\/p>\n<p>Couverture rigide cousue, avec un carton de 2,5 mm et un dos plat<\/p>\n<p>&nbsp;<\/p>\n<p><strong>Finitions<\/strong><\/p>\n<p>Jaquette avec film PP anti-rayures<\/p>\n<p>[\/vc_column_text][\/vc_column][\/vc_row][vc_row css_animation=\u00a0\u00bb\u00a0\u00bb row_type=\u00a0\u00bbrow\u00a0\u00bb use_row_as_full_screen_section=\u00a0\u00bbno\u00a0\u00bb type=\u00a0\u00bbfull_width\u00a0\u00bb angled_section=\u00a0\u00bbno\u00a0\u00bb text_align=\u00a0\u00bbleft\u00a0\u00bb background_image_as_pattern=\u00a0\u00bbwithout_pattern\u00a0\u00bb][vc_column][vc_empty_space height=\u00a0\u00bb50px\u00a0\u00bb][\/vc_column][\/vc_row]<\/p>\n<\/div>\n<\/div>\n<\/div>\n<\/div>\n<\/div>\n<\/div>\n<\/div>","protected":false},"excerpt":{"rendered":"<p>\u00c0 l\u2019occasion de son centenaire, l\u2019entit\u00e9 souhaite rassembler la m\u00e9moire de ses activit\u00e9s en montagne et dans le pays dans un livre comm\u00e9moratif. Un livre qui retrace l\u2019histoire du Centre Excursionniste Montserrat, r\u00e9dig\u00e9 principalement par Francesc Roma i Casanovas, historien sp\u00e9cialis\u00e9 dans le mouvement excursionniste du pays.<\/p>\n","protected":false},"author":1,"featured_media":18804,"menu_order":131,"comment_status":"closed","ping_status":"closed","template":"","portfolio_category":[743],"portfolio_tag":[945,915,911,863,837,794],"class_list":["post-18807","portfolio_page","type-portfolio_page","status-publish","has-post-thumbnail","hentry","portfolio_category-catalogue-commemoratif","portfolio_tag-anti-ratllades-fr","portfolio_tag-hp-indigo-fr-2","portfolio_tag-tapa-dura-fr","portfolio_tag-folre-fr","portfolio_tag-guardes-fr","portfolio_tag-offset-convencional-fr"],"yoast_head":"<!-- This site is optimized with the Yoast SEO plugin v27.4 - https:\/\/yoast.com\/product\/yoast-seo-wordpress\/ -->\n<title>100 ans d&#039;\u00e9motions - Centre Excursionista Montserrat &#8211; Agpograf Impressors<\/title>\n<meta name=\"description\" content=\"\u00c0 l\u2019occasion de son centenaire, l\u2019entit\u00e9 souhaite rassembler la m\u00e9moire de ses activit\u00e9s en montagne et dans le pays dans un livre comm\u00e9moratif. Un livre qui retrace l\u2019histoire du Centre Excursionniste Montserrat, r\u00e9dig\u00e9 principalement par Francesc Roma i Casanovas, historien sp\u00e9cialis\u00e9 dans le mouvement excursionniste du pays. \u00c0 l\u2019occasion de son centenaire, l\u2019entit\u00e9 souhaite rassembler la m\u00e9moire de ses activit\u00e9s en montagne et dans le pays dans un livre comm\u00e9moratif. Un livre qui retrace l\u2019histoire du Centre Excursionniste Montserrat, r\u00e9dig\u00e9 principalement par Francesc Roma i Casanovas, historien sp\u00e9cialis\u00e9 dans le mouvement excursionniste du pays.\" \/>\n<meta name=\"robots\" content=\"index, follow, max-snippet:-1, max-image-preview:large, max-video-preview:-1\" \/>\n<link rel=\"canonical\" href=\"https:\/\/agpograf.com\/fr\/portfolio_page\/100-anys-democions-centre-excursionista-montserrat\/\" \/>\n<meta property=\"og:locale\" content=\"fr_FR\" \/>\n<meta property=\"og:type\" content=\"article\" \/>\n<meta property=\"og:title\" content=\"100 ans d&#039;\u00e9motions - Centre Excursionista Montserrat &#8211; Agpograf Impressors\" \/>\n<meta property=\"og:description\" content=\"\u00c0 l\u2019occasion de son centenaire, l\u2019entit\u00e9 souhaite rassembler la m\u00e9moire de ses activit\u00e9s en montagne et dans le pays dans un livre comm\u00e9moratif. Un livre qui retrace l\u2019histoire du Centre Excursionniste Montserrat, r\u00e9dig\u00e9 principalement par Francesc Roma i Casanovas, historien sp\u00e9cialis\u00e9 dans le mouvement excursionniste du pays. \u00c0 l\u2019occasion de son centenaire, l\u2019entit\u00e9 souhaite rassembler la m\u00e9moire de ses activit\u00e9s en montagne et dans le pays dans un livre comm\u00e9moratif. Un livre qui retrace l\u2019histoire du Centre Excursionniste Montserrat, r\u00e9dig\u00e9 principalement par Francesc Roma i Casanovas, historien sp\u00e9cialis\u00e9 dans le mouvement excursionniste du pays.\" \/>\n<meta property=\"og:url\" content=\"https:\/\/agpograf.com\/fr\/portfolio_page\/100-anys-democions-centre-excursionista-montserrat\/\" \/>\n<meta property=\"og:site_name\" content=\"Agpograf Impressors\" \/>\n<meta property=\"article:publisher\" content=\"https:\/\/www.facebook.com\/Agpograf\" \/>\n<meta property=\"article:modified_time\" content=\"2025-01-24T08:38:25+00:00\" \/>\n<meta property=\"og:image\" content=\"https:\/\/agpograf.com\/wp-content\/uploads\/2025\/01\/Centre-Excursionista-Montserrat-Llibre_1000x1000.jpg\" \/>\n\t<meta property=\"og:image:width\" content=\"1000\" \/>\n\t<meta property=\"og:image:height\" content=\"1000\" \/>\n\t<meta property=\"og:image:type\" content=\"image\/jpeg\" \/>\n<meta name=\"twitter:card\" content=\"summary_large_image\" \/>\n<meta name=\"twitter:label1\" content=\"Dur\u00e9e de lecture estim\u00e9e\" \/>\n\t<meta name=\"twitter:data1\" content=\"2 minutes\" \/>\n<script type=\"application\/ld+json\" class=\"yoast-schema-graph\">{\"@context\":\"https:\\\/\\\/schema.org\",\"@graph\":[{\"@type\":\"WebPage\",\"@id\":\"https:\\\/\\\/agpograf.com\\\/fr\\\/portfolio_page\\\/100-anys-democions-centre-excursionista-montserrat\\\/\",\"url\":\"https:\\\/\\\/agpograf.com\\\/fr\\\/portfolio_page\\\/100-anys-democions-centre-excursionista-montserrat\\\/\",\"name\":\"100 ans d'\u00e9motions - Centre Excursionista Montserrat &#8211; Agpograf Impressors\",\"isPartOf\":{\"@id\":\"https:\\\/\\\/agpograf.com\\\/fr\\\/#website\"},\"primaryImageOfPage\":{\"@id\":\"https:\\\/\\\/agpograf.com\\\/fr\\\/portfolio_page\\\/100-anys-democions-centre-excursionista-montserrat\\\/#primaryimage\"},\"image\":{\"@id\":\"https:\\\/\\\/agpograf.com\\\/fr\\\/portfolio_page\\\/100-anys-democions-centre-excursionista-montserrat\\\/#primaryimage\"},\"thumbnailUrl\":\"https:\\\/\\\/agpograf.com\\\/wp-content\\\/uploads\\\/2025\\\/01\\\/Centre-Excursionista-Montserrat-Llibre_1000x1000.jpg\",\"datePublished\":\"2025-01-24T08:00:26+00:00\",\"dateModified\":\"2025-01-24T08:38:25+00:00\",\"description\":\"\u00c0 l\u2019occasion de son centenaire, l\u2019entit\u00e9 souhaite rassembler la m\u00e9moire de ses activit\u00e9s en montagne et dans le pays dans un livre comm\u00e9moratif. Un livre qui retrace l\u2019histoire du Centre Excursionniste Montserrat, r\u00e9dig\u00e9 principalement par Francesc Roma i Casanovas, historien sp\u00e9cialis\u00e9 dans le mouvement excursionniste du pays. \u00c0 l\u2019occasion de son centenaire, l\u2019entit\u00e9 souhaite rassembler la m\u00e9moire de ses activit\u00e9s en montagne et dans le pays dans un livre comm\u00e9moratif. Un livre qui retrace l\u2019histoire du Centre Excursionniste Montserrat, r\u00e9dig\u00e9 principalement par Francesc Roma i Casanovas, historien sp\u00e9cialis\u00e9 dans le mouvement excursionniste du pays.\",\"breadcrumb\":{\"@id\":\"https:\\\/\\\/agpograf.com\\\/fr\\\/portfolio_page\\\/100-anys-democions-centre-excursionista-montserrat\\\/#breadcrumb\"},\"inLanguage\":\"fr-FR\",\"potentialAction\":[{\"@type\":\"ReadAction\",\"target\":[\"https:\\\/\\\/agpograf.com\\\/fr\\\/portfolio_page\\\/100-anys-democions-centre-excursionista-montserrat\\\/\"]}]},{\"@type\":\"ImageObject\",\"inLanguage\":\"fr-FR\",\"@id\":\"https:\\\/\\\/agpograf.com\\\/fr\\\/portfolio_page\\\/100-anys-democions-centre-excursionista-montserrat\\\/#primaryimage\",\"url\":\"https:\\\/\\\/agpograf.com\\\/wp-content\\\/uploads\\\/2025\\\/01\\\/Centre-Excursionista-Montserrat-Llibre_1000x1000.jpg\",\"contentUrl\":\"https:\\\/\\\/agpograf.com\\\/wp-content\\\/uploads\\\/2025\\\/01\\\/Centre-Excursionista-Montserrat-Llibre_1000x1000.jpg\",\"width\":1000,\"height\":1000,\"caption\":\"Llibre Centre Excursionista Montserrat\"},{\"@type\":\"BreadcrumbList\",\"@id\":\"https:\\\/\\\/agpograf.com\\\/fr\\\/portfolio_page\\\/100-anys-democions-centre-excursionista-montserrat\\\/#breadcrumb\",\"itemListElement\":[{\"@type\":\"ListItem\",\"position\":1,\"name\":\"Inici\",\"item\":\"https:\\\/\\\/agpograf.com\\\/fr\\\/\"},{\"@type\":\"ListItem\",\"position\":2,\"name\":\"Portfolio\",\"item\":\"https:\\\/\\\/agpograf.com\\\/fr\\\/portfolio_page\\\/\"},{\"@type\":\"ListItem\",\"position\":3,\"name\":\"100 ans d&rsquo;\u00e9motions &#8211; Centre Excursionista Montserrat\"}]},{\"@type\":\"WebSite\",\"@id\":\"https:\\\/\\\/agpograf.com\\\/fr\\\/#website\",\"url\":\"https:\\\/\\\/agpograf.com\\\/fr\\\/\",\"name\":\"Agpograf Impressors\",\"description\":\"Printing your dreams\",\"publisher\":{\"@id\":\"https:\\\/\\\/agpograf.com\\\/fr\\\/#organization\"},\"potentialAction\":[{\"@type\":\"SearchAction\",\"target\":{\"@type\":\"EntryPoint\",\"urlTemplate\":\"https:\\\/\\\/agpograf.com\\\/fr\\\/?s={search_term_string}\"},\"query-input\":{\"@type\":\"PropertyValueSpecification\",\"valueRequired\":true,\"valueName\":\"search_term_string\"}}],\"inLanguage\":\"fr-FR\"},{\"@type\":\"Organization\",\"@id\":\"https:\\\/\\\/agpograf.com\\\/fr\\\/#organization\",\"name\":\"Agpograf Impressors\",\"url\":\"https:\\\/\\\/agpograf.com\\\/fr\\\/\",\"logo\":{\"@type\":\"ImageObject\",\"inLanguage\":\"fr-FR\",\"@id\":\"https:\\\/\\\/agpograf.com\\\/fr\\\/#\\\/schema\\\/logo\\\/image\\\/\",\"url\":\"https:\\\/\\\/www.agpograf.com\\\/wp-content\\\/uploads\\\/2020\\\/01\\\/Agpgoraf-Impressors-logo.png\",\"contentUrl\":\"https:\\\/\\\/www.agpograf.com\\\/wp-content\\\/uploads\\\/2020\\\/01\\\/Agpgoraf-Impressors-logo.png\",\"width\":601,\"height\":477,\"caption\":\"Agpograf Impressors\"},\"image\":{\"@id\":\"https:\\\/\\\/agpograf.com\\\/fr\\\/#\\\/schema\\\/logo\\\/image\\\/\"},\"sameAs\":[\"https:\\\/\\\/www.facebook.com\\\/Agpograf\",\"https:\\\/\\\/www.instagram.com\\\/agpograf_impressors\\\/\",\"https:\\\/\\\/www.linkedin.com\\\/company\\\/agpograf-impressors\\\/about\\\/\",\"https:\\\/\\\/www.youtube.com\\\/channel\\\/UC1vXUlhI2NeafCFLhfnrQXw\",\"https:\\\/\\\/www.behance.net\\\/agpografimpressors\"]}]}<\/script>\n<!-- \/ Yoast SEO plugin. -->","yoast_head_json":{"title":"100 ans d'\u00e9motions - Centre Excursionista Montserrat &#8211; Agpograf Impressors","description":"\u00c0 l\u2019occasion de son centenaire, l\u2019entit\u00e9 souhaite rassembler la m\u00e9moire de ses activit\u00e9s en montagne et dans le pays dans un livre comm\u00e9moratif. Un livre qui retrace l\u2019histoire du Centre Excursionniste Montserrat, r\u00e9dig\u00e9 principalement par Francesc Roma i Casanovas, historien sp\u00e9cialis\u00e9 dans le mouvement excursionniste du pays. \u00c0 l\u2019occasion de son centenaire, l\u2019entit\u00e9 souhaite rassembler la m\u00e9moire de ses activit\u00e9s en montagne et dans le pays dans un livre comm\u00e9moratif. Un livre qui retrace l\u2019histoire du Centre Excursionniste Montserrat, r\u00e9dig\u00e9 principalement par Francesc Roma i Casanovas, historien sp\u00e9cialis\u00e9 dans le mouvement excursionniste du pays.","robots":{"index":"index","follow":"follow","max-snippet":"max-snippet:-1","max-image-preview":"max-image-preview:large","max-video-preview":"max-video-preview:-1"},"canonical":"https:\/\/agpograf.com\/fr\/portfolio_page\/100-anys-democions-centre-excursionista-montserrat\/","og_locale":"fr_FR","og_type":"article","og_title":"100 ans d'\u00e9motions - Centre Excursionista Montserrat &#8211; Agpograf Impressors","og_description":"\u00c0 l\u2019occasion de son centenaire, l\u2019entit\u00e9 souhaite rassembler la m\u00e9moire de ses activit\u00e9s en montagne et dans le pays dans un livre comm\u00e9moratif. Un livre qui retrace l\u2019histoire du Centre Excursionniste Montserrat, r\u00e9dig\u00e9 principalement par Francesc Roma i Casanovas, historien sp\u00e9cialis\u00e9 dans le mouvement excursionniste du pays. \u00c0 l\u2019occasion de son centenaire, l\u2019entit\u00e9 souhaite rassembler la m\u00e9moire de ses activit\u00e9s en montagne et dans le pays dans un livre comm\u00e9moratif. Un livre qui retrace l\u2019histoire du Centre Excursionniste Montserrat, r\u00e9dig\u00e9 principalement par Francesc Roma i Casanovas, historien sp\u00e9cialis\u00e9 dans le mouvement excursionniste du pays.","og_url":"https:\/\/agpograf.com\/fr\/portfolio_page\/100-anys-democions-centre-excursionista-montserrat\/","og_site_name":"Agpograf Impressors","article_publisher":"https:\/\/www.facebook.com\/Agpograf","article_modified_time":"2025-01-24T08:38:25+00:00","og_image":[{"width":1000,"height":1000,"url":"https:\/\/agpograf.com\/wp-content\/uploads\/2025\/01\/Centre-Excursionista-Montserrat-Llibre_1000x1000.jpg","type":"image\/jpeg"}],"twitter_card":"summary_large_image","twitter_misc":{"Dur\u00e9e de lecture estim\u00e9e":"2 minutes"},"schema":{"@context":"https:\/\/schema.org","@graph":[{"@type":"WebPage","@id":"https:\/\/agpograf.com\/fr\/portfolio_page\/100-anys-democions-centre-excursionista-montserrat\/","url":"https:\/\/agpograf.com\/fr\/portfolio_page\/100-anys-democions-centre-excursionista-montserrat\/","name":"100 ans d'\u00e9motions - Centre Excursionista Montserrat &#8211; Agpograf Impressors","isPartOf":{"@id":"https:\/\/agpograf.com\/fr\/#website"},"primaryImageOfPage":{"@id":"https:\/\/agpograf.com\/fr\/portfolio_page\/100-anys-democions-centre-excursionista-montserrat\/#primaryimage"},"image":{"@id":"https:\/\/agpograf.com\/fr\/portfolio_page\/100-anys-democions-centre-excursionista-montserrat\/#primaryimage"},"thumbnailUrl":"https:\/\/agpograf.com\/wp-content\/uploads\/2025\/01\/Centre-Excursionista-Montserrat-Llibre_1000x1000.jpg","datePublished":"2025-01-24T08:00:26+00:00","dateModified":"2025-01-24T08:38:25+00:00","description":"\u00c0 l\u2019occasion de son centenaire, l\u2019entit\u00e9 souhaite rassembler la m\u00e9moire de ses activit\u00e9s en montagne et dans le pays dans un livre comm\u00e9moratif. Un livre qui retrace l\u2019histoire du Centre Excursionniste Montserrat, r\u00e9dig\u00e9 principalement par Francesc Roma i Casanovas, historien sp\u00e9cialis\u00e9 dans le mouvement excursionniste du pays. \u00c0 l\u2019occasion de son centenaire, l\u2019entit\u00e9 souhaite rassembler la m\u00e9moire de ses activit\u00e9s en montagne et dans le pays dans un livre comm\u00e9moratif. Un livre qui retrace l\u2019histoire du Centre Excursionniste Montserrat, r\u00e9dig\u00e9 principalement par Francesc Roma i Casanovas, historien sp\u00e9cialis\u00e9 dans le mouvement excursionniste du pays.","breadcrumb":{"@id":"https:\/\/agpograf.com\/fr\/portfolio_page\/100-anys-democions-centre-excursionista-montserrat\/#breadcrumb"},"inLanguage":"fr-FR","potentialAction":[{"@type":"ReadAction","target":["https:\/\/agpograf.com\/fr\/portfolio_page\/100-anys-democions-centre-excursionista-montserrat\/"]}]},{"@type":"ImageObject","inLanguage":"fr-FR","@id":"https:\/\/agpograf.com\/fr\/portfolio_page\/100-anys-democions-centre-excursionista-montserrat\/#primaryimage","url":"https:\/\/agpograf.com\/wp-content\/uploads\/2025\/01\/Centre-Excursionista-Montserrat-Llibre_1000x1000.jpg","contentUrl":"https:\/\/agpograf.com\/wp-content\/uploads\/2025\/01\/Centre-Excursionista-Montserrat-Llibre_1000x1000.jpg","width":1000,"height":1000,"caption":"Llibre Centre Excursionista Montserrat"},{"@type":"BreadcrumbList","@id":"https:\/\/agpograf.com\/fr\/portfolio_page\/100-anys-democions-centre-excursionista-montserrat\/#breadcrumb","itemListElement":[{"@type":"ListItem","position":1,"name":"Inici","item":"https:\/\/agpograf.com\/fr\/"},{"@type":"ListItem","position":2,"name":"Portfolio","item":"https:\/\/agpograf.com\/fr\/portfolio_page\/"},{"@type":"ListItem","position":3,"name":"100 ans d&rsquo;\u00e9motions &#8211; Centre Excursionista Montserrat"}]},{"@type":"WebSite","@id":"https:\/\/agpograf.com\/fr\/#website","url":"https:\/\/agpograf.com\/fr\/","name":"Agpograf Impressors","description":"Printing your dreams","publisher":{"@id":"https:\/\/agpograf.com\/fr\/#organization"},"potentialAction":[{"@type":"SearchAction","target":{"@type":"EntryPoint","urlTemplate":"https:\/\/agpograf.com\/fr\/?s={search_term_string}"},"query-input":{"@type":"PropertyValueSpecification","valueRequired":true,"valueName":"search_term_string"}}],"inLanguage":"fr-FR"},{"@type":"Organization","@id":"https:\/\/agpograf.com\/fr\/#organization","name":"Agpograf Impressors","url":"https:\/\/agpograf.com\/fr\/","logo":{"@type":"ImageObject","inLanguage":"fr-FR","@id":"https:\/\/agpograf.com\/fr\/#\/schema\/logo\/image\/","url":"https:\/\/www.agpograf.com\/wp-content\/uploads\/2020\/01\/Agpgoraf-Impressors-logo.png","contentUrl":"https:\/\/www.agpograf.com\/wp-content\/uploads\/2020\/01\/Agpgoraf-Impressors-logo.png","width":601,"height":477,"caption":"Agpograf Impressors"},"image":{"@id":"https:\/\/agpograf.com\/fr\/#\/schema\/logo\/image\/"},"sameAs":["https:\/\/www.facebook.com\/Agpograf","https:\/\/www.instagram.com\/agpograf_impressors\/","https:\/\/www.linkedin.com\/company\/agpograf-impressors\/about\/","https:\/\/www.youtube.com\/channel\/UC1vXUlhI2NeafCFLhfnrQXw","https:\/\/www.behance.net\/agpografimpressors"]}]}},"_links":{"self":[{"href":"https:\/\/agpograf.com\/fr\/wp-json\/wp\/v2\/portfolio_page\/18807","targetHints":{"allow":["GET"]}}],"collection":[{"href":"https:\/\/agpograf.com\/fr\/wp-json\/wp\/v2\/portfolio_page"}],"about":[{"href":"https:\/\/agpograf.com\/fr\/wp-json\/wp\/v2\/types\/portfolio_page"}],"author":[{"embeddable":true,"href":"https:\/\/agpograf.com\/fr\/wp-json\/wp\/v2\/users\/1"}],"replies":[{"embeddable":true,"href":"https:\/\/agpograf.com\/fr\/wp-json\/wp\/v2\/comments?post=18807"}],"wp:featuredmedia":[{"embeddable":true,"href":"https:\/\/agpograf.com\/fr\/wp-json\/wp\/v2\/media\/18804"}],"wp:attachment":[{"href":"https:\/\/agpograf.com\/fr\/wp-json\/wp\/v2\/media?parent=18807"}],"wp:term":[{"taxonomy":"portfolio_category","embeddable":true,"href":"https:\/\/agpograf.com\/fr\/wp-json\/wp\/v2\/portfolio_category?post=18807"},{"taxonomy":"portfolio_tag","embeddable":true,"href":"https:\/\/agpograf.com\/fr\/wp-json\/wp\/v2\/portfolio_tag?post=18807"}],"curies":[{"name":"wp","href":"https:\/\/api.w.org\/{rel}","templated":true}]}}