{"id":14589,"date":"2021-07-15T10:53:33","date_gmt":"2021-07-15T08:53:33","guid":{"rendered":"https:\/\/agpograf.cmsfacil.eu\/?post_type=portfolio_page&#038;p=14589"},"modified":"2022-11-18T14:54:07","modified_gmt":"2022-11-18T12:54:07","slug":"la-imatge-humana-editorial-tenov-i-fundacio-la-caixa","status":"publish","type":"portfolio_page","link":"https:\/\/agpograf.com\/fr\/portfolio_page\/la-imatge-humana-editorial-tenov-i-fundacio-la-caixa\/","title":{"rendered":"La imatge humana &#8211; Editorial Tenov i Fundaci\u00f3 La Caixa"},"content":{"rendered":"<div class=\"wpb-content-wrapper\"><p>[vc_row css_animation=\u00a0\u00bb\u00a0\u00bb row_type=\u00a0\u00bbrow\u00a0\u00bb use_row_as_full_screen_section=\u00a0\u00bbno\u00a0\u00bb type=\u00a0\u00bbfull_width\u00a0\u00bb angled_section=\u00a0\u00bbno\u00a0\u00bb text_align=\u00a0\u00bbleft\u00a0\u00bb background_image_as_pattern=\u00a0\u00bbwithout_pattern\u00a0\u00bb][vc_column][vc_column_text]<\/p>\n<h2>Fundaci\u00f3 La Caixa<\/h2>\n<p>[\/vc_column_text][vc_empty_space height=\u00a0\u00bb10px\u00a0\u00bb][vc_column_text]<\/p>\n<h3><span style=\"color: #f05b40;\">La imatge humana<\/span><\/h3>\n<p>[\/vc_column_text][vc_empty_space height=\u00a0\u00bb30px\u00a0\u00bb][\/vc_column][\/vc_row][vc_row css_animation=\u00a0\u00bb\u00a0\u00bb row_type=\u00a0\u00bbrow\u00a0\u00bb use_row_as_full_screen_section=\u00a0\u00bbno\u00a0\u00bb type=\u00a0\u00bbfull_width\u00a0\u00bb angled_section=\u00a0\u00bbno\u00a0\u00bb text_align=\u00a0\u00bbleft\u00a0\u00bb background_image_as_pattern=\u00a0\u00bbwithout_pattern\u00a0\u00bb][vc_column][vc_column_text]<\/p>\n<div>\n<p>La\u00a0<a href=\"https:\/\/www.editorialtenov.com\/en\/\" target=\"_blank\" rel=\"noopener\"><strong>Editorial Tenov<\/strong><\/a>\u00a0nous a confi\u00e9 l\u2019impression du catalogue de l\u2019exposition itin\u00e9rante \u00ab La imatge humana \u00bb, organis\u00e9e par la\u00a0<a href=\"https:\/\/fundacionlacaixa.org\/en\/home\" target=\"_blank\" rel=\"noopener\"><strong>Fundaci\u00f3 La Caixa<\/strong><\/a>\u00a0en collaboration avec\u00a0<a href=\"https:\/\/www.britishmuseum.org\/\" target=\"_blank\" rel=\"noopener\"><strong>The British Museum<\/strong><\/a>.<\/p>\n<p>&nbsp;<\/p>\n<\/div>\n<div>\n<p>Une exposition qui voyage \u00e0 travers le temps et les diff\u00e9rentes cultures. Une collection qui montre comment l\u2019\u00eatre humain s\u2019est repr\u00e9sent\u00e9 et se repr\u00e9sente, et qui nous invite \u00e0 r\u00e9fl\u00e9chir sur diff\u00e9rentes questions telles que : les id\u00e9aux de beaut\u00e9, de divinit\u00e9 ou de pouvoir.<\/p>\n<div>\n<p>&nbsp;<\/p>\n<\/div>\n<p>Catalogue imprim\u00e9 avec technologie\u00a0<a href=\"https:\/\/www.agpograf.com\/fr\/heidelberg-speedmaster-led-uv\/\"><strong>UV LED<\/strong>\u00a0<\/a>avec d\u00e9coup\u00e9 sur la couverture.<\/p>\n<\/div>\n<p>[\/vc_column_text][vc_empty_space height=\u00a0\u00bb30px\u00a0\u00bb][vc_column_text]<strong>Conception \u00e9ditoriale<br \/>\n<\/strong>Sof\u00eda Alonso[\/vc_column_text][vc_empty_space height=\u00a0\u00bb20px\u00a0\u00bb][vc_column_text]<strong>Impression<br \/>\n<\/strong>LED UV[\/vc_column_text][vc_empty_space height=\u00a0\u00bb20px\u00a0\u00bb][vc_column_text]<strong>Reliure<br \/>\n<\/strong>Dos carr\u00e9 coll\u00e9[\/vc_column_text][vc_empty_space height=\u00a0\u00bb20px\u00a0\u00bb][vc_column_text]<\/p>\n<div class=\"wpb_text_column wpb_content_element \">\n<div class=\"wpb_wrapper\">\n<p><strong>Finitions d\u2019impression<br \/>\n<\/strong>D\u00e9coup\u00e9 sur la couverture<\/p>\n<\/div>\n<\/div>\n<p>[\/vc_column_text][vc_empty_space height=\u00a0\u00bb40px\u00a0\u00bb][vc_column_text]<\/p>\n<h4><strong>Papiers<\/strong><\/h4>\n<p>[\/vc_column_text][vc_empty_space height=\u00a0\u00bb20px\u00a0\u00bb][vc_column_text]<\/p>\n<div class=\"wpb_text_column wpb_content_element \">\n<div class=\"wpb_wrapper\">\n<p><strong>Couverture<\/strong><\/p>\n<p class=\"p1\">Kraftliner de 300 g. imprim\u00e9 en quadrichromie sur encre blanche.<\/p>\n<p>&nbsp;<\/p>\n<p><strong>Int\u00e9rieur<\/strong><\/p>\n<p class=\"p1\"><a href=\"https:\/\/www.fedrigoni.fr\/s%C3%A9lecteur-de-papier\/symbol-freelife-matt-plus\" target=\"_blank\" rel=\"noopener\">Symbol Matt Plus<\/a>\u00a0de 130 g. (Fedrigoni Papers)<\/p>\n<p>&nbsp;<\/p>\n<p>Le papier Symbol Matt Plus est excellent pour les publications de luxe, les emballages, les applications graphiques, les couvertures, les encarts et les catalogues. Teneur \u00e9lev\u00e9e en mat\u00e9riau recycl\u00e9 qui en fait un produit enti\u00e8rement biod\u00e9gradable.<\/p>\n<\/div>\n<\/div>\n<p>[\/vc_column_text][vc_empty_space height=\u00a0\u00bb25px\u00a0\u00bb][\/vc_column][\/vc_row]<\/p>\n<\/div>","protected":false},"excerpt":{"rendered":"<p>[vc_row css_animation=\u00a0\u00bb\u00a0\u00bb row_type=\u00a0\u00bbrow\u00a0\u00bb use_row_as_full_screen_section=\u00a0\u00bbno\u00a0\u00bb type=\u00a0\u00bbfull_width\u00a0\u00bb angled_section=\u00a0\u00bbno\u00a0\u00bb text_align=\u00a0\u00bbleft\u00a0\u00bb background_image_as_pattern=\u00a0\u00bbwithout_pattern\u00a0\u00bb][vc_column][vc_column_text] Fundaci\u00f3 La Caixa [\/vc_column_text][vc_empty_space height=\u00a0\u00bb10px\u00a0\u00bb][vc_column_text] La imatge humana [\/vc_column_text][vc_empty_space height=\u00a0\u00bb30px\u00a0\u00bb][\/vc_column][\/vc_row][vc_row css_animation=\u00a0\u00bb\u00a0\u00bb row_type=\u00a0\u00bbrow\u00a0\u00bb use_row_as_full_screen_section=\u00a0\u00bbno\u00a0\u00bb type=\u00a0\u00bbfull_width\u00a0\u00bb angled_section=\u00a0\u00bbno\u00a0\u00bb text_align=\u00a0\u00bbleft\u00a0\u00bb background_image_as_pattern=\u00a0\u00bbwithout_pattern\u00a0\u00bb][vc_column][vc_column_text] La\u00a0Editorial Tenov\u00a0nous a confi\u00e9 l\u2019impression du catalogue de l\u2019exposition itin\u00e9rante \u00ab La imatge humana \u00bb, organis\u00e9e par la\u00a0Fundaci\u00f3 La Caixa\u00a0en&#8230;<\/p>\n","protected":false},"author":1,"featured_media":10919,"menu_order":498,"comment_status":"open","ping_status":"closed","template":"","portfolio_category":[748],"portfolio_tag":[],"class_list":["post-14589","portfolio_page","type-portfolio_page","status-publish","has-post-thumbnail","hentry","portfolio_category-catalogue-dexposition"],"yoast_head":"<!-- This site is optimized with the Yoast SEO plugin v27.4 - https:\/\/yoast.com\/product\/yoast-seo-wordpress\/ -->\n<title>La imatge humana - Editorial Tenov i Fundaci\u00f3 La Caixa &#8211; Agpograf Impressors<\/title>\n<meta name=\"description\" content=\"Fundaci\u00f3 La Caixa La imatge humana La\u00a0Editorial Tenov\u00a0nous a confi\u00e9 l\u2019impression du catalogue de l\u2019exposition itin\u00e9rante \u00ab La imatge humana \u00bb, organis\u00e9e\" \/>\n<meta name=\"robots\" content=\"index, follow, max-snippet:-1, max-image-preview:large, max-video-preview:-1\" \/>\n<link rel=\"canonical\" href=\"https:\/\/agpograf.com\/fr\/portfolio_page\/la-imatge-humana-editorial-tenov-i-fundacio-la-caixa\/\" \/>\n<meta property=\"og:locale\" content=\"fr_FR\" \/>\n<meta property=\"og:type\" content=\"article\" \/>\n<meta property=\"og:title\" content=\"La imatge humana - Editorial Tenov i Fundaci\u00f3 La Caixa &#8211; Agpograf Impressors\" \/>\n<meta property=\"og:description\" content=\"Fundaci\u00f3 La Caixa La imatge humana La\u00a0Editorial Tenov\u00a0nous a confi\u00e9 l\u2019impression du catalogue de l\u2019exposition itin\u00e9rante \u00ab La imatge humana \u00bb, organis\u00e9e\" \/>\n<meta property=\"og:url\" content=\"https:\/\/agpograf.com\/fr\/portfolio_page\/la-imatge-humana-editorial-tenov-i-fundacio-la-caixa\/\" \/>\n<meta property=\"og:site_name\" content=\"Agpograf Impressors\" \/>\n<meta property=\"article:publisher\" content=\"https:\/\/www.facebook.com\/Agpograf\" \/>\n<meta property=\"article:modified_time\" content=\"2022-11-18T12:54:07+00:00\" \/>\n<meta property=\"og:image\" content=\"https:\/\/agpograf.com\/wp-content\/uploads\/2021\/07\/portada-La-imatge-humana.jpg\" \/>\n\t<meta property=\"og:image:width\" content=\"800\" \/>\n\t<meta property=\"og:image:height\" content=\"800\" \/>\n\t<meta property=\"og:image:type\" content=\"image\/jpeg\" \/>\n<meta name=\"twitter:card\" content=\"summary_large_image\" \/>\n<meta name=\"twitter:label1\" content=\"Dur\u00e9e de lecture estim\u00e9e\" \/>\n\t<meta name=\"twitter:data1\" content=\"2 minutes\" \/>\n<script type=\"application\/ld+json\" class=\"yoast-schema-graph\">{\"@context\":\"https:\\\/\\\/schema.org\",\"@graph\":[{\"@type\":\"WebPage\",\"@id\":\"https:\\\/\\\/agpograf.com\\\/fr\\\/portfolio_page\\\/la-imatge-humana-editorial-tenov-i-fundacio-la-caixa\\\/\",\"url\":\"https:\\\/\\\/agpograf.com\\\/fr\\\/portfolio_page\\\/la-imatge-humana-editorial-tenov-i-fundacio-la-caixa\\\/\",\"name\":\"La imatge humana - Editorial Tenov i Fundaci\u00f3 La Caixa &#8211; Agpograf Impressors\",\"isPartOf\":{\"@id\":\"https:\\\/\\\/agpograf.com\\\/fr\\\/#website\"},\"primaryImageOfPage\":{\"@id\":\"https:\\\/\\\/agpograf.com\\\/fr\\\/portfolio_page\\\/la-imatge-humana-editorial-tenov-i-fundacio-la-caixa\\\/#primaryimage\"},\"image\":{\"@id\":\"https:\\\/\\\/agpograf.com\\\/fr\\\/portfolio_page\\\/la-imatge-humana-editorial-tenov-i-fundacio-la-caixa\\\/#primaryimage\"},\"thumbnailUrl\":\"https:\\\/\\\/agpograf.com\\\/wp-content\\\/uploads\\\/2021\\\/07\\\/portada-La-imatge-humana.jpg\",\"datePublished\":\"2021-07-15T08:53:33+00:00\",\"dateModified\":\"2022-11-18T12:54:07+00:00\",\"description\":\"Fundaci\u00f3 La Caixa La imatge humana La\u00a0Editorial Tenov\u00a0nous a confi\u00e9 l\u2019impression du catalogue de l\u2019exposition itin\u00e9rante \u00ab La imatge humana \u00bb, organis\u00e9e\",\"breadcrumb\":{\"@id\":\"https:\\\/\\\/agpograf.com\\\/fr\\\/portfolio_page\\\/la-imatge-humana-editorial-tenov-i-fundacio-la-caixa\\\/#breadcrumb\"},\"inLanguage\":\"fr-FR\",\"potentialAction\":[{\"@type\":\"ReadAction\",\"target\":[\"https:\\\/\\\/agpograf.com\\\/fr\\\/portfolio_page\\\/la-imatge-humana-editorial-tenov-i-fundacio-la-caixa\\\/\"]}]},{\"@type\":\"ImageObject\",\"inLanguage\":\"fr-FR\",\"@id\":\"https:\\\/\\\/agpograf.com\\\/fr\\\/portfolio_page\\\/la-imatge-humana-editorial-tenov-i-fundacio-la-caixa\\\/#primaryimage\",\"url\":\"https:\\\/\\\/agpograf.com\\\/wp-content\\\/uploads\\\/2021\\\/07\\\/portada-La-imatge-humana.jpg\",\"contentUrl\":\"https:\\\/\\\/agpograf.com\\\/wp-content\\\/uploads\\\/2021\\\/07\\\/portada-La-imatge-humana.jpg\",\"width\":800,\"height\":800},{\"@type\":\"BreadcrumbList\",\"@id\":\"https:\\\/\\\/agpograf.com\\\/fr\\\/portfolio_page\\\/la-imatge-humana-editorial-tenov-i-fundacio-la-caixa\\\/#breadcrumb\",\"itemListElement\":[{\"@type\":\"ListItem\",\"position\":1,\"name\":\"Inici\",\"item\":\"https:\\\/\\\/agpograf.com\\\/fr\\\/\"},{\"@type\":\"ListItem\",\"position\":2,\"name\":\"Portfolio\",\"item\":\"https:\\\/\\\/agpograf.com\\\/fr\\\/portfolio_page\\\/\"},{\"@type\":\"ListItem\",\"position\":3,\"name\":\"La imatge humana &#8211; Editorial Tenov i Fundaci\u00f3 La Caixa\"}]},{\"@type\":\"WebSite\",\"@id\":\"https:\\\/\\\/agpograf.com\\\/fr\\\/#website\",\"url\":\"https:\\\/\\\/agpograf.com\\\/fr\\\/\",\"name\":\"Agpograf Impressors\",\"description\":\"Printing your dreams\",\"publisher\":{\"@id\":\"https:\\\/\\\/agpograf.com\\\/fr\\\/#organization\"},\"potentialAction\":[{\"@type\":\"SearchAction\",\"target\":{\"@type\":\"EntryPoint\",\"urlTemplate\":\"https:\\\/\\\/agpograf.com\\\/fr\\\/?s={search_term_string}\"},\"query-input\":{\"@type\":\"PropertyValueSpecification\",\"valueRequired\":true,\"valueName\":\"search_term_string\"}}],\"inLanguage\":\"fr-FR\"},{\"@type\":\"Organization\",\"@id\":\"https:\\\/\\\/agpograf.com\\\/fr\\\/#organization\",\"name\":\"Agpograf Impressors\",\"url\":\"https:\\\/\\\/agpograf.com\\\/fr\\\/\",\"logo\":{\"@type\":\"ImageObject\",\"inLanguage\":\"fr-FR\",\"@id\":\"https:\\\/\\\/agpograf.com\\\/fr\\\/#\\\/schema\\\/logo\\\/image\\\/\",\"url\":\"https:\\\/\\\/www.agpograf.com\\\/wp-content\\\/uploads\\\/2020\\\/01\\\/Agpgoraf-Impressors-logo.png\",\"contentUrl\":\"https:\\\/\\\/www.agpograf.com\\\/wp-content\\\/uploads\\\/2020\\\/01\\\/Agpgoraf-Impressors-logo.png\",\"width\":601,\"height\":477,\"caption\":\"Agpograf Impressors\"},\"image\":{\"@id\":\"https:\\\/\\\/agpograf.com\\\/fr\\\/#\\\/schema\\\/logo\\\/image\\\/\"},\"sameAs\":[\"https:\\\/\\\/www.facebook.com\\\/Agpograf\",\"https:\\\/\\\/www.instagram.com\\\/agpograf_impressors\\\/\",\"https:\\\/\\\/www.linkedin.com\\\/company\\\/agpograf-impressors\\\/about\\\/\",\"https:\\\/\\\/www.youtube.com\\\/channel\\\/UC1vXUlhI2NeafCFLhfnrQXw\",\"https:\\\/\\\/www.behance.net\\\/agpografimpressors\"]}]}<\/script>\n<!-- \/ Yoast SEO plugin. -->","yoast_head_json":{"title":"La imatge humana - Editorial Tenov i Fundaci\u00f3 La Caixa &#8211; Agpograf Impressors","description":"Fundaci\u00f3 La Caixa La imatge humana La\u00a0Editorial Tenov\u00a0nous a confi\u00e9 l\u2019impression du catalogue de l\u2019exposition itin\u00e9rante \u00ab La imatge humana \u00bb, organis\u00e9e","robots":{"index":"index","follow":"follow","max-snippet":"max-snippet:-1","max-image-preview":"max-image-preview:large","max-video-preview":"max-video-preview:-1"},"canonical":"https:\/\/agpograf.com\/fr\/portfolio_page\/la-imatge-humana-editorial-tenov-i-fundacio-la-caixa\/","og_locale":"fr_FR","og_type":"article","og_title":"La imatge humana - Editorial Tenov i Fundaci\u00f3 La Caixa &#8211; Agpograf Impressors","og_description":"Fundaci\u00f3 La Caixa La imatge humana La\u00a0Editorial Tenov\u00a0nous a confi\u00e9 l\u2019impression du catalogue de l\u2019exposition itin\u00e9rante \u00ab La imatge humana \u00bb, organis\u00e9e","og_url":"https:\/\/agpograf.com\/fr\/portfolio_page\/la-imatge-humana-editorial-tenov-i-fundacio-la-caixa\/","og_site_name":"Agpograf Impressors","article_publisher":"https:\/\/www.facebook.com\/Agpograf","article_modified_time":"2022-11-18T12:54:07+00:00","og_image":[{"width":800,"height":800,"url":"https:\/\/agpograf.com\/wp-content\/uploads\/2021\/07\/portada-La-imatge-humana.jpg","type":"image\/jpeg"}],"twitter_card":"summary_large_image","twitter_misc":{"Dur\u00e9e de lecture estim\u00e9e":"2 minutes"},"schema":{"@context":"https:\/\/schema.org","@graph":[{"@type":"WebPage","@id":"https:\/\/agpograf.com\/fr\/portfolio_page\/la-imatge-humana-editorial-tenov-i-fundacio-la-caixa\/","url":"https:\/\/agpograf.com\/fr\/portfolio_page\/la-imatge-humana-editorial-tenov-i-fundacio-la-caixa\/","name":"La imatge humana - Editorial Tenov i Fundaci\u00f3 La Caixa &#8211; Agpograf Impressors","isPartOf":{"@id":"https:\/\/agpograf.com\/fr\/#website"},"primaryImageOfPage":{"@id":"https:\/\/agpograf.com\/fr\/portfolio_page\/la-imatge-humana-editorial-tenov-i-fundacio-la-caixa\/#primaryimage"},"image":{"@id":"https:\/\/agpograf.com\/fr\/portfolio_page\/la-imatge-humana-editorial-tenov-i-fundacio-la-caixa\/#primaryimage"},"thumbnailUrl":"https:\/\/agpograf.com\/wp-content\/uploads\/2021\/07\/portada-La-imatge-humana.jpg","datePublished":"2021-07-15T08:53:33+00:00","dateModified":"2022-11-18T12:54:07+00:00","description":"Fundaci\u00f3 La Caixa La imatge humana La\u00a0Editorial Tenov\u00a0nous a confi\u00e9 l\u2019impression du catalogue de l\u2019exposition itin\u00e9rante \u00ab La imatge humana \u00bb, organis\u00e9e","breadcrumb":{"@id":"https:\/\/agpograf.com\/fr\/portfolio_page\/la-imatge-humana-editorial-tenov-i-fundacio-la-caixa\/#breadcrumb"},"inLanguage":"fr-FR","potentialAction":[{"@type":"ReadAction","target":["https:\/\/agpograf.com\/fr\/portfolio_page\/la-imatge-humana-editorial-tenov-i-fundacio-la-caixa\/"]}]},{"@type":"ImageObject","inLanguage":"fr-FR","@id":"https:\/\/agpograf.com\/fr\/portfolio_page\/la-imatge-humana-editorial-tenov-i-fundacio-la-caixa\/#primaryimage","url":"https:\/\/agpograf.com\/wp-content\/uploads\/2021\/07\/portada-La-imatge-humana.jpg","contentUrl":"https:\/\/agpograf.com\/wp-content\/uploads\/2021\/07\/portada-La-imatge-humana.jpg","width":800,"height":800},{"@type":"BreadcrumbList","@id":"https:\/\/agpograf.com\/fr\/portfolio_page\/la-imatge-humana-editorial-tenov-i-fundacio-la-caixa\/#breadcrumb","itemListElement":[{"@type":"ListItem","position":1,"name":"Inici","item":"https:\/\/agpograf.com\/fr\/"},{"@type":"ListItem","position":2,"name":"Portfolio","item":"https:\/\/agpograf.com\/fr\/portfolio_page\/"},{"@type":"ListItem","position":3,"name":"La imatge humana &#8211; Editorial Tenov i Fundaci\u00f3 La Caixa"}]},{"@type":"WebSite","@id":"https:\/\/agpograf.com\/fr\/#website","url":"https:\/\/agpograf.com\/fr\/","name":"Agpograf Impressors","description":"Printing your dreams","publisher":{"@id":"https:\/\/agpograf.com\/fr\/#organization"},"potentialAction":[{"@type":"SearchAction","target":{"@type":"EntryPoint","urlTemplate":"https:\/\/agpograf.com\/fr\/?s={search_term_string}"},"query-input":{"@type":"PropertyValueSpecification","valueRequired":true,"valueName":"search_term_string"}}],"inLanguage":"fr-FR"},{"@type":"Organization","@id":"https:\/\/agpograf.com\/fr\/#organization","name":"Agpograf Impressors","url":"https:\/\/agpograf.com\/fr\/","logo":{"@type":"ImageObject","inLanguage":"fr-FR","@id":"https:\/\/agpograf.com\/fr\/#\/schema\/logo\/image\/","url":"https:\/\/www.agpograf.com\/wp-content\/uploads\/2020\/01\/Agpgoraf-Impressors-logo.png","contentUrl":"https:\/\/www.agpograf.com\/wp-content\/uploads\/2020\/01\/Agpgoraf-Impressors-logo.png","width":601,"height":477,"caption":"Agpograf Impressors"},"image":{"@id":"https:\/\/agpograf.com\/fr\/#\/schema\/logo\/image\/"},"sameAs":["https:\/\/www.facebook.com\/Agpograf","https:\/\/www.instagram.com\/agpograf_impressors\/","https:\/\/www.linkedin.com\/company\/agpograf-impressors\/about\/","https:\/\/www.youtube.com\/channel\/UC1vXUlhI2NeafCFLhfnrQXw","https:\/\/www.behance.net\/agpografimpressors"]}]}},"_links":{"self":[{"href":"https:\/\/agpograf.com\/fr\/wp-json\/wp\/v2\/portfolio_page\/14589","targetHints":{"allow":["GET"]}}],"collection":[{"href":"https:\/\/agpograf.com\/fr\/wp-json\/wp\/v2\/portfolio_page"}],"about":[{"href":"https:\/\/agpograf.com\/fr\/wp-json\/wp\/v2\/types\/portfolio_page"}],"author":[{"embeddable":true,"href":"https:\/\/agpograf.com\/fr\/wp-json\/wp\/v2\/users\/1"}],"replies":[{"embeddable":true,"href":"https:\/\/agpograf.com\/fr\/wp-json\/wp\/v2\/comments?post=14589"}],"wp:featuredmedia":[{"embeddable":true,"href":"https:\/\/agpograf.com\/fr\/wp-json\/wp\/v2\/media\/10919"}],"wp:attachment":[{"href":"https:\/\/agpograf.com\/fr\/wp-json\/wp\/v2\/media?parent=14589"}],"wp:term":[{"taxonomy":"portfolio_category","embeddable":true,"href":"https:\/\/agpograf.com\/fr\/wp-json\/wp\/v2\/portfolio_category?post=14589"},{"taxonomy":"portfolio_tag","embeddable":true,"href":"https:\/\/agpograf.com\/fr\/wp-json\/wp\/v2\/portfolio_tag?post=14589"}],"curies":[{"name":"wp","href":"https:\/\/api.w.org\/{rel}","templated":true}]}}