{"id":14344,"date":"2022-10-11T10:43:34","date_gmt":"2022-10-11T08:43:34","guid":{"rendered":"https:\/\/agpograf.cmsfacil.eu\/?post_type=portfolio_page&#038;p=14344"},"modified":"2025-05-08T09:50:26","modified_gmt":"2025-05-08T07:50:26","slug":"livre-commemoratif-sanchez-cantalejo-tomas","status":"publish","type":"portfolio_page","link":"https:\/\/agpograf.com\/fr\/portfolio_page\/livre-commemoratif-sanchez-cantalejo-tomas\/","title":{"rendered":"Livre comm\u00e9moratif \u2013 S\u00e1nchez Cantalejo +Tom\u00e1s"},"content":{"rendered":"<div class=\"wpb-content-wrapper\"><p>[vc_row css_animation=\u00a0\u00bb\u00a0\u00bb row_type=\u00a0\u00bbrow\u00a0\u00bb use_row_as_full_screen_section=\u00a0\u00bbno\u00a0\u00bb type=\u00a0\u00bbfull_width\u00a0\u00bb angled_section=\u00a0\u00bbno\u00a0\u00bb text_align=\u00a0\u00bbleft\u00a0\u00bb background_image_as_pattern=\u00a0\u00bbwithout_pattern\u00a0\u00bb][vc_column][vc_column_text]<\/p>\n<h2>S\u00e1nchez Cantalejo +Tom\u00e1s<\/h2>\n<p>[\/vc_column_text][vc_empty_space height=\u00a0\u00bb10px\u00a0\u00bb][vc_column_text]<\/p>\n<h3><span style=\"color: #f05b40;\">Livre comm\u00e9moratif<\/span><\/h3>\n<p>[\/vc_column_text][vc_empty_space height=\u00a0\u00bb30px\u00a0\u00bb][vc_empty_space height=\u00a0\u00bb20px\u00a0\u00bb][vc_column_text]<\/p>\n<div class=\"wpb_text_column wpb_content_element \">\n<div class=\"wpb_wrapper\">\n<div class=\"wpb_text_column wpb_content_element \">\n<div class=\"wpb_wrapper\">\n<p>Les architectes majorquins\u00a0<strong>\u00c0ngel S\u00e1nchez Cantalejo<\/strong>\u00a0et\u00a0<strong>Vicente Tom\u00e1s<\/strong>\u00a0sont connus dans le monde entier pour leurs cr\u00e9ations d\u2019inspiration locale pour construire une architecture globale contemporaine \u00e0 partir de leur studio d\u2019architecture\u00a0<a href=\"http:\/\/www.sctarquitectos.com\/\" target=\"_blank\" rel=\"noopener\"><strong>SCT<\/strong><\/a>.<\/p>\n<p>&nbsp;<\/p>\n<p>Ce\u00a0<strong>livre comm\u00e9moratif<\/strong>, con\u00e7u par\u00a0<a href=\"https:\/\/studioroses.com\/\" target=\"_blank\" rel=\"noopener\"><strong>StudioRoses<\/strong><\/a>, pr\u00e9sente les projets qui ont vu le jour dans le studio majorquin au cours de ces plus de 25 ann\u00e9es consacr\u00e9es \u00e0 l\u2019architecture.<\/p>\n<p>&nbsp;<\/p>\n<p>Imprim\u00e9 \u00e0 l\u2019aide de la\u00a0<strong>technologie LED UV<\/strong>, le livre respire l\u2019architecture de S\u00e1nchez Cantalejo et Tom\u00e1s sur chaque page, mais surtout sur la couverture, o\u00f9 l\u2019utilisation d\u2019une\u00a0<strong>couverture cartonn\u00e9e<\/strong>\u00a0en papier Colorplan Real gris et les\u00a0<strong>finitions sp\u00e9ciales<\/strong>\u00a0avec\u00a0<strong>gravage \u00e0 sec<\/strong>\u00a0et\u00a0<strong>dorure \u00e0 chaud<\/strong>\u00a0noire simulent parfaitement les blocs de b\u00e9ton pr\u00e9sents dans leurs cr\u00e9ations.<\/p>\n<\/div>\n<\/div>\n<div class=\"vc_empty_space\"><\/div>\n<\/div>\n<\/div>\n<p>[\/vc_column_text][vc_empty_space height=\u00a0\u00bb40px\u00a0\u00bb][\/vc_column][\/vc_row][vc_row css_animation=\u00a0\u00bb\u00a0\u00bb row_type=\u00a0\u00bbrow\u00a0\u00bb use_row_as_full_screen_section=\u00a0\u00bbno\u00a0\u00bb type=\u00a0\u00bbfull_width\u00a0\u00bb angled_section=\u00a0\u00bbno\u00a0\u00bb text_align=\u00a0\u00bbleft\u00a0\u00bb background_image_as_pattern=\u00a0\u00bbwithout_pattern\u00a0\u00bb][vc_column][vc_empty_space height=\u00a0\u00bb20px\u00a0\u00bb][vc_column_text]<strong>Sp\u00e9cifications<\/strong>[\/vc_column_text][\/vc_column][\/vc_row][vc_row css_animation=\u00a0\u00bb\u00a0\u00bb row_type=\u00a0\u00bbrow\u00a0\u00bb use_row_as_full_screen_section=\u00a0\u00bbno\u00a0\u00bb type=\u00a0\u00bbfull_width\u00a0\u00bb angled_section=\u00a0\u00bbno\u00a0\u00bb text_align=\u00a0\u00bbleft\u00a0\u00bb background_image_as_pattern=\u00a0\u00bbwithout_pattern\u00a0\u00bb][vc_column][vc_empty_space height=\u00a0\u00bb20px\u00a0\u00bb][vc_column_text]<strong>Conception graphique<br \/>\n<\/strong>StudioRoses[\/vc_column_text][vc_empty_space height=\u00a0\u00bb20px\u00a0\u00bb][vc_column_text]<\/p>\n<div class=\"wpb_text_column wpb_content_element \">\n<div class=\"wpb_wrapper\">\n<p><strong>Impression<br \/>\n<\/strong>Technologie LED UV<\/p>\n<\/div>\n<\/div>\n<p>[\/vc_column_text][vc_empty_space height=\u00a0\u00bb20px\u00a0\u00bb][vc_column_text]<strong>Papiers<br \/>\n<\/strong><strong>Couverture<br \/>\n<\/strong>Colorplan Real de 135 g. (G . F Smith)<\/p>\n<p>&nbsp;<\/p>\n<p><strong>Int\u00e9rieur<br \/>\n<\/strong>Old Mill Premium White de 190 g. (Fedrigoni Paper)<br \/>\nGardapat Kiara de 135 g. (Lecta)[\/vc_column_text][vc_empty_space height=\u00a0\u00bb20px\u00a0\u00bb][vc_column_text]<strong>Reliure<br \/>\n<\/strong>Reliure cartonn\u00e9e de 3mm[\/vc_column_text][vc_empty_space height=\u00a0\u00bb20px\u00a0\u00bb][vc_column_text]<strong>Finitions<br \/>\n<\/strong>Dorure \u00e0 chaud noir sur la couverture, le dos et la quatri\u00e8me de couverture<br \/>\nGravage \u00e0 sec sur la couverture, le dos et la quatri\u00e8me de couverture[\/vc_column_text][vc_empty_space height=\u00a0\u00bb25px\u00a0\u00bb][\/vc_column][\/vc_row][vc_row css_animation=\u00a0\u00bb\u00a0\u00bb row_type=\u00a0\u00bbrow\u00a0\u00bb use_row_as_full_screen_section=\u00a0\u00bbno\u00a0\u00bb type=\u00a0\u00bbfull_width\u00a0\u00bb angled_section=\u00a0\u00bbno\u00a0\u00bb text_align=\u00a0\u00bbleft\u00a0\u00bb background_image_as_pattern=\u00a0\u00bbwithout_pattern\u00a0\u00bb][vc_column][vc_empty_space height=\u00a0\u00bb50px\u00a0\u00bb][\/vc_column][\/vc_row]<\/p>\n<\/div>","protected":false},"excerpt":{"rendered":"<p>[vc_row css_animation=\u00a0\u00bb\u00a0\u00bb row_type=\u00a0\u00bbrow\u00a0\u00bb use_row_as_full_screen_section=\u00a0\u00bbno\u00a0\u00bb type=\u00a0\u00bbfull_width\u00a0\u00bb angled_section=\u00a0\u00bbno\u00a0\u00bb text_align=\u00a0\u00bbleft\u00a0\u00bb background_image_as_pattern=\u00a0\u00bbwithout_pattern\u00a0\u00bb][vc_column][vc_column_text] S\u00e1nchez Cantalejo +Tom\u00e1s [\/vc_column_text][vc_empty_space height=\u00a0\u00bb10px\u00a0\u00bb][vc_column_text] Livre comm\u00e9moratif [\/vc_column_text][vc_empty_space height=\u00a0\u00bb30px\u00a0\u00bb][vc_empty_space height=\u00a0\u00bb20px\u00a0\u00bb][vc_column_text] Les architectes majorquins\u00a0\u00c0ngel S\u00e1nchez Cantalejo\u00a0et\u00a0Vicente Tom\u00e1s\u00a0sont connus dans le monde entier pour leurs cr\u00e9ations d\u2019inspiration locale pour construire une architecture globale contemporaine \u00e0 partir de leur studio&#8230;<\/p>\n","protected":false},"author":1,"featured_media":14341,"menu_order":340,"comment_status":"closed","ping_status":"closed","template":"","portfolio_category":[743],"portfolio_tag":[911,776,759,760],"class_list":["post-14344","portfolio_page","type-portfolio_page","status-publish","has-post-thumbnail","hentry","portfolio_category-catalogue-commemoratif","portfolio_tag-tapa-dura-fr","portfolio_tag-estampacio-fr","portfolio_tag-relleu-sec-fr","portfolio_tag-led-uv-fr-2"],"yoast_head":"<!-- This site is optimized with the Yoast SEO plugin v27.4 - https:\/\/yoast.com\/product\/yoast-seo-wordpress\/ -->\n<title>Livre comm\u00e9moratif \u2013 S\u00e1nchez Cantalejo +Tom\u00e1s &#8211; Agpograf Impressors<\/title>\n<meta name=\"description\" content=\"S\u00e1nchez Cantalejo +Tom\u00e1s Livre comm\u00e9moratif Les architectes majorquins\u00a0\u00c0ngel S\u00e1nchez Cantalejo\u00a0et\u00a0Vicente Tom\u00e1s\u00a0sont connus dans le monde entier pour\" \/>\n<meta name=\"robots\" content=\"index, follow, max-snippet:-1, max-image-preview:large, max-video-preview:-1\" \/>\n<link rel=\"canonical\" href=\"https:\/\/agpograf.com\/fr\/portfolio_page\/livre-commemoratif-sanchez-cantalejo-tomas\/\" \/>\n<meta property=\"og:locale\" content=\"fr_FR\" \/>\n<meta property=\"og:type\" content=\"article\" \/>\n<meta property=\"og:title\" content=\"Livre comm\u00e9moratif \u2013 S\u00e1nchez Cantalejo +Tom\u00e1s &#8211; Agpograf Impressors\" \/>\n<meta property=\"og:description\" content=\"S\u00e1nchez Cantalejo +Tom\u00e1s Livre comm\u00e9moratif Les architectes majorquins\u00a0\u00c0ngel S\u00e1nchez Cantalejo\u00a0et\u00a0Vicente Tom\u00e1s\u00a0sont connus dans le monde entier pour\" \/>\n<meta property=\"og:url\" content=\"https:\/\/agpograf.com\/fr\/portfolio_page\/livre-commemoratif-sanchez-cantalejo-tomas\/\" \/>\n<meta property=\"og:site_name\" content=\"Agpograf Impressors\" \/>\n<meta property=\"article:publisher\" content=\"https:\/\/www.facebook.com\/Agpograf\" \/>\n<meta property=\"article:modified_time\" content=\"2025-05-08T07:50:26+00:00\" \/>\n<meta property=\"og:image\" content=\"https:\/\/agpograf.com\/wp-content\/uploads\/2022\/10\/portada-SCT-500x500-1.webp\" \/>\n\t<meta property=\"og:image:width\" content=\"500\" \/>\n\t<meta property=\"og:image:height\" content=\"500\" \/>\n\t<meta property=\"og:image:type\" content=\"image\/webp\" \/>\n<meta name=\"twitter:card\" content=\"summary_large_image\" \/>\n<meta name=\"twitter:label1\" content=\"Dur\u00e9e de lecture estim\u00e9e\" \/>\n\t<meta name=\"twitter:data1\" content=\"2 minutes\" \/>\n<script type=\"application\/ld+json\" class=\"yoast-schema-graph\">{\"@context\":\"https:\\\/\\\/schema.org\",\"@graph\":[{\"@type\":\"WebPage\",\"@id\":\"https:\\\/\\\/agpograf.com\\\/fr\\\/portfolio_page\\\/livre-commemoratif-sanchez-cantalejo-tomas\\\/\",\"url\":\"https:\\\/\\\/agpograf.com\\\/fr\\\/portfolio_page\\\/livre-commemoratif-sanchez-cantalejo-tomas\\\/\",\"name\":\"Livre comm\u00e9moratif \u2013 S\u00e1nchez Cantalejo +Tom\u00e1s &#8211; Agpograf Impressors\",\"isPartOf\":{\"@id\":\"https:\\\/\\\/agpograf.com\\\/fr\\\/#website\"},\"primaryImageOfPage\":{\"@id\":\"https:\\\/\\\/agpograf.com\\\/fr\\\/portfolio_page\\\/livre-commemoratif-sanchez-cantalejo-tomas\\\/#primaryimage\"},\"image\":{\"@id\":\"https:\\\/\\\/agpograf.com\\\/fr\\\/portfolio_page\\\/livre-commemoratif-sanchez-cantalejo-tomas\\\/#primaryimage\"},\"thumbnailUrl\":\"https:\\\/\\\/agpograf.com\\\/wp-content\\\/uploads\\\/2022\\\/10\\\/portada-SCT-500x500-1.webp\",\"datePublished\":\"2022-10-11T08:43:34+00:00\",\"dateModified\":\"2025-05-08T07:50:26+00:00\",\"description\":\"S\u00e1nchez Cantalejo +Tom\u00e1s Livre comm\u00e9moratif Les architectes majorquins\u00a0\u00c0ngel S\u00e1nchez Cantalejo\u00a0et\u00a0Vicente Tom\u00e1s\u00a0sont connus dans le monde entier pour\",\"breadcrumb\":{\"@id\":\"https:\\\/\\\/agpograf.com\\\/fr\\\/portfolio_page\\\/livre-commemoratif-sanchez-cantalejo-tomas\\\/#breadcrumb\"},\"inLanguage\":\"fr-FR\",\"potentialAction\":[{\"@type\":\"ReadAction\",\"target\":[\"https:\\\/\\\/agpograf.com\\\/fr\\\/portfolio_page\\\/livre-commemoratif-sanchez-cantalejo-tomas\\\/\"]}]},{\"@type\":\"ImageObject\",\"inLanguage\":\"fr-FR\",\"@id\":\"https:\\\/\\\/agpograf.com\\\/fr\\\/portfolio_page\\\/livre-commemoratif-sanchez-cantalejo-tomas\\\/#primaryimage\",\"url\":\"https:\\\/\\\/agpograf.com\\\/wp-content\\\/uploads\\\/2022\\\/10\\\/portada-SCT-500x500-1.webp\",\"contentUrl\":\"https:\\\/\\\/agpograf.com\\\/wp-content\\\/uploads\\\/2022\\\/10\\\/portada-SCT-500x500-1.webp\",\"width\":500,\"height\":500},{\"@type\":\"BreadcrumbList\",\"@id\":\"https:\\\/\\\/agpograf.com\\\/fr\\\/portfolio_page\\\/livre-commemoratif-sanchez-cantalejo-tomas\\\/#breadcrumb\",\"itemListElement\":[{\"@type\":\"ListItem\",\"position\":1,\"name\":\"Inici\",\"item\":\"https:\\\/\\\/agpograf.com\\\/fr\\\/\"},{\"@type\":\"ListItem\",\"position\":2,\"name\":\"Portfolio\",\"item\":\"https:\\\/\\\/agpograf.com\\\/fr\\\/portfolio_page\\\/\"},{\"@type\":\"ListItem\",\"position\":3,\"name\":\"Livre comm\u00e9moratif \u2013 S\u00e1nchez Cantalejo +Tom\u00e1s\"}]},{\"@type\":\"WebSite\",\"@id\":\"https:\\\/\\\/agpograf.com\\\/fr\\\/#website\",\"url\":\"https:\\\/\\\/agpograf.com\\\/fr\\\/\",\"name\":\"Agpograf Impressors\",\"description\":\"Printing your dreams\",\"publisher\":{\"@id\":\"https:\\\/\\\/agpograf.com\\\/fr\\\/#organization\"},\"potentialAction\":[{\"@type\":\"SearchAction\",\"target\":{\"@type\":\"EntryPoint\",\"urlTemplate\":\"https:\\\/\\\/agpograf.com\\\/fr\\\/?s={search_term_string}\"},\"query-input\":{\"@type\":\"PropertyValueSpecification\",\"valueRequired\":true,\"valueName\":\"search_term_string\"}}],\"inLanguage\":\"fr-FR\"},{\"@type\":\"Organization\",\"@id\":\"https:\\\/\\\/agpograf.com\\\/fr\\\/#organization\",\"name\":\"Agpograf Impressors\",\"url\":\"https:\\\/\\\/agpograf.com\\\/fr\\\/\",\"logo\":{\"@type\":\"ImageObject\",\"inLanguage\":\"fr-FR\",\"@id\":\"https:\\\/\\\/agpograf.com\\\/fr\\\/#\\\/schema\\\/logo\\\/image\\\/\",\"url\":\"https:\\\/\\\/www.agpograf.com\\\/wp-content\\\/uploads\\\/2020\\\/01\\\/Agpgoraf-Impressors-logo.png\",\"contentUrl\":\"https:\\\/\\\/www.agpograf.com\\\/wp-content\\\/uploads\\\/2020\\\/01\\\/Agpgoraf-Impressors-logo.png\",\"width\":601,\"height\":477,\"caption\":\"Agpograf Impressors\"},\"image\":{\"@id\":\"https:\\\/\\\/agpograf.com\\\/fr\\\/#\\\/schema\\\/logo\\\/image\\\/\"},\"sameAs\":[\"https:\\\/\\\/www.facebook.com\\\/Agpograf\",\"https:\\\/\\\/www.instagram.com\\\/agpograf_impressors\\\/\",\"https:\\\/\\\/www.linkedin.com\\\/company\\\/agpograf-impressors\\\/about\\\/\",\"https:\\\/\\\/www.youtube.com\\\/channel\\\/UC1vXUlhI2NeafCFLhfnrQXw\",\"https:\\\/\\\/www.behance.net\\\/agpografimpressors\"]}]}<\/script>\n<!-- \/ Yoast SEO plugin. -->","yoast_head_json":{"title":"Livre comm\u00e9moratif \u2013 S\u00e1nchez Cantalejo +Tom\u00e1s &#8211; Agpograf Impressors","description":"S\u00e1nchez Cantalejo +Tom\u00e1s Livre comm\u00e9moratif Les architectes majorquins\u00a0\u00c0ngel S\u00e1nchez Cantalejo\u00a0et\u00a0Vicente Tom\u00e1s\u00a0sont connus dans le monde entier pour","robots":{"index":"index","follow":"follow","max-snippet":"max-snippet:-1","max-image-preview":"max-image-preview:large","max-video-preview":"max-video-preview:-1"},"canonical":"https:\/\/agpograf.com\/fr\/portfolio_page\/livre-commemoratif-sanchez-cantalejo-tomas\/","og_locale":"fr_FR","og_type":"article","og_title":"Livre comm\u00e9moratif \u2013 S\u00e1nchez Cantalejo +Tom\u00e1s &#8211; Agpograf Impressors","og_description":"S\u00e1nchez Cantalejo +Tom\u00e1s Livre comm\u00e9moratif Les architectes majorquins\u00a0\u00c0ngel S\u00e1nchez Cantalejo\u00a0et\u00a0Vicente Tom\u00e1s\u00a0sont connus dans le monde entier pour","og_url":"https:\/\/agpograf.com\/fr\/portfolio_page\/livre-commemoratif-sanchez-cantalejo-tomas\/","og_site_name":"Agpograf Impressors","article_publisher":"https:\/\/www.facebook.com\/Agpograf","article_modified_time":"2025-05-08T07:50:26+00:00","og_image":[{"width":500,"height":500,"url":"https:\/\/agpograf.com\/wp-content\/uploads\/2022\/10\/portada-SCT-500x500-1.webp","type":"image\/webp"}],"twitter_card":"summary_large_image","twitter_misc":{"Dur\u00e9e de lecture estim\u00e9e":"2 minutes"},"schema":{"@context":"https:\/\/schema.org","@graph":[{"@type":"WebPage","@id":"https:\/\/agpograf.com\/fr\/portfolio_page\/livre-commemoratif-sanchez-cantalejo-tomas\/","url":"https:\/\/agpograf.com\/fr\/portfolio_page\/livre-commemoratif-sanchez-cantalejo-tomas\/","name":"Livre comm\u00e9moratif \u2013 S\u00e1nchez Cantalejo +Tom\u00e1s &#8211; Agpograf Impressors","isPartOf":{"@id":"https:\/\/agpograf.com\/fr\/#website"},"primaryImageOfPage":{"@id":"https:\/\/agpograf.com\/fr\/portfolio_page\/livre-commemoratif-sanchez-cantalejo-tomas\/#primaryimage"},"image":{"@id":"https:\/\/agpograf.com\/fr\/portfolio_page\/livre-commemoratif-sanchez-cantalejo-tomas\/#primaryimage"},"thumbnailUrl":"https:\/\/agpograf.com\/wp-content\/uploads\/2022\/10\/portada-SCT-500x500-1.webp","datePublished":"2022-10-11T08:43:34+00:00","dateModified":"2025-05-08T07:50:26+00:00","description":"S\u00e1nchez Cantalejo +Tom\u00e1s Livre comm\u00e9moratif Les architectes majorquins\u00a0\u00c0ngel S\u00e1nchez Cantalejo\u00a0et\u00a0Vicente Tom\u00e1s\u00a0sont connus dans le monde entier pour","breadcrumb":{"@id":"https:\/\/agpograf.com\/fr\/portfolio_page\/livre-commemoratif-sanchez-cantalejo-tomas\/#breadcrumb"},"inLanguage":"fr-FR","potentialAction":[{"@type":"ReadAction","target":["https:\/\/agpograf.com\/fr\/portfolio_page\/livre-commemoratif-sanchez-cantalejo-tomas\/"]}]},{"@type":"ImageObject","inLanguage":"fr-FR","@id":"https:\/\/agpograf.com\/fr\/portfolio_page\/livre-commemoratif-sanchez-cantalejo-tomas\/#primaryimage","url":"https:\/\/agpograf.com\/wp-content\/uploads\/2022\/10\/portada-SCT-500x500-1.webp","contentUrl":"https:\/\/agpograf.com\/wp-content\/uploads\/2022\/10\/portada-SCT-500x500-1.webp","width":500,"height":500},{"@type":"BreadcrumbList","@id":"https:\/\/agpograf.com\/fr\/portfolio_page\/livre-commemoratif-sanchez-cantalejo-tomas\/#breadcrumb","itemListElement":[{"@type":"ListItem","position":1,"name":"Inici","item":"https:\/\/agpograf.com\/fr\/"},{"@type":"ListItem","position":2,"name":"Portfolio","item":"https:\/\/agpograf.com\/fr\/portfolio_page\/"},{"@type":"ListItem","position":3,"name":"Livre comm\u00e9moratif \u2013 S\u00e1nchez Cantalejo +Tom\u00e1s"}]},{"@type":"WebSite","@id":"https:\/\/agpograf.com\/fr\/#website","url":"https:\/\/agpograf.com\/fr\/","name":"Agpograf Impressors","description":"Printing your dreams","publisher":{"@id":"https:\/\/agpograf.com\/fr\/#organization"},"potentialAction":[{"@type":"SearchAction","target":{"@type":"EntryPoint","urlTemplate":"https:\/\/agpograf.com\/fr\/?s={search_term_string}"},"query-input":{"@type":"PropertyValueSpecification","valueRequired":true,"valueName":"search_term_string"}}],"inLanguage":"fr-FR"},{"@type":"Organization","@id":"https:\/\/agpograf.com\/fr\/#organization","name":"Agpograf Impressors","url":"https:\/\/agpograf.com\/fr\/","logo":{"@type":"ImageObject","inLanguage":"fr-FR","@id":"https:\/\/agpograf.com\/fr\/#\/schema\/logo\/image\/","url":"https:\/\/www.agpograf.com\/wp-content\/uploads\/2020\/01\/Agpgoraf-Impressors-logo.png","contentUrl":"https:\/\/www.agpograf.com\/wp-content\/uploads\/2020\/01\/Agpgoraf-Impressors-logo.png","width":601,"height":477,"caption":"Agpograf Impressors"},"image":{"@id":"https:\/\/agpograf.com\/fr\/#\/schema\/logo\/image\/"},"sameAs":["https:\/\/www.facebook.com\/Agpograf","https:\/\/www.instagram.com\/agpograf_impressors\/","https:\/\/www.linkedin.com\/company\/agpograf-impressors\/about\/","https:\/\/www.youtube.com\/channel\/UC1vXUlhI2NeafCFLhfnrQXw","https:\/\/www.behance.net\/agpografimpressors"]}]}},"_links":{"self":[{"href":"https:\/\/agpograf.com\/fr\/wp-json\/wp\/v2\/portfolio_page\/14344","targetHints":{"allow":["GET"]}}],"collection":[{"href":"https:\/\/agpograf.com\/fr\/wp-json\/wp\/v2\/portfolio_page"}],"about":[{"href":"https:\/\/agpograf.com\/fr\/wp-json\/wp\/v2\/types\/portfolio_page"}],"author":[{"embeddable":true,"href":"https:\/\/agpograf.com\/fr\/wp-json\/wp\/v2\/users\/1"}],"replies":[{"embeddable":true,"href":"https:\/\/agpograf.com\/fr\/wp-json\/wp\/v2\/comments?post=14344"}],"wp:featuredmedia":[{"embeddable":true,"href":"https:\/\/agpograf.com\/fr\/wp-json\/wp\/v2\/media\/14341"}],"wp:attachment":[{"href":"https:\/\/agpograf.com\/fr\/wp-json\/wp\/v2\/media?parent=14344"}],"wp:term":[{"taxonomy":"portfolio_category","embeddable":true,"href":"https:\/\/agpograf.com\/fr\/wp-json\/wp\/v2\/portfolio_category?post=14344"},{"taxonomy":"portfolio_tag","embeddable":true,"href":"https:\/\/agpograf.com\/fr\/wp-json\/wp\/v2\/portfolio_tag?post=14344"}],"curies":[{"name":"wp","href":"https:\/\/api.w.org\/{rel}","templated":true}]}}