{"id":14235,"date":"2022-03-16T10:00:39","date_gmt":"2022-03-16T08:00:39","guid":{"rendered":"https:\/\/agpograf.cmsfacil.eu\/?post_type=portfolio_page&#038;p=14235"},"modified":"2022-11-17T15:07:32","modified_gmt":"2022-11-17T13:07:32","slug":"creativitat-desbordant-fira-del-llibre-de-frankfurt-2022-twopoints-net","status":"publish","type":"portfolio_page","link":"https:\/\/agpograf.com\/fr\/portfolio_page\/creativitat-desbordant-fira-del-llibre-de-frankfurt-2022-twopoints-net\/","title":{"rendered":"Creativitat desbordant. Fira del Llibre de Frankfurt 2022 &#8211; TwoPoints.Net"},"content":{"rendered":"<div class=\"wpb-content-wrapper\"><p>[vc_row css_animation=\u00a0\u00bb\u00a0\u00bb row_type=\u00a0\u00bbrow\u00a0\u00bb use_row_as_full_screen_section=\u00a0\u00bbno\u00a0\u00bb type=\u00a0\u00bbfull_width\u00a0\u00bb angled_section=\u00a0\u00bbno\u00a0\u00bb text_align=\u00a0\u00bbleft\u00a0\u00bb background_image_as_pattern=\u00a0\u00bbwithout_pattern\u00a0\u00bb][vc_column][vc_column_text]<\/p>\n<h2>Cr\u00e9ativit\u00e9 d\u00e9bordante. Foire du livre de Francfort 2022<\/h2>\n<p>[\/vc_column_text][vc_empty_space height=\u00a0\u00bb10px\u00a0\u00bb][vc_column_text]<\/p>\n<h3><span style=\"color: #f05b40;\">TwoPoints.Net<\/span><\/h3>\n<p>[\/vc_column_text][vc_empty_space height=\u00a0\u00bb30px\u00a0\u00bb][vc_empty_space height=\u00a0\u00bb20px\u00a0\u00bb][vc_column_text]<\/p>\n<div class=\"wpb_text_column wpb_content_element \">\n<div class=\"wpb_wrapper\">\n<p>La cit\u00e9 allemande de\u00a0<strong>Francfort-sur-le-Main<\/strong>\u00a0accueille chaque ann\u00e9e en octobre la plus grande foire du livre du monde. Pendant cinq jours, le secteur international de l\u2019\u00e9dition et de la litt\u00e9rature profite de l\u2019occasion pour pr\u00e9senter des nouveaut\u00e9s et n\u00e9gocier en m\u00eame temps des contrats, des licences ou des droits d\u2019\u00e9dition.<\/p>\n<p>&nbsp;<\/p>\n<p>Cette ann\u00e9e, en 2022, l\u2019Espagne sera l\u2019invit\u00e9e d\u2019honneur de la\u00a0<a href=\"https:\/\/spainfrankfurt2022.com\/en\/\" target=\"_blank\" rel=\"noopener\"><strong>Foire du Livre<\/strong><\/a>\u00a0sous le slogan \u00a0\u00bb Cr\u00e9ativit\u00e9 d\u00e9bordante \u00ab\u00a0. Une occasion de pr\u00e9senter la litt\u00e9rature espagnole au monde et de la faire conna\u00eetre \u00e0 l\u2019\u00e9tranger.<\/p>\n<p>&nbsp;<\/p>\n<p>Le studio\u00a0<a href=\"https:\/\/new.twopoints.net\/\" target=\"_blank\" rel=\"noopener\"><strong>TwoPoints.Net<\/strong><\/a>, form\u00e9 par\u00a0<strong>Lupi Asensio et Martin Lorenz<\/strong>, a \u00e9t\u00e9 charg\u00e9 de traduire cette d\u00e9claration de principes en une identit\u00e9 visuelle. Le r\u00e9sultat est une image dynamique et flexible qui s\u2019adapte au temps et aux diff\u00e9rents m\u00e9dias. Le design, repr\u00e9sent\u00e9 par un \u00ab\u00a0S\u00a0\u00bb ouvert o\u00f9 la cr\u00e9ativit\u00e9 d\u00e9borde de tous c\u00f4t\u00e9s gr\u00e2ce au m\u00e9lange de trois gestes plastiques diff\u00e9rents.<\/p>\n<p>&nbsp;<\/p>\n<p>Nous avons eu l\u2019occasion de participer \u00e0 la production graphique de diff\u00e9rents supports pour la foire, tels que : des\u00a0<strong>cahiers \u00e0 reliure agraf\u00e9e<\/strong>, des\u00a0<strong>signets<\/strong>, des\u00a0<strong>dossiers<\/strong>\u00a0et des\u00a0<strong>d\u00e9pliants<\/strong>. Pour cela, nous avons combin\u00e9 diff\u00e9rentes techniques d\u2019impression (<strong>LED UV, offset traditionnel et sublimation<\/strong>) en fonction des besoins de chaque \u00e9l\u00e9ment.<\/p>\n<\/div>\n<\/div>\n<p>[\/vc_column_text][vc_empty_space height=\u00a0\u00bb40px\u00a0\u00bb][\/vc_column][\/vc_row][vc_row css_animation=\u00a0\u00bb\u00a0\u00bb row_type=\u00a0\u00bbrow\u00a0\u00bb use_row_as_full_screen_section=\u00a0\u00bbno\u00a0\u00bb type=\u00a0\u00bbfull_width\u00a0\u00bb angled_section=\u00a0\u00bbno\u00a0\u00bb text_align=\u00a0\u00bbleft\u00a0\u00bb background_image_as_pattern=\u00a0\u00bbwithout_pattern\u00a0\u00bb][vc_column][vc_empty_space height=\u00a0\u00bb20px\u00a0\u00bb][vc_column_text]<strong>Sp\u00e9cifications<\/strong>[\/vc_column_text][\/vc_column][\/vc_row][vc_row css_animation=\u00a0\u00bb\u00a0\u00bb row_type=\u00a0\u00bbrow\u00a0\u00bb use_row_as_full_screen_section=\u00a0\u00bbno\u00a0\u00bb type=\u00a0\u00bbfull_width\u00a0\u00bb angled_section=\u00a0\u00bbno\u00a0\u00bb text_align=\u00a0\u00bbleft\u00a0\u00bb background_image_as_pattern=\u00a0\u00bbwithout_pattern\u00a0\u00bb][vc_column][vc_empty_space height=\u00a0\u00bb20px\u00a0\u00bb][vc_column_text]<strong>Conception graphique<br \/>\n<\/strong>Lupi Asensio et Martin Lorenz (TwoPoints.Net)[\/vc_column_text][vc_empty_space height=\u00a0\u00bb20px\u00a0\u00bb][vc_column_text]<strong>Impression<br \/>\n<\/strong>LED UV<br \/>\nOffset traditionnel<br \/>\nSublimation<br \/>\nDe fa\u00e7on particuli\u00e8re, nous avons chang\u00e9 le magenta du CMYK pour une encre phosphorescente.[\/vc_column_text][vc_empty_space height=\u00a0\u00bb20px\u00a0\u00bb][vc_column_text]<strong>\u00c9l\u00e9ments<\/strong><br \/>\nDossier avec pochette et dos<br \/>\nDeux mod\u00e8les de cahier<br \/>\nDix mod\u00e8les de signets<br \/>\nAutres \u00e9l\u00e9ments de marchandisage tels que : crayons, \u00e9ventails, sacs fourre-tout, tasses, T-shirts et ouvreurs magn\u00e9tiques.[\/vc_column_text][vc_empty_space height=\u00a0\u00bb20px\u00a0\u00bb][vc_column_text]<strong>Papiers<br \/>\n<\/strong>Majestic Metallic Milk de 290 g. (Uni\u00f3n Papelera)<br \/>\nCoral Book Natural 1.2 de 90 g. (Torraspapel)[\/vc_column_text][vc_empty_space height=\u00a0\u00bb20px\u00a0\u00bb][vc_column_text]<strong>Reliure<br \/>\n<\/strong>Cahiers \u00e0 reliure agraf\u00e9e[\/vc_column_text][vc_empty_space height=\u00a0\u00bb20px\u00a0\u00bb][vc_column_text]<strong>Finitions<br \/>\n<\/strong>Dossiers d\u00e9coup\u00e9s et gomm\u00e9s[\/vc_column_text][vc_empty_space height=\u00a0\u00bb25px\u00a0\u00bb][\/vc_column][\/vc_row][vc_row css_animation=\u00a0\u00bb\u00a0\u00bb row_type=\u00a0\u00bbrow\u00a0\u00bb use_row_as_full_screen_section=\u00a0\u00bbno\u00a0\u00bb type=\u00a0\u00bbfull_width\u00a0\u00bb angled_section=\u00a0\u00bbno\u00a0\u00bb text_align=\u00a0\u00bbleft\u00a0\u00bb background_image_as_pattern=\u00a0\u00bbwithout_pattern\u00a0\u00bb][vc_column][vc_empty_space height=\u00a0\u00bb50px\u00a0\u00bb][\/vc_column][\/vc_row]<\/p>\n<\/div>","protected":false},"excerpt":{"rendered":"<p>[vc_row css_animation=\u00a0\u00bb\u00a0\u00bb row_type=\u00a0\u00bbrow\u00a0\u00bb use_row_as_full_screen_section=\u00a0\u00bbno\u00a0\u00bb type=\u00a0\u00bbfull_width\u00a0\u00bb angled_section=\u00a0\u00bbno\u00a0\u00bb text_align=\u00a0\u00bbleft\u00a0\u00bb background_image_as_pattern=\u00a0\u00bbwithout_pattern\u00a0\u00bb][vc_column][vc_column_text] Cr\u00e9ativit\u00e9 d\u00e9bordante. Foire du livre de Francfort 2022 [\/vc_column_text][vc_empty_space height=\u00a0\u00bb10px\u00a0\u00bb][vc_column_text] TwoPoints.Net [\/vc_column_text][vc_empty_space height=\u00a0\u00bb30px\u00a0\u00bb][vc_empty_space height=\u00a0\u00bb20px\u00a0\u00bb][vc_column_text] La cit\u00e9 allemande de\u00a0Francfort-sur-le-Main\u00a0accueille chaque ann\u00e9e en octobre la plus grande foire du livre du monde. Pendant cinq jours, le secteur international de&#8230;<\/p>\n","protected":false},"author":1,"featured_media":11912,"menu_order":406,"comment_status":"closed","ping_status":"closed","template":"","portfolio_category":[],"portfolio_tag":[],"class_list":["post-14235","portfolio_page","type-portfolio_page","status-publish","has-post-thumbnail","hentry"],"yoast_head":"<!-- This site is optimized with the Yoast SEO plugin v27.4 - https:\/\/yoast.com\/product\/yoast-seo-wordpress\/ -->\n<title>Creativitat desbordant. Fira del Llibre de Frankfurt 2022 - TwoPoints.Net &#8211; Agpograf Impressors<\/title>\n<meta name=\"description\" content=\"Cr\u00e9ativit\u00e9 d\u00e9bordante. Foire du livre de Francfort 2022 TwoPoints.Net La cit\u00e9 allemande de\u00a0Francfort-sur-le-Main\u00a0accueille chaque ann\u00e9e en octobre la plus\" \/>\n<meta name=\"robots\" content=\"index, follow, max-snippet:-1, max-image-preview:large, max-video-preview:-1\" \/>\n<link rel=\"canonical\" href=\"https:\/\/agpograf.com\/fr\/portfolio_page\/creativitat-desbordant-fira-del-llibre-de-frankfurt-2022-twopoints-net\/\" \/>\n<meta property=\"og:locale\" content=\"fr_FR\" \/>\n<meta property=\"og:type\" content=\"article\" \/>\n<meta property=\"og:title\" content=\"Creativitat desbordant. Fira del Llibre de Frankfurt 2022 - TwoPoints.Net &#8211; Agpograf Impressors\" \/>\n<meta property=\"og:description\" content=\"Cr\u00e9ativit\u00e9 d\u00e9bordante. Foire du livre de Francfort 2022 TwoPoints.Net La cit\u00e9 allemande de\u00a0Francfort-sur-le-Main\u00a0accueille chaque ann\u00e9e en octobre la plus\" \/>\n<meta property=\"og:url\" content=\"https:\/\/agpograf.com\/fr\/portfolio_page\/creativitat-desbordant-fira-del-llibre-de-frankfurt-2022-twopoints-net\/\" \/>\n<meta property=\"og:site_name\" content=\"Agpograf Impressors\" \/>\n<meta property=\"article:publisher\" content=\"https:\/\/www.facebook.com\/Agpograf\" \/>\n<meta property=\"article:modified_time\" content=\"2022-11-17T13:07:32+00:00\" \/>\n<meta property=\"og:image\" content=\"https:\/\/agpograf.com\/wp-content\/uploads\/2022\/03\/01-Frankfurter-Buchmesse-2022-Two-Points.jpg\" \/>\n\t<meta property=\"og:image:width\" content=\"1080\" \/>\n\t<meta property=\"og:image:height\" content=\"1080\" \/>\n\t<meta property=\"og:image:type\" content=\"image\/jpeg\" \/>\n<meta name=\"twitter:card\" content=\"summary_large_image\" \/>\n<meta name=\"twitter:label1\" content=\"Dur\u00e9e de lecture estim\u00e9e\" \/>\n\t<meta name=\"twitter:data1\" content=\"2 minutes\" \/>\n<script type=\"application\/ld+json\" class=\"yoast-schema-graph\">{\"@context\":\"https:\\\/\\\/schema.org\",\"@graph\":[{\"@type\":\"WebPage\",\"@id\":\"https:\\\/\\\/agpograf.com\\\/fr\\\/portfolio_page\\\/creativitat-desbordant-fira-del-llibre-de-frankfurt-2022-twopoints-net\\\/\",\"url\":\"https:\\\/\\\/agpograf.com\\\/fr\\\/portfolio_page\\\/creativitat-desbordant-fira-del-llibre-de-frankfurt-2022-twopoints-net\\\/\",\"name\":\"Creativitat desbordant. Fira del Llibre de Frankfurt 2022 - TwoPoints.Net &#8211; Agpograf Impressors\",\"isPartOf\":{\"@id\":\"https:\\\/\\\/agpograf.com\\\/fr\\\/#website\"},\"primaryImageOfPage\":{\"@id\":\"https:\\\/\\\/agpograf.com\\\/fr\\\/portfolio_page\\\/creativitat-desbordant-fira-del-llibre-de-frankfurt-2022-twopoints-net\\\/#primaryimage\"},\"image\":{\"@id\":\"https:\\\/\\\/agpograf.com\\\/fr\\\/portfolio_page\\\/creativitat-desbordant-fira-del-llibre-de-frankfurt-2022-twopoints-net\\\/#primaryimage\"},\"thumbnailUrl\":\"https:\\\/\\\/agpograf.com\\\/wp-content\\\/uploads\\\/2022\\\/03\\\/01-Frankfurter-Buchmesse-2022-Two-Points.jpg\",\"datePublished\":\"2022-03-16T08:00:39+00:00\",\"dateModified\":\"2022-11-17T13:07:32+00:00\",\"description\":\"Cr\u00e9ativit\u00e9 d\u00e9bordante. Foire du livre de Francfort 2022 TwoPoints.Net La cit\u00e9 allemande de\u00a0Francfort-sur-le-Main\u00a0accueille chaque ann\u00e9e en octobre la plus\",\"breadcrumb\":{\"@id\":\"https:\\\/\\\/agpograf.com\\\/fr\\\/portfolio_page\\\/creativitat-desbordant-fira-del-llibre-de-frankfurt-2022-twopoints-net\\\/#breadcrumb\"},\"inLanguage\":\"fr-FR\",\"potentialAction\":[{\"@type\":\"ReadAction\",\"target\":[\"https:\\\/\\\/agpograf.com\\\/fr\\\/portfolio_page\\\/creativitat-desbordant-fira-del-llibre-de-frankfurt-2022-twopoints-net\\\/\"]}]},{\"@type\":\"ImageObject\",\"inLanguage\":\"fr-FR\",\"@id\":\"https:\\\/\\\/agpograf.com\\\/fr\\\/portfolio_page\\\/creativitat-desbordant-fira-del-llibre-de-frankfurt-2022-twopoints-net\\\/#primaryimage\",\"url\":\"https:\\\/\\\/agpograf.com\\\/wp-content\\\/uploads\\\/2022\\\/03\\\/01-Frankfurter-Buchmesse-2022-Two-Points.jpg\",\"contentUrl\":\"https:\\\/\\\/agpograf.com\\\/wp-content\\\/uploads\\\/2022\\\/03\\\/01-Frankfurter-Buchmesse-2022-Two-Points.jpg\",\"width\":1080,\"height\":1080},{\"@type\":\"BreadcrumbList\",\"@id\":\"https:\\\/\\\/agpograf.com\\\/fr\\\/portfolio_page\\\/creativitat-desbordant-fira-del-llibre-de-frankfurt-2022-twopoints-net\\\/#breadcrumb\",\"itemListElement\":[{\"@type\":\"ListItem\",\"position\":1,\"name\":\"Inici\",\"item\":\"https:\\\/\\\/agpograf.com\\\/fr\\\/\"},{\"@type\":\"ListItem\",\"position\":2,\"name\":\"Portfolio\",\"item\":\"https:\\\/\\\/agpograf.com\\\/fr\\\/portfolio_page\\\/\"},{\"@type\":\"ListItem\",\"position\":3,\"name\":\"Creativitat desbordant. Fira del Llibre de Frankfurt 2022 &#8211; TwoPoints.Net\"}]},{\"@type\":\"WebSite\",\"@id\":\"https:\\\/\\\/agpograf.com\\\/fr\\\/#website\",\"url\":\"https:\\\/\\\/agpograf.com\\\/fr\\\/\",\"name\":\"Agpograf Impressors\",\"description\":\"Printing your dreams\",\"publisher\":{\"@id\":\"https:\\\/\\\/agpograf.com\\\/fr\\\/#organization\"},\"potentialAction\":[{\"@type\":\"SearchAction\",\"target\":{\"@type\":\"EntryPoint\",\"urlTemplate\":\"https:\\\/\\\/agpograf.com\\\/fr\\\/?s={search_term_string}\"},\"query-input\":{\"@type\":\"PropertyValueSpecification\",\"valueRequired\":true,\"valueName\":\"search_term_string\"}}],\"inLanguage\":\"fr-FR\"},{\"@type\":\"Organization\",\"@id\":\"https:\\\/\\\/agpograf.com\\\/fr\\\/#organization\",\"name\":\"Agpograf Impressors\",\"url\":\"https:\\\/\\\/agpograf.com\\\/fr\\\/\",\"logo\":{\"@type\":\"ImageObject\",\"inLanguage\":\"fr-FR\",\"@id\":\"https:\\\/\\\/agpograf.com\\\/fr\\\/#\\\/schema\\\/logo\\\/image\\\/\",\"url\":\"https:\\\/\\\/www.agpograf.com\\\/wp-content\\\/uploads\\\/2020\\\/01\\\/Agpgoraf-Impressors-logo.png\",\"contentUrl\":\"https:\\\/\\\/www.agpograf.com\\\/wp-content\\\/uploads\\\/2020\\\/01\\\/Agpgoraf-Impressors-logo.png\",\"width\":601,\"height\":477,\"caption\":\"Agpograf Impressors\"},\"image\":{\"@id\":\"https:\\\/\\\/agpograf.com\\\/fr\\\/#\\\/schema\\\/logo\\\/image\\\/\"},\"sameAs\":[\"https:\\\/\\\/www.facebook.com\\\/Agpograf\",\"https:\\\/\\\/www.instagram.com\\\/agpograf_impressors\\\/\",\"https:\\\/\\\/www.linkedin.com\\\/company\\\/agpograf-impressors\\\/about\\\/\",\"https:\\\/\\\/www.youtube.com\\\/channel\\\/UC1vXUlhI2NeafCFLhfnrQXw\",\"https:\\\/\\\/www.behance.net\\\/agpografimpressors\"]}]}<\/script>\n<!-- \/ Yoast SEO plugin. -->","yoast_head_json":{"title":"Creativitat desbordant. Fira del Llibre de Frankfurt 2022 - TwoPoints.Net &#8211; Agpograf Impressors","description":"Cr\u00e9ativit\u00e9 d\u00e9bordante. Foire du livre de Francfort 2022 TwoPoints.Net La cit\u00e9 allemande de\u00a0Francfort-sur-le-Main\u00a0accueille chaque ann\u00e9e en octobre la plus","robots":{"index":"index","follow":"follow","max-snippet":"max-snippet:-1","max-image-preview":"max-image-preview:large","max-video-preview":"max-video-preview:-1"},"canonical":"https:\/\/agpograf.com\/fr\/portfolio_page\/creativitat-desbordant-fira-del-llibre-de-frankfurt-2022-twopoints-net\/","og_locale":"fr_FR","og_type":"article","og_title":"Creativitat desbordant. Fira del Llibre de Frankfurt 2022 - TwoPoints.Net &#8211; Agpograf Impressors","og_description":"Cr\u00e9ativit\u00e9 d\u00e9bordante. Foire du livre de Francfort 2022 TwoPoints.Net La cit\u00e9 allemande de\u00a0Francfort-sur-le-Main\u00a0accueille chaque ann\u00e9e en octobre la plus","og_url":"https:\/\/agpograf.com\/fr\/portfolio_page\/creativitat-desbordant-fira-del-llibre-de-frankfurt-2022-twopoints-net\/","og_site_name":"Agpograf Impressors","article_publisher":"https:\/\/www.facebook.com\/Agpograf","article_modified_time":"2022-11-17T13:07:32+00:00","og_image":[{"width":1080,"height":1080,"url":"https:\/\/agpograf.com\/wp-content\/uploads\/2022\/03\/01-Frankfurter-Buchmesse-2022-Two-Points.jpg","type":"image\/jpeg"}],"twitter_card":"summary_large_image","twitter_misc":{"Dur\u00e9e de lecture estim\u00e9e":"2 minutes"},"schema":{"@context":"https:\/\/schema.org","@graph":[{"@type":"WebPage","@id":"https:\/\/agpograf.com\/fr\/portfolio_page\/creativitat-desbordant-fira-del-llibre-de-frankfurt-2022-twopoints-net\/","url":"https:\/\/agpograf.com\/fr\/portfolio_page\/creativitat-desbordant-fira-del-llibre-de-frankfurt-2022-twopoints-net\/","name":"Creativitat desbordant. Fira del Llibre de Frankfurt 2022 - TwoPoints.Net &#8211; Agpograf Impressors","isPartOf":{"@id":"https:\/\/agpograf.com\/fr\/#website"},"primaryImageOfPage":{"@id":"https:\/\/agpograf.com\/fr\/portfolio_page\/creativitat-desbordant-fira-del-llibre-de-frankfurt-2022-twopoints-net\/#primaryimage"},"image":{"@id":"https:\/\/agpograf.com\/fr\/portfolio_page\/creativitat-desbordant-fira-del-llibre-de-frankfurt-2022-twopoints-net\/#primaryimage"},"thumbnailUrl":"https:\/\/agpograf.com\/wp-content\/uploads\/2022\/03\/01-Frankfurter-Buchmesse-2022-Two-Points.jpg","datePublished":"2022-03-16T08:00:39+00:00","dateModified":"2022-11-17T13:07:32+00:00","description":"Cr\u00e9ativit\u00e9 d\u00e9bordante. Foire du livre de Francfort 2022 TwoPoints.Net La cit\u00e9 allemande de\u00a0Francfort-sur-le-Main\u00a0accueille chaque ann\u00e9e en octobre la plus","breadcrumb":{"@id":"https:\/\/agpograf.com\/fr\/portfolio_page\/creativitat-desbordant-fira-del-llibre-de-frankfurt-2022-twopoints-net\/#breadcrumb"},"inLanguage":"fr-FR","potentialAction":[{"@type":"ReadAction","target":["https:\/\/agpograf.com\/fr\/portfolio_page\/creativitat-desbordant-fira-del-llibre-de-frankfurt-2022-twopoints-net\/"]}]},{"@type":"ImageObject","inLanguage":"fr-FR","@id":"https:\/\/agpograf.com\/fr\/portfolio_page\/creativitat-desbordant-fira-del-llibre-de-frankfurt-2022-twopoints-net\/#primaryimage","url":"https:\/\/agpograf.com\/wp-content\/uploads\/2022\/03\/01-Frankfurter-Buchmesse-2022-Two-Points.jpg","contentUrl":"https:\/\/agpograf.com\/wp-content\/uploads\/2022\/03\/01-Frankfurter-Buchmesse-2022-Two-Points.jpg","width":1080,"height":1080},{"@type":"BreadcrumbList","@id":"https:\/\/agpograf.com\/fr\/portfolio_page\/creativitat-desbordant-fira-del-llibre-de-frankfurt-2022-twopoints-net\/#breadcrumb","itemListElement":[{"@type":"ListItem","position":1,"name":"Inici","item":"https:\/\/agpograf.com\/fr\/"},{"@type":"ListItem","position":2,"name":"Portfolio","item":"https:\/\/agpograf.com\/fr\/portfolio_page\/"},{"@type":"ListItem","position":3,"name":"Creativitat desbordant. Fira del Llibre de Frankfurt 2022 &#8211; TwoPoints.Net"}]},{"@type":"WebSite","@id":"https:\/\/agpograf.com\/fr\/#website","url":"https:\/\/agpograf.com\/fr\/","name":"Agpograf Impressors","description":"Printing your dreams","publisher":{"@id":"https:\/\/agpograf.com\/fr\/#organization"},"potentialAction":[{"@type":"SearchAction","target":{"@type":"EntryPoint","urlTemplate":"https:\/\/agpograf.com\/fr\/?s={search_term_string}"},"query-input":{"@type":"PropertyValueSpecification","valueRequired":true,"valueName":"search_term_string"}}],"inLanguage":"fr-FR"},{"@type":"Organization","@id":"https:\/\/agpograf.com\/fr\/#organization","name":"Agpograf Impressors","url":"https:\/\/agpograf.com\/fr\/","logo":{"@type":"ImageObject","inLanguage":"fr-FR","@id":"https:\/\/agpograf.com\/fr\/#\/schema\/logo\/image\/","url":"https:\/\/www.agpograf.com\/wp-content\/uploads\/2020\/01\/Agpgoraf-Impressors-logo.png","contentUrl":"https:\/\/www.agpograf.com\/wp-content\/uploads\/2020\/01\/Agpgoraf-Impressors-logo.png","width":601,"height":477,"caption":"Agpograf Impressors"},"image":{"@id":"https:\/\/agpograf.com\/fr\/#\/schema\/logo\/image\/"},"sameAs":["https:\/\/www.facebook.com\/Agpograf","https:\/\/www.instagram.com\/agpograf_impressors\/","https:\/\/www.linkedin.com\/company\/agpograf-impressors\/about\/","https:\/\/www.youtube.com\/channel\/UC1vXUlhI2NeafCFLhfnrQXw","https:\/\/www.behance.net\/agpografimpressors"]}]}},"_links":{"self":[{"href":"https:\/\/agpograf.com\/fr\/wp-json\/wp\/v2\/portfolio_page\/14235","targetHints":{"allow":["GET"]}}],"collection":[{"href":"https:\/\/agpograf.com\/fr\/wp-json\/wp\/v2\/portfolio_page"}],"about":[{"href":"https:\/\/agpograf.com\/fr\/wp-json\/wp\/v2\/types\/portfolio_page"}],"author":[{"embeddable":true,"href":"https:\/\/agpograf.com\/fr\/wp-json\/wp\/v2\/users\/1"}],"replies":[{"embeddable":true,"href":"https:\/\/agpograf.com\/fr\/wp-json\/wp\/v2\/comments?post=14235"}],"wp:featuredmedia":[{"embeddable":true,"href":"https:\/\/agpograf.com\/fr\/wp-json\/wp\/v2\/media\/11912"}],"wp:attachment":[{"href":"https:\/\/agpograf.com\/fr\/wp-json\/wp\/v2\/media?parent=14235"}],"wp:term":[{"taxonomy":"portfolio_category","embeddable":true,"href":"https:\/\/agpograf.com\/fr\/wp-json\/wp\/v2\/portfolio_category?post=14235"},{"taxonomy":"portfolio_tag","embeddable":true,"href":"https:\/\/agpograf.com\/fr\/wp-json\/wp\/v2\/portfolio_tag?post=14235"}],"curies":[{"name":"wp","href":"https:\/\/api.w.org\/{rel}","templated":true}]}}