{"id":14228,"date":"2022-04-06T12:19:18","date_gmt":"2022-04-06T10:19:18","guid":{"rendered":"https:\/\/agpograf.cmsfacil.eu\/?post_type=portfolio_page&#038;p=14228"},"modified":"2025-05-08T10:34:47","modified_gmt":"2025-05-08T08:34:47","slug":"magabook-of-the-adg-laus-awards-adg-fad","status":"publish","type":"portfolio_page","link":"https:\/\/agpograf.com\/fr\/portfolio_page\/magabook-of-the-adg-laus-awards-adg-fad\/","title":{"rendered":"Magabook of the ADG Laus Awards &#8211; ADG FAD"},"content":{"rendered":"<div class=\"wpb-content-wrapper\"><p>[vc_row css_animation=\u00a0\u00bb\u00a0\u00bb row_type=\u00a0\u00bbrow\u00a0\u00bb use_row_as_full_screen_section=\u00a0\u00bbno\u00a0\u00bb type=\u00a0\u00bbfull_width\u00a0\u00bb angled_section=\u00a0\u00bbno\u00a0\u00bb text_align=\u00a0\u00bbleft\u00a0\u00bb background_image_as_pattern=\u00a0\u00bbwithout_pattern\u00a0\u00bb][vc_column][vc_column_text]<\/p>\n<h2>Magabook of the ADG Laus Awards<\/h2>\n<p>[\/vc_column_text][vc_empty_space height=\u00a0\u00bb10px\u00a0\u00bb][vc_column_text]<\/p>\n<h3><span style=\"color: #f05b40;\">ADG FAD<\/span><\/h3>\n<p>[\/vc_column_text][vc_empty_space height=\u00a0\u00bb30px\u00a0\u00bb][vc_empty_space height=\u00a0\u00bb20px\u00a0\u00bb][vc_column_text]<\/p>\n<div class=\"wpb_text_column wpb_content_element \">\n<div class=\"wpb_wrapper\">\n<p>Le\u00a0<strong>Magabook<\/strong>\u00a0de l\u2019<a href=\"https:\/\/www.adg-fad.org\/es\" target=\"_blank\" rel=\"noopener\"><strong>ADG FAD<\/strong><\/a>\u00a0est une collection annuelle du plus haut niveau de la production cr\u00e9ative.<\/p>\n<p>&nbsp;<\/p>\n<p>Cette ann\u00e9e, le studio\u00a0<a href=\"https:\/\/naranjoetxeberria.com\/\" target=\"_blank\" rel=\"noopener\"><strong>Naranjo-Etxeberria<\/strong><\/a>\u00a0a \u00e9t\u00e9 choisi pour la conception de la publication des prix\u00a0<strong>ADG Laus 2021<\/strong>.<\/p>\n<p>&nbsp;<\/p>\n<p>Le livre le plus disruptif qui ait \u00e9t\u00e9 produit \u00e0 ce jour pour compiler les meilleurs projets de l\u2019ann\u00e9e \u00e9vite les photographies et incorpore dans le design la nouvelle r\u00e9alit\u00e9 de l\u2019ann\u00e9e pass\u00e9e, et rompt avec la structure classique des livres, en \u00e9liminant tout type de couverture.<\/p>\n<p>&nbsp;<\/p>\n<p>Le projet a \u00e9t\u00e9 trait\u00e9 comme un chronologique dans lequel chaque jour est le m\u00eame et o\u00f9 les grilles repr\u00e9sentent les nouvelles r\u00e8gles auxquelles nous avons d\u00fb nous adapter.<\/p>\n<p>&nbsp;<\/p>\n<p>Ann\u00e9e apr\u00e8s ann\u00e9e, nous collaborons \u00e0 la production du livre en offrant gratuitement l\u2019impression afin de contribuer \u00e0 rendre visible le grand travail des professionnels des arts graphiques.<\/p>\n<p>&nbsp;<\/p>\n<p>Le Magabook est compos\u00e9 de deux livres, le premier\u00a0<strong>imprim\u00e9 avec quatre encres Pantone<\/strong>\u00a0sur du papier recycl\u00e9 Steinbis Select et\u00a0<strong>reli\u00e9 avec du fil apparent et jaquette<\/strong>\u00a0en papier calque. Le second livre,\u00a0<strong>reli\u00e9 en dos carr\u00e9 coll\u00e9<\/strong>, a \u00e9t\u00e9 imprim\u00e9 avec deux papiers diff\u00e9rents \u00e0 l\u2019int\u00e9rieur, Munken Pure Rough et Majestic White, tandis que le papier Pop\u2019Set Pearl Grey a \u00e9t\u00e9 utilis\u00e9 pour la couverture.<\/p>\n<\/div>\n<\/div>\n<p>[\/vc_column_text][vc_empty_space height=\u00a0\u00bb40px\u00a0\u00bb][\/vc_column][\/vc_row][vc_row css_animation=\u00a0\u00bb\u00a0\u00bb row_type=\u00a0\u00bbrow\u00a0\u00bb use_row_as_full_screen_section=\u00a0\u00bbno\u00a0\u00bb type=\u00a0\u00bbfull_width\u00a0\u00bb angled_section=\u00a0\u00bbno\u00a0\u00bb text_align=\u00a0\u00bbleft\u00a0\u00bb background_image_as_pattern=\u00a0\u00bbwithout_pattern\u00a0\u00bb][vc_column][vc_empty_space height=\u00a0\u00bb20px\u00a0\u00bb][vc_column_text]<strong>Sp\u00e9cifications<\/strong>[\/vc_column_text][\/vc_column][\/vc_row][vc_row css_animation=\u00a0\u00bb\u00a0\u00bb row_type=\u00a0\u00bbrow\u00a0\u00bb use_row_as_full_screen_section=\u00a0\u00bbno\u00a0\u00bb type=\u00a0\u00bbfull_width\u00a0\u00bb angled_section=\u00a0\u00bbno\u00a0\u00bb text_align=\u00a0\u00bbleft\u00a0\u00bb background_image_as_pattern=\u00a0\u00bbwithout_pattern\u00a0\u00bb][vc_column][vc_empty_space height=\u00a0\u00bb20px\u00a0\u00bb][vc_column_text]<strong>Conception graphique<br \/>\n<\/strong>Naranjo Etxeberria[\/vc_column_text][vc_empty_space height=\u00a0\u00bb20px\u00a0\u00bb][vc_column_text]<strong>Impression<br \/>\n<\/strong>Combinaison des techniques d\u2019impression offset classique et d\u2019impression LED UV[\/vc_column_text][vc_empty_space height=\u00a0\u00bb20px\u00a0\u00bb][vc_column_text]<b>Format<br \/>\n<\/b>17 x 24 cm[\/vc_column_text][vc_empty_space height=\u00a0\u00bb20px\u00a0\u00bb][vc_column_text]<\/p>\n<div class=\"wpb_text_column wpb_content_element \">\n<div class=\"wpb_wrapper\">\n<p><strong>\u00c9l\u00e9ments<br \/>\n<\/strong>Livre de 56 pages<br \/>\nMagazine de 176 pages<\/p>\n<\/div>\n<\/div>\n<div class=\"vc_empty_space\"><\/div>\n<p>[\/vc_column_text][vc_empty_space height=\u00a0\u00bb20px\u00a0\u00bb][vc_column_text]<strong>Reliure<br \/>\n<\/strong>Le livre a \u00e9t\u00e9 reli\u00e9 en fil apparent avec une jaquette en papier transparent et le magazine a \u00e9t\u00e9 reli\u00e9 en dos carr\u00e9 coll\u00e9[\/vc_column_text][vc_empty_space height=\u00a0\u00bb20px\u00a0\u00bb][vc_column_text]<strong>Papiers<\/strong>[\/vc_column_text][\/vc_column][\/vc_row][vc_row css_animation=\u00a0\u00bb\u00a0\u00bb row_type=\u00a0\u00bbrow\u00a0\u00bb use_row_as_full_screen_section=\u00a0\u00bbno\u00a0\u00bb type=\u00a0\u00bbfull_width\u00a0\u00bb angled_section=\u00a0\u00bbno\u00a0\u00bb text_align=\u00a0\u00bbleft\u00a0\u00bb background_image_as_pattern=\u00a0\u00bbwithout_pattern\u00a0\u00bb][vc_column width=\u00a0\u00bb1\/2&Prime;][vc_column_text]<strong>Livre<br \/>\nInt\u00e9rieur<br \/>\n<\/strong>Papier recycl\u00e9\u00a0<a href=\"https:\/\/www.stp.de\/es\/productos\/papeles-para-offset-sostenibles\/steinbeis-select\" target=\"_blank\" rel=\"noopener\">Steinbeis Select<\/a>\u00a0de 115 g. (Steinbeis Papier) imprim\u00e9 \u00e0 4 + 4 avec quatre encres Pantone<\/p>\n<p>&nbsp;<\/p>\n<p><strong>Jaquette<\/strong><br \/>\nPapier v\u00e9g\u00e9tal\u00a0<a href=\"https:\/\/www.updirecto.es\/papel-vegetal\/239-2014-papel-vegetal-cromatico-transparent.html#\/415-color-natural\/840-grs_m-110\/990-tamano_cm-64_x_92\" target=\"_blank\" rel=\"noopener\">Crom\u00e1tico Transparent Natural<\/a>\u00a0de 140 g. (Uni\u00f3n Papelera)[\/vc_column_text][vc_empty_space height=\u00a0\u00bb20px\u00a0\u00bb][\/vc_column][vc_column width=\u00a0\u00bb1\/2&Prime;][vc_column_text]<\/p>\n<div class=\"wpb_text_column wpb_content_element \">\n<div class=\"wpb_wrapper\">\n<p><strong>Magazine<br \/>\nCouverture<br \/>\n<\/strong><a href=\"https:\/\/arjowigginscreativepapers.com\/es\/catalog\/popset\/popset\/gris-perla\/\" target=\"_blank\" rel=\"noopener\">Pop\u2019Set Gris Perla<\/a>\u00a0de 240 g. (Arjowiggins Creative Papers) impr\u00e8s a 1 + 1<\/p>\n<p>&nbsp;<\/p>\n<p><strong>In\u00e9rieur<\/strong><br \/>\n<a href=\"https:\/\/www.arcticpaper.com\/brands\/munken\/munken-design-range\/munken-pure-rough\/\" target=\"_blank\" rel=\"noopener\">Munken Pure Rough<\/a>\u00a0de 100 g. (Arctic Paper) imprim\u00e9 \u00e0 4 + 4<br \/>\n<a href=\"https:\/\/www.favini.com\/gs\/en\/fine-papers\/majestic\/features-applications\/\" target=\"_blank\" rel=\"noopener\">Majestic White 01<\/a> de 120 g. (Favini) imprim\u00e9 \u00e0 1 + 1<\/p>\n<\/div>\n<\/div>\n<p>[\/vc_column_text][vc_empty_space height=\u00a0\u00bb20px\u00a0\u00bb][\/vc_column][\/vc_row][vc_row css_animation=\u00a0\u00bb\u00a0\u00bb row_type=\u00a0\u00bbrow\u00a0\u00bb use_row_as_full_screen_section=\u00a0\u00bbno\u00a0\u00bb type=\u00a0\u00bbfull_width\u00a0\u00bb angled_section=\u00a0\u00bbno\u00a0\u00bb text_align=\u00a0\u00bbleft\u00a0\u00bb background_image_as_pattern=\u00a0\u00bbwithout_pattern\u00a0\u00bb][vc_column][vc_empty_space height=\u00a0\u00bb25px\u00a0\u00bb][\/vc_column][\/vc_row][vc_row css_animation=\u00a0\u00bb\u00a0\u00bb row_type=\u00a0\u00bbrow\u00a0\u00bb use_row_as_full_screen_section=\u00a0\u00bbno\u00a0\u00bb type=\u00a0\u00bbfull_width\u00a0\u00bb angled_section=\u00a0\u00bbno\u00a0\u00bb text_align=\u00a0\u00bbleft\u00a0\u00bb background_image_as_pattern=\u00a0\u00bbwithout_pattern\u00a0\u00bb][vc_column][vc_empty_space height=\u00a0\u00bb50px\u00a0\u00bb][\/vc_column][\/vc_row]<\/p>\n<\/div>","protected":false},"excerpt":{"rendered":"<p>[vc_row css_animation=\u00a0\u00bb\u00a0\u00bb row_type=\u00a0\u00bbrow\u00a0\u00bb use_row_as_full_screen_section=\u00a0\u00bbno\u00a0\u00bb type=\u00a0\u00bbfull_width\u00a0\u00bb angled_section=\u00a0\u00bbno\u00a0\u00bb text_align=\u00a0\u00bbleft\u00a0\u00bb background_image_as_pattern=\u00a0\u00bbwithout_pattern\u00a0\u00bb][vc_column][vc_column_text] Magabook of the ADG Laus Awards [\/vc_column_text][vc_empty_space height=\u00a0\u00bb10px\u00a0\u00bb][vc_column_text] ADG FAD [\/vc_column_text][vc_empty_space height=\u00a0\u00bb30px\u00a0\u00bb][vc_empty_space height=\u00a0\u00bb20px\u00a0\u00bb][vc_column_text] Le\u00a0Magabook\u00a0de l\u2019ADG FAD\u00a0est une collection annuelle du plus haut niveau de la production cr\u00e9ative. &nbsp; Cette ann\u00e9e, le studio\u00a0Naranjo-Etxeberria\u00a0a \u00e9t\u00e9 choisi pour la conception&#8230;<\/p>\n","protected":false},"author":1,"featured_media":12092,"menu_order":398,"comment_status":"closed","ping_status":"closed","template":"","portfolio_category":[750,745],"portfolio_tag":[942,794,792,793,774,760],"class_list":["post-14228","portfolio_page","type-portfolio_page","status-publish","has-post-thumbnail","hentry","portfolio_category-editorial-fr","portfolio_category-livres","portfolio_tag-sobrecoberta-fr","portfolio_tag-offset-convencional-fr","portfolio_tag-tintes-pantone-fr","portfolio_tag-enquadernacio-fil-vist-fr","portfolio_tag-rustica-cosida-fr","portfolio_tag-led-uv-fr-2"],"yoast_head":"<!-- This site is optimized with the Yoast SEO plugin v27.4 - https:\/\/yoast.com\/product\/yoast-seo-wordpress\/ -->\n<title>Magabook of the ADG Laus Awards - ADG FAD &#8211; Agpograf Impressors<\/title>\n<meta name=\"description\" content=\"Magabook of the ADG Laus Awards ADG FAD Le\u00a0Magabook\u00a0de l\u2019ADG FAD\u00a0est une collection annuelle du plus haut niveau de la production cr\u00e9ative. &nbsp; Cette\" \/>\n<meta name=\"robots\" content=\"index, follow, max-snippet:-1, max-image-preview:large, max-video-preview:-1\" \/>\n<link rel=\"canonical\" href=\"https:\/\/agpograf.com\/fr\/portfolio_page\/magabook-of-the-adg-laus-awards-adg-fad\/\" \/>\n<meta property=\"og:locale\" content=\"fr_FR\" \/>\n<meta property=\"og:type\" content=\"article\" \/>\n<meta property=\"og:title\" content=\"Magabook of the ADG Laus Awards - ADG FAD &#8211; Agpograf Impressors\" \/>\n<meta property=\"og:description\" content=\"Magabook of the ADG Laus Awards ADG FAD Le\u00a0Magabook\u00a0de l\u2019ADG FAD\u00a0est une collection annuelle du plus haut niveau de la production cr\u00e9ative. &nbsp; Cette\" \/>\n<meta property=\"og:url\" content=\"https:\/\/agpograf.com\/fr\/portfolio_page\/magabook-of-the-adg-laus-awards-adg-fad\/\" \/>\n<meta property=\"og:site_name\" content=\"Agpograf Impressors\" \/>\n<meta property=\"article:publisher\" content=\"https:\/\/www.facebook.com\/Agpograf\" \/>\n<meta property=\"article:modified_time\" content=\"2025-05-08T08:34:47+00:00\" \/>\n<meta property=\"og:image\" content=\"https:\/\/agpograf.com\/wp-content\/uploads\/2022\/04\/portada-ADG-Laus-2021.jpg\" \/>\n\t<meta property=\"og:image:width\" content=\"1000\" \/>\n\t<meta property=\"og:image:height\" content=\"1000\" \/>\n\t<meta property=\"og:image:type\" content=\"image\/jpeg\" \/>\n<meta name=\"twitter:card\" content=\"summary_large_image\" \/>\n<meta name=\"twitter:label1\" content=\"Dur\u00e9e de lecture estim\u00e9e\" \/>\n\t<meta name=\"twitter:data1\" content=\"3 minutes\" \/>\n<script type=\"application\/ld+json\" class=\"yoast-schema-graph\">{\"@context\":\"https:\\\/\\\/schema.org\",\"@graph\":[{\"@type\":\"WebPage\",\"@id\":\"https:\\\/\\\/agpograf.com\\\/fr\\\/portfolio_page\\\/magabook-of-the-adg-laus-awards-adg-fad\\\/\",\"url\":\"https:\\\/\\\/agpograf.com\\\/fr\\\/portfolio_page\\\/magabook-of-the-adg-laus-awards-adg-fad\\\/\",\"name\":\"Magabook of the ADG Laus Awards - ADG FAD &#8211; Agpograf Impressors\",\"isPartOf\":{\"@id\":\"https:\\\/\\\/agpograf.com\\\/fr\\\/#website\"},\"primaryImageOfPage\":{\"@id\":\"https:\\\/\\\/agpograf.com\\\/fr\\\/portfolio_page\\\/magabook-of-the-adg-laus-awards-adg-fad\\\/#primaryimage\"},\"image\":{\"@id\":\"https:\\\/\\\/agpograf.com\\\/fr\\\/portfolio_page\\\/magabook-of-the-adg-laus-awards-adg-fad\\\/#primaryimage\"},\"thumbnailUrl\":\"https:\\\/\\\/agpograf.com\\\/wp-content\\\/uploads\\\/2022\\\/04\\\/portada-ADG-Laus-2021.jpg\",\"datePublished\":\"2022-04-06T10:19:18+00:00\",\"dateModified\":\"2025-05-08T08:34:47+00:00\",\"description\":\"Magabook of the ADG Laus Awards ADG FAD Le\u00a0Magabook\u00a0de l\u2019ADG FAD\u00a0est une collection annuelle du plus haut niveau de la production cr\u00e9ative. &nbsp; Cette\",\"breadcrumb\":{\"@id\":\"https:\\\/\\\/agpograf.com\\\/fr\\\/portfolio_page\\\/magabook-of-the-adg-laus-awards-adg-fad\\\/#breadcrumb\"},\"inLanguage\":\"fr-FR\",\"potentialAction\":[{\"@type\":\"ReadAction\",\"target\":[\"https:\\\/\\\/agpograf.com\\\/fr\\\/portfolio_page\\\/magabook-of-the-adg-laus-awards-adg-fad\\\/\"]}]},{\"@type\":\"ImageObject\",\"inLanguage\":\"fr-FR\",\"@id\":\"https:\\\/\\\/agpograf.com\\\/fr\\\/portfolio_page\\\/magabook-of-the-adg-laus-awards-adg-fad\\\/#primaryimage\",\"url\":\"https:\\\/\\\/agpograf.com\\\/wp-content\\\/uploads\\\/2022\\\/04\\\/portada-ADG-Laus-2021.jpg\",\"contentUrl\":\"https:\\\/\\\/agpograf.com\\\/wp-content\\\/uploads\\\/2022\\\/04\\\/portada-ADG-Laus-2021.jpg\",\"width\":1000,\"height\":1000},{\"@type\":\"BreadcrumbList\",\"@id\":\"https:\\\/\\\/agpograf.com\\\/fr\\\/portfolio_page\\\/magabook-of-the-adg-laus-awards-adg-fad\\\/#breadcrumb\",\"itemListElement\":[{\"@type\":\"ListItem\",\"position\":1,\"name\":\"Inici\",\"item\":\"https:\\\/\\\/agpograf.com\\\/fr\\\/\"},{\"@type\":\"ListItem\",\"position\":2,\"name\":\"Portfolio\",\"item\":\"https:\\\/\\\/agpograf.com\\\/fr\\\/portfolio_page\\\/\"},{\"@type\":\"ListItem\",\"position\":3,\"name\":\"Magabook of the ADG Laus Awards &#8211; ADG FAD\"}]},{\"@type\":\"WebSite\",\"@id\":\"https:\\\/\\\/agpograf.com\\\/fr\\\/#website\",\"url\":\"https:\\\/\\\/agpograf.com\\\/fr\\\/\",\"name\":\"Agpograf Impressors\",\"description\":\"Printing your dreams\",\"publisher\":{\"@id\":\"https:\\\/\\\/agpograf.com\\\/fr\\\/#organization\"},\"potentialAction\":[{\"@type\":\"SearchAction\",\"target\":{\"@type\":\"EntryPoint\",\"urlTemplate\":\"https:\\\/\\\/agpograf.com\\\/fr\\\/?s={search_term_string}\"},\"query-input\":{\"@type\":\"PropertyValueSpecification\",\"valueRequired\":true,\"valueName\":\"search_term_string\"}}],\"inLanguage\":\"fr-FR\"},{\"@type\":\"Organization\",\"@id\":\"https:\\\/\\\/agpograf.com\\\/fr\\\/#organization\",\"name\":\"Agpograf Impressors\",\"url\":\"https:\\\/\\\/agpograf.com\\\/fr\\\/\",\"logo\":{\"@type\":\"ImageObject\",\"inLanguage\":\"fr-FR\",\"@id\":\"https:\\\/\\\/agpograf.com\\\/fr\\\/#\\\/schema\\\/logo\\\/image\\\/\",\"url\":\"https:\\\/\\\/www.agpograf.com\\\/wp-content\\\/uploads\\\/2020\\\/01\\\/Agpgoraf-Impressors-logo.png\",\"contentUrl\":\"https:\\\/\\\/www.agpograf.com\\\/wp-content\\\/uploads\\\/2020\\\/01\\\/Agpgoraf-Impressors-logo.png\",\"width\":601,\"height\":477,\"caption\":\"Agpograf Impressors\"},\"image\":{\"@id\":\"https:\\\/\\\/agpograf.com\\\/fr\\\/#\\\/schema\\\/logo\\\/image\\\/\"},\"sameAs\":[\"https:\\\/\\\/www.facebook.com\\\/Agpograf\",\"https:\\\/\\\/www.instagram.com\\\/agpograf_impressors\\\/\",\"https:\\\/\\\/www.linkedin.com\\\/company\\\/agpograf-impressors\\\/about\\\/\",\"https:\\\/\\\/www.youtube.com\\\/channel\\\/UC1vXUlhI2NeafCFLhfnrQXw\",\"https:\\\/\\\/www.behance.net\\\/agpografimpressors\"]}]}<\/script>\n<!-- \/ Yoast SEO plugin. -->","yoast_head_json":{"title":"Magabook of the ADG Laus Awards - ADG FAD &#8211; Agpograf Impressors","description":"Magabook of the ADG Laus Awards ADG FAD Le\u00a0Magabook\u00a0de l\u2019ADG FAD\u00a0est une collection annuelle du plus haut niveau de la production cr\u00e9ative. &nbsp; Cette","robots":{"index":"index","follow":"follow","max-snippet":"max-snippet:-1","max-image-preview":"max-image-preview:large","max-video-preview":"max-video-preview:-1"},"canonical":"https:\/\/agpograf.com\/fr\/portfolio_page\/magabook-of-the-adg-laus-awards-adg-fad\/","og_locale":"fr_FR","og_type":"article","og_title":"Magabook of the ADG Laus Awards - ADG FAD &#8211; Agpograf Impressors","og_description":"Magabook of the ADG Laus Awards ADG FAD Le\u00a0Magabook\u00a0de l\u2019ADG FAD\u00a0est une collection annuelle du plus haut niveau de la production cr\u00e9ative. &nbsp; Cette","og_url":"https:\/\/agpograf.com\/fr\/portfolio_page\/magabook-of-the-adg-laus-awards-adg-fad\/","og_site_name":"Agpograf Impressors","article_publisher":"https:\/\/www.facebook.com\/Agpograf","article_modified_time":"2025-05-08T08:34:47+00:00","og_image":[{"width":1000,"height":1000,"url":"https:\/\/agpograf.com\/wp-content\/uploads\/2022\/04\/portada-ADG-Laus-2021.jpg","type":"image\/jpeg"}],"twitter_card":"summary_large_image","twitter_misc":{"Dur\u00e9e de lecture estim\u00e9e":"3 minutes"},"schema":{"@context":"https:\/\/schema.org","@graph":[{"@type":"WebPage","@id":"https:\/\/agpograf.com\/fr\/portfolio_page\/magabook-of-the-adg-laus-awards-adg-fad\/","url":"https:\/\/agpograf.com\/fr\/portfolio_page\/magabook-of-the-adg-laus-awards-adg-fad\/","name":"Magabook of the ADG Laus Awards - ADG FAD &#8211; Agpograf Impressors","isPartOf":{"@id":"https:\/\/agpograf.com\/fr\/#website"},"primaryImageOfPage":{"@id":"https:\/\/agpograf.com\/fr\/portfolio_page\/magabook-of-the-adg-laus-awards-adg-fad\/#primaryimage"},"image":{"@id":"https:\/\/agpograf.com\/fr\/portfolio_page\/magabook-of-the-adg-laus-awards-adg-fad\/#primaryimage"},"thumbnailUrl":"https:\/\/agpograf.com\/wp-content\/uploads\/2022\/04\/portada-ADG-Laus-2021.jpg","datePublished":"2022-04-06T10:19:18+00:00","dateModified":"2025-05-08T08:34:47+00:00","description":"Magabook of the ADG Laus Awards ADG FAD Le\u00a0Magabook\u00a0de l\u2019ADG FAD\u00a0est une collection annuelle du plus haut niveau de la production cr\u00e9ative. &nbsp; Cette","breadcrumb":{"@id":"https:\/\/agpograf.com\/fr\/portfolio_page\/magabook-of-the-adg-laus-awards-adg-fad\/#breadcrumb"},"inLanguage":"fr-FR","potentialAction":[{"@type":"ReadAction","target":["https:\/\/agpograf.com\/fr\/portfolio_page\/magabook-of-the-adg-laus-awards-adg-fad\/"]}]},{"@type":"ImageObject","inLanguage":"fr-FR","@id":"https:\/\/agpograf.com\/fr\/portfolio_page\/magabook-of-the-adg-laus-awards-adg-fad\/#primaryimage","url":"https:\/\/agpograf.com\/wp-content\/uploads\/2022\/04\/portada-ADG-Laus-2021.jpg","contentUrl":"https:\/\/agpograf.com\/wp-content\/uploads\/2022\/04\/portada-ADG-Laus-2021.jpg","width":1000,"height":1000},{"@type":"BreadcrumbList","@id":"https:\/\/agpograf.com\/fr\/portfolio_page\/magabook-of-the-adg-laus-awards-adg-fad\/#breadcrumb","itemListElement":[{"@type":"ListItem","position":1,"name":"Inici","item":"https:\/\/agpograf.com\/fr\/"},{"@type":"ListItem","position":2,"name":"Portfolio","item":"https:\/\/agpograf.com\/fr\/portfolio_page\/"},{"@type":"ListItem","position":3,"name":"Magabook of the ADG Laus Awards &#8211; ADG FAD"}]},{"@type":"WebSite","@id":"https:\/\/agpograf.com\/fr\/#website","url":"https:\/\/agpograf.com\/fr\/","name":"Agpograf Impressors","description":"Printing your dreams","publisher":{"@id":"https:\/\/agpograf.com\/fr\/#organization"},"potentialAction":[{"@type":"SearchAction","target":{"@type":"EntryPoint","urlTemplate":"https:\/\/agpograf.com\/fr\/?s={search_term_string}"},"query-input":{"@type":"PropertyValueSpecification","valueRequired":true,"valueName":"search_term_string"}}],"inLanguage":"fr-FR"},{"@type":"Organization","@id":"https:\/\/agpograf.com\/fr\/#organization","name":"Agpograf Impressors","url":"https:\/\/agpograf.com\/fr\/","logo":{"@type":"ImageObject","inLanguage":"fr-FR","@id":"https:\/\/agpograf.com\/fr\/#\/schema\/logo\/image\/","url":"https:\/\/www.agpograf.com\/wp-content\/uploads\/2020\/01\/Agpgoraf-Impressors-logo.png","contentUrl":"https:\/\/www.agpograf.com\/wp-content\/uploads\/2020\/01\/Agpgoraf-Impressors-logo.png","width":601,"height":477,"caption":"Agpograf Impressors"},"image":{"@id":"https:\/\/agpograf.com\/fr\/#\/schema\/logo\/image\/"},"sameAs":["https:\/\/www.facebook.com\/Agpograf","https:\/\/www.instagram.com\/agpograf_impressors\/","https:\/\/www.linkedin.com\/company\/agpograf-impressors\/about\/","https:\/\/www.youtube.com\/channel\/UC1vXUlhI2NeafCFLhfnrQXw","https:\/\/www.behance.net\/agpografimpressors"]}]}},"_links":{"self":[{"href":"https:\/\/agpograf.com\/fr\/wp-json\/wp\/v2\/portfolio_page\/14228","targetHints":{"allow":["GET"]}}],"collection":[{"href":"https:\/\/agpograf.com\/fr\/wp-json\/wp\/v2\/portfolio_page"}],"about":[{"href":"https:\/\/agpograf.com\/fr\/wp-json\/wp\/v2\/types\/portfolio_page"}],"author":[{"embeddable":true,"href":"https:\/\/agpograf.com\/fr\/wp-json\/wp\/v2\/users\/1"}],"replies":[{"embeddable":true,"href":"https:\/\/agpograf.com\/fr\/wp-json\/wp\/v2\/comments?post=14228"}],"wp:featuredmedia":[{"embeddable":true,"href":"https:\/\/agpograf.com\/fr\/wp-json\/wp\/v2\/media\/12092"}],"wp:attachment":[{"href":"https:\/\/agpograf.com\/fr\/wp-json\/wp\/v2\/media?parent=14228"}],"wp:term":[{"taxonomy":"portfolio_category","embeddable":true,"href":"https:\/\/agpograf.com\/fr\/wp-json\/wp\/v2\/portfolio_category?post=14228"},{"taxonomy":"portfolio_tag","embeddable":true,"href":"https:\/\/agpograf.com\/fr\/wp-json\/wp\/v2\/portfolio_tag?post=14228"}],"curies":[{"name":"wp","href":"https:\/\/api.w.org\/{rel}","templated":true}]}}