{"version":"1.0","provider_name":"Agpograf Impressors","provider_url":"https:\/\/agpograf.com\/fr\/","author_name":"agpo2018","author_url":"https:\/\/agpograf.com\/fr\/author\/agpo2018\/","title":"L\u2019histoire d\u2019une mer d\u2019opportunit\u00e9s - Fondation CARES &#8211; Agpograf Impressors","type":"rich","width":600,"height":338,"html":"<blockquote class=\"wp-embedded-content\" data-secret=\"u8vgMTF5o3\"><a href=\"https:\/\/agpograf.com\/fr\/portfolio_page\/la-historia-dun-mar-doportunitats-fundacio-cares\/\">L\u2019histoire d\u2019une mer d\u2019opportunit\u00e9s &#8211; Fondation CARES<\/a><\/blockquote><iframe sandbox=\"allow-scripts\" security=\"restricted\" src=\"https:\/\/agpograf.com\/fr\/portfolio_page\/la-historia-dun-mar-doportunitats-fundacio-cares\/embed\/#?secret=u8vgMTF5o3\" width=\"600\" height=\"338\" title=\"\u00ab\u00a0L\u2019histoire d\u2019une mer d\u2019opportunit\u00e9s &#8211; Fondation CARES\u00a0\u00bb &#8212; Agpograf Impressors\" data-secret=\"u8vgMTF5o3\" frameborder=\"0\" marginwidth=\"0\" marginheight=\"0\" scrolling=\"no\" class=\"wp-embedded-content\"><\/iframe><script type=\"text\/javascript\">\n\/* <![CDATA[ *\/\n\/*! This file is auto-generated *\/\n!function(d,l){\"use strict\";l.querySelector&&d.addEventListener&&\"undefined\"!=typeof URL&&(d.wp=d.wp||{},d.wp.receiveEmbedMessage||(d.wp.receiveEmbedMessage=function(e){var t=e.data;if((t||t.secret||t.message||t.value)&&!\/[^a-zA-Z0-9]\/.test(t.secret)){for(var s,r,n,a=l.querySelectorAll('iframe[data-secret=\"'+t.secret+'\"]'),o=l.querySelectorAll('blockquote[data-secret=\"'+t.secret+'\"]'),c=new RegExp(\"^https?:$\",\"i\"),i=0;i<o.length;i++)o[i].style.display=\"none\";for(i=0;i<a.length;i++)s=a[i],e.source===s.contentWindow&&(s.removeAttribute(\"style\"),\"height\"===t.message?(1e3<(r=parseInt(t.value,10))?r=1e3:~~r<200&&(r=200),s.height=r):\"link\"===t.message&&(r=new URL(s.getAttribute(\"src\")),n=new URL(t.value),c.test(n.protocol))&&n.host===r.host&&l.activeElement===s&&(d.top.location.href=t.value))}},d.addEventListener(\"message\",d.wp.receiveEmbedMessage,!1),l.addEventListener(\"DOMContentLoaded\",function(){for(var e,t,s=l.querySelectorAll(\"iframe.wp-embedded-content\"),r=0;r<s.length;r++)(t=(e=s[r]).getAttribute(\"data-secret\"))||(t=Math.random().toString(36).substring(2,12),e.src+=\"#?secret=\"+t,e.setAttribute(\"data-secret\",t)),e.contentWindow.postMessage({message:\"ready\",secret:t},\"*\")},!1)))}(window,document);\n\/\/# sourceURL=https:\/\/agpograf.com\/wp-includes\/js\/wp-embed.min.js\n\/* ]]> *\/\n<\/script>\n","thumbnail_url":"https:\/\/agpograf.com\/wp-content\/uploads\/2025\/10\/Fundacio-Cares-Llibre-25-aniversari_1000x1000.jpg","thumbnail_width":1000,"thumbnail_height":1000,"description":"\u00c0 l\u2019occasion de son 25\u1d49 anniversaire, la fondation publie L\u2019histoire d\u2019une mer d\u2019opportunit\u00e9s, un catalogue comm\u00e9moratif retra\u00e7ant son parcours, ses moments cl\u00e9s et l\u2019impact social atteint au fil des ann\u00e9es. La conception de cet ouvrage a \u00e9t\u00e9 confi\u00e9e \u00e0 l\u2019Agence Singularity, qui a su cr\u00e9er un produit \u00e9ditorial institutionnel tout en refl\u00e9tant la sensibilit\u00e9 humaine du projet. \u00c0 l\u2019occasion de son 25\u1d49 anniversaire, la fondation publie L\u2019histoire d\u2019une mer d\u2019opportunit\u00e9s, un catalogue comm\u00e9moratif retra\u00e7ant son parcours, ses moments cl\u00e9s et l\u2019impact social atteint au fil des ann\u00e9es. La conception de cet ouvrage a \u00e9t\u00e9 confi\u00e9e \u00e0 l\u2019Agence Singularity, qui a su cr\u00e9er un produit \u00e9ditorial institutionnel tout en refl\u00e9tant la sensibilit\u00e9 humaine du projet."}