{"version":"1.0","provider_name":"Agpograf Impressors","provider_url":"https:\/\/agpograf.com\/fr\/","author_name":"agpo2018","author_url":"https:\/\/agpograf.com\/fr\/author\/agpo2018\/","title":"Apr\u00e8s le brouillard, premi\u00e8res fleurs - Casa Vicens &#8211; Agpograf Impressors","type":"rich","width":600,"height":338,"html":"<blockquote class=\"wp-embedded-content\" data-secret=\"QctAp7ZOMd\"><a href=\"https:\/\/agpograf.com\/fr\/portfolio_page\/despres-de-la-boira-primeres-flors\/\">Apr\u00e8s le brouillard, premi\u00e8res fleurs &#8211; Casa Vicens<\/a><\/blockquote><iframe sandbox=\"allow-scripts\" security=\"restricted\" src=\"https:\/\/agpograf.com\/fr\/portfolio_page\/despres-de-la-boira-primeres-flors\/embed\/#?secret=QctAp7ZOMd\" width=\"600\" height=\"338\" title=\"\u00ab\u00a0Apr\u00e8s le brouillard, premi\u00e8res fleurs &#8211; Casa Vicens\u00a0\u00bb &#8212; Agpograf Impressors\" data-secret=\"QctAp7ZOMd\" frameborder=\"0\" marginwidth=\"0\" marginheight=\"0\" scrolling=\"no\" class=\"wp-embedded-content\"><\/iframe><script type=\"text\/javascript\">\n\/* <![CDATA[ *\/\n\/*! This file is auto-generated *\/\n!function(d,l){\"use strict\";l.querySelector&&d.addEventListener&&\"undefined\"!=typeof URL&&(d.wp=d.wp||{},d.wp.receiveEmbedMessage||(d.wp.receiveEmbedMessage=function(e){var t=e.data;if((t||t.secret||t.message||t.value)&&!\/[^a-zA-Z0-9]\/.test(t.secret)){for(var s,r,n,a=l.querySelectorAll('iframe[data-secret=\"'+t.secret+'\"]'),o=l.querySelectorAll('blockquote[data-secret=\"'+t.secret+'\"]'),c=new RegExp(\"^https?:$\",\"i\"),i=0;i<o.length;i++)o[i].style.display=\"none\";for(i=0;i<a.length;i++)s=a[i],e.source===s.contentWindow&&(s.removeAttribute(\"style\"),\"height\"===t.message?(1e3<(r=parseInt(t.value,10))?r=1e3:~~r<200&&(r=200),s.height=r):\"link\"===t.message&&(r=new URL(s.getAttribute(\"src\")),n=new URL(t.value),c.test(n.protocol))&&n.host===r.host&&l.activeElement===s&&(d.top.location.href=t.value))}},d.addEventListener(\"message\",d.wp.receiveEmbedMessage,!1),l.addEventListener(\"DOMContentLoaded\",function(){for(var e,t,s=l.querySelectorAll(\"iframe.wp-embedded-content\"),r=0;r<s.length;r++)(t=(e=s[r]).getAttribute(\"data-secret\"))||(t=Math.random().toString(36).substring(2,12),e.src+=\"#?secret=\"+t,e.setAttribute(\"data-secret\",t)),e.contentWindow.postMessage({message:\"ready\",secret:t},\"*\")},!1)))}(window,document);\n\/\/# sourceURL=https:\/\/agpograf.com\/wp-includes\/js\/wp-embed.min.js\n\/* ]]> *\/\n<\/script>\n","thumbnail_url":"https:\/\/agpograf.com\/wp-content\/uploads\/2025\/06\/Casa-Vicens-Gaudi-Llibre_1000x1000.jpg","thumbnail_width":1000,"thumbnail_height":1000,"description":"La publication accompagnant l\u2019exposition, \u00e9dit\u00e9e par Casa Vicens et Casa Asia et con\u00e7ue graphiquement par Teresa Mulet, rassemble les textes de la commissaire ainsi que des images des \u0153uvres expos\u00e9es, approfondissant le contexte historique et contemporain des pi\u00e8ces. La publication accompagnant l\u2019exposition, \u00e9dit\u00e9e par Casa Vicens et Casa Asia et con\u00e7ue graphiquement par Teresa Mulet, rassemble les textes de la commissaire ainsi que des images des \u0153uvres expos\u00e9es, approfondissant le contexte historique et contemporain des pi\u00e8ces."}