{"id":30299,"date":"2025-11-04T15:58:48","date_gmt":"2025-11-04T13:58:48","guid":{"rendered":"https:\/\/agpograf.com\/portfolio_page\/venerades-i-temudes-fundacio-la-caixa\/"},"modified":"2025-11-04T16:13:03","modified_gmt":"2025-11-04T14:13:03","slug":"venerades-i-temudes-fundacio-la-caixa","status":"publish","type":"portfolio_page","link":"https:\/\/agpograf.com\/es\/portfolio_page\/venerades-i-temudes-fundacio-la-caixa\/","title":{"rendered":"Veneradas y temidas &#8211; Fundaci\u00f3n \u00abla Caixa\u00bb"},"content":{"rendered":"<div class=\"wpb-content-wrapper\"><p>[vc_row css_animation=\u00bb\u00bb row_type=\u00bbrow\u00bb use_row_as_full_screen_section=\u00bbno\u00bb type=\u00bbfull_width\u00bb angled_section=\u00bbno\u00bb text_align=\u00bbleft\u00bb background_image_as_pattern=\u00bbwithout_pattern\u00bb][vc_column][vc_column_text]<\/p>\n<h2><strong>Veneradas y temidas<\/strong><\/h2>\n<p>[\/vc_column_text][vc_empty_space height=\u00bb10px\u00bb][vc_column_text]<\/p>\n<h3><span style=\"color: #f05b40;\">Fundaci\u00f3n \u00abla Caixa\u00bb<\/span><\/h3>\n<p>[\/vc_column_text][vc_empty_space height=\u00bb30px\u00bb][vc_empty_space height=\u00bb20px\u00bb][vc_column_text]<\/p>\n<div class=\"wpb_text_column wpb_content_element \">\n<div class=\"wpb_wrapper\">\n<div class=\"wpb_text_column wpb_content_element \">\n<div class=\"wpb_wrapper\">\n<div class=\"wpb_text_column wpb_content_element \">\n<div class=\"wpb_wrapper\">\n<p>La <strong>Fundaci\u00f3n \u201cla Caixa\u201d<\/strong> acogi\u00f3 la exposici\u00f3n itinerante <strong><em>Veneradas y temidas<\/em><\/strong>, un recorrido por la representaci\u00f3n de la mujer poderosa en diversas culturas, desde la antig\u00fcedad hasta la actualidad. Comisariada por el <strong>British Museum<\/strong>, la muestra re\u00fane m\u00e1s de 120 piezas que exploran c\u00f3mo la fascinaci\u00f3n y el miedo han definido el papel de la mujer a lo largo de la historia, entre la divinidad y el mito, entre el respeto y la transgresi\u00f3n.<\/p>\n<p>&nbsp;<\/p>\n<p>El cat\u00e1logo, editado por la fundaci\u00f3n y coordinado por <strong>Editorial Tenov<\/strong>, acompa\u00f1a la exposici\u00f3n como pieza editorial de referencia. El dise\u00f1o, a cargo de <strong>Carles Murillo<\/strong>, traduce visualmente el concepto dual del proyecto \u2014entre lo sagrado y lo temido\u2014 con una cuidada edici\u00f3n en dos versiones idiom\u00e1ticas: catal\u00e1n y castellano. Cada edici\u00f3n se diferencia por un color de cubierta, un Pantone propio y el tintado de los cantos (verde o naranja), reforzando as\u00ed la identidad de cada volumen.<\/p>\n<p>&nbsp;<\/p>\n<p>El libro consta de 320 p\u00e1ginas impresas a <strong>5 colores (CMYK y Pantone)<\/strong> mediante <strong>impresi\u00f3n LED UV<\/strong>. La cubierta, en Colorplan Marrs Green o Colorplan Mandarin de <strong>GF Smith<\/strong>, presenta una <strong>impresi\u00f3n sobre base blanca<\/strong> con <strong>acabado UVI serigr\u00e1fico en relieve<\/strong> y <strong>cantos tintados<\/strong>. El interior se ha impreso sobre Munken Lynx Rough de <strong>Munken Paper<\/strong> y se ha <strong>encuadernado en r\u00fastica cosida<\/strong>.[\/vc_column_text][vc_empty_space height=\u00bb40px\u00bb][\/vc_column][\/vc_row][vc_row css_animation=\u00bb\u00bb row_type=\u00bbrow\u00bb use_row_as_full_screen_section=\u00bbno\u00bb type=\u00bbfull_width\u00bb angled_section=\u00bbno\u00bb text_align=\u00bbleft\u00bb background_image_as_pattern=\u00bbwithout_pattern\u00bb][vc_column][vc_empty_space height=\u00bb20px\u00bb][vc_column_text]<strong>Especificaciones<\/strong>[\/vc_column_text][\/vc_column][\/vc_row][vc_row css_animation=\u00bb\u00bb row_type=\u00bbrow\u00bb use_row_as_full_screen_section=\u00bbno\u00bb type=\u00bbfull_width\u00bb angled_section=\u00bbno\u00bb text_align=\u00bbleft\u00bb background_image_as_pattern=\u00bbwithout_pattern\u00bb][vc_column][vc_empty_space height=\u00bb20px\u00bb][vc_column_text]<strong>Formato<\/strong><\/p>\n<p>20,5 x 30,5 cm<\/p>\n<p>&nbsp;<\/p>\n<p><strong>Papel<\/strong><\/p>\n<p>Cubierta: Colorplan Marrs Green y Colorplan Mandarin 350 g de <strong>GF Smith<\/strong><\/p>\n<p>Interior 320 p\u00e1ginas: Munken Lynx Rough 130 g de <strong>Munken Paper<\/strong><\/p>\n<p>&nbsp;<\/p>\n<p><strong>Impresi\u00f3n<\/strong><\/p>\n<p>Offset LED UVI<\/p>\n<p>&nbsp;<\/p>\n<p><strong>Encuadernaci\u00f3n<\/strong><\/p>\n<p>R\u00fastica cosida<\/p>\n<p>&nbsp;<\/p>\n<p><strong>Acabados<\/strong><\/p>\n<p>Cantos tintados<\/p>\n<p>Cubierta impresa sobre base blanca + CMYK + Acabado UVI serigr\u00e1fico en relieve<\/p>\n<p>Cada idioma tiene un Pantone diferente y un color de cubierta y de cantos distinto<\/p>\n<\/div>\n<div class=\"wpb_wrapper\">\n<p>[\/vc_column_text][\/vc_column][\/vc_row][vc_row css_animation=\u00bb\u00bb row_type=\u00bbrow\u00bb use_row_as_full_screen_section=\u00bbno\u00bb type=\u00bbfull_width\u00bb angled_section=\u00bbno\u00bb text_align=\u00bbleft\u00bb background_image_as_pattern=\u00bbwithout_pattern\u00bb][vc_column][vc_empty_space height=\u00bb50px\u00bb][\/vc_column][\/vc_row]<\/p>\n<\/div>\n<\/div>\n<\/div>\n<\/div>\n<\/div>\n<\/div>\n<\/div>","protected":false},"excerpt":{"rendered":"<p>El cat\u00e1logo, editado por la fundaci\u00f3n y coordinado por Editorial Tenov, acompa\u00f1a la exposici\u00f3n como pieza editorial de referencia. El dise\u00f1o, a cargo de Carles Murillo, traduce visualmente el concepto dual del proyecto \u2014entre lo sagrado y lo temido\u2014 con una cuidada edici\u00f3n en dos versiones idiom\u00e1ticas: catal\u00e1n y castellano. Cada edici\u00f3n se diferencia por un color de cubierta, un Pantone propio y el tintado de los cantos (verde o naranja), reforzando as\u00ed la identidad de cada volumen.<\/p>\n","protected":false},"author":1,"featured_media":30295,"menu_order":50,"comment_status":"closed","ping_status":"closed","template":"","portfolio_category":[737],"portfolio_tag":[],"class_list":["post-30299","portfolio_page","type-portfolio_page","status-publish","has-post-thumbnail","hentry","portfolio_category-catalogo-de-exposicion"],"yoast_head":"<!-- This site is optimized with the Yoast SEO plugin v27.4 - https:\/\/yoast.com\/product\/yoast-seo-wordpress\/ -->\n<title>Veneradas y temidas - Fundaci\u00f3n &quot;la Caixa&quot; &#8211; Agpograf Impressors<\/title>\n<meta name=\"description\" content=\"El cat\u00e1logo, editado por la fundaci\u00f3n y coordinado por Editorial Tenov, acompa\u00f1a la exposici\u00f3n como pieza editorial de referencia. El dise\u00f1o, a cargo de Carles Murillo, traduce visualmente el concepto dual del proyecto \u2014entre lo sagrado y lo temido\u2014 con una cuidada edici\u00f3n en dos versiones idiom\u00e1ticas: catal\u00e1n y castellano. Cada edici\u00f3n se diferencia por un color de cubierta, un Pantone propio y el tintado de los cantos (verde o naranja), reforzando as\u00ed la identidad de cada volumen. El cat\u00e1logo, editado por la fundaci\u00f3n y coordinado por Editorial Tenov, acompa\u00f1a la exposici\u00f3n como pieza editorial de referencia. El dise\u00f1o, a cargo de Carles Murillo, traduce visualmente el concepto dual del proyecto \u2014entre lo sagrado y lo temido\u2014 con una cuidada edici\u00f3n en dos versiones idiom\u00e1ticas: catal\u00e1n y castellano. Cada edici\u00f3n se diferencia por un color de cubierta, un Pantone propio y el tintado de los cantos (verde o naranja), reforzando as\u00ed la identidad de cada volumen.\" \/>\n<meta name=\"robots\" content=\"index, follow, max-snippet:-1, max-image-preview:large, max-video-preview:-1\" \/>\n<link rel=\"canonical\" href=\"https:\/\/agpograf.com\/es\/portfolio_page\/venerades-i-temudes-fundacio-la-caixa\/\" \/>\n<meta property=\"og:locale\" content=\"es_ES\" \/>\n<meta property=\"og:type\" content=\"article\" \/>\n<meta property=\"og:title\" content=\"Veneradas y temidas - Fundaci\u00f3n &quot;la Caixa&quot; &#8211; Agpograf Impressors\" \/>\n<meta property=\"og:description\" content=\"El cat\u00e1logo, editado por la fundaci\u00f3n y coordinado por Editorial Tenov, acompa\u00f1a la exposici\u00f3n como pieza editorial de referencia. El dise\u00f1o, a cargo de Carles Murillo, traduce visualmente el concepto dual del proyecto \u2014entre lo sagrado y lo temido\u2014 con una cuidada edici\u00f3n en dos versiones idiom\u00e1ticas: catal\u00e1n y castellano. Cada edici\u00f3n se diferencia por un color de cubierta, un Pantone propio y el tintado de los cantos (verde o naranja), reforzando as\u00ed la identidad de cada volumen. El cat\u00e1logo, editado por la fundaci\u00f3n y coordinado por Editorial Tenov, acompa\u00f1a la exposici\u00f3n como pieza editorial de referencia. El dise\u00f1o, a cargo de Carles Murillo, traduce visualmente el concepto dual del proyecto \u2014entre lo sagrado y lo temido\u2014 con una cuidada edici\u00f3n en dos versiones idiom\u00e1ticas: catal\u00e1n y castellano. Cada edici\u00f3n se diferencia por un color de cubierta, un Pantone propio y el tintado de los cantos (verde o naranja), reforzando as\u00ed la identidad de cada volumen.\" \/>\n<meta property=\"og:url\" content=\"https:\/\/agpograf.com\/es\/portfolio_page\/venerades-i-temudes-fundacio-la-caixa\/\" \/>\n<meta property=\"og:site_name\" content=\"Agpograf Impressors\" \/>\n<meta property=\"article:publisher\" content=\"https:\/\/www.facebook.com\/Agpograf\" \/>\n<meta property=\"article:modified_time\" content=\"2025-11-04T14:13:03+00:00\" \/>\n<meta property=\"og:image\" content=\"https:\/\/agpograf.com\/wp-content\/uploads\/2025\/11\/Venerades-i-temudes-editorial-tenov_1000x1000.jpg\" \/>\n\t<meta property=\"og:image:width\" content=\"1000\" \/>\n\t<meta property=\"og:image:height\" content=\"1000\" \/>\n\t<meta property=\"og:image:type\" content=\"image\/jpeg\" \/>\n<meta name=\"twitter:card\" content=\"summary_large_image\" \/>\n<meta name=\"twitter:label1\" content=\"Tiempo de lectura\" \/>\n\t<meta name=\"twitter:data1\" content=\"2 minutos\" \/>\n<script type=\"application\/ld+json\" class=\"yoast-schema-graph\">{\"@context\":\"https:\\\/\\\/schema.org\",\"@graph\":[{\"@type\":\"WebPage\",\"@id\":\"https:\\\/\\\/agpograf.com\\\/es\\\/portfolio_page\\\/venerades-i-temudes-fundacio-la-caixa\\\/\",\"url\":\"https:\\\/\\\/agpograf.com\\\/es\\\/portfolio_page\\\/venerades-i-temudes-fundacio-la-caixa\\\/\",\"name\":\"Veneradas y temidas - Fundaci\u00f3n \\\"la Caixa\\\" &#8211; Agpograf Impressors\",\"isPartOf\":{\"@id\":\"https:\\\/\\\/agpograf.com\\\/es\\\/#website\"},\"primaryImageOfPage\":{\"@id\":\"https:\\\/\\\/agpograf.com\\\/es\\\/portfolio_page\\\/venerades-i-temudes-fundacio-la-caixa\\\/#primaryimage\"},\"image\":{\"@id\":\"https:\\\/\\\/agpograf.com\\\/es\\\/portfolio_page\\\/venerades-i-temudes-fundacio-la-caixa\\\/#primaryimage\"},\"thumbnailUrl\":\"https:\\\/\\\/agpograf.com\\\/wp-content\\\/uploads\\\/2025\\\/11\\\/Venerades-i-temudes-editorial-tenov_1000x1000.jpg\",\"datePublished\":\"2025-11-04T13:58:48+00:00\",\"dateModified\":\"2025-11-04T14:13:03+00:00\",\"description\":\"El cat\u00e1logo, editado por la fundaci\u00f3n y coordinado por Editorial Tenov, acompa\u00f1a la exposici\u00f3n como pieza editorial de referencia. El dise\u00f1o, a cargo de Carles Murillo, traduce visualmente el concepto dual del proyecto \u2014entre lo sagrado y lo temido\u2014 con una cuidada edici\u00f3n en dos versiones idiom\u00e1ticas: catal\u00e1n y castellano. Cada edici\u00f3n se diferencia por un color de cubierta, un Pantone propio y el tintado de los cantos (verde o naranja), reforzando as\u00ed la identidad de cada volumen. El cat\u00e1logo, editado por la fundaci\u00f3n y coordinado por Editorial Tenov, acompa\u00f1a la exposici\u00f3n como pieza editorial de referencia. El dise\u00f1o, a cargo de Carles Murillo, traduce visualmente el concepto dual del proyecto \u2014entre lo sagrado y lo temido\u2014 con una cuidada edici\u00f3n en dos versiones idiom\u00e1ticas: catal\u00e1n y castellano. Cada edici\u00f3n se diferencia por un color de cubierta, un Pantone propio y el tintado de los cantos (verde o naranja), reforzando as\u00ed la identidad de cada volumen.\",\"breadcrumb\":{\"@id\":\"https:\\\/\\\/agpograf.com\\\/es\\\/portfolio_page\\\/venerades-i-temudes-fundacio-la-caixa\\\/#breadcrumb\"},\"inLanguage\":\"es\",\"potentialAction\":[{\"@type\":\"ReadAction\",\"target\":[\"https:\\\/\\\/agpograf.com\\\/es\\\/portfolio_page\\\/venerades-i-temudes-fundacio-la-caixa\\\/\"]}]},{\"@type\":\"ImageObject\",\"inLanguage\":\"es\",\"@id\":\"https:\\\/\\\/agpograf.com\\\/es\\\/portfolio_page\\\/venerades-i-temudes-fundacio-la-caixa\\\/#primaryimage\",\"url\":\"https:\\\/\\\/agpograf.com\\\/wp-content\\\/uploads\\\/2025\\\/11\\\/Venerades-i-temudes-editorial-tenov_1000x1000.jpg\",\"contentUrl\":\"https:\\\/\\\/agpograf.com\\\/wp-content\\\/uploads\\\/2025\\\/11\\\/Venerades-i-temudes-editorial-tenov_1000x1000.jpg\",\"width\":1000,\"height\":1000,\"caption\":\"Veneradas y temidas libro Editorial Tenov\"},{\"@type\":\"BreadcrumbList\",\"@id\":\"https:\\\/\\\/agpograf.com\\\/es\\\/portfolio_page\\\/venerades-i-temudes-fundacio-la-caixa\\\/#breadcrumb\",\"itemListElement\":[{\"@type\":\"ListItem\",\"position\":1,\"name\":\"Inici\",\"item\":\"https:\\\/\\\/agpograf.com\\\/es\\\/\"},{\"@type\":\"ListItem\",\"position\":2,\"name\":\"Portfolio\",\"item\":\"https:\\\/\\\/agpograf.com\\\/es\\\/portfolio_page\\\/\"},{\"@type\":\"ListItem\",\"position\":3,\"name\":\"Veneradas y temidas &#8211; Fundaci\u00f3n \u00abla Caixa\u00bb\"}]},{\"@type\":\"WebSite\",\"@id\":\"https:\\\/\\\/agpograf.com\\\/es\\\/#website\",\"url\":\"https:\\\/\\\/agpograf.com\\\/es\\\/\",\"name\":\"Agpograf Impressors\",\"description\":\"Printing your dreams\",\"publisher\":{\"@id\":\"https:\\\/\\\/agpograf.com\\\/es\\\/#organization\"},\"potentialAction\":[{\"@type\":\"SearchAction\",\"target\":{\"@type\":\"EntryPoint\",\"urlTemplate\":\"https:\\\/\\\/agpograf.com\\\/es\\\/?s={search_term_string}\"},\"query-input\":{\"@type\":\"PropertyValueSpecification\",\"valueRequired\":true,\"valueName\":\"search_term_string\"}}],\"inLanguage\":\"es\"},{\"@type\":\"Organization\",\"@id\":\"https:\\\/\\\/agpograf.com\\\/es\\\/#organization\",\"name\":\"Agpograf Impressors\",\"url\":\"https:\\\/\\\/agpograf.com\\\/es\\\/\",\"logo\":{\"@type\":\"ImageObject\",\"inLanguage\":\"es\",\"@id\":\"https:\\\/\\\/agpograf.com\\\/es\\\/#\\\/schema\\\/logo\\\/image\\\/\",\"url\":\"https:\\\/\\\/www.agpograf.com\\\/wp-content\\\/uploads\\\/2020\\\/01\\\/Agpgoraf-Impressors-logo.png\",\"contentUrl\":\"https:\\\/\\\/www.agpograf.com\\\/wp-content\\\/uploads\\\/2020\\\/01\\\/Agpgoraf-Impressors-logo.png\",\"width\":601,\"height\":477,\"caption\":\"Agpograf Impressors\"},\"image\":{\"@id\":\"https:\\\/\\\/agpograf.com\\\/es\\\/#\\\/schema\\\/logo\\\/image\\\/\"},\"sameAs\":[\"https:\\\/\\\/www.facebook.com\\\/Agpograf\",\"https:\\\/\\\/www.instagram.com\\\/agpograf_impressors\\\/\",\"https:\\\/\\\/www.linkedin.com\\\/company\\\/agpograf-impressors\\\/about\\\/\",\"https:\\\/\\\/www.youtube.com\\\/channel\\\/UC1vXUlhI2NeafCFLhfnrQXw\",\"https:\\\/\\\/www.behance.net\\\/agpografimpressors\"]}]}<\/script>\n<!-- \/ Yoast SEO plugin. -->","yoast_head_json":{"title":"Veneradas y temidas - Fundaci\u00f3n \"la Caixa\" &#8211; Agpograf Impressors","description":"El cat\u00e1logo, editado por la fundaci\u00f3n y coordinado por Editorial Tenov, acompa\u00f1a la exposici\u00f3n como pieza editorial de referencia. El dise\u00f1o, a cargo de Carles Murillo, traduce visualmente el concepto dual del proyecto \u2014entre lo sagrado y lo temido\u2014 con una cuidada edici\u00f3n en dos versiones idiom\u00e1ticas: catal\u00e1n y castellano. Cada edici\u00f3n se diferencia por un color de cubierta, un Pantone propio y el tintado de los cantos (verde o naranja), reforzando as\u00ed la identidad de cada volumen. El cat\u00e1logo, editado por la fundaci\u00f3n y coordinado por Editorial Tenov, acompa\u00f1a la exposici\u00f3n como pieza editorial de referencia. El dise\u00f1o, a cargo de Carles Murillo, traduce visualmente el concepto dual del proyecto \u2014entre lo sagrado y lo temido\u2014 con una cuidada edici\u00f3n en dos versiones idiom\u00e1ticas: catal\u00e1n y castellano. Cada edici\u00f3n se diferencia por un color de cubierta, un Pantone propio y el tintado de los cantos (verde o naranja), reforzando as\u00ed la identidad de cada volumen.","robots":{"index":"index","follow":"follow","max-snippet":"max-snippet:-1","max-image-preview":"max-image-preview:large","max-video-preview":"max-video-preview:-1"},"canonical":"https:\/\/agpograf.com\/es\/portfolio_page\/venerades-i-temudes-fundacio-la-caixa\/","og_locale":"es_ES","og_type":"article","og_title":"Veneradas y temidas - Fundaci\u00f3n \"la Caixa\" &#8211; Agpograf Impressors","og_description":"El cat\u00e1logo, editado por la fundaci\u00f3n y coordinado por Editorial Tenov, acompa\u00f1a la exposici\u00f3n como pieza editorial de referencia. El dise\u00f1o, a cargo de Carles Murillo, traduce visualmente el concepto dual del proyecto \u2014entre lo sagrado y lo temido\u2014 con una cuidada edici\u00f3n en dos versiones idiom\u00e1ticas: catal\u00e1n y castellano. Cada edici\u00f3n se diferencia por un color de cubierta, un Pantone propio y el tintado de los cantos (verde o naranja), reforzando as\u00ed la identidad de cada volumen. El cat\u00e1logo, editado por la fundaci\u00f3n y coordinado por Editorial Tenov, acompa\u00f1a la exposici\u00f3n como pieza editorial de referencia. El dise\u00f1o, a cargo de Carles Murillo, traduce visualmente el concepto dual del proyecto \u2014entre lo sagrado y lo temido\u2014 con una cuidada edici\u00f3n en dos versiones idiom\u00e1ticas: catal\u00e1n y castellano. Cada edici\u00f3n se diferencia por un color de cubierta, un Pantone propio y el tintado de los cantos (verde o naranja), reforzando as\u00ed la identidad de cada volumen.","og_url":"https:\/\/agpograf.com\/es\/portfolio_page\/venerades-i-temudes-fundacio-la-caixa\/","og_site_name":"Agpograf Impressors","article_publisher":"https:\/\/www.facebook.com\/Agpograf","article_modified_time":"2025-11-04T14:13:03+00:00","og_image":[{"width":1000,"height":1000,"url":"https:\/\/agpograf.com\/wp-content\/uploads\/2025\/11\/Venerades-i-temudes-editorial-tenov_1000x1000.jpg","type":"image\/jpeg"}],"twitter_card":"summary_large_image","twitter_misc":{"Tiempo de lectura":"2 minutos"},"schema":{"@context":"https:\/\/schema.org","@graph":[{"@type":"WebPage","@id":"https:\/\/agpograf.com\/es\/portfolio_page\/venerades-i-temudes-fundacio-la-caixa\/","url":"https:\/\/agpograf.com\/es\/portfolio_page\/venerades-i-temudes-fundacio-la-caixa\/","name":"Veneradas y temidas - Fundaci\u00f3n \"la Caixa\" &#8211; Agpograf Impressors","isPartOf":{"@id":"https:\/\/agpograf.com\/es\/#website"},"primaryImageOfPage":{"@id":"https:\/\/agpograf.com\/es\/portfolio_page\/venerades-i-temudes-fundacio-la-caixa\/#primaryimage"},"image":{"@id":"https:\/\/agpograf.com\/es\/portfolio_page\/venerades-i-temudes-fundacio-la-caixa\/#primaryimage"},"thumbnailUrl":"https:\/\/agpograf.com\/wp-content\/uploads\/2025\/11\/Venerades-i-temudes-editorial-tenov_1000x1000.jpg","datePublished":"2025-11-04T13:58:48+00:00","dateModified":"2025-11-04T14:13:03+00:00","description":"El cat\u00e1logo, editado por la fundaci\u00f3n y coordinado por Editorial Tenov, acompa\u00f1a la exposici\u00f3n como pieza editorial de referencia. El dise\u00f1o, a cargo de Carles Murillo, traduce visualmente el concepto dual del proyecto \u2014entre lo sagrado y lo temido\u2014 con una cuidada edici\u00f3n en dos versiones idiom\u00e1ticas: catal\u00e1n y castellano. Cada edici\u00f3n se diferencia por un color de cubierta, un Pantone propio y el tintado de los cantos (verde o naranja), reforzando as\u00ed la identidad de cada volumen. El cat\u00e1logo, editado por la fundaci\u00f3n y coordinado por Editorial Tenov, acompa\u00f1a la exposici\u00f3n como pieza editorial de referencia. El dise\u00f1o, a cargo de Carles Murillo, traduce visualmente el concepto dual del proyecto \u2014entre lo sagrado y lo temido\u2014 con una cuidada edici\u00f3n en dos versiones idiom\u00e1ticas: catal\u00e1n y castellano. Cada edici\u00f3n se diferencia por un color de cubierta, un Pantone propio y el tintado de los cantos (verde o naranja), reforzando as\u00ed la identidad de cada volumen.","breadcrumb":{"@id":"https:\/\/agpograf.com\/es\/portfolio_page\/venerades-i-temudes-fundacio-la-caixa\/#breadcrumb"},"inLanguage":"es","potentialAction":[{"@type":"ReadAction","target":["https:\/\/agpograf.com\/es\/portfolio_page\/venerades-i-temudes-fundacio-la-caixa\/"]}]},{"@type":"ImageObject","inLanguage":"es","@id":"https:\/\/agpograf.com\/es\/portfolio_page\/venerades-i-temudes-fundacio-la-caixa\/#primaryimage","url":"https:\/\/agpograf.com\/wp-content\/uploads\/2025\/11\/Venerades-i-temudes-editorial-tenov_1000x1000.jpg","contentUrl":"https:\/\/agpograf.com\/wp-content\/uploads\/2025\/11\/Venerades-i-temudes-editorial-tenov_1000x1000.jpg","width":1000,"height":1000,"caption":"Veneradas y temidas libro Editorial Tenov"},{"@type":"BreadcrumbList","@id":"https:\/\/agpograf.com\/es\/portfolio_page\/venerades-i-temudes-fundacio-la-caixa\/#breadcrumb","itemListElement":[{"@type":"ListItem","position":1,"name":"Inici","item":"https:\/\/agpograf.com\/es\/"},{"@type":"ListItem","position":2,"name":"Portfolio","item":"https:\/\/agpograf.com\/es\/portfolio_page\/"},{"@type":"ListItem","position":3,"name":"Veneradas y temidas &#8211; Fundaci\u00f3n \u00abla Caixa\u00bb"}]},{"@type":"WebSite","@id":"https:\/\/agpograf.com\/es\/#website","url":"https:\/\/agpograf.com\/es\/","name":"Agpograf Impressors","description":"Printing your dreams","publisher":{"@id":"https:\/\/agpograf.com\/es\/#organization"},"potentialAction":[{"@type":"SearchAction","target":{"@type":"EntryPoint","urlTemplate":"https:\/\/agpograf.com\/es\/?s={search_term_string}"},"query-input":{"@type":"PropertyValueSpecification","valueRequired":true,"valueName":"search_term_string"}}],"inLanguage":"es"},{"@type":"Organization","@id":"https:\/\/agpograf.com\/es\/#organization","name":"Agpograf Impressors","url":"https:\/\/agpograf.com\/es\/","logo":{"@type":"ImageObject","inLanguage":"es","@id":"https:\/\/agpograf.com\/es\/#\/schema\/logo\/image\/","url":"https:\/\/www.agpograf.com\/wp-content\/uploads\/2020\/01\/Agpgoraf-Impressors-logo.png","contentUrl":"https:\/\/www.agpograf.com\/wp-content\/uploads\/2020\/01\/Agpgoraf-Impressors-logo.png","width":601,"height":477,"caption":"Agpograf Impressors"},"image":{"@id":"https:\/\/agpograf.com\/es\/#\/schema\/logo\/image\/"},"sameAs":["https:\/\/www.facebook.com\/Agpograf","https:\/\/www.instagram.com\/agpograf_impressors\/","https:\/\/www.linkedin.com\/company\/agpograf-impressors\/about\/","https:\/\/www.youtube.com\/channel\/UC1vXUlhI2NeafCFLhfnrQXw","https:\/\/www.behance.net\/agpografimpressors"]}]}},"_links":{"self":[{"href":"https:\/\/agpograf.com\/es\/wp-json\/wp\/v2\/portfolio_page\/30299","targetHints":{"allow":["GET"]}}],"collection":[{"href":"https:\/\/agpograf.com\/es\/wp-json\/wp\/v2\/portfolio_page"}],"about":[{"href":"https:\/\/agpograf.com\/es\/wp-json\/wp\/v2\/types\/portfolio_page"}],"author":[{"embeddable":true,"href":"https:\/\/agpograf.com\/es\/wp-json\/wp\/v2\/users\/1"}],"replies":[{"embeddable":true,"href":"https:\/\/agpograf.com\/es\/wp-json\/wp\/v2\/comments?post=30299"}],"wp:featuredmedia":[{"embeddable":true,"href":"https:\/\/agpograf.com\/es\/wp-json\/wp\/v2\/media\/30295"}],"wp:attachment":[{"href":"https:\/\/agpograf.com\/es\/wp-json\/wp\/v2\/media?parent=30299"}],"wp:term":[{"taxonomy":"portfolio_category","embeddable":true,"href":"https:\/\/agpograf.com\/es\/wp-json\/wp\/v2\/portfolio_category?post=30299"},{"taxonomy":"portfolio_tag","embeddable":true,"href":"https:\/\/agpograf.com\/es\/wp-json\/wp\/v2\/portfolio_tag?post=30299"}],"curies":[{"name":"wp","href":"https:\/\/api.w.org\/{rel}","templated":true}]}}