{"id":30146,"date":"2025-10-28T13:30:03","date_gmt":"2025-10-28T11:30:03","guid":{"rendered":"https:\/\/agpograf.com\/portfolio_page\/la-historia-dun-mar-doportunitats-fundacio-cares\/"},"modified":"2025-10-28T14:03:57","modified_gmt":"2025-10-28T12:03:57","slug":"la-historia-dun-mar-doportunitats-fundacio-cares","status":"publish","type":"portfolio_page","link":"https:\/\/agpograf.com\/es\/portfolio_page\/la-historia-dun-mar-doportunitats-fundacio-cares\/","title":{"rendered":"La historia de un mar de oportunidades &#8211; Fundaci\u00f3n CARES"},"content":{"rendered":"<div class=\"wpb-content-wrapper\"><p>[vc_row css_animation=\u00bb\u00bb row_type=\u00bbrow\u00bb use_row_as_full_screen_section=\u00bbno\u00bb type=\u00bbfull_width\u00bb angled_section=\u00bbno\u00bb text_align=\u00bbleft\u00bb background_image_as_pattern=\u00bbwithout_pattern\u00bb][vc_column][vc_column_text]<\/p>\n<h2><strong>La historia de un mar de oportunidades<\/strong><\/h2>\n<p>[\/vc_column_text][vc_empty_space height=\u00bb10px\u00bb][vc_column_text]<\/p>\n<h3><span style=\"color: #f05b40;\">Fundaci\u00f3n CARES<\/span><\/h3>\n<p>[\/vc_column_text][vc_empty_space height=\u00bb30px\u00bb][vc_empty_space height=\u00bb20px\u00bb][vc_column_text]<\/p>\n<div class=\"wpb_text_column wpb_content_element \">\n<div class=\"wpb_wrapper\">\n<div class=\"wpb_text_column wpb_content_element \">\n<div class=\"wpb_wrapper\">\n<div class=\"wpb_text_column wpb_content_element \">\n<div class=\"wpb_wrapper\">\n<p>Desde su creaci\u00f3n en 1998, la <strong>Fundaci\u00f3n CARES<\/strong> ha trabajado para ofrecer oportunidades laborales a personas con discapacidad y en situaci\u00f3n de exclusi\u00f3n social. Actualmente, proporciona empleo digno a m\u00e1s de 700 personas.<\/p>\n<p>&nbsp;<\/p>\n<p>Con motivo de su 25 aniversario, la fundaci\u00f3n publica <em>La historia de un mar de oportunidades<\/em>, un <strong>cat\u00e1logo conmemorativo<\/strong> que recoge su trayectoria, los momentos clave y el impacto social conseguido a lo largo de los a\u00f1os. El dise\u00f1o de este libro ha sido confiado a la <strong>Agencia Singularity<\/strong>, donde se ha dado forma a un producto editorial institucional que a la vez refleja la sensibilidad humana del proyecto.<\/p>\n<p>&nbsp;<\/p>\n<p>El resultado es un libro con mucha presencia y una encuadernaci\u00f3n muy singular. El libro cuenta con dos paneles de cart\u00f3n gris sin forrar, unidos mediante una <strong>encuadernaci\u00f3n <em>bodonienne<\/em><\/strong>. Un <strong>relieve seco<\/strong> combinado con <strong>barniz UVI<\/strong> <strong>selectivo<\/strong> decora los paneles. La cubierta lleva una <strong>faja<\/strong> en papel Rives Design Extra Blanco y las <strong>guardas<\/strong> son de <strong>Kraft Liner<\/strong>, ambos papeles de <strong>Antalis<\/strong>. En el interior, 180 p\u00e1ginas de estucado brillante se imprimen en blanco y negro con tecnolog\u00eda <strong>offset LED UVI<\/strong>.<\/p>\n<p>[\/vc_column_text][vc_empty_space height=\u00bb40px\u00bb][\/vc_column][\/vc_row][vc_row css_animation=\u00bb\u00bb row_type=\u00bbrow\u00bb use_row_as_full_screen_section=\u00bbno\u00bb type=\u00bbfull_width\u00bb angled_section=\u00bbno\u00bb text_align=\u00bbleft\u00bb background_image_as_pattern=\u00bbwithout_pattern\u00bb][vc_column][vc_empty_space height=\u00bb20px\u00bb][vc_column_text]<strong>Especificaciones<\/strong>[\/vc_column_text][\/vc_column][\/vc_row][vc_row css_animation=\u00bb\u00bb row_type=\u00bbrow\u00bb use_row_as_full_screen_section=\u00bbno\u00bb type=\u00bbfull_width\u00bb angled_section=\u00bbno\u00bb text_align=\u00bbleft\u00bb background_image_as_pattern=\u00bbwithout_pattern\u00bb][vc_column][vc_empty_space height=\u00bb20px\u00bb][vc_column_text]<strong>Formato<\/strong><\/p>\n<p>21 x 28 cm<\/p>\n<p>&nbsp;<\/p>\n<p><strong>Papel<\/strong><\/p>\n<p>Cubierta: Cart\u00f3n gris 3,25 mm sin forrar y con lomera<\/p>\n<p>Faja: Rives Design Extra Blanco gofrado 170 g de <strong>Antalis<\/strong><\/p>\n<p>Guardas: Kraft Liner 200 g de <strong>Antalis<\/strong><\/p>\n<p>Interior 180 p\u00e1ginas: Estucado brillante 170 g<\/p>\n<p>&nbsp;<\/p>\n<p><strong>Impresi\u00f3n<\/strong><\/p>\n<p>Offset LED UVI<\/p>\n<p>&nbsp;<\/p>\n<p><strong>Encuadernaci\u00f3n<\/strong><\/p>\n<p>Bodonienne<\/p>\n<p>&nbsp;<\/p>\n<p><strong>Acabados<\/strong><\/p>\n<p>Serigraf\u00eda a una tinta<\/p>\n<p>Barniz UVI selectivo\/reserva<\/p>\n<p>Relieve seco<\/p>\n<\/div>\n<div class=\"wpb_wrapper\">\n<p>[\/vc_column_text][\/vc_column][\/vc_row][vc_row css_animation=\u00bb\u00bb row_type=\u00bbrow\u00bb use_row_as_full_screen_section=\u00bbno\u00bb type=\u00bbfull_width\u00bb angled_section=\u00bbno\u00bb text_align=\u00bbleft\u00bb background_image_as_pattern=\u00bbwithout_pattern\u00bb][vc_column][vc_empty_space height=\u00bb50px\u00bb][\/vc_column][\/vc_row]<\/p>\n<\/div>\n<\/div>\n<\/div>\n<\/div>\n<\/div>\n<\/div>\n<\/div>","protected":false},"excerpt":{"rendered":"<p>Con motivo de su 25 aniversario, la fundaci\u00f3n publica La historia de un mar de oportunidades, un cat\u00e1logo conmemorativo que recoge su trayectoria, los momentos clave y el impacto social conseguido a lo largo de los a\u00f1os. El dise\u00f1o de este libro ha sido confiado a la Agencia Singularity, donde se ha dado forma a un producto editorial institucional que a la vez refleja la sensibilidad humana del proyecto.<\/p>\n","protected":false},"author":1,"featured_media":30143,"menu_order":54,"comment_status":"closed","ping_status":"closed","template":"","portfolio_category":[732],"portfolio_tag":[976,838,824,762,763],"class_list":["post-30146","portfolio_page","type-portfolio_page","status-publish","has-post-thumbnail","hentry","portfolio_category-catalogo-conmemorativo","portfolio_tag-uvi-brillante-es","portfolio_tag-enquadernacio-bodonienne-es","portfolio_tag-serigrafia-es-2","portfolio_tag-relleu-sec-es","portfolio_tag-led-uv-es-2"],"yoast_head":"<!-- This site is optimized with the Yoast SEO plugin v27.4 - https:\/\/yoast.com\/product\/yoast-seo-wordpress\/ -->\n<title>La historia de un mar de oportunidades - Fundaci\u00f3n CARES &#8211; Agpograf Impressors<\/title>\n<meta name=\"description\" content=\"Con motivo de su 25 aniversario, la fundaci\u00f3n publica La historia de un mar de oportunidades, un cat\u00e1logo conmemorativo que recoge su trayectoria, los momentos clave y el impacto social conseguido a lo largo de los a\u00f1os. El dise\u00f1o de este libro ha sido confiado a la Agencia Singularity, donde se ha dado forma a un producto editorial institucional que a la vez refleja la sensibilidad humana del proyecto. Con motivo de su 25 aniversario, la fundaci\u00f3n publica La historia de un mar de oportunidades, un cat\u00e1logo conmemorativo que recoge su trayectoria, los momentos clave y el impacto social conseguido a lo largo de los a\u00f1os. El dise\u00f1o de este libro ha sido confiado a la Agencia Singularity, donde se ha dado forma a un producto editorial institucional que a la vez refleja la sensibilidad humana del proyecto.\" \/>\n<meta name=\"robots\" content=\"index, follow, max-snippet:-1, max-image-preview:large, max-video-preview:-1\" \/>\n<link rel=\"canonical\" href=\"https:\/\/agpograf.com\/es\/portfolio_page\/la-historia-dun-mar-doportunitats-fundacio-cares\/\" \/>\n<meta property=\"og:locale\" content=\"es_ES\" \/>\n<meta property=\"og:type\" content=\"article\" \/>\n<meta property=\"og:title\" content=\"La historia de un mar de oportunidades - Fundaci\u00f3n CARES &#8211; Agpograf Impressors\" \/>\n<meta property=\"og:description\" content=\"Con motivo de su 25 aniversario, la fundaci\u00f3n publica La historia de un mar de oportunidades, un cat\u00e1logo conmemorativo que recoge su trayectoria, los momentos clave y el impacto social conseguido a lo largo de los a\u00f1os. El dise\u00f1o de este libro ha sido confiado a la Agencia Singularity, donde se ha dado forma a un producto editorial institucional que a la vez refleja la sensibilidad humana del proyecto. Con motivo de su 25 aniversario, la fundaci\u00f3n publica La historia de un mar de oportunidades, un cat\u00e1logo conmemorativo que recoge su trayectoria, los momentos clave y el impacto social conseguido a lo largo de los a\u00f1os. El dise\u00f1o de este libro ha sido confiado a la Agencia Singularity, donde se ha dado forma a un producto editorial institucional que a la vez refleja la sensibilidad humana del proyecto.\" \/>\n<meta property=\"og:url\" content=\"https:\/\/agpograf.com\/es\/portfolio_page\/la-historia-dun-mar-doportunitats-fundacio-cares\/\" \/>\n<meta property=\"og:site_name\" content=\"Agpograf Impressors\" \/>\n<meta property=\"article:publisher\" content=\"https:\/\/www.facebook.com\/Agpograf\" \/>\n<meta property=\"article:modified_time\" content=\"2025-10-28T12:03:57+00:00\" \/>\n<meta property=\"og:image\" content=\"https:\/\/agpograf.com\/wp-content\/uploads\/2025\/10\/Fundacio-Cares-Llibre-25-aniversari_1000x1000.jpg\" \/>\n\t<meta property=\"og:image:width\" content=\"1000\" \/>\n\t<meta property=\"og:image:height\" content=\"1000\" \/>\n\t<meta property=\"og:image:type\" content=\"image\/jpeg\" \/>\n<meta name=\"twitter:card\" content=\"summary_large_image\" \/>\n<meta name=\"twitter:label1\" content=\"Tiempo de lectura\" \/>\n\t<meta name=\"twitter:data1\" content=\"2 minutos\" \/>\n<script type=\"application\/ld+json\" class=\"yoast-schema-graph\">{\"@context\":\"https:\\\/\\\/schema.org\",\"@graph\":[{\"@type\":\"WebPage\",\"@id\":\"https:\\\/\\\/agpograf.com\\\/es\\\/portfolio_page\\\/la-historia-dun-mar-doportunitats-fundacio-cares\\\/\",\"url\":\"https:\\\/\\\/agpograf.com\\\/es\\\/portfolio_page\\\/la-historia-dun-mar-doportunitats-fundacio-cares\\\/\",\"name\":\"La historia de un mar de oportunidades - Fundaci\u00f3n CARES &#8211; Agpograf Impressors\",\"isPartOf\":{\"@id\":\"https:\\\/\\\/agpograf.com\\\/es\\\/#website\"},\"primaryImageOfPage\":{\"@id\":\"https:\\\/\\\/agpograf.com\\\/es\\\/portfolio_page\\\/la-historia-dun-mar-doportunitats-fundacio-cares\\\/#primaryimage\"},\"image\":{\"@id\":\"https:\\\/\\\/agpograf.com\\\/es\\\/portfolio_page\\\/la-historia-dun-mar-doportunitats-fundacio-cares\\\/#primaryimage\"},\"thumbnailUrl\":\"https:\\\/\\\/agpograf.com\\\/wp-content\\\/uploads\\\/2025\\\/10\\\/Fundacio-Cares-Llibre-25-aniversari_1000x1000.jpg\",\"datePublished\":\"2025-10-28T11:30:03+00:00\",\"dateModified\":\"2025-10-28T12:03:57+00:00\",\"description\":\"Con motivo de su 25 aniversario, la fundaci\u00f3n publica La historia de un mar de oportunidades, un cat\u00e1logo conmemorativo que recoge su trayectoria, los momentos clave y el impacto social conseguido a lo largo de los a\u00f1os. El dise\u00f1o de este libro ha sido confiado a la Agencia Singularity, donde se ha dado forma a un producto editorial institucional que a la vez refleja la sensibilidad humana del proyecto. Con motivo de su 25 aniversario, la fundaci\u00f3n publica La historia de un mar de oportunidades, un cat\u00e1logo conmemorativo que recoge su trayectoria, los momentos clave y el impacto social conseguido a lo largo de los a\u00f1os. El dise\u00f1o de este libro ha sido confiado a la Agencia Singularity, donde se ha dado forma a un producto editorial institucional que a la vez refleja la sensibilidad humana del proyecto.\",\"breadcrumb\":{\"@id\":\"https:\\\/\\\/agpograf.com\\\/es\\\/portfolio_page\\\/la-historia-dun-mar-doportunitats-fundacio-cares\\\/#breadcrumb\"},\"inLanguage\":\"es\",\"potentialAction\":[{\"@type\":\"ReadAction\",\"target\":[\"https:\\\/\\\/agpograf.com\\\/es\\\/portfolio_page\\\/la-historia-dun-mar-doportunitats-fundacio-cares\\\/\"]}]},{\"@type\":\"ImageObject\",\"inLanguage\":\"es\",\"@id\":\"https:\\\/\\\/agpograf.com\\\/es\\\/portfolio_page\\\/la-historia-dun-mar-doportunitats-fundacio-cares\\\/#primaryimage\",\"url\":\"https:\\\/\\\/agpograf.com\\\/wp-content\\\/uploads\\\/2025\\\/10\\\/Fundacio-Cares-Llibre-25-aniversari_1000x1000.jpg\",\"contentUrl\":\"https:\\\/\\\/agpograf.com\\\/wp-content\\\/uploads\\\/2025\\\/10\\\/Fundacio-Cares-Llibre-25-aniversari_1000x1000.jpg\",\"width\":1000,\"height\":1000,\"caption\":\"Fundaci\u00f3 Cares Llibre 25 anys\"},{\"@type\":\"BreadcrumbList\",\"@id\":\"https:\\\/\\\/agpograf.com\\\/es\\\/portfolio_page\\\/la-historia-dun-mar-doportunitats-fundacio-cares\\\/#breadcrumb\",\"itemListElement\":[{\"@type\":\"ListItem\",\"position\":1,\"name\":\"Inici\",\"item\":\"https:\\\/\\\/agpograf.com\\\/es\\\/\"},{\"@type\":\"ListItem\",\"position\":2,\"name\":\"Portfolio\",\"item\":\"https:\\\/\\\/agpograf.com\\\/es\\\/portfolio_page\\\/\"},{\"@type\":\"ListItem\",\"position\":3,\"name\":\"La historia de un mar de oportunidades &#8211; Fundaci\u00f3n CARES\"}]},{\"@type\":\"WebSite\",\"@id\":\"https:\\\/\\\/agpograf.com\\\/es\\\/#website\",\"url\":\"https:\\\/\\\/agpograf.com\\\/es\\\/\",\"name\":\"Agpograf Impressors\",\"description\":\"Printing your dreams\",\"publisher\":{\"@id\":\"https:\\\/\\\/agpograf.com\\\/es\\\/#organization\"},\"potentialAction\":[{\"@type\":\"SearchAction\",\"target\":{\"@type\":\"EntryPoint\",\"urlTemplate\":\"https:\\\/\\\/agpograf.com\\\/es\\\/?s={search_term_string}\"},\"query-input\":{\"@type\":\"PropertyValueSpecification\",\"valueRequired\":true,\"valueName\":\"search_term_string\"}}],\"inLanguage\":\"es\"},{\"@type\":\"Organization\",\"@id\":\"https:\\\/\\\/agpograf.com\\\/es\\\/#organization\",\"name\":\"Agpograf Impressors\",\"url\":\"https:\\\/\\\/agpograf.com\\\/es\\\/\",\"logo\":{\"@type\":\"ImageObject\",\"inLanguage\":\"es\",\"@id\":\"https:\\\/\\\/agpograf.com\\\/es\\\/#\\\/schema\\\/logo\\\/image\\\/\",\"url\":\"https:\\\/\\\/www.agpograf.com\\\/wp-content\\\/uploads\\\/2020\\\/01\\\/Agpgoraf-Impressors-logo.png\",\"contentUrl\":\"https:\\\/\\\/www.agpograf.com\\\/wp-content\\\/uploads\\\/2020\\\/01\\\/Agpgoraf-Impressors-logo.png\",\"width\":601,\"height\":477,\"caption\":\"Agpograf Impressors\"},\"image\":{\"@id\":\"https:\\\/\\\/agpograf.com\\\/es\\\/#\\\/schema\\\/logo\\\/image\\\/\"},\"sameAs\":[\"https:\\\/\\\/www.facebook.com\\\/Agpograf\",\"https:\\\/\\\/www.instagram.com\\\/agpograf_impressors\\\/\",\"https:\\\/\\\/www.linkedin.com\\\/company\\\/agpograf-impressors\\\/about\\\/\",\"https:\\\/\\\/www.youtube.com\\\/channel\\\/UC1vXUlhI2NeafCFLhfnrQXw\",\"https:\\\/\\\/www.behance.net\\\/agpografimpressors\"]}]}<\/script>\n<!-- \/ Yoast SEO plugin. -->","yoast_head_json":{"title":"La historia de un mar de oportunidades - Fundaci\u00f3n CARES &#8211; Agpograf Impressors","description":"Con motivo de su 25 aniversario, la fundaci\u00f3n publica La historia de un mar de oportunidades, un cat\u00e1logo conmemorativo que recoge su trayectoria, los momentos clave y el impacto social conseguido a lo largo de los a\u00f1os. El dise\u00f1o de este libro ha sido confiado a la Agencia Singularity, donde se ha dado forma a un producto editorial institucional que a la vez refleja la sensibilidad humana del proyecto. Con motivo de su 25 aniversario, la fundaci\u00f3n publica La historia de un mar de oportunidades, un cat\u00e1logo conmemorativo que recoge su trayectoria, los momentos clave y el impacto social conseguido a lo largo de los a\u00f1os. El dise\u00f1o de este libro ha sido confiado a la Agencia Singularity, donde se ha dado forma a un producto editorial institucional que a la vez refleja la sensibilidad humana del proyecto.","robots":{"index":"index","follow":"follow","max-snippet":"max-snippet:-1","max-image-preview":"max-image-preview:large","max-video-preview":"max-video-preview:-1"},"canonical":"https:\/\/agpograf.com\/es\/portfolio_page\/la-historia-dun-mar-doportunitats-fundacio-cares\/","og_locale":"es_ES","og_type":"article","og_title":"La historia de un mar de oportunidades - Fundaci\u00f3n CARES &#8211; Agpograf Impressors","og_description":"Con motivo de su 25 aniversario, la fundaci\u00f3n publica La historia de un mar de oportunidades, un cat\u00e1logo conmemorativo que recoge su trayectoria, los momentos clave y el impacto social conseguido a lo largo de los a\u00f1os. El dise\u00f1o de este libro ha sido confiado a la Agencia Singularity, donde se ha dado forma a un producto editorial institucional que a la vez refleja la sensibilidad humana del proyecto. Con motivo de su 25 aniversario, la fundaci\u00f3n publica La historia de un mar de oportunidades, un cat\u00e1logo conmemorativo que recoge su trayectoria, los momentos clave y el impacto social conseguido a lo largo de los a\u00f1os. El dise\u00f1o de este libro ha sido confiado a la Agencia Singularity, donde se ha dado forma a un producto editorial institucional que a la vez refleja la sensibilidad humana del proyecto.","og_url":"https:\/\/agpograf.com\/es\/portfolio_page\/la-historia-dun-mar-doportunitats-fundacio-cares\/","og_site_name":"Agpograf Impressors","article_publisher":"https:\/\/www.facebook.com\/Agpograf","article_modified_time":"2025-10-28T12:03:57+00:00","og_image":[{"width":1000,"height":1000,"url":"https:\/\/agpograf.com\/wp-content\/uploads\/2025\/10\/Fundacio-Cares-Llibre-25-aniversari_1000x1000.jpg","type":"image\/jpeg"}],"twitter_card":"summary_large_image","twitter_misc":{"Tiempo de lectura":"2 minutos"},"schema":{"@context":"https:\/\/schema.org","@graph":[{"@type":"WebPage","@id":"https:\/\/agpograf.com\/es\/portfolio_page\/la-historia-dun-mar-doportunitats-fundacio-cares\/","url":"https:\/\/agpograf.com\/es\/portfolio_page\/la-historia-dun-mar-doportunitats-fundacio-cares\/","name":"La historia de un mar de oportunidades - Fundaci\u00f3n CARES &#8211; Agpograf Impressors","isPartOf":{"@id":"https:\/\/agpograf.com\/es\/#website"},"primaryImageOfPage":{"@id":"https:\/\/agpograf.com\/es\/portfolio_page\/la-historia-dun-mar-doportunitats-fundacio-cares\/#primaryimage"},"image":{"@id":"https:\/\/agpograf.com\/es\/portfolio_page\/la-historia-dun-mar-doportunitats-fundacio-cares\/#primaryimage"},"thumbnailUrl":"https:\/\/agpograf.com\/wp-content\/uploads\/2025\/10\/Fundacio-Cares-Llibre-25-aniversari_1000x1000.jpg","datePublished":"2025-10-28T11:30:03+00:00","dateModified":"2025-10-28T12:03:57+00:00","description":"Con motivo de su 25 aniversario, la fundaci\u00f3n publica La historia de un mar de oportunidades, un cat\u00e1logo conmemorativo que recoge su trayectoria, los momentos clave y el impacto social conseguido a lo largo de los a\u00f1os. El dise\u00f1o de este libro ha sido confiado a la Agencia Singularity, donde se ha dado forma a un producto editorial institucional que a la vez refleja la sensibilidad humana del proyecto. Con motivo de su 25 aniversario, la fundaci\u00f3n publica La historia de un mar de oportunidades, un cat\u00e1logo conmemorativo que recoge su trayectoria, los momentos clave y el impacto social conseguido a lo largo de los a\u00f1os. El dise\u00f1o de este libro ha sido confiado a la Agencia Singularity, donde se ha dado forma a un producto editorial institucional que a la vez refleja la sensibilidad humana del proyecto.","breadcrumb":{"@id":"https:\/\/agpograf.com\/es\/portfolio_page\/la-historia-dun-mar-doportunitats-fundacio-cares\/#breadcrumb"},"inLanguage":"es","potentialAction":[{"@type":"ReadAction","target":["https:\/\/agpograf.com\/es\/portfolio_page\/la-historia-dun-mar-doportunitats-fundacio-cares\/"]}]},{"@type":"ImageObject","inLanguage":"es","@id":"https:\/\/agpograf.com\/es\/portfolio_page\/la-historia-dun-mar-doportunitats-fundacio-cares\/#primaryimage","url":"https:\/\/agpograf.com\/wp-content\/uploads\/2025\/10\/Fundacio-Cares-Llibre-25-aniversari_1000x1000.jpg","contentUrl":"https:\/\/agpograf.com\/wp-content\/uploads\/2025\/10\/Fundacio-Cares-Llibre-25-aniversari_1000x1000.jpg","width":1000,"height":1000,"caption":"Fundaci\u00f3 Cares Llibre 25 anys"},{"@type":"BreadcrumbList","@id":"https:\/\/agpograf.com\/es\/portfolio_page\/la-historia-dun-mar-doportunitats-fundacio-cares\/#breadcrumb","itemListElement":[{"@type":"ListItem","position":1,"name":"Inici","item":"https:\/\/agpograf.com\/es\/"},{"@type":"ListItem","position":2,"name":"Portfolio","item":"https:\/\/agpograf.com\/es\/portfolio_page\/"},{"@type":"ListItem","position":3,"name":"La historia de un mar de oportunidades &#8211; Fundaci\u00f3n CARES"}]},{"@type":"WebSite","@id":"https:\/\/agpograf.com\/es\/#website","url":"https:\/\/agpograf.com\/es\/","name":"Agpograf Impressors","description":"Printing your dreams","publisher":{"@id":"https:\/\/agpograf.com\/es\/#organization"},"potentialAction":[{"@type":"SearchAction","target":{"@type":"EntryPoint","urlTemplate":"https:\/\/agpograf.com\/es\/?s={search_term_string}"},"query-input":{"@type":"PropertyValueSpecification","valueRequired":true,"valueName":"search_term_string"}}],"inLanguage":"es"},{"@type":"Organization","@id":"https:\/\/agpograf.com\/es\/#organization","name":"Agpograf Impressors","url":"https:\/\/agpograf.com\/es\/","logo":{"@type":"ImageObject","inLanguage":"es","@id":"https:\/\/agpograf.com\/es\/#\/schema\/logo\/image\/","url":"https:\/\/www.agpograf.com\/wp-content\/uploads\/2020\/01\/Agpgoraf-Impressors-logo.png","contentUrl":"https:\/\/www.agpograf.com\/wp-content\/uploads\/2020\/01\/Agpgoraf-Impressors-logo.png","width":601,"height":477,"caption":"Agpograf Impressors"},"image":{"@id":"https:\/\/agpograf.com\/es\/#\/schema\/logo\/image\/"},"sameAs":["https:\/\/www.facebook.com\/Agpograf","https:\/\/www.instagram.com\/agpograf_impressors\/","https:\/\/www.linkedin.com\/company\/agpograf-impressors\/about\/","https:\/\/www.youtube.com\/channel\/UC1vXUlhI2NeafCFLhfnrQXw","https:\/\/www.behance.net\/agpografimpressors"]}]}},"_links":{"self":[{"href":"https:\/\/agpograf.com\/es\/wp-json\/wp\/v2\/portfolio_page\/30146","targetHints":{"allow":["GET"]}}],"collection":[{"href":"https:\/\/agpograf.com\/es\/wp-json\/wp\/v2\/portfolio_page"}],"about":[{"href":"https:\/\/agpograf.com\/es\/wp-json\/wp\/v2\/types\/portfolio_page"}],"author":[{"embeddable":true,"href":"https:\/\/agpograf.com\/es\/wp-json\/wp\/v2\/users\/1"}],"replies":[{"embeddable":true,"href":"https:\/\/agpograf.com\/es\/wp-json\/wp\/v2\/comments?post=30146"}],"wp:featuredmedia":[{"embeddable":true,"href":"https:\/\/agpograf.com\/es\/wp-json\/wp\/v2\/media\/30143"}],"wp:attachment":[{"href":"https:\/\/agpograf.com\/es\/wp-json\/wp\/v2\/media?parent=30146"}],"wp:term":[{"taxonomy":"portfolio_category","embeddable":true,"href":"https:\/\/agpograf.com\/es\/wp-json\/wp\/v2\/portfolio_category?post=30146"},{"taxonomy":"portfolio_tag","embeddable":true,"href":"https:\/\/agpograf.com\/es\/wp-json\/wp\/v2\/portfolio_tag?post=30146"}],"curies":[{"name":"wp","href":"https:\/\/api.w.org\/{rel}","templated":true}]}}