{"id":29169,"date":"2025-09-16T14:00:42","date_gmt":"2025-09-16T12:00:42","guid":{"rendered":"https:\/\/agpograf.com\/?post_type=portfolio_page&#038;p=29169"},"modified":"2025-09-16T13:51:29","modified_gmt":"2025-09-16T11:51:29","slug":"helene-delprat-fundacio-museu-picasso-barcelona","status":"publish","type":"portfolio_page","link":"https:\/\/agpograf.com\/es\/portfolio_page\/helene-delprat-fundacio-museu-picasso-barcelona\/","title":{"rendered":"H\u00e9l\u00e8ne Delprat &#8211; Fundaci\u00f3n Museu Picasso Barcelona"},"content":{"rendered":"<div class=\"wpb-content-wrapper\"><p>[vc_row css_animation=\u00bb\u00bb row_type=\u00bbrow\u00bb use_row_as_full_screen_section=\u00bbno\u00bb type=\u00bbfull_width\u00bb angled_section=\u00bbno\u00bb text_align=\u00bbleft\u00bb background_image_as_pattern=\u00bbwithout_pattern\u00bb][vc_column][vc_column_text]<\/p>\n<h2><strong>H\u00e9l\u00e8ne Delprat<\/strong><\/h2>\n<p>[\/vc_column_text][vc_empty_space height=\u00bb10px\u00bb][vc_column_text]<\/p>\n<h3><span style=\"color: #f05b40;\">Fundaci\u00f3n Museo Picasso Barcelona<\/span><\/h3>\n<p>[\/vc_column_text][vc_empty_space height=\u00bb30px\u00bb][vc_empty_space height=\u00bb20px\u00bb][vc_column_text]<\/p>\n<div class=\"wpb_text_column wpb_content_element \">\n<div class=\"wpb_wrapper\">\n<div class=\"wpb_text_column wpb_content_element \">\n<div class=\"wpb_wrapper\">\n<div class=\"wpb_text_column wpb_content_element \">\n<div class=\"wpb_wrapper\">\n<p>La artista francesa <strong>H\u00e9l\u00e8ne Delprat<\/strong> present\u00f3 <strong><em>El Souvenir de las Batallas Perdidas<\/em><\/strong> en el <strong>Museo Picasso de Barcelona<\/strong>, en una exposici\u00f3n que combina pintura, escultura, instalaci\u00f3n, v\u00eddeo y collage para trabajar temas de memoria, identidad y guerra.<\/p>\n<p>&nbsp;<\/p>\n<p>La publicaci\u00f3n editada por la <strong>Fundaci\u00f3n<\/strong> <strong>Museo Picasso<\/strong> acompa\u00f1a la exposici\u00f3n, recogiendo las obras expuestas, textos que explican las intenciones de la artista y las reflexiones generadas por el proyecto expositivo. El dise\u00f1o del libro corre a cargo del <strong>Studio Albert Romagosa<\/strong>.<\/p>\n<p>&nbsp;<\/p>\n<p>El <strong>libro d\u00factil<\/strong> se ha impreso con la tecnolog\u00eda <strong>offset LED UV<\/strong> y se ha encuadernado en <strong>Otabind<\/strong> con una cubierta con <strong>solapas enteras<\/strong>. La cubierta en Colorplan Ebony presenta una <strong>serigraf\u00eda<\/strong> con un <strong>Pantone<\/strong> en ambas caras y en el lomo, donde la complejidad se ha elevado debido a las reducidas dimensiones del logotipo. Las 188 p\u00e1ginas del interior son de papel Munken Print White de <strong>Munken Paper (Arctic Paper)<\/strong>. Se han producido dos modelos del volumen: uno en catal\u00e1n\/ingl\u00e9s con tirada de 500 ejemplares, y otro en castellano\/franc\u00e9s tambi\u00e9n de 500 ejemplares.<\/p>\n<p>[\/vc_column_text][vc_empty_space height=\u00bb40px\u00bb][\/vc_column][\/vc_row][vc_row css_animation=\u00bb\u00bb row_type=\u00bbrow\u00bb use_row_as_full_screen_section=\u00bbno\u00bb type=\u00bbfull_width\u00bb angled_section=\u00bbno\u00bb text_align=\u00bbleft\u00bb background_image_as_pattern=\u00bbwithout_pattern\u00bb][vc_column][vc_empty_space height=\u00bb20px\u00bb][vc_column_text]<strong>Especificaciones<\/strong>[\/vc_column_text][\/vc_column][\/vc_row][vc_row css_animation=\u00bb\u00bb row_type=\u00bbrow\u00bb use_row_as_full_screen_section=\u00bbno\u00bb type=\u00bbfull_width\u00bb angled_section=\u00bbno\u00bb text_align=\u00bbleft\u00bb background_image_as_pattern=\u00bbwithout_pattern\u00bb][vc_column][vc_empty_space height=\u00bb20px\u00bb][vc_column_text]<strong>Formato<\/strong><\/p>\n<p>20 x 28 cm<\/p>\n<p>&nbsp;<\/p>\n<p><strong>Papel<\/strong><\/p>\n<p>Cubierta: Colorplan Ebony 175 g<\/p>\n<p>Interior 188 p\u00e1ginas: Munken Print White 1.5 90 g de <strong>Arctic Paper<\/strong><\/p>\n<p>&nbsp;<\/p>\n<p><strong>Impresi\u00f3n<\/strong><\/p>\n<p>4+4 Offset LED UVI<\/p>\n<p>&nbsp;<\/p>\n<p><strong>Encuadernaci\u00f3n<\/strong><\/p>\n<p>Otabind con solapas enteras<\/p>\n<p>&nbsp;<\/p>\n<p><strong>Acabados<\/strong><\/p>\n<p>Serigraf\u00eda pantone en el lomo y ambas caras de la cubierta<\/p>\n<\/div>\n<div class=\"wpb_wrapper\">\n<p>[\/vc_column_text][\/vc_column][\/vc_row][vc_row css_animation=\u00bb\u00bb row_type=\u00bbrow\u00bb use_row_as_full_screen_section=\u00bbno\u00bb type=\u00bbfull_width\u00bb angled_section=\u00bbno\u00bb text_align=\u00bbleft\u00bb background_image_as_pattern=\u00bbwithout_pattern\u00bb][vc_column][vc_empty_space height=\u00bb50px\u00bb][\/vc_column][\/vc_row]<\/p>\n<\/div>\n<\/div>\n<\/div>\n<\/div>\n<\/div>\n<\/div>\n<\/div>","protected":false},"excerpt":{"rendered":"<p>La artista francesa H\u00e9l\u00e8ne Delprat present\u00f3 El Souvenir de las Batallas Perdidas en el Museo Picasso de Barcelona, en una exposici\u00f3n que combina pintura, escultura, instalaci\u00f3n, v\u00eddeo y collage para trabajar temas de memoria, identidad y guerra.<\/p>\n","protected":false},"author":1,"featured_media":29166,"menu_order":69,"comment_status":"closed","ping_status":"closed","template":"","portfolio_category":[737],"portfolio_tag":[928,824,805,795,763],"class_list":["post-29169","portfolio_page","type-portfolio_page","status-publish","has-post-thumbnail","hentry","portfolio_category-catalogo-de-exposicion","portfolio_tag-otabind-fr-es","portfolio_tag-serigrafia-es-2","portfolio_tag-solapes-es","portfolio_tag-tintes-pantone-es","portfolio_tag-led-uv-es-2"],"yoast_head":"<!-- This site is optimized with the Yoast SEO plugin v27.4 - https:\/\/yoast.com\/product\/yoast-seo-wordpress\/ -->\n<title>H\u00e9l\u00e8ne Delprat - Fundaci\u00f3n Museu Picasso Barcelona &#8211; Agpograf Impressors<\/title>\n<meta name=\"description\" content=\"La artista francesa H\u00e9l\u00e8ne Delprat present\u00f3 El Souvenir de las Batallas Perdidas en el Museo Picasso de Barcelona, en una exposici\u00f3n que combina pintura, escultura, instalaci\u00f3n, v\u00eddeo y collage para trabajar temas de memoria, identidad y guerra. La artista francesa H\u00e9l\u00e8ne Delprat present\u00f3 El Souvenir de las Batallas Perdidas en el Museo Picasso de Barcelona, en una exposici\u00f3n que combina pintura, escultura, instalaci\u00f3n, v\u00eddeo y collage para trabajar temas de memoria, identidad y guerra.\" \/>\n<meta name=\"robots\" content=\"index, follow, max-snippet:-1, max-image-preview:large, max-video-preview:-1\" \/>\n<link rel=\"canonical\" href=\"https:\/\/agpograf.com\/es\/portfolio_page\/helene-delprat-fundacio-museu-picasso-barcelona\/\" \/>\n<meta property=\"og:locale\" content=\"es_ES\" \/>\n<meta property=\"og:type\" content=\"article\" \/>\n<meta property=\"og:title\" content=\"H\u00e9l\u00e8ne Delprat - Fundaci\u00f3n Museu Picasso Barcelona &#8211; Agpograf Impressors\" \/>\n<meta property=\"og:description\" content=\"La artista francesa H\u00e9l\u00e8ne Delprat present\u00f3 El Souvenir de las Batallas Perdidas en el Museo Picasso de Barcelona, en una exposici\u00f3n que combina pintura, escultura, instalaci\u00f3n, v\u00eddeo y collage para trabajar temas de memoria, identidad y guerra. La artista francesa H\u00e9l\u00e8ne Delprat present\u00f3 El Souvenir de las Batallas Perdidas en el Museo Picasso de Barcelona, en una exposici\u00f3n que combina pintura, escultura, instalaci\u00f3n, v\u00eddeo y collage para trabajar temas de memoria, identidad y guerra.\" \/>\n<meta property=\"og:url\" content=\"https:\/\/agpograf.com\/es\/portfolio_page\/helene-delprat-fundacio-museu-picasso-barcelona\/\" \/>\n<meta property=\"og:site_name\" content=\"Agpograf Impressors\" \/>\n<meta property=\"article:publisher\" content=\"https:\/\/www.facebook.com\/Agpograf\" \/>\n<meta property=\"og:image\" content=\"https:\/\/agpograf.com\/wp-content\/uploads\/2025\/09\/Fundacio-Museu-Picasso-El-souvenir-de-les-batalles-perdudes_1000x1000.jpg\" \/>\n\t<meta property=\"og:image:width\" content=\"1000\" \/>\n\t<meta property=\"og:image:height\" content=\"1000\" \/>\n\t<meta property=\"og:image:type\" content=\"image\/jpeg\" \/>\n<meta name=\"twitter:card\" content=\"summary_large_image\" \/>\n<meta name=\"twitter:label1\" content=\"Tiempo de lectura\" \/>\n\t<meta name=\"twitter:data1\" content=\"2 minutos\" \/>\n<script type=\"application\/ld+json\" class=\"yoast-schema-graph\">{\"@context\":\"https:\\\/\\\/schema.org\",\"@graph\":[{\"@type\":\"WebPage\",\"@id\":\"https:\\\/\\\/agpograf.com\\\/es\\\/portfolio_page\\\/helene-delprat-fundacio-museu-picasso-barcelona\\\/\",\"url\":\"https:\\\/\\\/agpograf.com\\\/es\\\/portfolio_page\\\/helene-delprat-fundacio-museu-picasso-barcelona\\\/\",\"name\":\"H\u00e9l\u00e8ne Delprat - Fundaci\u00f3n Museu Picasso Barcelona &#8211; Agpograf Impressors\",\"isPartOf\":{\"@id\":\"https:\\\/\\\/agpograf.com\\\/es\\\/#website\"},\"primaryImageOfPage\":{\"@id\":\"https:\\\/\\\/agpograf.com\\\/es\\\/portfolio_page\\\/helene-delprat-fundacio-museu-picasso-barcelona\\\/#primaryimage\"},\"image\":{\"@id\":\"https:\\\/\\\/agpograf.com\\\/es\\\/portfolio_page\\\/helene-delprat-fundacio-museu-picasso-barcelona\\\/#primaryimage\"},\"thumbnailUrl\":\"https:\\\/\\\/agpograf.com\\\/wp-content\\\/uploads\\\/2025\\\/09\\\/Fundacio-Museu-Picasso-El-souvenir-de-les-batalles-perdudes_1000x1000.jpg\",\"datePublished\":\"2025-09-16T12:00:42+00:00\",\"description\":\"La artista francesa H\u00e9l\u00e8ne Delprat present\u00f3 El Souvenir de las Batallas Perdidas en el Museo Picasso de Barcelona, en una exposici\u00f3n que combina pintura, escultura, instalaci\u00f3n, v\u00eddeo y collage para trabajar temas de memoria, identidad y guerra. La artista francesa H\u00e9l\u00e8ne Delprat present\u00f3 El Souvenir de las Batallas Perdidas en el Museo Picasso de Barcelona, en una exposici\u00f3n que combina pintura, escultura, instalaci\u00f3n, v\u00eddeo y collage para trabajar temas de memoria, identidad y guerra.\",\"breadcrumb\":{\"@id\":\"https:\\\/\\\/agpograf.com\\\/es\\\/portfolio_page\\\/helene-delprat-fundacio-museu-picasso-barcelona\\\/#breadcrumb\"},\"inLanguage\":\"es\",\"potentialAction\":[{\"@type\":\"ReadAction\",\"target\":[\"https:\\\/\\\/agpograf.com\\\/es\\\/portfolio_page\\\/helene-delprat-fundacio-museu-picasso-barcelona\\\/\"]}]},{\"@type\":\"ImageObject\",\"inLanguage\":\"es\",\"@id\":\"https:\\\/\\\/agpograf.com\\\/es\\\/portfolio_page\\\/helene-delprat-fundacio-museu-picasso-barcelona\\\/#primaryimage\",\"url\":\"https:\\\/\\\/agpograf.com\\\/wp-content\\\/uploads\\\/2025\\\/09\\\/Fundacio-Museu-Picasso-El-souvenir-de-les-batalles-perdudes_1000x1000.jpg\",\"contentUrl\":\"https:\\\/\\\/agpograf.com\\\/wp-content\\\/uploads\\\/2025\\\/09\\\/Fundacio-Museu-Picasso-El-souvenir-de-les-batalles-perdudes_1000x1000.jpg\",\"width\":1000,\"height\":1000,\"caption\":\"Fundacio Museu Picasso Helene Delprat El souvenir de les batalles perdudes\"},{\"@type\":\"BreadcrumbList\",\"@id\":\"https:\\\/\\\/agpograf.com\\\/es\\\/portfolio_page\\\/helene-delprat-fundacio-museu-picasso-barcelona\\\/#breadcrumb\",\"itemListElement\":[{\"@type\":\"ListItem\",\"position\":1,\"name\":\"Inici\",\"item\":\"https:\\\/\\\/agpograf.com\\\/es\\\/\"},{\"@type\":\"ListItem\",\"position\":2,\"name\":\"Portfolio\",\"item\":\"https:\\\/\\\/agpograf.com\\\/es\\\/portfolio_page\\\/\"},{\"@type\":\"ListItem\",\"position\":3,\"name\":\"H\u00e9l\u00e8ne Delprat &#8211; Fundaci\u00f3n Museu Picasso Barcelona\"}]},{\"@type\":\"WebSite\",\"@id\":\"https:\\\/\\\/agpograf.com\\\/es\\\/#website\",\"url\":\"https:\\\/\\\/agpograf.com\\\/es\\\/\",\"name\":\"Agpograf Impressors\",\"description\":\"Printing your dreams\",\"publisher\":{\"@id\":\"https:\\\/\\\/agpograf.com\\\/es\\\/#organization\"},\"potentialAction\":[{\"@type\":\"SearchAction\",\"target\":{\"@type\":\"EntryPoint\",\"urlTemplate\":\"https:\\\/\\\/agpograf.com\\\/es\\\/?s={search_term_string}\"},\"query-input\":{\"@type\":\"PropertyValueSpecification\",\"valueRequired\":true,\"valueName\":\"search_term_string\"}}],\"inLanguage\":\"es\"},{\"@type\":\"Organization\",\"@id\":\"https:\\\/\\\/agpograf.com\\\/es\\\/#organization\",\"name\":\"Agpograf Impressors\",\"url\":\"https:\\\/\\\/agpograf.com\\\/es\\\/\",\"logo\":{\"@type\":\"ImageObject\",\"inLanguage\":\"es\",\"@id\":\"https:\\\/\\\/agpograf.com\\\/es\\\/#\\\/schema\\\/logo\\\/image\\\/\",\"url\":\"https:\\\/\\\/www.agpograf.com\\\/wp-content\\\/uploads\\\/2020\\\/01\\\/Agpgoraf-Impressors-logo.png\",\"contentUrl\":\"https:\\\/\\\/www.agpograf.com\\\/wp-content\\\/uploads\\\/2020\\\/01\\\/Agpgoraf-Impressors-logo.png\",\"width\":601,\"height\":477,\"caption\":\"Agpograf Impressors\"},\"image\":{\"@id\":\"https:\\\/\\\/agpograf.com\\\/es\\\/#\\\/schema\\\/logo\\\/image\\\/\"},\"sameAs\":[\"https:\\\/\\\/www.facebook.com\\\/Agpograf\",\"https:\\\/\\\/www.instagram.com\\\/agpograf_impressors\\\/\",\"https:\\\/\\\/www.linkedin.com\\\/company\\\/agpograf-impressors\\\/about\\\/\",\"https:\\\/\\\/www.youtube.com\\\/channel\\\/UC1vXUlhI2NeafCFLhfnrQXw\",\"https:\\\/\\\/www.behance.net\\\/agpografimpressors\"]}]}<\/script>\n<!-- \/ Yoast SEO plugin. -->","yoast_head_json":{"title":"H\u00e9l\u00e8ne Delprat - Fundaci\u00f3n Museu Picasso Barcelona &#8211; Agpograf Impressors","description":"La artista francesa H\u00e9l\u00e8ne Delprat present\u00f3 El Souvenir de las Batallas Perdidas en el Museo Picasso de Barcelona, en una exposici\u00f3n que combina pintura, escultura, instalaci\u00f3n, v\u00eddeo y collage para trabajar temas de memoria, identidad y guerra. La artista francesa H\u00e9l\u00e8ne Delprat present\u00f3 El Souvenir de las Batallas Perdidas en el Museo Picasso de Barcelona, en una exposici\u00f3n que combina pintura, escultura, instalaci\u00f3n, v\u00eddeo y collage para trabajar temas de memoria, identidad y guerra.","robots":{"index":"index","follow":"follow","max-snippet":"max-snippet:-1","max-image-preview":"max-image-preview:large","max-video-preview":"max-video-preview:-1"},"canonical":"https:\/\/agpograf.com\/es\/portfolio_page\/helene-delprat-fundacio-museu-picasso-barcelona\/","og_locale":"es_ES","og_type":"article","og_title":"H\u00e9l\u00e8ne Delprat - Fundaci\u00f3n Museu Picasso Barcelona &#8211; Agpograf Impressors","og_description":"La artista francesa H\u00e9l\u00e8ne Delprat present\u00f3 El Souvenir de las Batallas Perdidas en el Museo Picasso de Barcelona, en una exposici\u00f3n que combina pintura, escultura, instalaci\u00f3n, v\u00eddeo y collage para trabajar temas de memoria, identidad y guerra. La artista francesa H\u00e9l\u00e8ne Delprat present\u00f3 El Souvenir de las Batallas Perdidas en el Museo Picasso de Barcelona, en una exposici\u00f3n que combina pintura, escultura, instalaci\u00f3n, v\u00eddeo y collage para trabajar temas de memoria, identidad y guerra.","og_url":"https:\/\/agpograf.com\/es\/portfolio_page\/helene-delprat-fundacio-museu-picasso-barcelona\/","og_site_name":"Agpograf Impressors","article_publisher":"https:\/\/www.facebook.com\/Agpograf","og_image":[{"width":1000,"height":1000,"url":"https:\/\/agpograf.com\/wp-content\/uploads\/2025\/09\/Fundacio-Museu-Picasso-El-souvenir-de-les-batalles-perdudes_1000x1000.jpg","type":"image\/jpeg"}],"twitter_card":"summary_large_image","twitter_misc":{"Tiempo de lectura":"2 minutos"},"schema":{"@context":"https:\/\/schema.org","@graph":[{"@type":"WebPage","@id":"https:\/\/agpograf.com\/es\/portfolio_page\/helene-delprat-fundacio-museu-picasso-barcelona\/","url":"https:\/\/agpograf.com\/es\/portfolio_page\/helene-delprat-fundacio-museu-picasso-barcelona\/","name":"H\u00e9l\u00e8ne Delprat - Fundaci\u00f3n Museu Picasso Barcelona &#8211; Agpograf Impressors","isPartOf":{"@id":"https:\/\/agpograf.com\/es\/#website"},"primaryImageOfPage":{"@id":"https:\/\/agpograf.com\/es\/portfolio_page\/helene-delprat-fundacio-museu-picasso-barcelona\/#primaryimage"},"image":{"@id":"https:\/\/agpograf.com\/es\/portfolio_page\/helene-delprat-fundacio-museu-picasso-barcelona\/#primaryimage"},"thumbnailUrl":"https:\/\/agpograf.com\/wp-content\/uploads\/2025\/09\/Fundacio-Museu-Picasso-El-souvenir-de-les-batalles-perdudes_1000x1000.jpg","datePublished":"2025-09-16T12:00:42+00:00","description":"La artista francesa H\u00e9l\u00e8ne Delprat present\u00f3 El Souvenir de las Batallas Perdidas en el Museo Picasso de Barcelona, en una exposici\u00f3n que combina pintura, escultura, instalaci\u00f3n, v\u00eddeo y collage para trabajar temas de memoria, identidad y guerra. La artista francesa H\u00e9l\u00e8ne Delprat present\u00f3 El Souvenir de las Batallas Perdidas en el Museo Picasso de Barcelona, en una exposici\u00f3n que combina pintura, escultura, instalaci\u00f3n, v\u00eddeo y collage para trabajar temas de memoria, identidad y guerra.","breadcrumb":{"@id":"https:\/\/agpograf.com\/es\/portfolio_page\/helene-delprat-fundacio-museu-picasso-barcelona\/#breadcrumb"},"inLanguage":"es","potentialAction":[{"@type":"ReadAction","target":["https:\/\/agpograf.com\/es\/portfolio_page\/helene-delprat-fundacio-museu-picasso-barcelona\/"]}]},{"@type":"ImageObject","inLanguage":"es","@id":"https:\/\/agpograf.com\/es\/portfolio_page\/helene-delprat-fundacio-museu-picasso-barcelona\/#primaryimage","url":"https:\/\/agpograf.com\/wp-content\/uploads\/2025\/09\/Fundacio-Museu-Picasso-El-souvenir-de-les-batalles-perdudes_1000x1000.jpg","contentUrl":"https:\/\/agpograf.com\/wp-content\/uploads\/2025\/09\/Fundacio-Museu-Picasso-El-souvenir-de-les-batalles-perdudes_1000x1000.jpg","width":1000,"height":1000,"caption":"Fundacio Museu Picasso Helene Delprat El souvenir de les batalles perdudes"},{"@type":"BreadcrumbList","@id":"https:\/\/agpograf.com\/es\/portfolio_page\/helene-delprat-fundacio-museu-picasso-barcelona\/#breadcrumb","itemListElement":[{"@type":"ListItem","position":1,"name":"Inici","item":"https:\/\/agpograf.com\/es\/"},{"@type":"ListItem","position":2,"name":"Portfolio","item":"https:\/\/agpograf.com\/es\/portfolio_page\/"},{"@type":"ListItem","position":3,"name":"H\u00e9l\u00e8ne Delprat &#8211; Fundaci\u00f3n Museu Picasso Barcelona"}]},{"@type":"WebSite","@id":"https:\/\/agpograf.com\/es\/#website","url":"https:\/\/agpograf.com\/es\/","name":"Agpograf Impressors","description":"Printing your dreams","publisher":{"@id":"https:\/\/agpograf.com\/es\/#organization"},"potentialAction":[{"@type":"SearchAction","target":{"@type":"EntryPoint","urlTemplate":"https:\/\/agpograf.com\/es\/?s={search_term_string}"},"query-input":{"@type":"PropertyValueSpecification","valueRequired":true,"valueName":"search_term_string"}}],"inLanguage":"es"},{"@type":"Organization","@id":"https:\/\/agpograf.com\/es\/#organization","name":"Agpograf Impressors","url":"https:\/\/agpograf.com\/es\/","logo":{"@type":"ImageObject","inLanguage":"es","@id":"https:\/\/agpograf.com\/es\/#\/schema\/logo\/image\/","url":"https:\/\/www.agpograf.com\/wp-content\/uploads\/2020\/01\/Agpgoraf-Impressors-logo.png","contentUrl":"https:\/\/www.agpograf.com\/wp-content\/uploads\/2020\/01\/Agpgoraf-Impressors-logo.png","width":601,"height":477,"caption":"Agpograf Impressors"},"image":{"@id":"https:\/\/agpograf.com\/es\/#\/schema\/logo\/image\/"},"sameAs":["https:\/\/www.facebook.com\/Agpograf","https:\/\/www.instagram.com\/agpograf_impressors\/","https:\/\/www.linkedin.com\/company\/agpograf-impressors\/about\/","https:\/\/www.youtube.com\/channel\/UC1vXUlhI2NeafCFLhfnrQXw","https:\/\/www.behance.net\/agpografimpressors"]}]}},"_links":{"self":[{"href":"https:\/\/agpograf.com\/es\/wp-json\/wp\/v2\/portfolio_page\/29169","targetHints":{"allow":["GET"]}}],"collection":[{"href":"https:\/\/agpograf.com\/es\/wp-json\/wp\/v2\/portfolio_page"}],"about":[{"href":"https:\/\/agpograf.com\/es\/wp-json\/wp\/v2\/types\/portfolio_page"}],"author":[{"embeddable":true,"href":"https:\/\/agpograf.com\/es\/wp-json\/wp\/v2\/users\/1"}],"replies":[{"embeddable":true,"href":"https:\/\/agpograf.com\/es\/wp-json\/wp\/v2\/comments?post=29169"}],"wp:featuredmedia":[{"embeddable":true,"href":"https:\/\/agpograf.com\/es\/wp-json\/wp\/v2\/media\/29166"}],"wp:attachment":[{"href":"https:\/\/agpograf.com\/es\/wp-json\/wp\/v2\/media?parent=29169"}],"wp:term":[{"taxonomy":"portfolio_category","embeddable":true,"href":"https:\/\/agpograf.com\/es\/wp-json\/wp\/v2\/portfolio_category?post=29169"},{"taxonomy":"portfolio_tag","embeddable":true,"href":"https:\/\/agpograf.com\/es\/wp-json\/wp\/v2\/portfolio_tag?post=29169"}],"curies":[{"name":"wp","href":"https:\/\/api.w.org\/{rel}","templated":true}]}}