{"id":17867,"date":"2024-06-04T13:30:11","date_gmt":"2024-06-04T11:30:11","guid":{"rendered":"https:\/\/agpograf.com\/?post_type=portfolio_page&#038;p=17867"},"modified":"2024-06-04T13:31:43","modified_gmt":"2024-06-04T11:31:43","slug":"cataleg-temporada-2023-24-fundacio-orfeo-catala-palau-de-la-musica-catalana","status":"publish","type":"portfolio_page","link":"https:\/\/agpograf.com\/es\/portfolio_page\/cataleg-temporada-2023-24-fundacio-orfeo-catala-palau-de-la-musica-catalana\/","title":{"rendered":"Cat\u00e1logo Temporada 2023-24 &#8211; Fundaci\u00f3n Orfe\u00f3 Catal\u00e0-Palau de la M\u00fasica Catalana"},"content":{"rendered":"<div class=\"wpb-content-wrapper\"><p>[vc_row css_animation=\u00bb\u00bb row_type=\u00bbrow\u00bb use_row_as_full_screen_section=\u00bbno\u00bb type=\u00bbfull_width\u00bb angled_section=\u00bbno\u00bb text_align=\u00bbleft\u00bb background_image_as_pattern=\u00bbwithout_pattern\u00bb][vc_column][vc_column_text]<\/p>\n<h2>Cat\u00e1logo Temporada 2023-24<\/h2>\n<p>[\/vc_column_text][vc_empty_space height=\u00bb10px\u00bb][vc_column_text]<\/p>\n<h3><span style=\"color: #f05b40;\">Fundaci\u00f3n Orfe\u00f3 Catal\u00e0-Palau de la M\u00fasica Catalana<\/span><\/h3>\n<p>[\/vc_column_text][vc_empty_space height=\u00bb30px\u00bb][vc_empty_space height=\u00bb20px\u00bb][vc_column_text]<\/p>\n<div class=\"wpb_text_column wpb_content_element \">\n<div class=\"wpb_wrapper\">\n<div class=\"wpb_text_column wpb_content_element \">\n<div class=\"wpb_wrapper\">\n<div class=\"wpb_text_column wpb_content_element \">\n<div class=\"wpb_wrapper\">\n<p>La <strong>Fundaci\u00f3n Orfe\u00f3 Catal\u00e0-Palau de la M\u00fasica Catalana<\/strong> es una entidad privada que gestiona las actividades del <strong>Palau de la M\u00fasica Catalana<\/strong> y los coros del <strong>Orfe\u00f3 Catal\u00e0<\/strong>. Con una l\u00ednea de trabajo abierta y din\u00e1mica, la Fundaci\u00f3n ha demostrado siempre un compromiso con la sociedad catalana y el fortalecimiento de nuestra cultura a trav\u00e9s de la excelencia art\u00edstica, promoviendo el canto coral y difundiendo el patrimonio cultural.<\/p>\n<p>Desde <strong>Agpograf<\/strong> hemos colaborado con la fundaci\u00f3n en la impresi\u00f3n del <strong>Cat\u00e1logo de la Temporada 2023-2024<\/strong>. Este cat\u00e1logo recoge los conciertos, eventos y grandes nombres de la temporada, ofreciendo una visi\u00f3n completa de la programaci\u00f3n art\u00edstica. El dise\u00f1o del libro est\u00e1 a cargo de <strong>Clasebcn.com<\/strong>, un estudio de dise\u00f1o y direcci\u00f3n creativa que pone la cultura como eje central en la creaci\u00f3n de marcas y el desarrollo de comunicaci\u00f3n visual. La gesti\u00f3n de la producci\u00f3n ha sido realizada por <strong>Oficina 200Bis<\/strong>, expertos en producciones gr\u00e1ficas de proyectos de alta complejidad.<\/p>\n<p>Para la impresi\u00f3n del cat\u00e1logo, se ha utilizado papel <strong>Munken Lynx Rough de Uni\u00f3n Papelera<\/strong>. Los papeles Munken son conocidos por ser de primera calidad y por ofrecer un tacto y una apariencia natural que transmiten autenticidad en los materiales impresos. Se han utilizado tintas LED UVI en la impresi\u00f3n, garantizando una alta calidad de imagen. El cat\u00e1logo ha sido encuadernado en r\u00fastica cosida, con una cinta de punto y esquinas redondeadas, y la cubierta presenta un acabado en relieve seco.<\/p>\n<p>[\/vc_column_text][vc_empty_space height=\u00bb40px\u00bb][\/vc_column][\/vc_row][vc_row css_animation=\u00bb\u00bb row_type=\u00bbrow\u00bb use_row_as_full_screen_section=\u00bbno\u00bb type=\u00bbfull_width\u00bb angled_section=\u00bbno\u00bb text_align=\u00bbleft\u00bb background_image_as_pattern=\u00bbwithout_pattern\u00bb][vc_column][vc_empty_space height=\u00bb20px\u00bb][vc_column_text]<strong>Especificaciones<\/strong>[\/vc_column_text][\/vc_column][\/vc_row][vc_row css_animation=\u00bb\u00bb row_type=\u00bbrow\u00bb use_row_as_full_screen_section=\u00bbno\u00bb type=\u00bbfull_width\u00bb angled_section=\u00bbno\u00bb text_align=\u00bbleft\u00bb background_image_as_pattern=\u00bbwithout_pattern\u00bb][vc_column][vc_empty_space height=\u00bb20px\u00bb][vc_column_text]<strong>Formato<\/strong><\/p>\n<p>17 x 24 cm<\/p>\n<p><strong>\u00a0<\/strong><\/p>\n<p><strong>Paper<\/strong><\/p>\n<p>Cubierta: Munken Lynx Rough 300 g de <strong>Uni\u00f3n Papelera<\/strong><\/p>\n<p>Interior 176 p\u00e1ginas: Munken Lynx Rough 100 g de <strong>Uni\u00f3n Papelera<\/strong><\/p>\n<p><strong>\u00a0<\/strong><\/p>\n<p><strong>Impresi\u00f3n<\/strong><\/p>\n<p>4+4 Tintas LED UVI<\/p>\n<p>&nbsp;<\/p>\n<p><strong>Encuadernaci\u00f3n<\/strong><\/p>\n<p>R\u00fastica cosida, cinta de punto y esquinas redondeadas<\/p>\n<p>&nbsp;<\/p>\n<p><strong>Acabados<\/strong><\/p>\n<p>Relieve seco en la cubierta<\/p>\n<p>[\/vc_column_text][\/vc_column][\/vc_row][vc_row css_animation=\u00bb\u00bb row_type=\u00bbrow\u00bb use_row_as_full_screen_section=\u00bbno\u00bb type=\u00bbfull_width\u00bb angled_section=\u00bbno\u00bb text_align=\u00bbleft\u00bb background_image_as_pattern=\u00bbwithout_pattern\u00bb][vc_column][vc_empty_space height=\u00bb50px\u00bb][\/vc_column][\/vc_row]<\/p>\n<\/div>\n<\/div>\n<\/div>\n<\/div>\n<\/div>\n<\/div>\n<\/div>","protected":false},"excerpt":{"rendered":"<p>Para la impresi\u00f3n del cat\u00e1logo, se ha utilizado papel Munken Lynx Rough de Uni\u00f3n Papelera. Se han utilizado tintas LED UVI en la impresi\u00f3n, garantizando una alta calidad de imagen. El cat\u00e1logo ha sido encuadernado en r\u00fastica cosida, con una cinta de punto y esquinas redondeadas, y la cubierta presenta un acabado en relieve seco.<\/p>\n","protected":false},"author":1,"featured_media":17864,"menu_order":185,"comment_status":"closed","ping_status":"closed","template":"","portfolio_category":[740],"portfolio_tag":[925,777,762,763],"class_list":["post-17867","portfolio_page","type-portfolio_page","status-publish","has-post-thumbnail","hentry","portfolio_category-catalogos-corporativos","portfolio_tag-cantoners-arrodonits-es","portfolio_tag-rustica-cosida-es","portfolio_tag-relleu-sec-es","portfolio_tag-led-uv-es-2"],"yoast_head":"<!-- This site is optimized with the Yoast SEO plugin v27.4 - https:\/\/yoast.com\/product\/yoast-seo-wordpress\/ -->\n<title>Cat\u00e1logo Temporada 2023-24 - Fundaci\u00f3n Orfe\u00f3 Catal\u00e0-Palau de la M\u00fasica Catalana &#8211; Agpograf Impressors<\/title>\n<meta name=\"description\" content=\"Para la impresi\u00f3n del cat\u00e1logo, se ha utilizado papel Munken Lynx Rough de Uni\u00f3n Papelera. Se han utilizado tintas LED UVI en la impresi\u00f3n, garantizando una alta calidad de imagen. El cat\u00e1logo ha sido encuadernado en r\u00fastica cosida, con una cinta de punto y esquinas redondeadas, y la cubierta presenta un acabado en relieve seco. Para la impresi\u00f3n del cat\u00e1logo, se ha utilizado papel Munken Lynx Rough de Uni\u00f3n Papelera. Se han utilizado tintas LED UVI en la impresi\u00f3n, garantizando una alta calidad de imagen. El cat\u00e1logo ha sido encuadernado en r\u00fastica cosida, con una cinta de punto y esquinas redondeadas, y la cubierta presenta un acabado en relieve seco.\" \/>\n<meta name=\"robots\" content=\"index, follow, max-snippet:-1, max-image-preview:large, max-video-preview:-1\" \/>\n<link rel=\"canonical\" href=\"https:\/\/agpograf.com\/es\/portfolio_page\/cataleg-temporada-2023-24-fundacio-orfeo-catala-palau-de-la-musica-catalana\/\" \/>\n<meta property=\"og:locale\" content=\"es_ES\" \/>\n<meta property=\"og:type\" content=\"article\" \/>\n<meta property=\"og:title\" content=\"Cat\u00e1logo Temporada 2023-24 - Fundaci\u00f3n Orfe\u00f3 Catal\u00e0-Palau de la M\u00fasica Catalana &#8211; Agpograf Impressors\" \/>\n<meta property=\"og:description\" content=\"Para la impresi\u00f3n del cat\u00e1logo, se ha utilizado papel Munken Lynx Rough de Uni\u00f3n Papelera. Se han utilizado tintas LED UVI en la impresi\u00f3n, garantizando una alta calidad de imagen. El cat\u00e1logo ha sido encuadernado en r\u00fastica cosida, con una cinta de punto y esquinas redondeadas, y la cubierta presenta un acabado en relieve seco. Para la impresi\u00f3n del cat\u00e1logo, se ha utilizado papel Munken Lynx Rough de Uni\u00f3n Papelera. Se han utilizado tintas LED UVI en la impresi\u00f3n, garantizando una alta calidad de imagen. El cat\u00e1logo ha sido encuadernado en r\u00fastica cosida, con una cinta de punto y esquinas redondeadas, y la cubierta presenta un acabado en relieve seco.\" \/>\n<meta property=\"og:url\" content=\"https:\/\/agpograf.com\/es\/portfolio_page\/cataleg-temporada-2023-24-fundacio-orfeo-catala-palau-de-la-musica-catalana\/\" \/>\n<meta property=\"og:site_name\" content=\"Agpograf Impressors\" \/>\n<meta property=\"article:publisher\" content=\"https:\/\/www.facebook.com\/Agpograf\" \/>\n<meta property=\"article:modified_time\" content=\"2024-06-04T11:31:43+00:00\" \/>\n<meta property=\"og:image\" content=\"https:\/\/agpograf.com\/wp-content\/uploads\/2024\/06\/Cataleg_Orfeo_Catala_Palau_de_la_Musica_1000x1000.jpg\" \/>\n\t<meta property=\"og:image:width\" content=\"1000\" \/>\n\t<meta property=\"og:image:height\" content=\"1000\" \/>\n\t<meta property=\"og:image:type\" content=\"image\/jpeg\" \/>\n<meta name=\"twitter:card\" content=\"summary_large_image\" \/>\n<meta name=\"twitter:label1\" content=\"Tiempo de lectura\" \/>\n\t<meta name=\"twitter:data1\" content=\"3 minutos\" \/>\n<script type=\"application\/ld+json\" class=\"yoast-schema-graph\">{\"@context\":\"https:\\\/\\\/schema.org\",\"@graph\":[{\"@type\":\"WebPage\",\"@id\":\"https:\\\/\\\/agpograf.com\\\/es\\\/portfolio_page\\\/cataleg-temporada-2023-24-fundacio-orfeo-catala-palau-de-la-musica-catalana\\\/\",\"url\":\"https:\\\/\\\/agpograf.com\\\/es\\\/portfolio_page\\\/cataleg-temporada-2023-24-fundacio-orfeo-catala-palau-de-la-musica-catalana\\\/\",\"name\":\"Cat\u00e1logo Temporada 2023-24 - Fundaci\u00f3n Orfe\u00f3 Catal\u00e0-Palau de la M\u00fasica Catalana &#8211; Agpograf Impressors\",\"isPartOf\":{\"@id\":\"https:\\\/\\\/agpograf.com\\\/es\\\/#website\"},\"primaryImageOfPage\":{\"@id\":\"https:\\\/\\\/agpograf.com\\\/es\\\/portfolio_page\\\/cataleg-temporada-2023-24-fundacio-orfeo-catala-palau-de-la-musica-catalana\\\/#primaryimage\"},\"image\":{\"@id\":\"https:\\\/\\\/agpograf.com\\\/es\\\/portfolio_page\\\/cataleg-temporada-2023-24-fundacio-orfeo-catala-palau-de-la-musica-catalana\\\/#primaryimage\"},\"thumbnailUrl\":\"https:\\\/\\\/agpograf.com\\\/wp-content\\\/uploads\\\/2024\\\/06\\\/Cataleg_Orfeo_Catala_Palau_de_la_Musica_1000x1000.jpg\",\"datePublished\":\"2024-06-04T11:30:11+00:00\",\"dateModified\":\"2024-06-04T11:31:43+00:00\",\"description\":\"Para la impresi\u00f3n del cat\u00e1logo, se ha utilizado papel Munken Lynx Rough de Uni\u00f3n Papelera. Se han utilizado tintas LED UVI en la impresi\u00f3n, garantizando una alta calidad de imagen. El cat\u00e1logo ha sido encuadernado en r\u00fastica cosida, con una cinta de punto y esquinas redondeadas, y la cubierta presenta un acabado en relieve seco. Para la impresi\u00f3n del cat\u00e1logo, se ha utilizado papel Munken Lynx Rough de Uni\u00f3n Papelera. Se han utilizado tintas LED UVI en la impresi\u00f3n, garantizando una alta calidad de imagen. El cat\u00e1logo ha sido encuadernado en r\u00fastica cosida, con una cinta de punto y esquinas redondeadas, y la cubierta presenta un acabado en relieve seco.\",\"breadcrumb\":{\"@id\":\"https:\\\/\\\/agpograf.com\\\/es\\\/portfolio_page\\\/cataleg-temporada-2023-24-fundacio-orfeo-catala-palau-de-la-musica-catalana\\\/#breadcrumb\"},\"inLanguage\":\"es\",\"potentialAction\":[{\"@type\":\"ReadAction\",\"target\":[\"https:\\\/\\\/agpograf.com\\\/es\\\/portfolio_page\\\/cataleg-temporada-2023-24-fundacio-orfeo-catala-palau-de-la-musica-catalana\\\/\"]}]},{\"@type\":\"ImageObject\",\"inLanguage\":\"es\",\"@id\":\"https:\\\/\\\/agpograf.com\\\/es\\\/portfolio_page\\\/cataleg-temporada-2023-24-fundacio-orfeo-catala-palau-de-la-musica-catalana\\\/#primaryimage\",\"url\":\"https:\\\/\\\/agpograf.com\\\/wp-content\\\/uploads\\\/2024\\\/06\\\/Cataleg_Orfeo_Catala_Palau_de_la_Musica_1000x1000.jpg\",\"contentUrl\":\"https:\\\/\\\/agpograf.com\\\/wp-content\\\/uploads\\\/2024\\\/06\\\/Cataleg_Orfeo_Catala_Palau_de_la_Musica_1000x1000.jpg\",\"width\":1000,\"height\":1000},{\"@type\":\"BreadcrumbList\",\"@id\":\"https:\\\/\\\/agpograf.com\\\/es\\\/portfolio_page\\\/cataleg-temporada-2023-24-fundacio-orfeo-catala-palau-de-la-musica-catalana\\\/#breadcrumb\",\"itemListElement\":[{\"@type\":\"ListItem\",\"position\":1,\"name\":\"Inici\",\"item\":\"https:\\\/\\\/agpograf.com\\\/es\\\/\"},{\"@type\":\"ListItem\",\"position\":2,\"name\":\"Portfolio\",\"item\":\"https:\\\/\\\/agpograf.com\\\/es\\\/portfolio_page\\\/\"},{\"@type\":\"ListItem\",\"position\":3,\"name\":\"Cat\u00e1logo Temporada 2023-24 &#8211; Fundaci\u00f3n Orfe\u00f3 Catal\u00e0-Palau de la M\u00fasica Catalana\"}]},{\"@type\":\"WebSite\",\"@id\":\"https:\\\/\\\/agpograf.com\\\/es\\\/#website\",\"url\":\"https:\\\/\\\/agpograf.com\\\/es\\\/\",\"name\":\"Agpograf Impressors\",\"description\":\"Printing your dreams\",\"publisher\":{\"@id\":\"https:\\\/\\\/agpograf.com\\\/es\\\/#organization\"},\"potentialAction\":[{\"@type\":\"SearchAction\",\"target\":{\"@type\":\"EntryPoint\",\"urlTemplate\":\"https:\\\/\\\/agpograf.com\\\/es\\\/?s={search_term_string}\"},\"query-input\":{\"@type\":\"PropertyValueSpecification\",\"valueRequired\":true,\"valueName\":\"search_term_string\"}}],\"inLanguage\":\"es\"},{\"@type\":\"Organization\",\"@id\":\"https:\\\/\\\/agpograf.com\\\/es\\\/#organization\",\"name\":\"Agpograf Impressors\",\"url\":\"https:\\\/\\\/agpograf.com\\\/es\\\/\",\"logo\":{\"@type\":\"ImageObject\",\"inLanguage\":\"es\",\"@id\":\"https:\\\/\\\/agpograf.com\\\/es\\\/#\\\/schema\\\/logo\\\/image\\\/\",\"url\":\"https:\\\/\\\/www.agpograf.com\\\/wp-content\\\/uploads\\\/2020\\\/01\\\/Agpgoraf-Impressors-logo.png\",\"contentUrl\":\"https:\\\/\\\/www.agpograf.com\\\/wp-content\\\/uploads\\\/2020\\\/01\\\/Agpgoraf-Impressors-logo.png\",\"width\":601,\"height\":477,\"caption\":\"Agpograf Impressors\"},\"image\":{\"@id\":\"https:\\\/\\\/agpograf.com\\\/es\\\/#\\\/schema\\\/logo\\\/image\\\/\"},\"sameAs\":[\"https:\\\/\\\/www.facebook.com\\\/Agpograf\",\"https:\\\/\\\/www.instagram.com\\\/agpograf_impressors\\\/\",\"https:\\\/\\\/www.linkedin.com\\\/company\\\/agpograf-impressors\\\/about\\\/\",\"https:\\\/\\\/www.youtube.com\\\/channel\\\/UC1vXUlhI2NeafCFLhfnrQXw\",\"https:\\\/\\\/www.behance.net\\\/agpografimpressors\"]}]}<\/script>\n<!-- \/ Yoast SEO plugin. -->","yoast_head_json":{"title":"Cat\u00e1logo Temporada 2023-24 - Fundaci\u00f3n Orfe\u00f3 Catal\u00e0-Palau de la M\u00fasica Catalana &#8211; Agpograf Impressors","description":"Para la impresi\u00f3n del cat\u00e1logo, se ha utilizado papel Munken Lynx Rough de Uni\u00f3n Papelera. Se han utilizado tintas LED UVI en la impresi\u00f3n, garantizando una alta calidad de imagen. El cat\u00e1logo ha sido encuadernado en r\u00fastica cosida, con una cinta de punto y esquinas redondeadas, y la cubierta presenta un acabado en relieve seco. Para la impresi\u00f3n del cat\u00e1logo, se ha utilizado papel Munken Lynx Rough de Uni\u00f3n Papelera. Se han utilizado tintas LED UVI en la impresi\u00f3n, garantizando una alta calidad de imagen. El cat\u00e1logo ha sido encuadernado en r\u00fastica cosida, con una cinta de punto y esquinas redondeadas, y la cubierta presenta un acabado en relieve seco.","robots":{"index":"index","follow":"follow","max-snippet":"max-snippet:-1","max-image-preview":"max-image-preview:large","max-video-preview":"max-video-preview:-1"},"canonical":"https:\/\/agpograf.com\/es\/portfolio_page\/cataleg-temporada-2023-24-fundacio-orfeo-catala-palau-de-la-musica-catalana\/","og_locale":"es_ES","og_type":"article","og_title":"Cat\u00e1logo Temporada 2023-24 - Fundaci\u00f3n Orfe\u00f3 Catal\u00e0-Palau de la M\u00fasica Catalana &#8211; Agpograf Impressors","og_description":"Para la impresi\u00f3n del cat\u00e1logo, se ha utilizado papel Munken Lynx Rough de Uni\u00f3n Papelera. Se han utilizado tintas LED UVI en la impresi\u00f3n, garantizando una alta calidad de imagen. El cat\u00e1logo ha sido encuadernado en r\u00fastica cosida, con una cinta de punto y esquinas redondeadas, y la cubierta presenta un acabado en relieve seco. Para la impresi\u00f3n del cat\u00e1logo, se ha utilizado papel Munken Lynx Rough de Uni\u00f3n Papelera. Se han utilizado tintas LED UVI en la impresi\u00f3n, garantizando una alta calidad de imagen. El cat\u00e1logo ha sido encuadernado en r\u00fastica cosida, con una cinta de punto y esquinas redondeadas, y la cubierta presenta un acabado en relieve seco.","og_url":"https:\/\/agpograf.com\/es\/portfolio_page\/cataleg-temporada-2023-24-fundacio-orfeo-catala-palau-de-la-musica-catalana\/","og_site_name":"Agpograf Impressors","article_publisher":"https:\/\/www.facebook.com\/Agpograf","article_modified_time":"2024-06-04T11:31:43+00:00","og_image":[{"width":1000,"height":1000,"url":"https:\/\/agpograf.com\/wp-content\/uploads\/2024\/06\/Cataleg_Orfeo_Catala_Palau_de_la_Musica_1000x1000.jpg","type":"image\/jpeg"}],"twitter_card":"summary_large_image","twitter_misc":{"Tiempo de lectura":"3 minutos"},"schema":{"@context":"https:\/\/schema.org","@graph":[{"@type":"WebPage","@id":"https:\/\/agpograf.com\/es\/portfolio_page\/cataleg-temporada-2023-24-fundacio-orfeo-catala-palau-de-la-musica-catalana\/","url":"https:\/\/agpograf.com\/es\/portfolio_page\/cataleg-temporada-2023-24-fundacio-orfeo-catala-palau-de-la-musica-catalana\/","name":"Cat\u00e1logo Temporada 2023-24 - Fundaci\u00f3n Orfe\u00f3 Catal\u00e0-Palau de la M\u00fasica Catalana &#8211; Agpograf Impressors","isPartOf":{"@id":"https:\/\/agpograf.com\/es\/#website"},"primaryImageOfPage":{"@id":"https:\/\/agpograf.com\/es\/portfolio_page\/cataleg-temporada-2023-24-fundacio-orfeo-catala-palau-de-la-musica-catalana\/#primaryimage"},"image":{"@id":"https:\/\/agpograf.com\/es\/portfolio_page\/cataleg-temporada-2023-24-fundacio-orfeo-catala-palau-de-la-musica-catalana\/#primaryimage"},"thumbnailUrl":"https:\/\/agpograf.com\/wp-content\/uploads\/2024\/06\/Cataleg_Orfeo_Catala_Palau_de_la_Musica_1000x1000.jpg","datePublished":"2024-06-04T11:30:11+00:00","dateModified":"2024-06-04T11:31:43+00:00","description":"Para la impresi\u00f3n del cat\u00e1logo, se ha utilizado papel Munken Lynx Rough de Uni\u00f3n Papelera. Se han utilizado tintas LED UVI en la impresi\u00f3n, garantizando una alta calidad de imagen. El cat\u00e1logo ha sido encuadernado en r\u00fastica cosida, con una cinta de punto y esquinas redondeadas, y la cubierta presenta un acabado en relieve seco. Para la impresi\u00f3n del cat\u00e1logo, se ha utilizado papel Munken Lynx Rough de Uni\u00f3n Papelera. Se han utilizado tintas LED UVI en la impresi\u00f3n, garantizando una alta calidad de imagen. El cat\u00e1logo ha sido encuadernado en r\u00fastica cosida, con una cinta de punto y esquinas redondeadas, y la cubierta presenta un acabado en relieve seco.","breadcrumb":{"@id":"https:\/\/agpograf.com\/es\/portfolio_page\/cataleg-temporada-2023-24-fundacio-orfeo-catala-palau-de-la-musica-catalana\/#breadcrumb"},"inLanguage":"es","potentialAction":[{"@type":"ReadAction","target":["https:\/\/agpograf.com\/es\/portfolio_page\/cataleg-temporada-2023-24-fundacio-orfeo-catala-palau-de-la-musica-catalana\/"]}]},{"@type":"ImageObject","inLanguage":"es","@id":"https:\/\/agpograf.com\/es\/portfolio_page\/cataleg-temporada-2023-24-fundacio-orfeo-catala-palau-de-la-musica-catalana\/#primaryimage","url":"https:\/\/agpograf.com\/wp-content\/uploads\/2024\/06\/Cataleg_Orfeo_Catala_Palau_de_la_Musica_1000x1000.jpg","contentUrl":"https:\/\/agpograf.com\/wp-content\/uploads\/2024\/06\/Cataleg_Orfeo_Catala_Palau_de_la_Musica_1000x1000.jpg","width":1000,"height":1000},{"@type":"BreadcrumbList","@id":"https:\/\/agpograf.com\/es\/portfolio_page\/cataleg-temporada-2023-24-fundacio-orfeo-catala-palau-de-la-musica-catalana\/#breadcrumb","itemListElement":[{"@type":"ListItem","position":1,"name":"Inici","item":"https:\/\/agpograf.com\/es\/"},{"@type":"ListItem","position":2,"name":"Portfolio","item":"https:\/\/agpograf.com\/es\/portfolio_page\/"},{"@type":"ListItem","position":3,"name":"Cat\u00e1logo Temporada 2023-24 &#8211; Fundaci\u00f3n Orfe\u00f3 Catal\u00e0-Palau de la M\u00fasica Catalana"}]},{"@type":"WebSite","@id":"https:\/\/agpograf.com\/es\/#website","url":"https:\/\/agpograf.com\/es\/","name":"Agpograf Impressors","description":"Printing your dreams","publisher":{"@id":"https:\/\/agpograf.com\/es\/#organization"},"potentialAction":[{"@type":"SearchAction","target":{"@type":"EntryPoint","urlTemplate":"https:\/\/agpograf.com\/es\/?s={search_term_string}"},"query-input":{"@type":"PropertyValueSpecification","valueRequired":true,"valueName":"search_term_string"}}],"inLanguage":"es"},{"@type":"Organization","@id":"https:\/\/agpograf.com\/es\/#organization","name":"Agpograf Impressors","url":"https:\/\/agpograf.com\/es\/","logo":{"@type":"ImageObject","inLanguage":"es","@id":"https:\/\/agpograf.com\/es\/#\/schema\/logo\/image\/","url":"https:\/\/www.agpograf.com\/wp-content\/uploads\/2020\/01\/Agpgoraf-Impressors-logo.png","contentUrl":"https:\/\/www.agpograf.com\/wp-content\/uploads\/2020\/01\/Agpgoraf-Impressors-logo.png","width":601,"height":477,"caption":"Agpograf Impressors"},"image":{"@id":"https:\/\/agpograf.com\/es\/#\/schema\/logo\/image\/"},"sameAs":["https:\/\/www.facebook.com\/Agpograf","https:\/\/www.instagram.com\/agpograf_impressors\/","https:\/\/www.linkedin.com\/company\/agpograf-impressors\/about\/","https:\/\/www.youtube.com\/channel\/UC1vXUlhI2NeafCFLhfnrQXw","https:\/\/www.behance.net\/agpografimpressors"]}]}},"_links":{"self":[{"href":"https:\/\/agpograf.com\/es\/wp-json\/wp\/v2\/portfolio_page\/17867","targetHints":{"allow":["GET"]}}],"collection":[{"href":"https:\/\/agpograf.com\/es\/wp-json\/wp\/v2\/portfolio_page"}],"about":[{"href":"https:\/\/agpograf.com\/es\/wp-json\/wp\/v2\/types\/portfolio_page"}],"author":[{"embeddable":true,"href":"https:\/\/agpograf.com\/es\/wp-json\/wp\/v2\/users\/1"}],"replies":[{"embeddable":true,"href":"https:\/\/agpograf.com\/es\/wp-json\/wp\/v2\/comments?post=17867"}],"wp:featuredmedia":[{"embeddable":true,"href":"https:\/\/agpograf.com\/es\/wp-json\/wp\/v2\/media\/17864"}],"wp:attachment":[{"href":"https:\/\/agpograf.com\/es\/wp-json\/wp\/v2\/media?parent=17867"}],"wp:term":[{"taxonomy":"portfolio_category","embeddable":true,"href":"https:\/\/agpograf.com\/es\/wp-json\/wp\/v2\/portfolio_category?post=17867"},{"taxonomy":"portfolio_tag","embeddable":true,"href":"https:\/\/agpograf.com\/es\/wp-json\/wp\/v2\/portfolio_tag?post=17867"}],"curies":[{"name":"wp","href":"https:\/\/api.w.org\/{rel}","templated":true}]}}