{"id":16549,"date":"2023-07-06T17:30:58","date_gmt":"2023-07-06T15:30:58","guid":{"rendered":"https:\/\/agpograf.com\/?post_type=portfolio_page&#038;p=16549"},"modified":"2023-07-07T08:31:13","modified_gmt":"2023-07-07T06:31:13","slug":"reynaldo-hahn-bnf-editions","status":"publish","type":"portfolio_page","link":"https:\/\/agpograf.com\/es\/portfolio_page\/reynaldo-hahn-bnf-editions\/","title":{"rendered":"Reynaldo Hahn \u2013 BnF \u00c9ditions"},"content":{"rendered":"<div class=\"wpb-content-wrapper\"><p>[vc_row css_animation=\u00bb\u00bb row_type=\u00bbrow\u00bb use_row_as_full_screen_section=\u00bbno\u00bb type=\u00bbfull_width\u00bb angled_section=\u00bbno\u00bb text_align=\u00bbleft\u00bb background_image_as_pattern=\u00bbwithout_pattern\u00bb][vc_column][vc_column_text]<\/p>\n<h2>Reynaldo Hahn<\/h2>\n<p>[\/vc_column_text][vc_empty_space height=\u00bb10px\u00bb][vc_column_text]<\/p>\n<h3><span style=\"color: #f05b40;\">BnF \u00c9ditions<\/span><\/h3>\n<p>[\/vc_column_text][vc_empty_space height=\u00bb30px\u00bb][vc_empty_space height=\u00bb20px\u00bb][vc_column_text]<\/p>\n<div class=\"wpb_text_column wpb_content_element \">\n<div class=\"wpb_wrapper\">\n<div class=\"wpb_text_column wpb_content_element \">\n<div class=\"wpb_wrapper\">\n<div class=\"wpb_text_column wpb_content_element \">\n<div class=\"wpb_wrapper\">\n<p>La historia tras la colecci\u00f3n de <strong>Reynaldo Hahn<\/strong> conservada en la <strong>Biblioth\u00e8que Nationale de France<\/strong> es una de las m\u00e1s rocambolescas de la instituci\u00f3n.<\/p>\n<p>&nbsp;<\/p>\n<p>Tras la muerte del compositor, los documentos de la colecci\u00f3n caen a manos de Guy Ferrant, quien decide legarlos a la BnF con una condici\u00f3n especial: que permanecieran sellados hasta que la obra de Hahn fuera de dominio p\u00fablico. As\u00ed pues, en 1954 la colecci\u00f3n se traslada a la biblioteca-museo de la \u00d3pera, donde permanecieron sin salir a la luz hasta el 1 de enero de 2018.<\/p>\n<p>&nbsp;<\/p>\n<p><strong>Sagesse: Monod\u00edas tir\u00e9es du selecci\u00f3n de Verlaine<\/strong>; es uno de los diez ciclos de obras in\u00e9ditas que fueron desvelados cuando la colecci\u00f3n se hizo p\u00fablica. Consta de cuatro piezas para mezzosoprano o bar\u00edtono y piano, y son parte de la amplia serie de canciones sobre la sabidur\u00eda.<\/p>\n<p>&nbsp;<\/p>\n<p>El elemento fundamental cuando se trabajan piezas de este tipo es la obtenci\u00f3n de la m\u00e1xima fidelidad. Hay que utilizar las herramientas y tecnolog\u00eda de nuestros profesionales para respetar todos los detalles de lo que aboc\u00f3 Hahn a los manuscritos: cada trazo de la pluma del compositor y cada gota que ensuci\u00f3 el papel mientras escrib\u00eda.<\/p>\n<p>&nbsp;<\/p>\n<p>La cubierta del cuaderno impresa con dos tintas PANTONE tiene un aspecto limpio y puro, como las partituras que se mantuvieron intactas a lo largo de una sesentena de a\u00f1os. En consonancia, se encuaderna con un hilo anudado, un recurso muy sencillo y aut\u00e9ntico.<\/p>\n<p>[\/vc_column_text][vc_empty_space height=\u00bb40px\u00bb][\/vc_column][\/vc_row][vc_row css_animation=\u00bb\u00bb row_type=\u00bbrow\u00bb use_row_as_full_screen_section=\u00bbno\u00bb type=\u00bbfull_width\u00bb angled_section=\u00bbno\u00bb text_align=\u00bbleft\u00bb background_image_as_pattern=\u00bbwithout_pattern\u00bb][vc_column][vc_empty_space height=\u00bb20px\u00bb][vc_column_text]<strong>Especificaciones<\/strong>[\/vc_column_text][\/vc_column][\/vc_row][vc_row css_animation=\u00bb\u00bb row_type=\u00bbrow\u00bb use_row_as_full_screen_section=\u00bbno\u00bb type=\u00bbfull_width\u00bb angled_section=\u00bbno\u00bb text_align=\u00bbleft\u00bb background_image_as_pattern=\u00bbwithout_pattern\u00bb][vc_column][vc_empty_space height=\u00bb20px\u00bb][vc_column_text]<strong>Formato<\/strong><\/p>\n<p>265 x 350 mm<\/p>\n<p><strong>\u00a0<\/strong><\/p>\n<p><strong>Impresi\u00f3n<\/strong><\/p>\n<p>Cubiertas: 2+2, dos tintas PANTONE<\/p>\n<p>Interior: 72 p\u00e1ginas a 4+4 tintas<\/p>\n<p>&nbsp;<\/p>\n<p><strong>Papel<\/strong><\/p>\n<p>Cubiertas: <a href=\"https:\/\/www.arcticpaper.com\/brands\/arctic-volume\/arctic-volume-white\/\">Arctic Volume White<\/a> 130 g de Arctic Paper<\/p>\n<p>Interior: <a href=\"https:\/\/www.arcticpaper.com\/brands\/arctic-volume\/arctic-volume-white\/\">Arctic Volume White<\/a> 300 g de Arctic Paper<\/p>\n<p>&nbsp;<\/p>\n<p><strong>Encuadernaci\u00f3n<\/strong><\/p>\n<p>Atado con hilo de algod\u00f3n blanco con un nudo[\/vc_column_text][\/vc_column][\/vc_row][vc_row css_animation=\u00bb\u00bb row_type=\u00bbrow\u00bb use_row_as_full_screen_section=\u00bbno\u00bb type=\u00bbfull_width\u00bb angled_section=\u00bbno\u00bb text_align=\u00bbleft\u00bb background_image_as_pattern=\u00bbwithout_pattern\u00bb][vc_column][vc_empty_space height=\u00bb50px\u00bb][\/vc_column][\/vc_row]<\/p>\n<\/div>\n<\/div>\n<\/div>\n<\/div>\n<\/div>\n<\/div>\n<\/div>","protected":false},"excerpt":{"rendered":"<p>La historia tras la colecci\u00f3n de Reynaldo Hahn conservada en la BnF es especial. Obras in\u00e9ditas que no vieron la luz durante sesenta a\u00f1os.<\/p>\n","protected":false},"author":1,"featured_media":16526,"menu_order":249,"comment_status":"closed","ping_status":"closed","template":"","portfolio_category":[733],"portfolio_tag":[795],"class_list":["post-16549","portfolio_page","type-portfolio_page","status-publish","has-post-thumbnail","hentry","portfolio_category-libros","portfolio_tag-tintes-pantone-es"],"yoast_head":"<!-- This site is optimized with the Yoast SEO plugin v27.4 - https:\/\/yoast.com\/product\/yoast-seo-wordpress\/ -->\n<title>Reynaldo Hahn \u2013 BnF \u00c9ditions &#8211; Agpograf Impressors<\/title>\n<meta name=\"description\" content=\"La historia tras la colecci\u00f3n de Reynaldo Hahn conservada en la BnF es especial. Obras in\u00e9ditas que no vieron la luz durante sesenta a\u00f1os. La historia tras la colecci\u00f3n de Reynaldo Hahn conservada en la BnF es especial. Obras in\u00e9ditas que no vieron la luz durante sesenta a\u00f1os.\" \/>\n<meta name=\"robots\" content=\"index, follow, max-snippet:-1, max-image-preview:large, max-video-preview:-1\" \/>\n<link rel=\"canonical\" href=\"https:\/\/agpograf.com\/es\/portfolio_page\/reynaldo-hahn-bnf-editions\/\" \/>\n<meta property=\"og:locale\" content=\"es_ES\" \/>\n<meta property=\"og:type\" content=\"article\" \/>\n<meta property=\"og:title\" content=\"Reynaldo Hahn \u2013 BnF \u00c9ditions &#8211; Agpograf Impressors\" \/>\n<meta property=\"og:description\" content=\"La historia tras la colecci\u00f3n de Reynaldo Hahn conservada en la BnF es especial. Obras in\u00e9ditas que no vieron la luz durante sesenta a\u00f1os. La historia tras la colecci\u00f3n de Reynaldo Hahn conservada en la BnF es especial. Obras in\u00e9ditas que no vieron la luz durante sesenta a\u00f1os.\" \/>\n<meta property=\"og:url\" content=\"https:\/\/agpograf.com\/es\/portfolio_page\/reynaldo-hahn-bnf-editions\/\" \/>\n<meta property=\"og:site_name\" content=\"Agpograf Impressors\" \/>\n<meta property=\"article:publisher\" content=\"https:\/\/www.facebook.com\/Agpograf\" \/>\n<meta property=\"article:modified_time\" content=\"2023-07-07T06:31:13+00:00\" \/>\n<meta property=\"og:image\" content=\"https:\/\/agpograf.com\/wp-content\/uploads\/2023\/07\/IMG_1170_1000x1000.jpg\" \/>\n\t<meta property=\"og:image:width\" content=\"1000\" \/>\n\t<meta property=\"og:image:height\" content=\"1000\" \/>\n\t<meta property=\"og:image:type\" content=\"image\/jpeg\" \/>\n<meta name=\"twitter:card\" content=\"summary_large_image\" \/>\n<meta name=\"twitter:label1\" content=\"Tiempo de lectura\" \/>\n\t<meta name=\"twitter:data1\" content=\"2 minutos\" \/>\n<script type=\"application\/ld+json\" class=\"yoast-schema-graph\">{\"@context\":\"https:\\\/\\\/schema.org\",\"@graph\":[{\"@type\":\"WebPage\",\"@id\":\"https:\\\/\\\/agpograf.com\\\/es\\\/portfolio_page\\\/reynaldo-hahn-bnf-editions\\\/\",\"url\":\"https:\\\/\\\/agpograf.com\\\/es\\\/portfolio_page\\\/reynaldo-hahn-bnf-editions\\\/\",\"name\":\"Reynaldo Hahn \u2013 BnF \u00c9ditions &#8211; Agpograf Impressors\",\"isPartOf\":{\"@id\":\"https:\\\/\\\/agpograf.com\\\/es\\\/#website\"},\"primaryImageOfPage\":{\"@id\":\"https:\\\/\\\/agpograf.com\\\/es\\\/portfolio_page\\\/reynaldo-hahn-bnf-editions\\\/#primaryimage\"},\"image\":{\"@id\":\"https:\\\/\\\/agpograf.com\\\/es\\\/portfolio_page\\\/reynaldo-hahn-bnf-editions\\\/#primaryimage\"},\"thumbnailUrl\":\"https:\\\/\\\/agpograf.com\\\/wp-content\\\/uploads\\\/2023\\\/07\\\/IMG_1170_1000x1000.jpg\",\"datePublished\":\"2023-07-06T15:30:58+00:00\",\"dateModified\":\"2023-07-07T06:31:13+00:00\",\"description\":\"La historia tras la colecci\u00f3n de Reynaldo Hahn conservada en la BnF es especial. Obras in\u00e9ditas que no vieron la luz durante sesenta a\u00f1os. La historia tras la colecci\u00f3n de Reynaldo Hahn conservada en la BnF es especial. Obras in\u00e9ditas que no vieron la luz durante sesenta a\u00f1os.\",\"breadcrumb\":{\"@id\":\"https:\\\/\\\/agpograf.com\\\/es\\\/portfolio_page\\\/reynaldo-hahn-bnf-editions\\\/#breadcrumb\"},\"inLanguage\":\"es\",\"potentialAction\":[{\"@type\":\"ReadAction\",\"target\":[\"https:\\\/\\\/agpograf.com\\\/es\\\/portfolio_page\\\/reynaldo-hahn-bnf-editions\\\/\"]}]},{\"@type\":\"ImageObject\",\"inLanguage\":\"es\",\"@id\":\"https:\\\/\\\/agpograf.com\\\/es\\\/portfolio_page\\\/reynaldo-hahn-bnf-editions\\\/#primaryimage\",\"url\":\"https:\\\/\\\/agpograf.com\\\/wp-content\\\/uploads\\\/2023\\\/07\\\/IMG_1170_1000x1000.jpg\",\"contentUrl\":\"https:\\\/\\\/agpograf.com\\\/wp-content\\\/uploads\\\/2023\\\/07\\\/IMG_1170_1000x1000.jpg\",\"width\":1000,\"height\":1000},{\"@type\":\"BreadcrumbList\",\"@id\":\"https:\\\/\\\/agpograf.com\\\/es\\\/portfolio_page\\\/reynaldo-hahn-bnf-editions\\\/#breadcrumb\",\"itemListElement\":[{\"@type\":\"ListItem\",\"position\":1,\"name\":\"Inici\",\"item\":\"https:\\\/\\\/agpograf.com\\\/es\\\/\"},{\"@type\":\"ListItem\",\"position\":2,\"name\":\"Portfolio\",\"item\":\"https:\\\/\\\/agpograf.com\\\/es\\\/portfolio_page\\\/\"},{\"@type\":\"ListItem\",\"position\":3,\"name\":\"Reynaldo Hahn \u2013 BnF \u00c9ditions\"}]},{\"@type\":\"WebSite\",\"@id\":\"https:\\\/\\\/agpograf.com\\\/es\\\/#website\",\"url\":\"https:\\\/\\\/agpograf.com\\\/es\\\/\",\"name\":\"Agpograf Impressors\",\"description\":\"Printing your dreams\",\"publisher\":{\"@id\":\"https:\\\/\\\/agpograf.com\\\/es\\\/#organization\"},\"potentialAction\":[{\"@type\":\"SearchAction\",\"target\":{\"@type\":\"EntryPoint\",\"urlTemplate\":\"https:\\\/\\\/agpograf.com\\\/es\\\/?s={search_term_string}\"},\"query-input\":{\"@type\":\"PropertyValueSpecification\",\"valueRequired\":true,\"valueName\":\"search_term_string\"}}],\"inLanguage\":\"es\"},{\"@type\":\"Organization\",\"@id\":\"https:\\\/\\\/agpograf.com\\\/es\\\/#organization\",\"name\":\"Agpograf Impressors\",\"url\":\"https:\\\/\\\/agpograf.com\\\/es\\\/\",\"logo\":{\"@type\":\"ImageObject\",\"inLanguage\":\"es\",\"@id\":\"https:\\\/\\\/agpograf.com\\\/es\\\/#\\\/schema\\\/logo\\\/image\\\/\",\"url\":\"https:\\\/\\\/www.agpograf.com\\\/wp-content\\\/uploads\\\/2020\\\/01\\\/Agpgoraf-Impressors-logo.png\",\"contentUrl\":\"https:\\\/\\\/www.agpograf.com\\\/wp-content\\\/uploads\\\/2020\\\/01\\\/Agpgoraf-Impressors-logo.png\",\"width\":601,\"height\":477,\"caption\":\"Agpograf Impressors\"},\"image\":{\"@id\":\"https:\\\/\\\/agpograf.com\\\/es\\\/#\\\/schema\\\/logo\\\/image\\\/\"},\"sameAs\":[\"https:\\\/\\\/www.facebook.com\\\/Agpograf\",\"https:\\\/\\\/www.instagram.com\\\/agpograf_impressors\\\/\",\"https:\\\/\\\/www.linkedin.com\\\/company\\\/agpograf-impressors\\\/about\\\/\",\"https:\\\/\\\/www.youtube.com\\\/channel\\\/UC1vXUlhI2NeafCFLhfnrQXw\",\"https:\\\/\\\/www.behance.net\\\/agpografimpressors\"]}]}<\/script>\n<!-- \/ Yoast SEO plugin. -->","yoast_head_json":{"title":"Reynaldo Hahn \u2013 BnF \u00c9ditions &#8211; Agpograf Impressors","description":"La historia tras la colecci\u00f3n de Reynaldo Hahn conservada en la BnF es especial. Obras in\u00e9ditas que no vieron la luz durante sesenta a\u00f1os. La historia tras la colecci\u00f3n de Reynaldo Hahn conservada en la BnF es especial. Obras in\u00e9ditas que no vieron la luz durante sesenta a\u00f1os.","robots":{"index":"index","follow":"follow","max-snippet":"max-snippet:-1","max-image-preview":"max-image-preview:large","max-video-preview":"max-video-preview:-1"},"canonical":"https:\/\/agpograf.com\/es\/portfolio_page\/reynaldo-hahn-bnf-editions\/","og_locale":"es_ES","og_type":"article","og_title":"Reynaldo Hahn \u2013 BnF \u00c9ditions &#8211; Agpograf Impressors","og_description":"La historia tras la colecci\u00f3n de Reynaldo Hahn conservada en la BnF es especial. Obras in\u00e9ditas que no vieron la luz durante sesenta a\u00f1os. La historia tras la colecci\u00f3n de Reynaldo Hahn conservada en la BnF es especial. Obras in\u00e9ditas que no vieron la luz durante sesenta a\u00f1os.","og_url":"https:\/\/agpograf.com\/es\/portfolio_page\/reynaldo-hahn-bnf-editions\/","og_site_name":"Agpograf Impressors","article_publisher":"https:\/\/www.facebook.com\/Agpograf","article_modified_time":"2023-07-07T06:31:13+00:00","og_image":[{"width":1000,"height":1000,"url":"https:\/\/agpograf.com\/wp-content\/uploads\/2023\/07\/IMG_1170_1000x1000.jpg","type":"image\/jpeg"}],"twitter_card":"summary_large_image","twitter_misc":{"Tiempo de lectura":"2 minutos"},"schema":{"@context":"https:\/\/schema.org","@graph":[{"@type":"WebPage","@id":"https:\/\/agpograf.com\/es\/portfolio_page\/reynaldo-hahn-bnf-editions\/","url":"https:\/\/agpograf.com\/es\/portfolio_page\/reynaldo-hahn-bnf-editions\/","name":"Reynaldo Hahn \u2013 BnF \u00c9ditions &#8211; Agpograf Impressors","isPartOf":{"@id":"https:\/\/agpograf.com\/es\/#website"},"primaryImageOfPage":{"@id":"https:\/\/agpograf.com\/es\/portfolio_page\/reynaldo-hahn-bnf-editions\/#primaryimage"},"image":{"@id":"https:\/\/agpograf.com\/es\/portfolio_page\/reynaldo-hahn-bnf-editions\/#primaryimage"},"thumbnailUrl":"https:\/\/agpograf.com\/wp-content\/uploads\/2023\/07\/IMG_1170_1000x1000.jpg","datePublished":"2023-07-06T15:30:58+00:00","dateModified":"2023-07-07T06:31:13+00:00","description":"La historia tras la colecci\u00f3n de Reynaldo Hahn conservada en la BnF es especial. Obras in\u00e9ditas que no vieron la luz durante sesenta a\u00f1os. La historia tras la colecci\u00f3n de Reynaldo Hahn conservada en la BnF es especial. Obras in\u00e9ditas que no vieron la luz durante sesenta a\u00f1os.","breadcrumb":{"@id":"https:\/\/agpograf.com\/es\/portfolio_page\/reynaldo-hahn-bnf-editions\/#breadcrumb"},"inLanguage":"es","potentialAction":[{"@type":"ReadAction","target":["https:\/\/agpograf.com\/es\/portfolio_page\/reynaldo-hahn-bnf-editions\/"]}]},{"@type":"ImageObject","inLanguage":"es","@id":"https:\/\/agpograf.com\/es\/portfolio_page\/reynaldo-hahn-bnf-editions\/#primaryimage","url":"https:\/\/agpograf.com\/wp-content\/uploads\/2023\/07\/IMG_1170_1000x1000.jpg","contentUrl":"https:\/\/agpograf.com\/wp-content\/uploads\/2023\/07\/IMG_1170_1000x1000.jpg","width":1000,"height":1000},{"@type":"BreadcrumbList","@id":"https:\/\/agpograf.com\/es\/portfolio_page\/reynaldo-hahn-bnf-editions\/#breadcrumb","itemListElement":[{"@type":"ListItem","position":1,"name":"Inici","item":"https:\/\/agpograf.com\/es\/"},{"@type":"ListItem","position":2,"name":"Portfolio","item":"https:\/\/agpograf.com\/es\/portfolio_page\/"},{"@type":"ListItem","position":3,"name":"Reynaldo Hahn \u2013 BnF \u00c9ditions"}]},{"@type":"WebSite","@id":"https:\/\/agpograf.com\/es\/#website","url":"https:\/\/agpograf.com\/es\/","name":"Agpograf Impressors","description":"Printing your dreams","publisher":{"@id":"https:\/\/agpograf.com\/es\/#organization"},"potentialAction":[{"@type":"SearchAction","target":{"@type":"EntryPoint","urlTemplate":"https:\/\/agpograf.com\/es\/?s={search_term_string}"},"query-input":{"@type":"PropertyValueSpecification","valueRequired":true,"valueName":"search_term_string"}}],"inLanguage":"es"},{"@type":"Organization","@id":"https:\/\/agpograf.com\/es\/#organization","name":"Agpograf Impressors","url":"https:\/\/agpograf.com\/es\/","logo":{"@type":"ImageObject","inLanguage":"es","@id":"https:\/\/agpograf.com\/es\/#\/schema\/logo\/image\/","url":"https:\/\/www.agpograf.com\/wp-content\/uploads\/2020\/01\/Agpgoraf-Impressors-logo.png","contentUrl":"https:\/\/www.agpograf.com\/wp-content\/uploads\/2020\/01\/Agpgoraf-Impressors-logo.png","width":601,"height":477,"caption":"Agpograf Impressors"},"image":{"@id":"https:\/\/agpograf.com\/es\/#\/schema\/logo\/image\/"},"sameAs":["https:\/\/www.facebook.com\/Agpograf","https:\/\/www.instagram.com\/agpograf_impressors\/","https:\/\/www.linkedin.com\/company\/agpograf-impressors\/about\/","https:\/\/www.youtube.com\/channel\/UC1vXUlhI2NeafCFLhfnrQXw","https:\/\/www.behance.net\/agpografimpressors"]}]}},"_links":{"self":[{"href":"https:\/\/agpograf.com\/es\/wp-json\/wp\/v2\/portfolio_page\/16549","targetHints":{"allow":["GET"]}}],"collection":[{"href":"https:\/\/agpograf.com\/es\/wp-json\/wp\/v2\/portfolio_page"}],"about":[{"href":"https:\/\/agpograf.com\/es\/wp-json\/wp\/v2\/types\/portfolio_page"}],"author":[{"embeddable":true,"href":"https:\/\/agpograf.com\/es\/wp-json\/wp\/v2\/users\/1"}],"replies":[{"embeddable":true,"href":"https:\/\/agpograf.com\/es\/wp-json\/wp\/v2\/comments?post=16549"}],"wp:featuredmedia":[{"embeddable":true,"href":"https:\/\/agpograf.com\/es\/wp-json\/wp\/v2\/media\/16526"}],"wp:attachment":[{"href":"https:\/\/agpograf.com\/es\/wp-json\/wp\/v2\/media?parent=16549"}],"wp:term":[{"taxonomy":"portfolio_category","embeddable":true,"href":"https:\/\/agpograf.com\/es\/wp-json\/wp\/v2\/portfolio_category?post=16549"},{"taxonomy":"portfolio_tag","embeddable":true,"href":"https:\/\/agpograf.com\/es\/wp-json\/wp\/v2\/portfolio_tag?post=16549"}],"curies":[{"name":"wp","href":"https:\/\/api.w.org\/{rel}","templated":true}]}}