{"id":14390,"date":"2022-11-17T18:34:08","date_gmt":"2022-11-17T16:34:08","guid":{"rendered":"https:\/\/agpograf.cmsfacil.eu\/?post_type=portfolio_page&#038;p=14390"},"modified":"2025-05-08T09:48:18","modified_gmt":"2025-05-08T07:48:18","slug":"cocina-para-la-tribu-editorial-cinco-tintas","status":"publish","type":"portfolio_page","link":"https:\/\/agpograf.com\/es\/portfolio_page\/cocina-para-la-tribu-editorial-cinco-tintas\/","title":{"rendered":"Cocina para la tribu &#8211; Editorial Cinco Tintas"},"content":{"rendered":"<div class=\"wpb-content-wrapper\"><p>[vc_row css_animation=\u00bb\u00bb row_type=\u00bbrow\u00bb use_row_as_full_screen_section=\u00bbno\u00bb type=\u00bbfull_width\u00bb angled_section=\u00bbno\u00bb text_align=\u00bbleft\u00bb background_image_as_pattern=\u00bbwithout_pattern\u00bb][vc_column][vc_column_text]<\/p>\n<h2>Editorial Cinco Tintas<\/h2>\n<p>[\/vc_column_text][vc_empty_space height=\u00bb10px\u00bb][vc_column_text]<\/p>\n<h3><span style=\"color: #f05b40;\">Cocina para la tribu<\/span><\/h3>\n<p>[\/vc_column_text][vc_empty_space height=\u00bb30px\u00bb][vc_empty_space height=\u00bb20px\u00bb][vc_column_text]<\/p>\n<div class=\"wpb_text_column wpb_content_element \">\n<div class=\"wpb_wrapper\">\n<p><strong>Cocina para la tribu. Recetas hechas con amor<\/strong>\u00a0nace del deseo de\u00a0<strong>Carolina Ferrer<\/strong>\u00a0y\u00a0<strong>Ver\u00f3nica S\u00e1nchez<\/strong>\u00a0de transmitir que cocinar va m\u00e1s all\u00e1 de saciar el apetito.<\/p>\n<p>&nbsp;<\/p>\n<p>El objetivo es que los lectores cocinen con cari\u00f1o y pasi\u00f3n para nutrir el cuerpo y el alma de su tribu, la familia.<\/p>\n<p>&nbsp;<\/p>\n<p>En este libro, publicado por la\u00a0<strong>Editorial Cinco Tintas<\/strong>, encontrar\u00e9is rectas hechas con amor para el d\u00eda a d\u00eda, desde el desayuno hasta la cena, siempre a partir de platos saludables, utilizando productos frescos e ingredientes de temporada y de proximidad.<\/p>\n<p>&nbsp;<\/p>\n<p>Hemos querido transmitir la pasi\u00f3n por la cocina con un libro\u00a0<strong>impreso con tecnolog\u00eda LED UV<\/strong>, ofreciendo de esta manera una impresi\u00f3n m\u00e1s sostenible y de mayor calidad, y una\u00a0<strong>encuadernaci\u00f3n en tapa dura con tela<\/strong>\u00a0Bukram de Guarro Casas serigrafiada.<\/p>\n<\/div>\n<\/div>\n<p>[\/vc_column_text][vc_empty_space height=\u00bb40px\u00bb][\/vc_column][\/vc_row][vc_row css_animation=\u00bb\u00bb row_type=\u00bbrow\u00bb use_row_as_full_screen_section=\u00bbno\u00bb type=\u00bbfull_width\u00bb angled_section=\u00bbno\u00bb text_align=\u00bbleft\u00bb background_image_as_pattern=\u00bbwithout_pattern\u00bb][vc_column][vc_empty_space height=\u00bb20px\u00bb][vc_column_text]<strong>Especificaciones<\/strong>[\/vc_column_text][\/vc_column][\/vc_row][vc_row css_animation=\u00bb\u00bb row_type=\u00bbrow\u00bb use_row_as_full_screen_section=\u00bbno\u00bb type=\u00bbfull_width\u00bb angled_section=\u00bbno\u00bb text_align=\u00bbleft\u00bb background_image_as_pattern=\u00bbwithout_pattern\u00bb][vc_column][vc_empty_space height=\u00bb20px\u00bb][vc_column_text]<strong>Impresi\u00f3n<br \/>\n<\/strong>Tecnolog\u00eda LED UV[\/vc_column_text][vc_empty_space height=\u00bb20px\u00bb][vc_column_text]<\/p>\n<div class=\"wpb_text_column wpb_content_element \">\n<div class=\"wpb_wrapper\">\n<p><strong>Papeles<br \/>\n<\/strong><strong>Cubierta<br \/>\n<\/strong>Tela Bukram de 130 g. (Guarro Casas)<\/p>\n<p>&nbsp;<\/p>\n<p><strong>Guardas<br \/>\n<\/strong>Geltex de 115 g.<\/p>\n<p>&nbsp;<\/p>\n<p><strong>Interior<br \/>\n<\/strong>Pergraphica\u00a0 Natural Rough de 150 g. (Mondi Group)<\/p>\n<\/div>\n<\/div>\n<p>[\/vc_column_text][vc_empty_space height=\u00bb20px\u00bb][vc_column_text]<strong>Encuadernaci\u00f3n<br \/>\n<\/strong>Tapa dura forrada con tela[\/vc_column_text][vc_empty_space height=\u00bb20px\u00bb][vc_column_text]<strong>Acabados<br \/>\n<\/strong>Serigraf\u00eda sobre tela en la cubierta, lomo y contracubierta[\/vc_column_text][vc_empty_space height=\u00bb25px\u00bb][\/vc_column][\/vc_row][vc_row css_animation=\u00bb\u00bb row_type=\u00bbrow\u00bb use_row_as_full_screen_section=\u00bbno\u00bb type=\u00bbfull_width\u00bb angled_section=\u00bbno\u00bb text_align=\u00bbleft\u00bb background_image_as_pattern=\u00bbwithout_pattern\u00bb][vc_column][vc_empty_space height=\u00bb50px\u00bb][\/vc_column][\/vc_row]<\/p>\n<\/div>","protected":false},"excerpt":{"rendered":"<p>[vc_row css_animation=\u00bb\u00bb row_type=\u00bbrow\u00bb use_row_as_full_screen_section=\u00bbno\u00bb type=\u00bbfull_width\u00bb angled_section=\u00bbno\u00bb text_align=\u00bbleft\u00bb background_image_as_pattern=\u00bbwithout_pattern\u00bb][vc_column][vc_column_text] Editorial Cinco Tintas [\/vc_column_text][vc_empty_space height=\u00bb10px\u00bb][vc_column_text] Cocina para la tribu [\/vc_column_text][vc_empty_space height=\u00bb30px\u00bb][vc_empty_space height=\u00bb20px\u00bb][vc_column_text] Cocina para la tribu. Recetas hechas con amor\u00a0nace del deseo de\u00a0Carolina Ferrer\u00a0y\u00a0Ver\u00f3nica S\u00e1nchez\u00a0de transmitir que cocinar va m\u00e1s all\u00e1 de saciar el apetito. &nbsp; El&#8230;<\/p>\n","protected":false},"author":1,"featured_media":14387,"menu_order":338,"comment_status":"closed","ping_status":"closed","template":"","portfolio_category":[739],"portfolio_tag":[913,865,839,824,763],"class_list":["post-14390","portfolio_page","type-portfolio_page","status-publish","has-post-thumbnail","hentry","portfolio_category-editorial-es","portfolio_tag-tapa-dura-es-2","portfolio_tag-folre-es","portfolio_tag-guardes-es","portfolio_tag-serigrafia-es-2","portfolio_tag-led-uv-es-2"],"yoast_head":"<!-- This site is optimized with the Yoast SEO plugin v27.4 - https:\/\/yoast.com\/product\/yoast-seo-wordpress\/ -->\n<title>Cocina para la tribu - Editorial Cinco Tintas &#8211; Agpograf Impressors<\/title>\n<meta name=\"description\" content=\"Editorial Cinco Tintas Cocina para la tribu Cocina para la tribu. Recetas hechas con amor\u00a0nace del deseo de\u00a0Carolina Ferrer\u00a0y\u00a0Ver\u00f3nica S\u00e1nchez\u00a0de\" \/>\n<meta name=\"robots\" content=\"index, follow, max-snippet:-1, max-image-preview:large, max-video-preview:-1\" \/>\n<link rel=\"canonical\" href=\"https:\/\/agpograf.com\/es\/portfolio_page\/cocina-para-la-tribu-editorial-cinco-tintas\/\" \/>\n<meta property=\"og:locale\" content=\"es_ES\" \/>\n<meta property=\"og:type\" content=\"article\" \/>\n<meta property=\"og:title\" content=\"Cocina para la tribu - Editorial Cinco Tintas &#8211; Agpograf Impressors\" \/>\n<meta property=\"og:description\" content=\"Editorial Cinco Tintas Cocina para la tribu Cocina para la tribu. Recetas hechas con amor\u00a0nace del deseo de\u00a0Carolina Ferrer\u00a0y\u00a0Ver\u00f3nica S\u00e1nchez\u00a0de\" \/>\n<meta property=\"og:url\" content=\"https:\/\/agpograf.com\/es\/portfolio_page\/cocina-para-la-tribu-editorial-cinco-tintas\/\" \/>\n<meta property=\"og:site_name\" content=\"Agpograf Impressors\" \/>\n<meta property=\"article:publisher\" content=\"https:\/\/www.facebook.com\/Agpograf\" \/>\n<meta property=\"article:modified_time\" content=\"2025-05-08T07:48:18+00:00\" \/>\n<meta property=\"og:image\" content=\"https:\/\/agpograf.com\/wp-content\/uploads\/2022\/11\/portada-Cocina-para-la-Tribu.jpg\" \/>\n\t<meta property=\"og:image:width\" content=\"1080\" \/>\n\t<meta property=\"og:image:height\" content=\"1080\" \/>\n\t<meta property=\"og:image:type\" content=\"image\/jpeg\" \/>\n<meta name=\"twitter:card\" content=\"summary_large_image\" \/>\n<meta name=\"twitter:label1\" content=\"Tiempo de lectura\" \/>\n\t<meta name=\"twitter:data1\" content=\"2 minutos\" \/>\n<script type=\"application\/ld+json\" class=\"yoast-schema-graph\">{\"@context\":\"https:\\\/\\\/schema.org\",\"@graph\":[{\"@type\":\"WebPage\",\"@id\":\"https:\\\/\\\/agpograf.com\\\/es\\\/portfolio_page\\\/cocina-para-la-tribu-editorial-cinco-tintas\\\/\",\"url\":\"https:\\\/\\\/agpograf.com\\\/es\\\/portfolio_page\\\/cocina-para-la-tribu-editorial-cinco-tintas\\\/\",\"name\":\"Cocina para la tribu - Editorial Cinco Tintas &#8211; Agpograf Impressors\",\"isPartOf\":{\"@id\":\"https:\\\/\\\/agpograf.com\\\/es\\\/#website\"},\"primaryImageOfPage\":{\"@id\":\"https:\\\/\\\/agpograf.com\\\/es\\\/portfolio_page\\\/cocina-para-la-tribu-editorial-cinco-tintas\\\/#primaryimage\"},\"image\":{\"@id\":\"https:\\\/\\\/agpograf.com\\\/es\\\/portfolio_page\\\/cocina-para-la-tribu-editorial-cinco-tintas\\\/#primaryimage\"},\"thumbnailUrl\":\"https:\\\/\\\/agpograf.com\\\/wp-content\\\/uploads\\\/2022\\\/11\\\/portada-Cocina-para-la-Tribu.jpg\",\"datePublished\":\"2022-11-17T16:34:08+00:00\",\"dateModified\":\"2025-05-08T07:48:18+00:00\",\"description\":\"Editorial Cinco Tintas Cocina para la tribu Cocina para la tribu. Recetas hechas con amor\u00a0nace del deseo de\u00a0Carolina Ferrer\u00a0y\u00a0Ver\u00f3nica S\u00e1nchez\u00a0de\",\"breadcrumb\":{\"@id\":\"https:\\\/\\\/agpograf.com\\\/es\\\/portfolio_page\\\/cocina-para-la-tribu-editorial-cinco-tintas\\\/#breadcrumb\"},\"inLanguage\":\"es\",\"potentialAction\":[{\"@type\":\"ReadAction\",\"target\":[\"https:\\\/\\\/agpograf.com\\\/es\\\/portfolio_page\\\/cocina-para-la-tribu-editorial-cinco-tintas\\\/\"]}]},{\"@type\":\"ImageObject\",\"inLanguage\":\"es\",\"@id\":\"https:\\\/\\\/agpograf.com\\\/es\\\/portfolio_page\\\/cocina-para-la-tribu-editorial-cinco-tintas\\\/#primaryimage\",\"url\":\"https:\\\/\\\/agpograf.com\\\/wp-content\\\/uploads\\\/2022\\\/11\\\/portada-Cocina-para-la-Tribu.jpg\",\"contentUrl\":\"https:\\\/\\\/agpograf.com\\\/wp-content\\\/uploads\\\/2022\\\/11\\\/portada-Cocina-para-la-Tribu.jpg\",\"width\":1080,\"height\":1080},{\"@type\":\"BreadcrumbList\",\"@id\":\"https:\\\/\\\/agpograf.com\\\/es\\\/portfolio_page\\\/cocina-para-la-tribu-editorial-cinco-tintas\\\/#breadcrumb\",\"itemListElement\":[{\"@type\":\"ListItem\",\"position\":1,\"name\":\"Inici\",\"item\":\"https:\\\/\\\/agpograf.com\\\/es\\\/\"},{\"@type\":\"ListItem\",\"position\":2,\"name\":\"Portfolio\",\"item\":\"https:\\\/\\\/agpograf.com\\\/es\\\/portfolio_page\\\/\"},{\"@type\":\"ListItem\",\"position\":3,\"name\":\"Cocina para la tribu &#8211; Editorial Cinco Tintas\"}]},{\"@type\":\"WebSite\",\"@id\":\"https:\\\/\\\/agpograf.com\\\/es\\\/#website\",\"url\":\"https:\\\/\\\/agpograf.com\\\/es\\\/\",\"name\":\"Agpograf Impressors\",\"description\":\"Printing your dreams\",\"publisher\":{\"@id\":\"https:\\\/\\\/agpograf.com\\\/es\\\/#organization\"},\"potentialAction\":[{\"@type\":\"SearchAction\",\"target\":{\"@type\":\"EntryPoint\",\"urlTemplate\":\"https:\\\/\\\/agpograf.com\\\/es\\\/?s={search_term_string}\"},\"query-input\":{\"@type\":\"PropertyValueSpecification\",\"valueRequired\":true,\"valueName\":\"search_term_string\"}}],\"inLanguage\":\"es\"},{\"@type\":\"Organization\",\"@id\":\"https:\\\/\\\/agpograf.com\\\/es\\\/#organization\",\"name\":\"Agpograf Impressors\",\"url\":\"https:\\\/\\\/agpograf.com\\\/es\\\/\",\"logo\":{\"@type\":\"ImageObject\",\"inLanguage\":\"es\",\"@id\":\"https:\\\/\\\/agpograf.com\\\/es\\\/#\\\/schema\\\/logo\\\/image\\\/\",\"url\":\"https:\\\/\\\/www.agpograf.com\\\/wp-content\\\/uploads\\\/2020\\\/01\\\/Agpgoraf-Impressors-logo.png\",\"contentUrl\":\"https:\\\/\\\/www.agpograf.com\\\/wp-content\\\/uploads\\\/2020\\\/01\\\/Agpgoraf-Impressors-logo.png\",\"width\":601,\"height\":477,\"caption\":\"Agpograf Impressors\"},\"image\":{\"@id\":\"https:\\\/\\\/agpograf.com\\\/es\\\/#\\\/schema\\\/logo\\\/image\\\/\"},\"sameAs\":[\"https:\\\/\\\/www.facebook.com\\\/Agpograf\",\"https:\\\/\\\/www.instagram.com\\\/agpograf_impressors\\\/\",\"https:\\\/\\\/www.linkedin.com\\\/company\\\/agpograf-impressors\\\/about\\\/\",\"https:\\\/\\\/www.youtube.com\\\/channel\\\/UC1vXUlhI2NeafCFLhfnrQXw\",\"https:\\\/\\\/www.behance.net\\\/agpografimpressors\"]}]}<\/script>\n<!-- \/ Yoast SEO plugin. -->","yoast_head_json":{"title":"Cocina para la tribu - Editorial Cinco Tintas &#8211; Agpograf Impressors","description":"Editorial Cinco Tintas Cocina para la tribu Cocina para la tribu. Recetas hechas con amor\u00a0nace del deseo de\u00a0Carolina Ferrer\u00a0y\u00a0Ver\u00f3nica S\u00e1nchez\u00a0de","robots":{"index":"index","follow":"follow","max-snippet":"max-snippet:-1","max-image-preview":"max-image-preview:large","max-video-preview":"max-video-preview:-1"},"canonical":"https:\/\/agpograf.com\/es\/portfolio_page\/cocina-para-la-tribu-editorial-cinco-tintas\/","og_locale":"es_ES","og_type":"article","og_title":"Cocina para la tribu - Editorial Cinco Tintas &#8211; Agpograf Impressors","og_description":"Editorial Cinco Tintas Cocina para la tribu Cocina para la tribu. Recetas hechas con amor\u00a0nace del deseo de\u00a0Carolina Ferrer\u00a0y\u00a0Ver\u00f3nica S\u00e1nchez\u00a0de","og_url":"https:\/\/agpograf.com\/es\/portfolio_page\/cocina-para-la-tribu-editorial-cinco-tintas\/","og_site_name":"Agpograf Impressors","article_publisher":"https:\/\/www.facebook.com\/Agpograf","article_modified_time":"2025-05-08T07:48:18+00:00","og_image":[{"width":1080,"height":1080,"url":"https:\/\/agpograf.com\/wp-content\/uploads\/2022\/11\/portada-Cocina-para-la-Tribu.jpg","type":"image\/jpeg"}],"twitter_card":"summary_large_image","twitter_misc":{"Tiempo de lectura":"2 minutos"},"schema":{"@context":"https:\/\/schema.org","@graph":[{"@type":"WebPage","@id":"https:\/\/agpograf.com\/es\/portfolio_page\/cocina-para-la-tribu-editorial-cinco-tintas\/","url":"https:\/\/agpograf.com\/es\/portfolio_page\/cocina-para-la-tribu-editorial-cinco-tintas\/","name":"Cocina para la tribu - Editorial Cinco Tintas &#8211; Agpograf Impressors","isPartOf":{"@id":"https:\/\/agpograf.com\/es\/#website"},"primaryImageOfPage":{"@id":"https:\/\/agpograf.com\/es\/portfolio_page\/cocina-para-la-tribu-editorial-cinco-tintas\/#primaryimage"},"image":{"@id":"https:\/\/agpograf.com\/es\/portfolio_page\/cocina-para-la-tribu-editorial-cinco-tintas\/#primaryimage"},"thumbnailUrl":"https:\/\/agpograf.com\/wp-content\/uploads\/2022\/11\/portada-Cocina-para-la-Tribu.jpg","datePublished":"2022-11-17T16:34:08+00:00","dateModified":"2025-05-08T07:48:18+00:00","description":"Editorial Cinco Tintas Cocina para la tribu Cocina para la tribu. Recetas hechas con amor\u00a0nace del deseo de\u00a0Carolina Ferrer\u00a0y\u00a0Ver\u00f3nica S\u00e1nchez\u00a0de","breadcrumb":{"@id":"https:\/\/agpograf.com\/es\/portfolio_page\/cocina-para-la-tribu-editorial-cinco-tintas\/#breadcrumb"},"inLanguage":"es","potentialAction":[{"@type":"ReadAction","target":["https:\/\/agpograf.com\/es\/portfolio_page\/cocina-para-la-tribu-editorial-cinco-tintas\/"]}]},{"@type":"ImageObject","inLanguage":"es","@id":"https:\/\/agpograf.com\/es\/portfolio_page\/cocina-para-la-tribu-editorial-cinco-tintas\/#primaryimage","url":"https:\/\/agpograf.com\/wp-content\/uploads\/2022\/11\/portada-Cocina-para-la-Tribu.jpg","contentUrl":"https:\/\/agpograf.com\/wp-content\/uploads\/2022\/11\/portada-Cocina-para-la-Tribu.jpg","width":1080,"height":1080},{"@type":"BreadcrumbList","@id":"https:\/\/agpograf.com\/es\/portfolio_page\/cocina-para-la-tribu-editorial-cinco-tintas\/#breadcrumb","itemListElement":[{"@type":"ListItem","position":1,"name":"Inici","item":"https:\/\/agpograf.com\/es\/"},{"@type":"ListItem","position":2,"name":"Portfolio","item":"https:\/\/agpograf.com\/es\/portfolio_page\/"},{"@type":"ListItem","position":3,"name":"Cocina para la tribu &#8211; Editorial Cinco Tintas"}]},{"@type":"WebSite","@id":"https:\/\/agpograf.com\/es\/#website","url":"https:\/\/agpograf.com\/es\/","name":"Agpograf Impressors","description":"Printing your dreams","publisher":{"@id":"https:\/\/agpograf.com\/es\/#organization"},"potentialAction":[{"@type":"SearchAction","target":{"@type":"EntryPoint","urlTemplate":"https:\/\/agpograf.com\/es\/?s={search_term_string}"},"query-input":{"@type":"PropertyValueSpecification","valueRequired":true,"valueName":"search_term_string"}}],"inLanguage":"es"},{"@type":"Organization","@id":"https:\/\/agpograf.com\/es\/#organization","name":"Agpograf Impressors","url":"https:\/\/agpograf.com\/es\/","logo":{"@type":"ImageObject","inLanguage":"es","@id":"https:\/\/agpograf.com\/es\/#\/schema\/logo\/image\/","url":"https:\/\/www.agpograf.com\/wp-content\/uploads\/2020\/01\/Agpgoraf-Impressors-logo.png","contentUrl":"https:\/\/www.agpograf.com\/wp-content\/uploads\/2020\/01\/Agpgoraf-Impressors-logo.png","width":601,"height":477,"caption":"Agpograf Impressors"},"image":{"@id":"https:\/\/agpograf.com\/es\/#\/schema\/logo\/image\/"},"sameAs":["https:\/\/www.facebook.com\/Agpograf","https:\/\/www.instagram.com\/agpograf_impressors\/","https:\/\/www.linkedin.com\/company\/agpograf-impressors\/about\/","https:\/\/www.youtube.com\/channel\/UC1vXUlhI2NeafCFLhfnrQXw","https:\/\/www.behance.net\/agpografimpressors"]}]}},"_links":{"self":[{"href":"https:\/\/agpograf.com\/es\/wp-json\/wp\/v2\/portfolio_page\/14390","targetHints":{"allow":["GET"]}}],"collection":[{"href":"https:\/\/agpograf.com\/es\/wp-json\/wp\/v2\/portfolio_page"}],"about":[{"href":"https:\/\/agpograf.com\/es\/wp-json\/wp\/v2\/types\/portfolio_page"}],"author":[{"embeddable":true,"href":"https:\/\/agpograf.com\/es\/wp-json\/wp\/v2\/users\/1"}],"replies":[{"embeddable":true,"href":"https:\/\/agpograf.com\/es\/wp-json\/wp\/v2\/comments?post=14390"}],"wp:featuredmedia":[{"embeddable":true,"href":"https:\/\/agpograf.com\/es\/wp-json\/wp\/v2\/media\/14387"}],"wp:attachment":[{"href":"https:\/\/agpograf.com\/es\/wp-json\/wp\/v2\/media?parent=14390"}],"wp:term":[{"taxonomy":"portfolio_category","embeddable":true,"href":"https:\/\/agpograf.com\/es\/wp-json\/wp\/v2\/portfolio_category?post=14390"},{"taxonomy":"portfolio_tag","embeddable":true,"href":"https:\/\/agpograf.com\/es\/wp-json\/wp\/v2\/portfolio_tag?post=14390"}],"curies":[{"name":"wp","href":"https:\/\/api.w.org\/{rel}","templated":true}]}}