{"id":14225,"date":"2022-04-06T12:19:18","date_gmt":"2022-04-06T10:19:18","guid":{"rendered":"https:\/\/agpograf.cmsfacil.eu\/?post_type=portfolio_page&#038;p=14225"},"modified":"2025-05-08T10:34:38","modified_gmt":"2025-05-08T08:34:38","slug":"magabook-of-the-adg-laus-awards-adg-fad","status":"publish","type":"portfolio_page","link":"https:\/\/agpograf.com\/es\/portfolio_page\/magabook-of-the-adg-laus-awards-adg-fad\/","title":{"rendered":"Magabook of the ADG Laus Awards &#8211; ADG FAD"},"content":{"rendered":"<div class=\"wpb-content-wrapper\"><p>[vc_row css_animation=\u00bb\u00bb row_type=\u00bbrow\u00bb use_row_as_full_screen_section=\u00bbno\u00bb type=\u00bbfull_width\u00bb angled_section=\u00bbno\u00bb text_align=\u00bbleft\u00bb background_image_as_pattern=\u00bbwithout_pattern\u00bb][vc_column][vc_column_text]<\/p>\n<h2>Magabook of the ADG Laus Awards<\/h2>\n<p>[\/vc_column_text][vc_empty_space height=\u00bb10px\u00bb][vc_column_text]<\/p>\n<h3><span style=\"color: #f05b40;\">ADG FAD<\/span><\/h3>\n<p>[\/vc_column_text][vc_empty_space height=\u00bb30px\u00bb][vc_empty_space height=\u00bb20px\u00bb][vc_column_text]<\/p>\n<div class=\"wpb_text_column wpb_content_element \">\n<div class=\"wpb_wrapper\">\n<p>El\u00a0<strong>Magabook<\/strong>\u00a0de\u00a0<a href=\"https:\/\/www.adg-fad.org\/es\" target=\"_blank\" rel=\"noopener\"><strong>ADG FAD<\/strong><\/a>\u00a0recoge anualmente la producci\u00f3n creativa de mayor nivel.<\/p>\n<p>&nbsp;<\/p>\n<p>Este a\u00f1o, el estudio\u00a0<a href=\"https:\/\/naranjoetxeberria.com\/\" target=\"_blank\" rel=\"noopener\"><strong>Naranjo-Etxeberria<\/strong><\/a>\u00a0ha sido escogido por la confecci\u00f3n del dise\u00f1o de la publicaci\u00f3n de los premios\u00a0<strong>ADG Laus 2021<\/strong>.<\/p>\n<p>&nbsp;<\/p>\n<p>El libro m\u00e1s disruptivo que se ha realizado hasta el d\u00eda de hoy para recopilar los mejores proyectos del a\u00f1o prescinde de fotograf\u00edas e incorpora en el dise\u00f1o la nueva realidad del \u00faltimo a\u00f1o, y que rompe con la estructura cl\u00e1sica de los libros, eliminando cualquier tipo de portada.<\/p>\n<p>&nbsp;<\/p>\n<p>El proyecto se ha tratado como una l\u00ednea del tiempo en la que todos los d\u00edas son iguales y donde las ret\u00edculas representan las nuevas normas a las que hemos tenido que adaptar.<\/p>\n<p>&nbsp;<\/p>\n<p>A\u00f1o tras a\u00f1o, desde Agpograf colaboramos en la producci\u00f3n del libro ofreciendo la impresi\u00f3n sin coste para ayudar a visibilizar la gran labor de los profesionales de las artes gr\u00e1ficas.<\/p>\n<p>&nbsp;<\/p>\n<p>El Magabook est\u00e1 formado por dos libros, el primero de ellos se ha\u00a0<strong>impreso con cuatro tintas Pantone<\/strong>\u00a0en papel reciclado Steinbis Select y se ha\u00a0<strong>encuadernado en hilo visto con una sobrecubierta<\/strong>\u00a0en papel vegetal. El segundo libro,\u00a0<strong>encuadernado en r\u00fastica cosida<\/strong>, se ha impreso con dos papeles distintos en el interior, el Munken Pure Rough y el Majestic White, mientras que para la cubierta se ha utilizado el papel Pop\u2019Set Gris Perla.<\/p>\n<\/div>\n<\/div>\n<p>[\/vc_column_text][vc_empty_space height=\u00bb40px\u00bb][\/vc_column][\/vc_row][vc_row css_animation=\u00bb\u00bb row_type=\u00bbrow\u00bb use_row_as_full_screen_section=\u00bbno\u00bb type=\u00bbfull_width\u00bb angled_section=\u00bbno\u00bb text_align=\u00bbleft\u00bb background_image_as_pattern=\u00bbwithout_pattern\u00bb][vc_column][vc_empty_space height=\u00bb20px\u00bb][vc_column_text]<strong>Especificaciones<\/strong>[\/vc_column_text][\/vc_column][\/vc_row][vc_row css_animation=\u00bb\u00bb row_type=\u00bbrow\u00bb use_row_as_full_screen_section=\u00bbno\u00bb type=\u00bbfull_width\u00bb angled_section=\u00bbno\u00bb text_align=\u00bbleft\u00bb background_image_as_pattern=\u00bbwithout_pattern\u00bb][vc_column][vc_empty_space height=\u00bb20px\u00bb][vc_column_text]<strong>Dise\u00f1o<br \/>\n<\/strong>Naranjo Etxeberria[\/vc_column_text][vc_empty_space height=\u00bb20px\u00bb][vc_column_text]<\/p>\n<div class=\"wpb_text_column wpb_content_element \">\n<div class=\"wpb_wrapper\">\n<p><strong>Impresi\u00f3n<br \/>\n<\/strong>Combinaci\u00f3n de las t\u00e9cnicas de impresi\u00f3n offset convencional y offset LED UV<\/p>\n<\/div>\n<\/div>\n<p>[\/vc_column_text][vc_empty_space height=\u00bb20px\u00bb][vc_column_text]<b>Formato<br \/>\n<\/b>17 x 24 cm[\/vc_column_text][vc_empty_space height=\u00bb20px\u00bb][vc_column_text]<strong>Elementos<br \/>\n<\/strong>Libro de 56 p\u00e1ginas<br \/>\nRevista de 176 p\u00e1ginas[\/vc_column_text][vc_empty_space height=\u00bb20px\u00bb][vc_column_text]<\/p>\n<div class=\"wpb_text_column wpb_content_element \">\n<div class=\"wpb_wrapper\">\n<p><strong>Encuadernaci\u00f3n<br \/>\n<\/strong>El libro se ha encuadernado en hilo visto con sobrecubierta en papel transparente y la revista se ha encuadernado en r\u00fastica cosida<\/p>\n<\/div>\n<\/div>\n<p>[\/vc_column_text][vc_empty_space height=\u00bb20px\u00bb][vc_column_text]<strong>Papeles<\/strong>[\/vc_column_text][\/vc_column][\/vc_row][vc_row css_animation=\u00bb\u00bb row_type=\u00bbrow\u00bb use_row_as_full_screen_section=\u00bbno\u00bb type=\u00bbfull_width\u00bb angled_section=\u00bbno\u00bb text_align=\u00bbleft\u00bb background_image_as_pattern=\u00bbwithout_pattern\u00bb][vc_column width=\u00bb1\/2&#8243;][vc_column_text]<\/p>\n<div class=\"vc_row wpb_row section vc_row-fluid \">\n<div class=\" full_section_inner clearfix\">\n<div class=\"wpb_column vc_column_container vc_col-sm-12\">\n<div class=\"vc_column-inner\">\n<div class=\"wpb_wrapper\">\n<div class=\"wpb_text_column wpb_content_element \">\n<div class=\"wpb_wrapper\">\n<p>&nbsp;<\/p>\n<\/div>\n<\/div>\n<\/div>\n<\/div>\n<\/div>\n<\/div>\n<\/div>\n<div class=\"vc_row wpb_row section vc_row-fluid \">\n<div class=\" full_section_inner clearfix\">\n<div class=\"wpb_column vc_column_container vc_col-sm-6\">\n<div class=\"vc_column-inner\">\n<div class=\"wpb_wrapper\">\n<div class=\"wpb_text_column wpb_content_element \">\n<div class=\"wpb_wrapper\">\n<p><strong>Libro<br \/>\nInterior<br \/>\n<\/strong>Papel reciclado\u00a0<a href=\"https:\/\/www.stp.de\/es\/productos\/papeles-para-offset-sostenibles\/steinbeis-select\" target=\"_blank\" rel=\"noopener\">Steinbeis Select<\/a>\u00a0de 115 g. (Steinbeis Papier) impreso a 4+4 con cuatro tintas Pantone<\/p>\n<p>&nbsp;<\/p>\n<p><strong>Sobrecubierta<\/strong><br \/>\nPapel Vegetal\u00a0<a href=\"https:\/\/www.updirecto.es\/papel-vegetal\/239-2014-papel-vegetal-cromatico-transparent.html#\/415-color-natural\/840-grs_m-110\/990-tamano_cm-64_x_92\" target=\"_blank\" rel=\"noopener\">Crom\u00e1tico Transparent Natural<\/a>\u00a0de 140 g. (Uni\u00f3n Papelera)<\/p>\n<\/div>\n<\/div>\n<\/div>\n<\/div>\n<\/div>\n<\/div>\n<\/div>\n<p>[\/vc_column_text][vc_empty_space height=\u00bb20px\u00bb][\/vc_column][vc_column width=\u00bb1\/2&#8243;][vc_column_text]<\/p>\n<div class=\"wpb_text_column wpb_content_element \">\n<div class=\"wpb_wrapper\">\n<p><strong>Revista<br \/>\nCubierta<br \/>\n<\/strong><a href=\"https:\/\/arjowigginscreativepapers.com\/es\/catalog\/popset\/popset\/gris-perla\/\" target=\"_blank\" rel=\"noopener\">Pop\u2019Set Gris Perla<\/a>\u00a0de 240 g. (Arjowiggins Creative Papers) impreso a 1 + 1<\/p>\n<p>&nbsp;<\/p>\n<p><strong>Interior<\/strong><br \/>\n<a href=\"https:\/\/www.arcticpaper.com\/brands\/munken\/munken-design-range\/munken-pure-rough\/\" target=\"_blank\" rel=\"noopener\">Munken Pure Rough<\/a>\u00a0de 100 g. (Arctic Paper) impreso a 4 + 4<br \/>\n<a href=\"https:\/\/www.favini.com\/gs\/en\/fine-papers\/majestic\/features-applications\/\" target=\"_blank\" rel=\"noopener\">Majestic White 01<\/a> de 120 g. (Favini) impreso a 1 + 1<\/p>\n<\/div>\n<\/div>\n<p>[\/vc_column_text][vc_empty_space height=\u00bb20px\u00bb][\/vc_column][\/vc_row][vc_row css_animation=\u00bb\u00bb row_type=\u00bbrow\u00bb use_row_as_full_screen_section=\u00bbno\u00bb type=\u00bbfull_width\u00bb angled_section=\u00bbno\u00bb text_align=\u00bbleft\u00bb background_image_as_pattern=\u00bbwithout_pattern\u00bb][vc_column][vc_empty_space height=\u00bb25px\u00bb][\/vc_column][\/vc_row][vc_row css_animation=\u00bb\u00bb row_type=\u00bbrow\u00bb use_row_as_full_screen_section=\u00bbno\u00bb type=\u00bbfull_width\u00bb angled_section=\u00bbno\u00bb text_align=\u00bbleft\u00bb background_image_as_pattern=\u00bbwithout_pattern\u00bb][vc_column][vc_empty_space height=\u00bb50px\u00bb][\/vc_column][\/vc_row]<\/p>\n<\/div>","protected":false},"excerpt":{"rendered":"<p>[vc_row css_animation=\u00bb\u00bb row_type=\u00bbrow\u00bb use_row_as_full_screen_section=\u00bbno\u00bb type=\u00bbfull_width\u00bb angled_section=\u00bbno\u00bb text_align=\u00bbleft\u00bb background_image_as_pattern=\u00bbwithout_pattern\u00bb][vc_column][vc_column_text] Magabook of the ADG Laus Awards [\/vc_column_text][vc_empty_space height=\u00bb10px\u00bb][vc_column_text] ADG FAD [\/vc_column_text][vc_empty_space height=\u00bb30px\u00bb][vc_empty_space height=\u00bb20px\u00bb][vc_column_text] El\u00a0Magabook\u00a0de\u00a0ADG FAD\u00a0recoge anualmente la producci\u00f3n creativa de mayor nivel. &nbsp; Este a\u00f1o, el estudio\u00a0Naranjo-Etxeberria\u00a0ha sido escogido por la confecci\u00f3n del dise\u00f1o de la publicaci\u00f3n&#8230;<\/p>\n","protected":false},"author":1,"featured_media":12093,"menu_order":396,"comment_status":"closed","ping_status":"closed","template":"","portfolio_category":[739,733],"portfolio_tag":[943,795,796,797,777,763],"class_list":["post-14225","portfolio_page","type-portfolio_page","status-publish","has-post-thumbnail","hentry","portfolio_category-editorial-es","portfolio_category-libros","portfolio_tag-sobrecoberta-es","portfolio_tag-tintes-pantone-es","portfolio_tag-enquadernacio-fil-vist-es","portfolio_tag-offset-convencional-es-2","portfolio_tag-rustica-cosida-es","portfolio_tag-led-uv-es-2"],"yoast_head":"<!-- This site is optimized with the Yoast SEO plugin v27.4 - https:\/\/yoast.com\/product\/yoast-seo-wordpress\/ -->\n<title>Magabook of the ADG Laus Awards - ADG FAD &#8211; Agpograf Impressors<\/title>\n<meta name=\"description\" content=\"Magabook of the ADG Laus Awards ADG FAD El\u00a0Magabook\u00a0de\u00a0ADG FAD\u00a0recoge anualmente la producci\u00f3n creativa de mayor nivel. &nbsp; Este a\u00f1o, el\" \/>\n<meta name=\"robots\" content=\"index, follow, max-snippet:-1, max-image-preview:large, max-video-preview:-1\" \/>\n<link rel=\"canonical\" href=\"https:\/\/agpograf.com\/es\/portfolio_page\/magabook-of-the-adg-laus-awards-adg-fad\/\" \/>\n<meta property=\"og:locale\" content=\"es_ES\" \/>\n<meta property=\"og:type\" content=\"article\" \/>\n<meta property=\"og:title\" content=\"Magabook of the ADG Laus Awards - ADG FAD &#8211; Agpograf Impressors\" \/>\n<meta property=\"og:description\" content=\"Magabook of the ADG Laus Awards ADG FAD El\u00a0Magabook\u00a0de\u00a0ADG FAD\u00a0recoge anualmente la producci\u00f3n creativa de mayor nivel. &nbsp; Este a\u00f1o, el\" \/>\n<meta property=\"og:url\" content=\"https:\/\/agpograf.com\/es\/portfolio_page\/magabook-of-the-adg-laus-awards-adg-fad\/\" \/>\n<meta property=\"og:site_name\" content=\"Agpograf Impressors\" \/>\n<meta property=\"article:publisher\" content=\"https:\/\/www.facebook.com\/Agpograf\" \/>\n<meta property=\"article:modified_time\" content=\"2025-05-08T08:34:38+00:00\" \/>\n<meta property=\"og:image\" content=\"https:\/\/agpograf.com\/wp-content\/uploads\/2022\/04\/portada-ADG-Laus-2021.jpg\" \/>\n\t<meta property=\"og:image:width\" content=\"1000\" \/>\n\t<meta property=\"og:image:height\" content=\"1000\" \/>\n\t<meta property=\"og:image:type\" content=\"image\/jpeg\" \/>\n<meta name=\"twitter:card\" content=\"summary_large_image\" \/>\n<meta name=\"twitter:label1\" content=\"Tiempo de lectura\" \/>\n\t<meta name=\"twitter:data1\" content=\"3 minutos\" \/>\n<script type=\"application\/ld+json\" class=\"yoast-schema-graph\">{\"@context\":\"https:\\\/\\\/schema.org\",\"@graph\":[{\"@type\":\"WebPage\",\"@id\":\"https:\\\/\\\/agpograf.com\\\/es\\\/portfolio_page\\\/magabook-of-the-adg-laus-awards-adg-fad\\\/\",\"url\":\"https:\\\/\\\/agpograf.com\\\/es\\\/portfolio_page\\\/magabook-of-the-adg-laus-awards-adg-fad\\\/\",\"name\":\"Magabook of the ADG Laus Awards - ADG FAD &#8211; Agpograf Impressors\",\"isPartOf\":{\"@id\":\"https:\\\/\\\/agpograf.com\\\/es\\\/#website\"},\"primaryImageOfPage\":{\"@id\":\"https:\\\/\\\/agpograf.com\\\/es\\\/portfolio_page\\\/magabook-of-the-adg-laus-awards-adg-fad\\\/#primaryimage\"},\"image\":{\"@id\":\"https:\\\/\\\/agpograf.com\\\/es\\\/portfolio_page\\\/magabook-of-the-adg-laus-awards-adg-fad\\\/#primaryimage\"},\"thumbnailUrl\":\"https:\\\/\\\/agpograf.com\\\/wp-content\\\/uploads\\\/2022\\\/04\\\/portada-ADG-Laus-2021.jpg\",\"datePublished\":\"2022-04-06T10:19:18+00:00\",\"dateModified\":\"2025-05-08T08:34:38+00:00\",\"description\":\"Magabook of the ADG Laus Awards ADG FAD El\u00a0Magabook\u00a0de\u00a0ADG FAD\u00a0recoge anualmente la producci\u00f3n creativa de mayor nivel. &nbsp; Este a\u00f1o, el\",\"breadcrumb\":{\"@id\":\"https:\\\/\\\/agpograf.com\\\/es\\\/portfolio_page\\\/magabook-of-the-adg-laus-awards-adg-fad\\\/#breadcrumb\"},\"inLanguage\":\"es\",\"potentialAction\":[{\"@type\":\"ReadAction\",\"target\":[\"https:\\\/\\\/agpograf.com\\\/es\\\/portfolio_page\\\/magabook-of-the-adg-laus-awards-adg-fad\\\/\"]}]},{\"@type\":\"ImageObject\",\"inLanguage\":\"es\",\"@id\":\"https:\\\/\\\/agpograf.com\\\/es\\\/portfolio_page\\\/magabook-of-the-adg-laus-awards-adg-fad\\\/#primaryimage\",\"url\":\"https:\\\/\\\/agpograf.com\\\/wp-content\\\/uploads\\\/2022\\\/04\\\/portada-ADG-Laus-2021.jpg\",\"contentUrl\":\"https:\\\/\\\/agpograf.com\\\/wp-content\\\/uploads\\\/2022\\\/04\\\/portada-ADG-Laus-2021.jpg\",\"width\":1000,\"height\":1000},{\"@type\":\"BreadcrumbList\",\"@id\":\"https:\\\/\\\/agpograf.com\\\/es\\\/portfolio_page\\\/magabook-of-the-adg-laus-awards-adg-fad\\\/#breadcrumb\",\"itemListElement\":[{\"@type\":\"ListItem\",\"position\":1,\"name\":\"Inici\",\"item\":\"https:\\\/\\\/agpograf.com\\\/es\\\/\"},{\"@type\":\"ListItem\",\"position\":2,\"name\":\"Portfolio\",\"item\":\"https:\\\/\\\/agpograf.com\\\/es\\\/portfolio_page\\\/\"},{\"@type\":\"ListItem\",\"position\":3,\"name\":\"Magabook of the ADG Laus Awards &#8211; ADG FAD\"}]},{\"@type\":\"WebSite\",\"@id\":\"https:\\\/\\\/agpograf.com\\\/es\\\/#website\",\"url\":\"https:\\\/\\\/agpograf.com\\\/es\\\/\",\"name\":\"Agpograf Impressors\",\"description\":\"Printing your dreams\",\"publisher\":{\"@id\":\"https:\\\/\\\/agpograf.com\\\/es\\\/#organization\"},\"potentialAction\":[{\"@type\":\"SearchAction\",\"target\":{\"@type\":\"EntryPoint\",\"urlTemplate\":\"https:\\\/\\\/agpograf.com\\\/es\\\/?s={search_term_string}\"},\"query-input\":{\"@type\":\"PropertyValueSpecification\",\"valueRequired\":true,\"valueName\":\"search_term_string\"}}],\"inLanguage\":\"es\"},{\"@type\":\"Organization\",\"@id\":\"https:\\\/\\\/agpograf.com\\\/es\\\/#organization\",\"name\":\"Agpograf Impressors\",\"url\":\"https:\\\/\\\/agpograf.com\\\/es\\\/\",\"logo\":{\"@type\":\"ImageObject\",\"inLanguage\":\"es\",\"@id\":\"https:\\\/\\\/agpograf.com\\\/es\\\/#\\\/schema\\\/logo\\\/image\\\/\",\"url\":\"https:\\\/\\\/www.agpograf.com\\\/wp-content\\\/uploads\\\/2020\\\/01\\\/Agpgoraf-Impressors-logo.png\",\"contentUrl\":\"https:\\\/\\\/www.agpograf.com\\\/wp-content\\\/uploads\\\/2020\\\/01\\\/Agpgoraf-Impressors-logo.png\",\"width\":601,\"height\":477,\"caption\":\"Agpograf Impressors\"},\"image\":{\"@id\":\"https:\\\/\\\/agpograf.com\\\/es\\\/#\\\/schema\\\/logo\\\/image\\\/\"},\"sameAs\":[\"https:\\\/\\\/www.facebook.com\\\/Agpograf\",\"https:\\\/\\\/www.instagram.com\\\/agpograf_impressors\\\/\",\"https:\\\/\\\/www.linkedin.com\\\/company\\\/agpograf-impressors\\\/about\\\/\",\"https:\\\/\\\/www.youtube.com\\\/channel\\\/UC1vXUlhI2NeafCFLhfnrQXw\",\"https:\\\/\\\/www.behance.net\\\/agpografimpressors\"]}]}<\/script>\n<!-- \/ Yoast SEO plugin. -->","yoast_head_json":{"title":"Magabook of the ADG Laus Awards - ADG FAD &#8211; Agpograf Impressors","description":"Magabook of the ADG Laus Awards ADG FAD El\u00a0Magabook\u00a0de\u00a0ADG FAD\u00a0recoge anualmente la producci\u00f3n creativa de mayor nivel. &nbsp; Este a\u00f1o, el","robots":{"index":"index","follow":"follow","max-snippet":"max-snippet:-1","max-image-preview":"max-image-preview:large","max-video-preview":"max-video-preview:-1"},"canonical":"https:\/\/agpograf.com\/es\/portfolio_page\/magabook-of-the-adg-laus-awards-adg-fad\/","og_locale":"es_ES","og_type":"article","og_title":"Magabook of the ADG Laus Awards - ADG FAD &#8211; Agpograf Impressors","og_description":"Magabook of the ADG Laus Awards ADG FAD El\u00a0Magabook\u00a0de\u00a0ADG FAD\u00a0recoge anualmente la producci\u00f3n creativa de mayor nivel. &nbsp; Este a\u00f1o, el","og_url":"https:\/\/agpograf.com\/es\/portfolio_page\/magabook-of-the-adg-laus-awards-adg-fad\/","og_site_name":"Agpograf Impressors","article_publisher":"https:\/\/www.facebook.com\/Agpograf","article_modified_time":"2025-05-08T08:34:38+00:00","og_image":[{"width":1000,"height":1000,"url":"https:\/\/agpograf.com\/wp-content\/uploads\/2022\/04\/portada-ADG-Laus-2021.jpg","type":"image\/jpeg"}],"twitter_card":"summary_large_image","twitter_misc":{"Tiempo de lectura":"3 minutos"},"schema":{"@context":"https:\/\/schema.org","@graph":[{"@type":"WebPage","@id":"https:\/\/agpograf.com\/es\/portfolio_page\/magabook-of-the-adg-laus-awards-adg-fad\/","url":"https:\/\/agpograf.com\/es\/portfolio_page\/magabook-of-the-adg-laus-awards-adg-fad\/","name":"Magabook of the ADG Laus Awards - ADG FAD &#8211; Agpograf Impressors","isPartOf":{"@id":"https:\/\/agpograf.com\/es\/#website"},"primaryImageOfPage":{"@id":"https:\/\/agpograf.com\/es\/portfolio_page\/magabook-of-the-adg-laus-awards-adg-fad\/#primaryimage"},"image":{"@id":"https:\/\/agpograf.com\/es\/portfolio_page\/magabook-of-the-adg-laus-awards-adg-fad\/#primaryimage"},"thumbnailUrl":"https:\/\/agpograf.com\/wp-content\/uploads\/2022\/04\/portada-ADG-Laus-2021.jpg","datePublished":"2022-04-06T10:19:18+00:00","dateModified":"2025-05-08T08:34:38+00:00","description":"Magabook of the ADG Laus Awards ADG FAD El\u00a0Magabook\u00a0de\u00a0ADG FAD\u00a0recoge anualmente la producci\u00f3n creativa de mayor nivel. &nbsp; Este a\u00f1o, el","breadcrumb":{"@id":"https:\/\/agpograf.com\/es\/portfolio_page\/magabook-of-the-adg-laus-awards-adg-fad\/#breadcrumb"},"inLanguage":"es","potentialAction":[{"@type":"ReadAction","target":["https:\/\/agpograf.com\/es\/portfolio_page\/magabook-of-the-adg-laus-awards-adg-fad\/"]}]},{"@type":"ImageObject","inLanguage":"es","@id":"https:\/\/agpograf.com\/es\/portfolio_page\/magabook-of-the-adg-laus-awards-adg-fad\/#primaryimage","url":"https:\/\/agpograf.com\/wp-content\/uploads\/2022\/04\/portada-ADG-Laus-2021.jpg","contentUrl":"https:\/\/agpograf.com\/wp-content\/uploads\/2022\/04\/portada-ADG-Laus-2021.jpg","width":1000,"height":1000},{"@type":"BreadcrumbList","@id":"https:\/\/agpograf.com\/es\/portfolio_page\/magabook-of-the-adg-laus-awards-adg-fad\/#breadcrumb","itemListElement":[{"@type":"ListItem","position":1,"name":"Inici","item":"https:\/\/agpograf.com\/es\/"},{"@type":"ListItem","position":2,"name":"Portfolio","item":"https:\/\/agpograf.com\/es\/portfolio_page\/"},{"@type":"ListItem","position":3,"name":"Magabook of the ADG Laus Awards &#8211; ADG FAD"}]},{"@type":"WebSite","@id":"https:\/\/agpograf.com\/es\/#website","url":"https:\/\/agpograf.com\/es\/","name":"Agpograf Impressors","description":"Printing your dreams","publisher":{"@id":"https:\/\/agpograf.com\/es\/#organization"},"potentialAction":[{"@type":"SearchAction","target":{"@type":"EntryPoint","urlTemplate":"https:\/\/agpograf.com\/es\/?s={search_term_string}"},"query-input":{"@type":"PropertyValueSpecification","valueRequired":true,"valueName":"search_term_string"}}],"inLanguage":"es"},{"@type":"Organization","@id":"https:\/\/agpograf.com\/es\/#organization","name":"Agpograf Impressors","url":"https:\/\/agpograf.com\/es\/","logo":{"@type":"ImageObject","inLanguage":"es","@id":"https:\/\/agpograf.com\/es\/#\/schema\/logo\/image\/","url":"https:\/\/www.agpograf.com\/wp-content\/uploads\/2020\/01\/Agpgoraf-Impressors-logo.png","contentUrl":"https:\/\/www.agpograf.com\/wp-content\/uploads\/2020\/01\/Agpgoraf-Impressors-logo.png","width":601,"height":477,"caption":"Agpograf Impressors"},"image":{"@id":"https:\/\/agpograf.com\/es\/#\/schema\/logo\/image\/"},"sameAs":["https:\/\/www.facebook.com\/Agpograf","https:\/\/www.instagram.com\/agpograf_impressors\/","https:\/\/www.linkedin.com\/company\/agpograf-impressors\/about\/","https:\/\/www.youtube.com\/channel\/UC1vXUlhI2NeafCFLhfnrQXw","https:\/\/www.behance.net\/agpografimpressors"]}]}},"_links":{"self":[{"href":"https:\/\/agpograf.com\/es\/wp-json\/wp\/v2\/portfolio_page\/14225","targetHints":{"allow":["GET"]}}],"collection":[{"href":"https:\/\/agpograf.com\/es\/wp-json\/wp\/v2\/portfolio_page"}],"about":[{"href":"https:\/\/agpograf.com\/es\/wp-json\/wp\/v2\/types\/portfolio_page"}],"author":[{"embeddable":true,"href":"https:\/\/agpograf.com\/es\/wp-json\/wp\/v2\/users\/1"}],"replies":[{"embeddable":true,"href":"https:\/\/agpograf.com\/es\/wp-json\/wp\/v2\/comments?post=14225"}],"wp:featuredmedia":[{"embeddable":true,"href":"https:\/\/agpograf.com\/es\/wp-json\/wp\/v2\/media\/12093"}],"wp:attachment":[{"href":"https:\/\/agpograf.com\/es\/wp-json\/wp\/v2\/media?parent=14225"}],"wp:term":[{"taxonomy":"portfolio_category","embeddable":true,"href":"https:\/\/agpograf.com\/es\/wp-json\/wp\/v2\/portfolio_category?post=14225"},{"taxonomy":"portfolio_tag","embeddable":true,"href":"https:\/\/agpograf.com\/es\/wp-json\/wp\/v2\/portfolio_tag?post=14225"}],"curies":[{"name":"wp","href":"https:\/\/api.w.org\/{rel}","templated":true}]}}